{"id":5074,"date":"2025-06-29T15:27:44","date_gmt":"2025-06-29T13:27:44","guid":{"rendered":"https:\/\/gassin.eu\/eventos\/"},"modified":"2026-05-22T00:37:52","modified_gmt":"2026-05-21T22:37:52","slug":"eventos","status":"publish","type":"page","link":"https:\/\/gassin.eu\/es\/eventos\/","title":{"rendered":"Eventos"},"content":{"rendered":"\n<p class=\"wp-block-paragraph\"><em>Durante todo el a\u00f1o, Gassin ofrece multitud de eventos para todas las edades: conciertos, festivales, saltos, exposiciones, torneos de polo, degustaciones&#8230;<\/em><\/p>\n\n<p class=\"wp-block-paragraph\"><em>En junio, la oficina de turismo acoger\u00e1 <strong>la Noche Rom\u00e1ntica en los Pueblos m\u00e1s Bonitos de Francia<\/strong>, y en invierno, una exposici\u00f3n excepcional del <strong><a href=\"https:\/\/gassin.eu\/es\/el-catre-napolitano-de-christian-leandre-ganga\/\" data-type=\"link\" data-id=\"https:\/\/gassin.eu\/la-creche-napolitaine-de-christian-leandre-ganga\/\">Bel\u00e9n napolitano de Christian L\u00e9andre Ganga<\/a><\/strong>. De abril a octubre, todos los lunes, descubra Gassin en una <strong><a href=\"https:\/\/gassin.eu\/fr\/animation\/culture\/gassin\/balade-guidee-au-coeur-de-l-histoire-de-gassin-5147284\/\">visita guiada gratuita<\/a><\/strong>que en julio y agosto se convierte en un <a href=\"https:\/\/gassin.eu\/fr\/animation\/culture\/gassin\/les-balades-gourmandes-visite-guidee-et-degustation-gratuite-7344821\/\"><strong>paseo gastron\u00f3mico<\/strong><\/a>. Durante las vacaciones de Semana Santa, Todos los Santos y Navidad, descubra <strong><a href=\"https:\/\/gassin.eu\/es\/les-parcours-de-gassin-aventura-juegos-descubrimiento\/\" data-type=\"link\" data-id=\"https:\/\/gassin.eu\/fr\/parcours-de-gassin-aventure-jeu-decouverte\/\">nuestras visitas l\u00fadicas<\/a><\/strong> \u00a1!  <\/em><\/p>\n\n<p class=\"wp-block-paragraph\"><em>El departamento de fiestas organiza eventos y actividades durante todo el a\u00f1o: veladas de los 80, jornadas de ocio infantil, carrera natural La Gassinoise (invierno), conciertos, mercados nocturnos, etc.<\/em><\/p>\n\n<p class=\"wp-block-paragraph\"><em>No se pierda los acontecimientos emblem\u00e1ticos: <a href=\"https:\/\/gassin.eu\/fr\/animation\/culture\/gassin\/la-fete-de-la-biere-7159885\" data-type=\"link\" data-id=\"https:\/\/gassin.eu\/fr\/animation\/culture\/gassin\/la-fete-de-la-biere-7159885\">la Fiesta de la Cerveza<\/a> (primavera), la Fiesta de la Barbacoa (primavera), la Fiesta de Saint-Laurent (verano), el Mercado de Navidad y su espect\u00e1culo de fuegos artificiales (invierno)&#8230;<\/em><\/p>\n\n<h2 class=\"wp-block-heading has-lg-font-size\"><\/h2>\n\n<p class=\"has-lg-font-size wp-block-paragraph\"><\/p>\n\n<div class=\"wp-block-group is-layout-constrained wp-block-group-is-layout-constrained\">\n<hr class=\"wp-block-separator has-alpha-channel-opacity\" style=\"margin-top:var(--wp--preset--spacing--80);margin-bottom:var(--wp--preset--spacing--80)\"\/>\n<\/div>\n\n<h2 class=\"wp-block-heading has-text-align-center\">Eventos en Gassin<\/h2>\n\t\t<noscript>\t<div class=\"list-event\">\n\t\t    <div class=\"grid__item\">\n      <a href=\"\/fr\/animation\/culture\/gassin\/barri-la-souris-de-gassin-7042769\/\" class=\"single-item\">\n        <div class=\"grid__img\">\n                      <img loading=\"lazy\" decoding=\"async\" src=\"\/wp-content\/plugins\/apidae\/public\/files\/mini\/barri-la-souris-de-gassin_7042769_1.jpg\" alt=\"Barri la souris de Gassin\"\n              title=\"Barri la souris de Gassin\" width=\"640\" height=\"300\" \/>\n                  <\/div>\n        <div class=\"grid__inner\">\n          <div class=\"date\">\n                          <div class=\"date-double\">\n                                <div class=\"dateDebut\">\n                  <span class=\"day\"> 1<\/span>\n                  <span class=\"month\">sep.<\/span>\n                                  <\/div>\n                <i class=\"fa-light fa-chevron-right\"><\/i>\n                                <div class=\"dateFin\">\n                  <span class=\"day\">30<\/span>\n                  <span class=\"month\">sep.<\/span>\n                                  <\/div>\n              <\/div>\n                      <\/div>\n  \n                      <div class=\"gotto\">\n                                                                  Jeu de piste \/ Chasse au tr\u00e9sor<br>\n                                                                                                                                                <\/div>\n            \n          <h2 class=\"formattedText\">Barri la souris de Gassin<\/h2>\n            \n          <div class=\"grid__sub\">\n            <div class=\"grid__datetime\">\n              <span class=\"grid__commune\">\n                <i class=\"fa-thin fa-map-marker-alt\"><\/i>&nbsp;\n                <span>20, place L\u00e9on Martel<\/span>&nbsp;                                                -&nbsp;                Gassin              <\/span>\n            <\/div>\n          <\/div>\n        <\/div>\n      <\/a>\n    <\/div>\n      <div class=\"grid__item\">\n      <a href=\"\/fr\/animation\/culture\/gassin\/exposition-l-art-naturellement-demesure-7953161\/\" class=\"single-item\">\n        <div class=\"grid__img\">\n                      <img loading=\"lazy\" decoding=\"async\" src=\"\/wp-content\/plugins\/apidae\/public\/files\/mini\/exposition-l-art-naturellement-demesure_7953161_1.jpg\" alt=\"Exposition \"L'art naturellement d\u00e9mesur\u00e9\"\"\n              title=\"Exposition \"L'art naturellement d\u00e9mesur\u00e9\"\" width=\"640\" height=\"300\" \/>\n                  <\/div>\n        <div class=\"grid__inner\">\n          <div class=\"date\">\n                          <div class=\"date-double\">\n                                <div class=\"dateDebut\">\n                  <span class=\"day\"> 1<\/span>\n                  <span class=\"month\">sep.<\/span>\n                                  <\/div>\n                <i class=\"fa-light fa-chevron-right\"><\/i>\n                                <div class=\"dateFin\">\n                  <span class=\"day\">15<\/span>\n                  <span class=\"month\">oct.<\/span>\n                                  <\/div>\n              <\/div>\n                      <\/div>\n  \n                      <div class=\"gotto\">\n                                                                  Exposition<br>\n                                                                                                                                                <\/div>\n            \n          <h2 class=\"formattedText\">Exposition \"L'art naturellement d\u00e9mesur\u00e9\"<\/h2>\n            \n          <div class=\"grid__sub\">\n            <div class=\"grid__datetime\">\n              <span class=\"grid__commune\">\n                <i class=\"fa-thin fa-map-marker-alt\"><\/i>&nbsp;\n                <span>504 RD 61<\/span>&nbsp;                                                -&nbsp;                Gassin              <\/span>\n            <\/div>\n          <\/div>\n        <\/div>\n      <\/a>\n    <\/div>\n      <div class=\"grid__item\">\n      <a href=\"\/fr\/animation\/distractions-et-loisirs\/gassin\/exposition-2026-delorme-andrea-7805373\/\" class=\"single-item\">\n        <div class=\"grid__img\">\n                      <img loading=\"lazy\" decoding=\"async\" src=\"\/wp-content\/plugins\/apidae\/public\/files\/mini\/exposition-2026-delorme-andrea_7805373_1.png\" alt=\"Delorme Andr\u00e9a\"\n              title=\"Delorme Andr\u00e9a\" width=\"640\" height=\"300\" \/>\n                  <\/div>\n        <div class=\"grid__inner\">\n          <div class=\"date\">\n                          <div class=\"date-double\">\n                                <div class=\"dateDebut\">\n                  <span class=\"day\"> 1<\/span>\n                  <span class=\"month\">sep.<\/span>\n                                  <\/div>\n                <i class=\"fa-light fa-chevron-right\"><\/i>\n                                <div class=\"dateFin\">\n                  <span class=\"day\"> 9<\/span>\n                  <span class=\"month\">sep.<\/span>\n                                  <\/div>\n              <\/div>\n                      <\/div>\n  \n                      <div class=\"gotto\">\n                                                                  Exposition<br>\n                                                                                                                                                <\/div>\n            \n          <h2 class=\"formattedText\">Exposition 2026 - Delorme Andr\u00e9a<\/h2>\n            \n          <div class=\"grid__sub\">\n            <div class=\"grid__datetime\">\n              <span class=\"grid__commune\">\n                <i class=\"fa-thin fa-map-marker-alt\"><\/i>&nbsp;\n                <span>20, rue Longue<\/span>&nbsp;                                                -&nbsp;                Gassin              <\/span>\n            <\/div>\n          <\/div>\n        <\/div>\n      <\/a>\n    <\/div>\n      <div class=\"grid__item\">\n      <a href=\"\/fr\/animation\/culture\/gassin\/exposition-de-sculptures-monumentales-jean-luc-ducreux-infini-labsence-dune-fin-6505393\/\" class=\"single-item\">\n        <div class=\"grid__img\">\n                      <img loading=\"lazy\" decoding=\"async\" src=\"https:\/\/static.apidae-tourisme.com\/filestore\/objets-touristiques\/images\/63\/147\/17601343-diaporama.jpg\" alt=\"Le passage Ducreux\"\n              title=\"Le passage Ducreux\" width=\"640\" height=\"300\" \/>\n                  <\/div>\n        <div class=\"grid__inner\">\n          <div class=\"date\">\n                          <div class=\"date-double\">\n                                <div class=\"dateDebut\">\n                  <span class=\"day\"> 1<\/span>\n                  <span class=\"month\">sep.<\/span>\n                                  <\/div>\n                <i class=\"fa-light fa-chevron-right\"><\/i>\n                                <div class=\"dateFin\">\n                  <span class=\"day\">30<\/span>\n                  <span class=\"month\">sep.<\/span>\n                                  <\/div>\n              <\/div>\n                      <\/div>\n  \n                      <div class=\"gotto\">\n                                                                  Exposition<br>\n                                                                                                                                                <\/div>\n            \n          <h2 class=\"formattedText\">Exposition de sculptures monumentales Jean-Luc Ducreux \u00ab\u2009Infini- l\u2019Absence d\u2019une Fin\u2009\u00bb<\/h2>\n            \n          <div class=\"grid__sub\">\n            <div class=\"grid__datetime\">\n              <span class=\"grid__commune\">\n                <i class=\"fa-thin fa-map-marker-alt\"><\/i>&nbsp;\n                                                                                Gassin              <\/span>\n            <\/div>\n          <\/div>\n        <\/div>\n      <\/a>\n    <\/div>\n      <div class=\"grid__item\">\n      <a href=\"\/fr\/animation\/culture\/gassin\/exposition-monumentale-sylvain-dautremay-je-reve-juste-de-liberte-7377266\/\" class=\"single-item\">\n        <div class=\"grid__img\">\n                      <img loading=\"lazy\" decoding=\"async\" src=\"\/wp-content\/plugins\/apidae\/public\/files\/mini\/exposition-monumentale-sylvain-dautremay-je-reve-juste-de-liberte_7377266_1.jpg\" alt=\"L'ours\"\n              title=\"L'ours\" width=\"640\" height=\"300\" \/>\n                  <\/div>\n        <div class=\"grid__inner\">\n          <div class=\"date\">\n                          <div class=\"date-double\">\n                                <div class=\"dateDebut\">\n                  <span class=\"day\"> 1<\/span>\n                  <span class=\"month\">sep.<\/span>\n                                  <\/div>\n                <i class=\"fa-light fa-chevron-right\"><\/i>\n                                <div class=\"dateFin\">\n                  <span class=\"day\">30<\/span>\n                  <span class=\"month\">sep.<\/span>\n                                  <\/div>\n              <\/div>\n                      <\/div>\n  \n                      <div class=\"gotto\">\n                                                                  Exposition<br>\n                                                                                                                                                <\/div>\n            \n          <h2 class=\"formattedText\">Exposition monumentale Sylvain Dautremay : \u00ab Je r\u00eave juste de libert\u00e9 \u00bb<\/h2>\n            \n          <div class=\"grid__sub\">\n            <div class=\"grid__datetime\">\n              <span class=\"grid__commune\">\n                <i class=\"fa-thin fa-map-marker-alt\"><\/i>&nbsp;\n                <span>Village de Gassin<\/span>&nbsp;                                                -&nbsp;                Gassin              <\/span>\n            <\/div>\n          <\/div>\n        <\/div>\n      <\/a>\n    <\/div>\n      <div class=\"grid__item\">\n      <a href=\"\/fr\/animation\/culture\/gassin\/expositions-monumentales-jean-luc-ducreux-et-sylvain-dautremay-7349402\/\" class=\"single-item\">\n        <div class=\"grid__img\">\n                      <img loading=\"lazy\" decoding=\"async\" src=\"\/wp-content\/plugins\/apidae\/public\/files\/mini\/expositions-monumentales-jean-luc-ducreux-et-sylvain-dautremay_7349402_1.jpg\" alt=\"\"\n              title=\"\" width=\"640\" height=\"300\" \/>\n                  <\/div>\n        <div class=\"grid__inner\">\n          <div class=\"date\">\n                          <div class=\"date-double\">\n                                <div class=\"dateDebut\">\n                  <span class=\"day\"> 1<\/span>\n                  <span class=\"month\">sep.<\/span>\n                                  <\/div>\n                <i class=\"fa-light fa-chevron-right\"><\/i>\n                                <div class=\"dateFin\">\n                  <span class=\"day\">30<\/span>\n                  <span class=\"month\">sep.<\/span>\n                                  <\/div>\n              <\/div>\n                      <\/div>\n  \n                      <div class=\"gotto\">\n                                                                  Exposition<br>\n                                                                                                                                                <\/div>\n            \n          <h2 class=\"formattedText\">Expositions monumentales : Jean-Luc Ducreux et Sylvain Dautremay<\/h2>\n            \n          <div class=\"grid__sub\">\n            <div class=\"grid__datetime\">\n              <span class=\"grid__commune\">\n                <i class=\"fa-thin fa-map-marker-alt\"><\/i>&nbsp;\n                                                                                Gassin              <\/span>\n            <\/div>\n          <\/div>\n        <\/div>\n      <\/a>\n    <\/div>\n      <div class=\"grid__item\">\n      <a href=\"\/fr\/animation\/culture\/gassin\/gassin-au-rythme-du-macaron-quand-le-train-et-le-tram-traversaient-le-golfe-7917929\/\" class=\"single-item\">\n        <div class=\"grid__img\">\n                      <img loading=\"lazy\" decoding=\"async\" src=\"\/wp-content\/plugins\/apidae\/public\/files\/mini\/gassin-au-rythme-du-macaron-quand-le-train-et-le-tram-traversaient-le-golfe_7917929_1.png\" alt=\"Gassin au rythme du 'Macaron' : Quand le train et le tram traversaient le Golfe_Gassin\"\n              title=\"Gassin au rythme du 'Macaron' : Quand le train et le tram traversaient le Golfe_Gassin\" width=\"640\" height=\"300\" \/>\n                  <\/div>\n        <div class=\"grid__inner\">\n          <div class=\"date\">\n                          <div class=\"date-double\">\n                                <div class=\"dateDebut\">\n                  <span class=\"day\"> 1<\/span>\n                  <span class=\"month\">sep.<\/span>\n                                  <\/div>\n                <i class=\"fa-light fa-chevron-right\"><\/i>\n                                <div class=\"dateFin\">\n                  <span class=\"day\">20<\/span>\n                  <span class=\"month\">sep.<\/span>\n                                  <\/div>\n              <\/div>\n                      <\/div>\n  \n                      <div class=\"gotto\">\n                                                                  Exposition<br>\n                                                                                                                                                <\/div>\n            \n          <h2 class=\"formattedText\">Gassin au rythme du 'Macaron' : Quand le train et le tram traversaient le Golfe<\/h2>\n            \n          <div class=\"grid__sub\">\n            <div class=\"grid__datetime\">\n              <span class=\"grid__commune\">\n                <i class=\"fa-thin fa-map-marker-alt\"><\/i>&nbsp;\n                <span>20, place L\u00e9on Martel<\/span>&nbsp;                                                -&nbsp;                Gassin              <\/span>\n            <\/div>\n          <\/div>\n        <\/div>\n      <\/a>\n    <\/div>\n      <div class=\"grid__item\">\n      <a href=\"\/fr\/animation\/culture\/gassin\/les-expositions-de-l-ete-l-art-au-cur-de-l-un-des-plus-beaux-villages-de-france-7820182\/\" class=\"single-item\">\n        <div class=\"grid__img\">\n                      <img loading=\"lazy\" decoding=\"async\" src=\"\/wp-content\/plugins\/apidae\/public\/files\/mini\/les-expositions-de-l-ete-l-art-au-cur-de-l-un-des-plus-beaux-villages-de-france_7820182_1.jpeg\" alt=\"Les Expositions de l'\u00e9t\u00e9\"\n              title=\"Les Expositions de l'\u00e9t\u00e9\" width=\"640\" height=\"300\" \/>\n                  <\/div>\n        <div class=\"grid__inner\">\n          <div class=\"date\">\n                          <div class=\"date-double\">\n                                <div class=\"dateDebut\">\n                  <span class=\"day\"> 1<\/span>\n                  <span class=\"month\">sep.<\/span>\n                                  <\/div>\n                <i class=\"fa-light fa-chevron-right\"><\/i>\n                                <div class=\"dateFin\">\n                  <span class=\"day\">30<\/span>\n                  <span class=\"month\">sep.<\/span>\n                                  <\/div>\n              <\/div>\n                      <\/div>\n  \n                      <div class=\"gotto\">\n                                                                  Exposition<br>\n                                                                                                                                                <\/div>\n            \n          <h2 class=\"formattedText\">Les Expositions de l'\u00e9t\u00e9 : l'Art au c\u0153ur de l'un des Plus Beaux Villages de France<\/h2>\n            \n          <div class=\"grid__sub\">\n            <div class=\"grid__datetime\">\n              <span class=\"grid__commune\">\n                <i class=\"fa-thin fa-map-marker-alt\"><\/i>&nbsp;\n                <span>20, rue Longue<\/span>&nbsp;                                                -&nbsp;                Gassin              <\/span>\n            <\/div>\n          <\/div>\n        <\/div>\n      <\/a>\n    <\/div>\n      <div class=\"grid__item\">\n      <a href=\"\/fr\/animation\/sports\/gassin\/tournoi-de-polo-open-du-soleil-7625589\/\" class=\"single-item\">\n        <div class=\"grid__img\">\n                      <img loading=\"lazy\" decoding=\"async\" src=\"\/wp-content\/plugins\/apidae\/public\/files\/mini\/tournoi-de-polo-open-du-soleil_7625589_1.jpg\" alt=\"Open du soleil\"\n              title=\"Open du soleil\" width=\"640\" height=\"300\" \/>\n                  <\/div>\n        <div class=\"grid__inner\">\n          <div class=\"date\">\n                          <div class=\"date-double\">\n                                <div class=\"dateDebut\">\n                  <span class=\"day\"> 3<\/span>\n                  <span class=\"month\">sep.<\/span>\n                                  <\/div>\n                <i class=\"fa-light fa-chevron-right\"><\/i>\n                                <div class=\"dateFin\">\n                  <span class=\"day\">13<\/span>\n                  <span class=\"month\">sep.<\/span>\n                                  <\/div>\n              <\/div>\n                      <\/div>\n  \n                      <div class=\"gotto\">\n                                                                  Comp\u00e9tition sportive<br>\n                                                                                                                                                <\/div>\n            \n          <h2 class=\"formattedText\">Tournoi de polo - Open du soleil<\/h2>\n            \n          <div class=\"grid__sub\">\n            <div class=\"grid__datetime\">\n              <span class=\"grid__commune\">\n                <i class=\"fa-thin fa-map-marker-alt\"><\/i>&nbsp;\n                <span>1999, route du Bourrian<\/span>&nbsp;                                                -&nbsp;                Gassin              <\/span>\n            <\/div>\n          <\/div>\n        <\/div>\n      <\/a>\n    <\/div>\n      <div class=\"grid__item\">\n      <a href=\"\/fr\/animation\/sports\/gassin\/tournoi-de-polo-women-polo-series-7625607\/\" class=\"single-item\">\n        <div class=\"grid__img\">\n                      <img loading=\"lazy\" decoding=\"async\" src=\"\/wp-content\/plugins\/apidae\/public\/files\/mini\/tournoi-de-polo-women-polo-series_7625607_1.jpg\" alt=\"Tournoi de polo - Women polo series\"\n              title=\"Tournoi de polo - Women polo series\" width=\"640\" height=\"300\" \/>\n                  <\/div>\n        <div class=\"grid__inner\">\n          <div class=\"date\">\n                          <div class=\"date-double\">\n                                <div class=\"dateDebut\">\n                  <span class=\"day\"> 3<\/span>\n                  <span class=\"month\">sep.<\/span>\n                                  <\/div>\n                <i class=\"fa-light fa-chevron-right\"><\/i>\n                                <div class=\"dateFin\">\n                  <span class=\"day\">13<\/span>\n                  <span class=\"month\">sep.<\/span>\n                                  <\/div>\n              <\/div>\n                      <\/div>\n  \n                      <div class=\"gotto\">\n                                                                  Comp\u00e9tition sportive<br>\n                                                                                                                                                <\/div>\n            \n          <h2 class=\"formattedText\">Tournoi de polo - Women polo series<\/h2>\n            \n          <div class=\"grid__sub\">\n            <div class=\"grid__datetime\">\n              <span class=\"grid__commune\">\n                <i class=\"fa-thin fa-map-marker-alt\"><\/i>&nbsp;\n                <span>1999, route du Bourrian<\/span>&nbsp;                                                -&nbsp;                Gassin              <\/span>\n            <\/div>\n          <\/div>\n        <\/div>\n      <\/a>\n    <\/div>\n      <div class=\"grid__item\">\n      <a href=\"\/fr\/animation\/sports\/gassin\/aeroyoga-et-fitball-avec-peggy-7384276\/\" class=\"single-item\">\n        <div class=\"grid__img\">\n                      <img loading=\"lazy\" decoding=\"async\" src=\"\/wp-content\/plugins\/apidae\/public\/files\/mini\/aeroyoga-et-fitball-avec-peggy_7384276_1.jpg\" alt=\"A\u00e9royoga\"\n              title=\"A\u00e9royoga\" width=\"640\" height=\"300\" \/>\n                  <\/div>\n        <div class=\"grid__inner\">\n          <div class=\"date\">\n                          <div class=\"date-double\">\n                                <div class=\"dateDebut\">\n                  <span class=\"day\"> 6<\/span>\n                  <span class=\"month\">sep.<\/span>\n                                  <\/div>\n                <i class=\"fa-light fa-chevron-right\"><\/i>\n                                <div class=\"dateFin\">\n                  <span class=\"day\">30<\/span>\n                  <span class=\"month\">mai<\/span>\n                                  <\/div>\n              <\/div>\n                      <\/div>\n  \n                      <div class=\"gotto\">\n                                                                  <br>\n                                                                                                                                                <\/div>\n            \n          <h2 class=\"formattedText\">A\u00e9royoga et fitball avec Peggy<\/h2>\n            \n          <div class=\"grid__sub\">\n            <div class=\"grid__datetime\">\n              <span class=\"grid__commune\">\n                <i class=\"fa-thin fa-map-marker-alt\"><\/i>&nbsp;\n                <span>Chemin de Caruby<\/span>&nbsp;                <span>Acc\u00e8s par la RD 559<\/span>&nbsp;                                -&nbsp;                Gassin              <\/span>\n            <\/div>\n          <\/div>\n        <\/div>\n      <\/a>\n    <\/div>\n      <div class=\"grid__item\">\n      <a href=\"\/fr\/animation\/culture\/gassin\/balade-guidee-au-cur-de-lhistoire-de-gassin-5147284\/\" class=\"single-item\">\n        <div class=\"grid__img\">\n                      <img loading=\"lazy\" decoding=\"async\" src=\"\/wp-content\/plugins\/apidae\/public\/files\/mini\/balade-guidee-au-cur-de-lhistoire-de-gassin_5147284_1.jpg\" alt=\"Visite guid\u00e9e au coeur du village de Gassin\"\n              title=\"Visite guid\u00e9e au coeur du village de Gassin\" width=\"640\" height=\"300\" \/>\n                  <\/div>\n        <div class=\"grid__inner\">\n          <div class=\"date\">\n                          <div class=\"date-double\">\n                                <div class=\"dateDebut\">\n                  <span class=\"day\"> 7<\/span>\n                  <span class=\"month\">sep.<\/span>\n                                  <\/div>\n                <i class=\"fa-light fa-chevron-right\"><\/i>\n                                <div class=\"dateFin\">\n                  <span class=\"day\">27<\/span>\n                  <span class=\"month\">sep.<\/span>\n                                  <\/div>\n              <\/div>\n                      <\/div>\n  \n                      <div class=\"gotto\">\n                                                                  Visite guid\u00e9e et\/ou comment\u00e9e<br>\n                                                                                                                                                <\/div>\n            \n          <h2 class=\"formattedText\">Balade guid\u00e9e\u00a0: Au c\u0153ur de l\u2019histoire de Gassin<\/h2>\n            \n          <div class=\"grid__sub\">\n            <div class=\"grid__datetime\">\n              <span class=\"grid__commune\">\n                <i class=\"fa-thin fa-map-marker-alt\"><\/i>&nbsp;\n                <span>20, place L\u00e9on Martel<\/span>&nbsp;                                                -&nbsp;                Gassin              <\/span>\n            <\/div>\n          <\/div>\n        <\/div>\n      <\/a>\n    <\/div>\n      <div class=\"grid__item\">\n      <a href=\"\/fr\/animation\/culture\/gassin\/exposition-2026-agathe-yette-margot-luce-7808501\/\" class=\"single-item\">\n        <div class=\"grid__img\">\n                      <img loading=\"lazy\" decoding=\"async\" src=\"\/wp-content\/plugins\/apidae\/public\/files\/mini\/exposition-2026-agathe-yette-margot-luce_7808501_1.png\" alt=\"Agathe Yette Margot Luce\"\n              title=\"Agathe Yette Margot Luce\" width=\"640\" height=\"300\" \/>\n                  <\/div>\n        <div class=\"grid__inner\">\n          <div class=\"date\">\n                          <div class=\"date-double\">\n                                <div class=\"dateDebut\">\n                  <span class=\"day\">10<\/span>\n                  <span class=\"month\">sep.<\/span>\n                                  <\/div>\n                <i class=\"fa-light fa-chevron-right\"><\/i>\n                                <div class=\"dateFin\">\n                  <span class=\"day\">16<\/span>\n                  <span class=\"month\">sep.<\/span>\n                                  <\/div>\n              <\/div>\n                      <\/div>\n  \n                      <div class=\"gotto\">\n                                                                  Exposition<br>\n                                                                                                                                                <\/div>\n            \n          <h2 class=\"formattedText\">Exposition 2026 - Agathe Yette Margot Luce<\/h2>\n            \n          <div class=\"grid__sub\">\n            <div class=\"grid__datetime\">\n              <span class=\"grid__commune\">\n                <i class=\"fa-thin fa-map-marker-alt\"><\/i>&nbsp;\n                <span>20, rue Longue<\/span>&nbsp;                                                -&nbsp;                Gassin              <\/span>\n            <\/div>\n          <\/div>\n        <\/div>\n      <\/a>\n    <\/div>\n      <div class=\"grid__item\">\n      <a href=\"\/fr\/animation\/distractions-et-loisirs\/gassin\/un-des-meilleurs-apprentis-de-france-a-la-pepiniere-derbez-7594201\/\" class=\"single-item\">\n        <div class=\"grid__img\">\n                      <img loading=\"lazy\" decoding=\"async\" src=\"\/wp-content\/plugins\/apidae\/public\/files\/mini\/un-des-meilleurs-apprentis-de-france-a-la-pepiniere-derbez_7594201_1.jpg\" alt=\"Un des meilleurs apprentis de France \u00e0 la p\u00e9pini\u00e8re Derbez\"\n              title=\"Un des meilleurs apprentis de France \u00e0 la p\u00e9pini\u00e8re Derbez\" width=\"640\" height=\"300\" \/>\n                  <\/div>\n        <div class=\"grid__inner\">\n          <div class=\"date\">\n                          <div class=\"date-double\">\n                                <div class=\"dateDebut\">\n                  <span class=\"day\">12<\/span>\n                  <span class=\"month\">sep.<\/span>\n                                  <\/div>\n                <i class=\"fa-light fa-chevron-right\"><\/i>\n                                <div class=\"dateFin\">\n                  <span class=\"day\">13<\/span>\n                  <span class=\"month\">sep.<\/span>\n                                  <\/div>\n              <\/div>\n                      <\/div>\n  \n                      <div class=\"gotto\">\n                              Distractions et loisirs\n                                        <\/div>\n            \n          <h2 class=\"formattedText\">Un des meilleurs apprentis de France \u00e0 la p\u00e9pini\u00e8re Derbez<\/h2>\n            \n          <div class=\"grid__sub\">\n            <div class=\"grid__datetime\">\n              <span class=\"grid__commune\">\n                <i class=\"fa-thin fa-map-marker-alt\"><\/i>&nbsp;\n                <span>504 RD 61<\/span>&nbsp;                                                -&nbsp;                Gassin              <\/span>\n            <\/div>\n          <\/div>\n        <\/div>\n      <\/a>\n    <\/div>\n      <div class=\"grid__item\">\n      <a href=\"\/fr\/animation\/culture\/gassin\/chico-et-the-gypsies-longines-leagues-of-nations-au-haras-de-gassin-7947864\/\" class=\"single-item\">\n        <div class=\"grid__img\">\n                      <img loading=\"lazy\" decoding=\"async\" src=\"\/wp-content\/plugins\/apidae\/public\/files\/mini\/chico-et-the-gypsies-longines-leagues-of-nations-au-haras-de-gassin_7947864_1.jpg\" alt=\"Longines Leagues of Nations\"\n              title=\"Longines Leagues of Nations\" width=\"640\" height=\"300\" \/>\n                  <\/div>\n        <div class=\"grid__inner\">\n          <div class=\"date\">\n                          <div class=\"date-simple\">\n                <div class=\"dateDebut\">\n                  <span class=\"day\">17<\/span>\n                  <span class=\"month\">sep.<\/span>\n                                  <\/div>\n              <\/div>\n                      <\/div>\n  \n                      <div class=\"gotto\">\n                                                                  Concert<br>\n                                                                                                                                                <\/div>\n            \n          <h2 class=\"formattedText\">Chico et the Gypsies Longines Leagues of Nations au Haras de Gassin<\/h2>\n            \n          <div class=\"grid__sub\">\n            <div class=\"grid__datetime\">\n              <span class=\"grid__commune\">\n                <i class=\"fa-thin fa-map-marker-alt\"><\/i>&nbsp;\n                <span>1999, route du Bourrian<\/span>&nbsp;                                                -&nbsp;                Gassin              <\/span>\n            <\/div>\n          <\/div>\n        <\/div>\n      <\/a>\n    <\/div>\n      <div class=\"grid__item\">\n      <a href=\"\/fr\/animation\/sports\/gassin\/concours-de-sauts-international-jumping-de-septembre-7600411\/\" class=\"single-item\">\n        <div class=\"grid__img\">\n                      <img loading=\"lazy\" decoding=\"async\" src=\"\/wp-content\/plugins\/apidae\/public\/files\/mini\/concours-de-sauts-international-jumping-de-septembre_7600411_1.jpg\" alt=\"Jumping septembre\"\n              title=\"Jumping septembre\" width=\"640\" height=\"300\" \/>\n                  <\/div>\n        <div class=\"grid__inner\">\n          <div class=\"date\">\n                          <div class=\"date-double\">\n                                <div class=\"dateDebut\">\n                  <span class=\"day\">17<\/span>\n                  <span class=\"month\">sep.<\/span>\n                                  <\/div>\n                <i class=\"fa-light fa-chevron-right\"><\/i>\n                                <div class=\"dateFin\">\n                  <span class=\"day\">26<\/span>\n                  <span class=\"month\">sep.<\/span>\n                                  <\/div>\n              <\/div>\n                      <\/div>\n  \n                      <div class=\"gotto\">\n                                                                  Comp\u00e9tition sportive<br>\n                                                                                                                                                <\/div>\n            \n          <h2 class=\"formattedText\">Concours de sauts international - jumping de septembre<\/h2>\n            \n          <div class=\"grid__sub\">\n            <div class=\"grid__datetime\">\n              <span class=\"grid__commune\">\n                <i class=\"fa-thin fa-map-marker-alt\"><\/i>&nbsp;\n                <span>1999, route du Bourrian<\/span>&nbsp;                                                -&nbsp;                Gassin              <\/span>\n            <\/div>\n          <\/div>\n        <\/div>\n      <\/a>\n    <\/div>\n      <div class=\"grid__item\">\n      <a href=\"\/fr\/animation\/sports\/gassin\/longines-league-of-nations-gassin-st-tropez-7217780\/\" class=\"single-item\">\n        <div class=\"grid__img\">\n                      <img loading=\"lazy\" decoding=\"async\" src=\"\/wp-content\/plugins\/apidae\/public\/files\/mini\/longines-league-of-nations-gassin-st-tropez_7217780_1.png\" alt=\"Longines League of Nations\"\n              title=\"Longines League of Nations\" width=\"640\" height=\"300\" \/>\n                  <\/div>\n        <div class=\"grid__inner\">\n          <div class=\"date\">\n                          <div class=\"date-double\">\n                                <div class=\"dateDebut\">\n                  <span class=\"day\">17<\/span>\n                  <span class=\"month\">sep.<\/span>\n                                  <\/div>\n                <i class=\"fa-light fa-chevron-right\"><\/i>\n                                <div class=\"dateFin\">\n                  <span class=\"day\">20<\/span>\n                  <span class=\"month\">sep.<\/span>\n                                  <\/div>\n              <\/div>\n                      <\/div>\n  \n                      <div class=\"gotto\">\n                                                                  Concours \/ Tournois<br>\n                                                                                                                                                <\/div>\n            \n          <h2 class=\"formattedText\">Longines League of Nations  - Gassin St Tropez<\/h2>\n            \n          <div class=\"grid__sub\">\n            <div class=\"grid__datetime\">\n              <span class=\"grid__commune\">\n                <i class=\"fa-thin fa-map-marker-alt\"><\/i>&nbsp;\n                <span>1999, route du Bourrian<\/span>&nbsp;                                                -&nbsp;                Gassin              <\/span>\n            <\/div>\n          <\/div>\n        <\/div>\n      <\/a>\n    <\/div>\n      <div class=\"grid__item\">\n      <a href=\"\/fr\/animation\/sports\/gassin\/tournois-de-jumping-haras-de-gassin-7820469\/\" class=\"single-item\">\n        <div class=\"grid__img\">\n                      <img loading=\"lazy\" decoding=\"async\" src=\"\/wp-content\/plugins\/apidae\/public\/files\/mini\/tournois-de-jumping-haras-de-gassin_7820469_1.jpg\" alt=\"Tournois de Jumping\"\n              title=\"Tournois de Jumping\" width=\"640\" height=\"300\" \/>\n                  <\/div>\n        <div class=\"grid__inner\">\n          <div class=\"date\">\n                          <div class=\"date-double\">\n                                <div class=\"dateDebut\">\n                  <span class=\"day\">17<\/span>\n                  <span class=\"month\">sep.<\/span>\n                                  <\/div>\n                <i class=\"fa-light fa-chevron-right\"><\/i>\n                                <div class=\"dateFin\">\n                  <span class=\"day\">20<\/span>\n                  <span class=\"month\">sep.<\/span>\n                                  <\/div>\n              <\/div>\n                      <\/div>\n  \n                      <div class=\"gotto\">\n                                                                  Comp\u00e9tition sportive<br>\n                                                                                                                                                <\/div>\n            \n          <h2 class=\"formattedText\">Tournois de Jumping - Haras de Gassin<\/h2>\n            \n          <div class=\"grid__sub\">\n            <div class=\"grid__datetime\">\n              <span class=\"grid__commune\">\n                <i class=\"fa-thin fa-map-marker-alt\"><\/i>&nbsp;\n                <span>1999, route du Bourrian<\/span>&nbsp;                                                -&nbsp;                Gassin              <\/span>\n            <\/div>\n          <\/div>\n        <\/div>\n      <\/a>\n    <\/div>\n      <div class=\"grid__item\">\n      <a href=\"\/fr\/animation\/culture\/gassin\/dj-set-mosimann-longines-league-of-nations-au-haras-de-gassin-7945781\/\" class=\"single-item\">\n        <div class=\"grid__img\">\n                      <img loading=\"lazy\" decoding=\"async\" src=\"\/wp-content\/plugins\/apidae\/public\/files\/mini\/dj-set-mosimann-longines-league-of-nations-au-haras-de-gassin_7945781_1.jpg\" alt=\"\"\n              title=\"\" width=\"640\" height=\"300\" \/>\n                  <\/div>\n        <div class=\"grid__inner\">\n          <div class=\"date\">\n                          <div class=\"date-simple\">\n                <div class=\"dateDebut\">\n                  <span class=\"day\">18<\/span>\n                  <span class=\"month\">sep.<\/span>\n                                  <\/div>\n              <\/div>\n                      <\/div>\n  \n                      <div class=\"gotto\">\n                                                                  Concert<br>\n                                                                                                                                                <\/div>\n            \n          <h2 class=\"formattedText\">DJ Set Mosimann \u2013 Longines League of Nations au Haras de Gassin<\/h2>\n            \n          <div class=\"grid__sub\">\n            <div class=\"grid__datetime\">\n              <span class=\"grid__commune\">\n                <i class=\"fa-thin fa-map-marker-alt\"><\/i>&nbsp;\n                <span>1999, route du Bourrian<\/span>&nbsp;                                                -&nbsp;                Gassin              <\/span>\n            <\/div>\n          <\/div>\n        <\/div>\n      <\/a>\n    <\/div>\n      <div class=\"grid__item\">\n      <a href=\"\/fr\/animation\/culture\/gassin\/exposition-2026-les-amis-des-arts-de-gassin-7808493\/\" class=\"single-item\">\n        <div class=\"grid__img\">\n                      <img loading=\"lazy\" decoding=\"async\" src=\"\/wp-content\/plugins\/apidae\/public\/files\/mini\/exposition-2026-les-amis-des-arts-de-gassin_7808493_1.png\" alt=\"Les Amis des Arts\"\n              title=\"Les Amis des Arts\" width=\"640\" height=\"300\" \/>\n                  <\/div>\n        <div class=\"grid__inner\">\n          <div class=\"date\">\n                          <div class=\"date-double\">\n                                <div class=\"dateDebut\">\n                  <span class=\"day\">18<\/span>\n                  <span class=\"month\">sep.<\/span>\n                                  <\/div>\n                <i class=\"fa-light fa-chevron-right\"><\/i>\n                                <div class=\"dateFin\">\n                  <span class=\"day\">29<\/span>\n                  <span class=\"month\">sep.<\/span>\n                                  <\/div>\n              <\/div>\n                      <\/div>\n  \n                      <div class=\"gotto\">\n                                                                  Exposition<br>\n                                                                                                                                                <\/div>\n            \n          <h2 class=\"formattedText\">Exposition 2026 - Les Amis des Arts de Gassin<\/h2>\n            \n          <div class=\"grid__sub\">\n            <div class=\"grid__datetime\">\n              <span class=\"grid__commune\">\n                <i class=\"fa-thin fa-map-marker-alt\"><\/i>&nbsp;\n                <span>20, rue Longue<\/span>&nbsp;                                                -&nbsp;                Gassin              <\/span>\n            <\/div>\n          <\/div>\n        <\/div>\n      <\/a>\n    <\/div>\n      <div class=\"grid__item\">\n      <a href=\"\/fr\/animation\/culture\/gassin\/journees-europeennes-du-patrimoine-7509165\/\" class=\"single-item\">\n        <div class=\"grid__img\">\n                      <img loading=\"lazy\" decoding=\"async\" src=\"\/wp-content\/plugins\/apidae\/public\/files\/mini\/journees-europeennes-du-patrimoine_7509165_1.jpg\" alt=\"Journ\u00e9es Europ\u00e9ennes du patrimoine\"\n              title=\"Journ\u00e9es Europ\u00e9ennes du patrimoine\" width=\"640\" height=\"300\" \/>\n                  <\/div>\n        <div class=\"grid__inner\">\n          <div class=\"date\">\n                          <div class=\"date-double\">\n                                <div class=\"dateDebut\">\n                  <span class=\"day\">19<\/span>\n                  <span class=\"month\">sep.<\/span>\n                                  <\/div>\n                <i class=\"fa-light fa-chevron-right\"><\/i>\n                                <div class=\"dateFin\">\n                  <span class=\"day\">20<\/span>\n                  <span class=\"month\">sep.<\/span>\n                                  <\/div>\n              <\/div>\n                      <\/div>\n  \n                      <div class=\"gotto\">\n                                                                  Visite guid\u00e9e et\/ou comment\u00e9e<br>\n                                                                                                                                                <\/div>\n            \n          <h2 class=\"formattedText\">Journ\u00e9es Europ\u00e9ennes du patrimoine<\/h2>\n            \n          <div class=\"grid__sub\">\n            <div class=\"grid__datetime\">\n              <span class=\"grid__commune\">\n                <i class=\"fa-thin fa-map-marker-alt\"><\/i>&nbsp;\n                <span>20, place L\u00e9on Martel<\/span>&nbsp;                                                -&nbsp;                Gassin              <\/span>\n            <\/div>\n          <\/div>\n        <\/div>\n      <\/a>\n    <\/div>\n      <div class=\"grid__item\">\n      <a href=\"\/fr\/animation\/distractions-et-loisirs\/gassin\/les-belles-echappees-7948248\/\" class=\"single-item\">\n        <div class=\"grid__img\">\n                      <img loading=\"lazy\" decoding=\"async\" src=\"\/wp-content\/plugins\/apidae\/public\/files\/mini\/les-belles-echappees_7948248_1.jpg\" alt=\"Randonn\u00e9e guid\u00e9e du Cap Taillat\"\n              title=\"Randonn\u00e9e guid\u00e9e du Cap Taillat\" width=\"640\" height=\"300\" \/>\n                  <\/div>\n        <div class=\"grid__inner\">\n          <div class=\"date\">\n                          <div class=\"date-double\">\n                                <div class=\"dateDebut\">\n                  <span class=\"day\">26<\/span>\n                  <span class=\"month\">sep.<\/span>\n                                  <\/div>\n                <i class=\"fa-light fa-chevron-right\"><\/i>\n                                <div class=\"dateFin\">\n                  <span class=\"day\">26<\/span>\n                  <span class=\"month\">sep.<\/span>\n                                  <\/div>\n              <\/div>\n                      <\/div>\n  \n                      <div class=\"gotto\">\n                                                                  <br>\n                                                                                                                                                <\/div>\n            \n          <h2 class=\"formattedText\">Les Belles Echapp\u00e9es<\/h2>\n            \n          <div class=\"grid__sub\">\n            <div class=\"grid__datetime\">\n              <span class=\"grid__commune\">\n                <i class=\"fa-thin fa-map-marker-alt\"><\/i>&nbsp;\n                <span>9 place Neuve<\/span>&nbsp;                                                -&nbsp;                Gassin              <\/span>\n            <\/div>\n          <\/div>\n        <\/div>\n      <\/a>\n    <\/div>\n      <div class=\"grid__item\">\n      <a href=\"\/fr\/animation\/sports\/gassin\/marche-solidaire-le-cancer-notre-affaire-golfe-de-saint-tropez-7480442\/\" class=\"single-item\">\n        <div class=\"grid__img\">\n                      <img loading=\"lazy\" decoding=\"async\" src=\"\/wp-content\/plugins\/apidae\/public\/files\/mini\/marche-solidaire-le-cancer-notre-affaire-golfe-de-saint-tropez_7480442_1.jpg\" alt=\"Marche solidaire\"\n              title=\"Marche solidaire\" width=\"640\" height=\"300\" \/>\n                  <\/div>\n        <div class=\"grid__inner\">\n          <div class=\"date\">\n                          <div class=\"date-simple\">\n                <div class=\"dateDebut\">\n                  <span class=\"day\"> 4<\/span>\n                  <span class=\"month\">oct.<\/span>\n                                  <\/div>\n              <\/div>\n                      <\/div>\n  \n                      <div class=\"gotto\">\n                                                                  Rassemblement<br>\n                                                                                                                                                                                      <\/div>\n            \n          <h2 class=\"formattedText\">Marche solidaire \u00ab Le cancer notre affaire, golfe de Saint-Tropez \u00bb<\/h2>\n            \n          <div class=\"grid__sub\">\n            <div class=\"grid__datetime\">\n              <span class=\"grid__commune\">\n                <i class=\"fa-thin fa-map-marker-alt\"><\/i>&nbsp;\n                <span>Rue Jean Moulin<\/span>&nbsp;                <span>Ramatuelle<\/span>&nbsp;                                -&nbsp;                Gassin              <\/span>\n            <\/div>\n          <\/div>\n        <\/div>\n      <\/a>\n    <\/div>\n      <div class=\"grid__item\">\n      <a href=\"\/fr\/animation\/sports\/gassin\/concours-de-sauts-international-jumping-d-octobre-7600439\/\" class=\"single-item\">\n        <div class=\"grid__img\">\n                      <img loading=\"lazy\" decoding=\"async\" src=\"\/wp-content\/plugins\/apidae\/public\/files\/mini\/concours-de-sauts-international-jumping-d-octobre_7600439_1.jpg\" alt=\"jumping octobre\"\n              title=\"jumping octobre\" width=\"640\" height=\"300\" \/>\n                  <\/div>\n        <div class=\"grid__inner\">\n          <div class=\"date\">\n                          <div class=\"date-double\">\n                                <div class=\"dateDebut\">\n                  <span class=\"day\">15<\/span>\n                  <span class=\"month\">oct.<\/span>\n                                  <\/div>\n                <i class=\"fa-light fa-chevron-right\"><\/i>\n                                <div class=\"dateFin\">\n                  <span class=\"day\">24<\/span>\n                  <span class=\"month\">oct.<\/span>\n                                  <\/div>\n              <\/div>\n                      <\/div>\n  \n                      <div class=\"gotto\">\n                                                                  Comp\u00e9tition sportive<br>\n                                                                                                                                                <\/div>\n            \n          <h2 class=\"formattedText\">Concours de sauts international - jumping d'octobre<\/h2>\n            \n          <div class=\"grid__sub\">\n            <div class=\"grid__datetime\">\n              <span class=\"grid__commune\">\n                <i class=\"fa-thin fa-map-marker-alt\"><\/i>&nbsp;\n                <span>1999, route du Bourrian<\/span>&nbsp;                                                -&nbsp;                Gassin              <\/span>\n            <\/div>\n          <\/div>\n        <\/div>\n      <\/a>\n    <\/div>\n      <div class=\"grid__item\">\n      <a href=\"\/fr\/animation\/distractions-et-loisirs\/gassin\/la-noche-de-los-muertos-7977046\/\" class=\"single-item\">\n        <div class=\"grid__img\">\n                      <img loading=\"lazy\" decoding=\"async\" src=\"https:\/\/static.apidae-tourisme.com\/filestore\/objets-touristiques\/images\/114\/151\/42571634-diaporama.png\" alt=\"La Noche de los Muertos\"\n              title=\"La Noche de los Muertos\" width=\"640\" height=\"300\" \/>\n                  <\/div>\n        <div class=\"grid__inner\">\n          <div class=\"date\">\n                          <div class=\"date-simple\">\n                <div class=\"dateDebut\">\n                  <span class=\"day\">31<\/span>\n                  <span class=\"month\">oct.<\/span>\n                                  <\/div>\n              <\/div>\n                      <\/div>\n  \n                      <div class=\"gotto\">\n                                                                  Concert<br>\n                                                                                                                                                <\/div>\n            \n          <h2 class=\"formattedText\">La Noche de los Muertos<\/h2>\n            \n          <div class=\"grid__sub\">\n            <div class=\"grid__datetime\">\n              <span class=\"grid__commune\">\n                <i class=\"fa-thin fa-map-marker-alt\"><\/i>&nbsp;\n                <span>Route des Moulins de Paillas<\/span>&nbsp;                                                -&nbsp;                Gassin              <\/span>\n            <\/div>\n          <\/div>\n        <\/div>\n      <\/a>\n    <\/div>\n      <div class=\"grid__item\">\n      <a href=\"\/fr\/animation\/distractions-et-loisirs\/gassin\/nuit-romantique-7957232\/\" class=\"single-item\">\n        <div class=\"grid__img\">\n                      <img loading=\"lazy\" decoding=\"async\" src=\"https:\/\/static.apidae-tourisme.com\/filestore\/objets-touristiques\/images\/228\/152\/42572004-diaporama.png\" alt=\"Nuit romantique\"\n              title=\"Nuit romantique\" width=\"640\" height=\"300\" \/>\n                  <\/div>\n        <div class=\"grid__inner\">\n          <div class=\"date\">\n                          <div class=\"date-simple\">\n                <div class=\"dateDebut\">\n                  <span class=\"day\">26<\/span>\n                  <span class=\"month\">juin<\/span>\n                                  <\/div>\n              <\/div>\n                      <\/div>\n  \n                      <div class=\"gotto\">\n                                                                  Ap\u00e9ro<br>\n                                                                                                                                                                                      <\/div>\n            \n          <h2 class=\"formattedText\">Nuit romantique<\/h2>\n            \n          <div class=\"grid__sub\">\n            <div class=\"grid__datetime\">\n              <span class=\"grid__commune\">\n                <i class=\"fa-thin fa-map-marker-alt\"><\/i>&nbsp;\n                <span>20, place L\u00e9on Martel<\/span>&nbsp;                                                -&nbsp;                Gassin              <\/span>\n            <\/div>\n          <\/div>\n        <\/div>\n      <\/a>\n    <\/div>\n      <div class=\"grid__item\">\n      <a href=\"\/fr\/animation\/culture\/gassin\/les-secrets-de-gassin-jeu-de-piste-decouverte-pour-les-enfants-de-6-14ans-dans-le-golfe-de-saint-tropez-5379475\/\" class=\"single-item\">\n        <div class=\"grid__img\">\n                      <img loading=\"lazy\" decoding=\"async\" src=\"\/wp-content\/plugins\/apidae\/public\/files\/mini\/les-secrets-de-gassin-jeu-de-piste-decouverte-pour-les-enfants-de-6-14ans-dans-le-golfe-de-saint-tropez_5379475_1.jpg\" alt=\"Couverture du jeu de piste Les Secrets de Gassin - https:\/\/gassin.eu\"\n              title=\"Couverture du jeu de piste Les Secrets de Gassin - https:\/\/gassin.eu\" width=\"640\" height=\"300\" \/>\n                  <\/div>\n        <div class=\"grid__inner\">\n          <div class=\"date\">\n                          <div class=\"date-double\">\n                                <div class=\"dateDebut\">\n                  <span class=\"day\"> 1<\/span>\n                  <span class=\"month\">sep.<\/span>\n                                  <\/div>\n                <i class=\"fa-light fa-chevron-right\"><\/i>\n                                <div class=\"dateFin\">\n                  <span class=\"day\">30<\/span>\n                  <span class=\"month\">sep.<\/span>\n                                  <\/div>\n              <\/div>\n                      <\/div>\n  \n                      <div class=\"gotto\">\n                                                                  Jeu de piste \/ Chasse au tr\u00e9sor<br>\n                                                                                                                                                <\/div>\n            \n          <h2 class=\"formattedText\">Les Secrets de Gassin \u2014 jeu de piste d\u00e9couverte pour les enfants de 6-14\u00a0ans dans le golfe de Saint-Tropez<\/h2>\n            \n          <div class=\"grid__sub\">\n            <div class=\"grid__datetime\">\n              <span class=\"grid__commune\">\n                <i class=\"fa-thin fa-map-marker-alt\"><\/i>&nbsp;\n                <span>20, place L\u00e9on Martel<\/span>&nbsp;                                                -&nbsp;                Gassin              <\/span>\n            <\/div>\n          <\/div>\n        <\/div>\n      <\/a>\n    <\/div>\n  \t<\/div>\n<\/noscript><div id=\"prestaItems-166471446\" class=\"prestaItems wp-block-apidae-prestas align\">\r\n\t\t\t<apidae-prestas\r\n\t\t\t\tslug=\"animations\"\r\n\t\t\t\tlayout-mode=\"list\"\r\n\t\t\t\tmap-height=\"\"\r\n\t\t\t\ttheme=\"default\"\r\n\t\t\t\ttype=\"grid\"\r\n\t\t\t\ttype-filtre=\"vertical\"\r\n\t\t\t\ttype-paginate=\"PAGER\"\r\n\t\t\t\ttitle=\"\"\r\n\t\t\t\t:nb-per-page=\"22\"\r\n\t\t\t\tfilter=\"\"\r\n\t\t\t\tlang=\"fr\"\r\n\t\t\t\t:groupe-ids-to-hide=\"[63,61,25,7,23,1,41,62,31,4,42,12,26,5,8,64,2,51,6,24,32,13,52,15,43,66,9]\"\r\n\t\t\t\t:groupe-ids-to-open=\"[14,31]\"\r\n\t\t\t\t:tri-filters=\"['alphabetique','triEvenement']\"\r\n\t\t\t\t:tri=\"['triEvenement']\"\r\n        :show-filtre=\"1\"\r\n\t\t\t\t:show-filtre-nb-results=\"1\"\r\n        :show-filtre-results=\"0\"\r\n        :show-filtre-lib=\"1\"\r\n        :show-filtre-tri=\"1\"\r\n        :show-filtre-groupes=\"1\"\r\n        :show-filtre-date=\"1\"\r\n        :show-filtre-age=\"0\"\r\n        :show-filtre-price=\"0\"\r\n        :show-filtre-capacity=\"0\"\r\n        :show-filtre-nombre-chambres=\"0\"\r\n        :show-filtre-nombre-jours=\"0\"\r\n        :show-filtre-nombre-nuits=\"0\"\r\n        :show-filtre-distance=\"0\"\r\n        :show-filtre-duration=\"0\"\r\n        :show-filtre-elevation=\"0\"\r\n        :show-filtre-geolocalisation=\"0\"\r\n        :show-prestas=\"1\"\r\n\t\t\t\t:show-prestas-address=\"0\"\r\n\t\t\t\t:show-prestas-attributes=\"0\"\r\n\t\t\t\t:show-prestas-breadcrumb=\"0\"\r\n\t\t\t\t:show-prestas-calendar=\"0\"\r\n\t\t\t\t:show-prestas-cart=\"0\"\r\n\t\t\t\t:show-prestas-categorie=\"0\"\r\n\t\t\t\t:show-prestas-contact=\"0\"\r\n\t\t\t\t:show-prestas-coordonnee=\"0\"\r\n\t\t\t\t:show-prestas-cover=\"1\"\r\n\t\t\t\t:show-prestas-date=\"1\"\r\n\t\t\t\t:show-prestas-description=\"0\"\r\n\t\t\t\t:show-prestas-dispo=\"0\"\r\n\t\t\t\t:show-prestas-gallery=\"0\"\r\n\t\t\t\t:show-prestas-fair-guest=\"0\"\r\n\t\t\t\t:show-prestas-fair-guest-lite=\"0\"\r\n\t\t\t\t:show-prestas-logo=\"0\"\r\n\t\t\t\t:show-prestas-map=\"1\"\r\n\t\t\t\t:show-prestas-map-closed=\"1\"\r\n\t\t\t\t:show-prestas-map-cluster=\"1\"\r\n\t\t\t\t:show-prestas-map-controls=\"0\"\r\n\t\t\t\t:show-prestas-map-zoom-scroll=\"0\"\r\n\t\t\t\t:show-prestas-objets-lies=\"0\"\r\n\t\t\t\t:show-prestas-opened=\"0\"\r\n\t\t\t\t:show-prestas-tarif=\"0\"\r\n\t\t\t\t:show-prestas-title=\"1\"\r\n\t\t\t\t:show-presta-address=\"1\"\r\n\t\t\t\t:show-presta-attributes=\"1\"\r\n\t\t\t\t:show-presta-back=\"1\"\r\n\t\t\t\t:show-presta-breadcrumb=\"0\"\r\n\t\t\t\t:show-presta-calendar=\"1\"\r\n\t\t\t\t:show-presta-cart=\"0\"\r\n\t\t\t\t:show-presta-categorie=\"1\"\r\n\t\t\t\t:show-presta-contact=\"0\"\r\n\t\t\t\t:show-presta-coordonnee=\"1\"\r\n\t\t\t\t:show-presta-cover=\"1\"\r\n\t\t\t\t:show-presta-date=\"1\"\r\n\t\t\t\t:show-presta-description=\"1\"\r\n\t\t\t\t:show-presta-dispo=\"1\"\r\n\t\t\t\t:show-presta-gallery=\"1\"\r\n\t\t\t\t:show-presta-fair-guest=\"0\"\r\n\t\t\t\t:show-presta-fair-guest-lite=\"0\"\r\n\t\t\t\t:show-presta-logo=\"1\"\r\n\t\t\t\t:show-presta-map=\"1\"\r\n\t\t\t\t:show-presta-map-closed=\"1\"\r\n\t\t\t\t:show-presta-map-cluster=\"1\"\r\n\t\t\t\t:show-presta-map-controls=\"1\"\r\n\t\t\t\t:show-presta-map-zoom-scroll=\"1\"\r\n\t\t\t\t:show-presta-objets-attaches=\"0\"\r\n\t\t\t\t:show-presta-objets-croises=\"0\"\r\n\t\t\t\t:show-presta-objets-geres=\"0\"\r\n\t\t\t\t:show-presta-objets-lies=\"0\"\r\n\t\t\t\t:show-presta-opened=\"1\"\r\n\t\t\t\t:show-presta-tarif=\"1\"\r\n\t\t\t\t:show-presta-title=\"1\"\r\n\t\t\t\t:show-presta-view=\"0\">\r\n\t\t\t<\/apidae-prestas>\r\n\t\t<\/div>\n<hr class=\"wp-block-separator has-alpha-channel-opacity\" style=\"margin-top:var(--wp--preset--spacing--80);margin-bottom:var(--wp--preset--spacing--80)\"\/>\n\n<h2 class=\"wp-block-heading has-text-align-center\">Mercados del Golfo de Saint-Tropez<\/h2>\n\n<p class=\"wp-block-paragraph\">Pasear por los mercados del golfo de Saint-Tropez es sumergirse en el coraz\u00f3n del arte de vivir provenzal. Desde pintorescas callejuelas hasta soleadas plazas, los coloridos puestos rebosan de frutas y verduras ba\u00f1adas por el sol, especialidades locales, ropa y artesan\u00eda. Cada mercado tiene su propio ambiente: acogedor en Gassin, animado en Saint-Tropez, tradicional en Cogolin, gastron\u00f3mico en La Croix-Valmer&#8230; Una gran oportunidad para conocer a los productores, degustar los sabores mediterr\u00e1neos y llevarse un aut\u00e9ntico recuerdo de su estancia.  <\/p>\n\t\t<noscript>\t<div class=\"list-event\">\n\t\t    <div class=\"grid__item\">\n      <a href=\"\/fr\/animation\/manifestations-commerciales\/rayol-canadel-sur-mer\/marche-provencal-hebdomadaire-929858\/\" class=\"single-item\">\n        <div class=\"grid__img\">\n                      <img loading=\"lazy\" decoding=\"async\" src=\"\/wp-content\/plugins\/apidae\/public\/files\/mini\/marche-provencal-hebdomadaire_929858_1.jpg\" alt=\"\"\n              title=\"\" width=\"640\" height=\"300\" \/>\n                  <\/div>\n        <div class=\"grid__inner\">\n          <div class=\"date\">\n                          <div class=\"date-double\">\n                                <div class=\"dateDebut\">\n                  <span class=\"day\"> 4<\/span>\n                  <span class=\"month\">sep.<\/span>\n                                  <\/div>\n                <i class=\"fa-light fa-chevron-right\"><\/i>\n                                <div class=\"dateFin\">\n                  <span class=\"day\">25<\/span>\n                  <span class=\"month\">sep.<\/span>\n                                  <\/div>\n              <\/div>\n                      <\/div>\n  \n                      <div class=\"gotto\">\n                                                                  March\u00e9 r\u00e9gulier<br>\n                                                                                                                                                <\/div>\n            \n          <h2 class=\"formattedText\">March\u00e9 proven\u00e7al hebdomadaire<\/h2>\n            \n          <div class=\"grid__sub\">\n            <div class=\"grid__datetime\">\n              <span class=\"grid__commune\">\n                <i class=\"fa-thin fa-map-marker-alt\"><\/i>&nbsp;\n                <span>Place Michel GOY<\/span>&nbsp;                                                -&nbsp;                Rayol-Canadel-sur-Mer              <\/span>\n            <\/div>\n          <\/div>\n        <\/div>\n      <\/a>\n    <\/div>\n      <div class=\"grid__item\">\n      <a href=\"\/fr\/animation\/manifestations-commerciales\/saint-tropez\/le-marche-de-la-place-aux-herbes-6876137\/\" class=\"single-item\">\n        <div class=\"grid__img\">\n                      <img loading=\"lazy\" decoding=\"async\" src=\"\/wp-content\/plugins\/apidae\/public\/files\/mini\/le-marche-de-la-place-aux-herbes_6876137_1.jpeg\" alt=\"\"\n              title=\"\" width=\"640\" height=\"300\" \/>\n                  <\/div>\n        <div class=\"grid__inner\">\n          <div class=\"date\">\n                          <div class=\"date-double\">\n                                <div class=\"dateDebut\">\n                  <span class=\"day\"> 1<\/span>\n                  <span class=\"month\">sep.<\/span>\n                                  <\/div>\n                <i class=\"fa-light fa-chevron-right\"><\/i>\n                                <div class=\"dateFin\">\n                  <span class=\"day\">30<\/span>\n                  <span class=\"month\">sep.<\/span>\n                                  <\/div>\n              <\/div>\n                      <\/div>\n  \n                      <div class=\"gotto\">\n                                                                  March\u00e9 r\u00e9gulier<br>\n                                                                                                                                                <\/div>\n            \n          <h2 class=\"formattedText\">Le march\u00e9 de la Place aux Herbes<\/h2>\n            \n          <div class=\"grid__sub\">\n            <div class=\"grid__datetime\">\n              <span class=\"grid__commune\">\n                <i class=\"fa-thin fa-map-marker-alt\"><\/i>&nbsp;\n                <span>Place aux Herbes<\/span>&nbsp;                                                -&nbsp;                Saint-Tropez              <\/span>\n            <\/div>\n          <\/div>\n        <\/div>\n      <\/a>\n    <\/div>\n      <div class=\"grid__item\">\n      <a href=\"\/fr\/animation\/manifestations-commerciales\/saint-tropez\/marche-aux-poissons-de-saint-tropez-5547725\/\" class=\"single-item\">\n        <div class=\"grid__img\">\n                      <img loading=\"lazy\" decoding=\"async\" src=\"\/wp-content\/plugins\/apidae\/public\/files\/mini\/marche-aux-poissons-de-saint-tropez_5547725_1.jpg\" alt=\"\"\n              title=\"\" width=\"640\" height=\"300\" \/>\n                  <\/div>\n        <div class=\"grid__inner\">\n          <div class=\"date\">\n                          <div class=\"date-double\">\n                                <div class=\"dateDebut\">\n                  <span class=\"day\"> 3<\/span>\n                  <span class=\"month\">sep.<\/span>\n                                  <\/div>\n                <i class=\"fa-light fa-chevron-right\"><\/i>\n                                <div class=\"dateFin\">\n                  <span class=\"day\">30<\/span>\n                  <span class=\"month\">sep.<\/span>\n                                  <\/div>\n              <\/div>\n                      <\/div>\n  \n                      <div class=\"gotto\">\n                                                                  March\u00e9 r\u00e9gulier<br>\n                                                                                                                                                <\/div>\n            \n          <h2 class=\"formattedText\">March\u00e9 aux poissons de Saint-Tropez<\/h2>\n            \n          <div class=\"grid__sub\">\n            <div class=\"grid__datetime\">\n              <span class=\"grid__commune\">\n                <i class=\"fa-thin fa-map-marker-alt\"><\/i>&nbsp;\n                <span>Porte de la Poissonnerie<\/span>&nbsp;                                                -&nbsp;                Saint-Tropez              <\/span>\n            <\/div>\n          <\/div>\n        <\/div>\n      <\/a>\n    <\/div>\n      <div class=\"grid__item\">\n      <a href=\"\/fr\/animation\/manifestations-commerciales\/sainte-maxime\/l-etal-des-pecheurs-5253097\/\" class=\"single-item\">\n        <div class=\"grid__img\">\n                      <img loading=\"lazy\" decoding=\"async\" src=\"\/wp-content\/plugins\/apidae\/public\/files\/mini\/l-etal-des-pecheurs_5253097_1.jpg\" alt=\"Etal des p\u00eacheurs 1\"\n              title=\"Etal des p\u00eacheurs 1\" width=\"640\" height=\"300\" \/>\n                  <\/div>\n        <div class=\"grid__inner\">\n          <div class=\"date\">\n                          <div class=\"date-double\">\n                                <div class=\"dateDebut\">\n                  <span class=\"day\"> 1<\/span>\n                  <span class=\"month\">sep.<\/span>\n                                  <\/div>\n                <i class=\"fa-light fa-chevron-right\"><\/i>\n                                <div class=\"dateFin\">\n                  <span class=\"day\">30<\/span>\n                  <span class=\"month\">sep.<\/span>\n                                  <\/div>\n              <\/div>\n                      <\/div>\n  \n                      <div class=\"gotto\">\n                                                                  March\u00e9 r\u00e9gulier<br>\n                                                                                                                                                <\/div>\n            \n          <h2 class=\"formattedText\">L'\u00e9tal des p\u00eacheurs<\/h2>\n            \n          <div class=\"grid__sub\">\n            <div class=\"grid__datetime\">\n              <span class=\"grid__commune\">\n                <i class=\"fa-thin fa-map-marker-alt\"><\/i>&nbsp;\n                <span>Port de Sainte-Maxime<\/span>&nbsp;                                                -&nbsp;                Sainte-Maxime              <\/span>\n            <\/div>\n          <\/div>\n        <\/div>\n      <\/a>\n    <\/div>\n      <div class=\"grid__item\">\n      <a href=\"\/fr\/animation\/manifestations-commerciales\/sainte-maxime\/le-marche-couvert-5252879\/\" class=\"single-item\">\n        <div class=\"grid__img\">\n                      <img loading=\"lazy\" decoding=\"async\" src=\"\/wp-content\/plugins\/apidae\/public\/files\/mini\/le-marche-couvert_5252879_1.jpg\" alt=\"UNE\"\n              title=\"UNE\" width=\"640\" height=\"300\" \/>\n                  <\/div>\n        <div class=\"grid__inner\">\n          <div class=\"date\">\n                          <div class=\"date-double\">\n                                <div class=\"dateDebut\">\n                  <span class=\"day\"> 1<\/span>\n                  <span class=\"month\">sep.<\/span>\n                                  <\/div>\n                <i class=\"fa-light fa-chevron-right\"><\/i>\n                                <div class=\"dateFin\">\n                  <span class=\"day\">31<\/span>\n                  <span class=\"month\">d\u00e9c.<\/span>\n                                  <\/div>\n              <\/div>\n                      <\/div>\n  \n                      <div class=\"gotto\">\n                                                                  March\u00e9 r\u00e9gulier<br>\n                                                                                                                                                <\/div>\n            \n          <h2 class=\"formattedText\">Le march\u00e9 couvert<\/h2>\n            \n          <div class=\"grid__sub\">\n            <div class=\"grid__datetime\">\n              <span class=\"grid__commune\">\n                <i class=\"fa-thin fa-map-marker-alt\"><\/i>&nbsp;\n                                                                                Sainte-Maxime              <\/span>\n            <\/div>\n          <\/div>\n        <\/div>\n      <\/a>\n    <\/div>\n      <div class=\"grid__item\">\n      <a href=\"\/fr\/animation\/manifestations-commerciales\/sainte-maxime\/le-marche-de-sainte-maxime-5253499\/\" class=\"single-item\">\n        <div class=\"grid__img\">\n                      <img loading=\"lazy\" decoding=\"async\" src=\"\/wp-content\/plugins\/apidae\/public\/files\/mini\/le-marche-de-sainte-maxime_5253499_1.jpg\" alt=\"UNE\"\n              title=\"UNE\" width=\"640\" height=\"300\" \/>\n                  <\/div>\n        <div class=\"grid__inner\">\n          <div class=\"date\">\n                          <div class=\"date-double\">\n                                <div class=\"dateDebut\">\n                  <span class=\"day\"> 4<\/span>\n                  <span class=\"month\">sep.<\/span>\n                                  <\/div>\n                <i class=\"fa-light fa-chevron-right\"><\/i>\n                                <div class=\"dateFin\">\n                  <span class=\"day\">24<\/span>\n                  <span class=\"month\">sep.<\/span>\n                                  <\/div>\n              <\/div>\n                      <\/div>\n  \n                      <div class=\"gotto\">\n                                                                  March\u00e9 r\u00e9gulier<br>\n                                                                                                                                                <\/div>\n            \n          <h2 class=\"formattedText\">Le march\u00e9 de Sainte-Maxime<\/h2>\n            \n          <div class=\"grid__sub\">\n            <div class=\"grid__datetime\">\n              <span class=\"grid__commune\">\n                <i class=\"fa-thin fa-map-marker-alt\"><\/i>&nbsp;\n                                                                                Sainte-Maxime              <\/span>\n            <\/div>\n          <\/div>\n        <\/div>\n      <\/a>\n    <\/div>\n      <div class=\"grid__item\">\n      <a href=\"\/fr\/animation\/manifestations-commerciales\/cogolin\/marche-provencal-hebdomadaire-4765992\/\" class=\"single-item\">\n        <div class=\"grid__img\">\n                      <img loading=\"lazy\" decoding=\"async\" src=\"\/wp-content\/plugins\/apidae\/public\/files\/mini\/marche-provencal-hebdomadaire_4765992_1.png\" alt=\"Place Victor Hugo\"\n              title=\"Place Victor Hugo\" width=\"640\" height=\"300\" \/>\n                  <\/div>\n        <div class=\"grid__inner\">\n          <div class=\"date\">\n                          <div class=\"date-double\">\n                                <div class=\"dateDebut\">\n                  <span class=\"day\"> 2<\/span>\n                  <span class=\"month\">sep.<\/span>\n                                  <\/div>\n                <i class=\"fa-light fa-chevron-right\"><\/i>\n                                <div class=\"dateFin\">\n                  <span class=\"day\">29<\/span>\n                  <span class=\"month\">sep.<\/span>\n                                  <\/div>\n              <\/div>\n                      <\/div>\n  \n                      <div class=\"gotto\">\n                                                                  March\u00e9<br>\n                                                                                                                                                                                      <\/div>\n            \n          <h2 class=\"formattedText\">March\u00e9 proven\u00e7al hebdomadaire<\/h2>\n            \n          <div class=\"grid__sub\">\n            <div class=\"grid__datetime\">\n              <span class=\"grid__commune\">\n                <i class=\"fa-thin fa-map-marker-alt\"><\/i>&nbsp;\n                                                                                Cogolin              <\/span>\n            <\/div>\n          <\/div>\n        <\/div>\n      <\/a>\n    <\/div>\n      <div class=\"grid__item\">\n      <a href=\"\/fr\/animation\/manifestations-commerciales\/saint-tropez\/le-marche-de-saint-tropez-5578249\/\" class=\"single-item\">\n        <div class=\"grid__img\">\n                      <img loading=\"lazy\" decoding=\"async\" src=\"\/wp-content\/plugins\/apidae\/public\/files\/mini\/le-marche-de-saint-tropez_5578249_1.png\" alt=\"\"\n              title=\"\" width=\"640\" height=\"300\" \/>\n                  <\/div>\n        <div class=\"grid__inner\">\n          <div class=\"date\">\n                          <div class=\"date-double\">\n                                <div class=\"dateDebut\">\n                  <span class=\"day\"> 1<\/span>\n                  <span class=\"month\">sep.<\/span>\n                                  <\/div>\n                <i class=\"fa-light fa-chevron-right\"><\/i>\n                                <div class=\"dateFin\">\n                  <span class=\"day\">28<\/span>\n                  <span class=\"month\">sep.<\/span>\n                                  <\/div>\n              <\/div>\n                      <\/div>\n  \n                      <div class=\"gotto\">\n                                                                  March\u00e9 r\u00e9gulier<br>\n                                                                                                                                                <\/div>\n            \n          <h2 class=\"formattedText\">Le march\u00e9 de Saint-Tropez<\/h2>\n            \n          <div class=\"grid__sub\">\n            <div class=\"grid__datetime\">\n              <span class=\"grid__commune\">\n                <i class=\"fa-thin fa-map-marker-alt\"><\/i>&nbsp;\n                <span>Place des Lices<\/span>&nbsp;                                                -&nbsp;                Saint-Tropez              <\/span>\n            <\/div>\n          <\/div>\n        <\/div>\n      <\/a>\n    <\/div>\n      <div class=\"grid__item\">\n      <a href=\"\/fr\/animation\/distractions-et-loisirs\/cavalaire-sur-mer\/marche-artisanal-5017399\/\" class=\"single-item\">\n        <div class=\"grid__img\">\n                      <img loading=\"lazy\" decoding=\"async\" src=\"\/wp-content\/plugins\/apidae\/public\/files\/mini\/marche-artisanal_5017399_1.jpg\" alt=\"\"\n              title=\"\" width=\"640\" height=\"300\" \/>\n                  <\/div>\n        <div class=\"grid__inner\">\n          <div class=\"date\">\n                          <div class=\"date-double\">\n                                <div class=\"dateDebut\">\n                  <span class=\"day\"> 6<\/span>\n                  <span class=\"month\">sep.<\/span>\n                                  <\/div>\n                <i class=\"fa-light fa-chevron-right\"><\/i>\n                                <div class=\"dateFin\">\n                  <span class=\"day\">11<\/span>\n                  <span class=\"month\">nov.<\/span>\n                                  <\/div>\n              <\/div>\n                      <\/div>\n  \n                      <div class=\"gotto\">\n                                                                  March\u00e9<br>\n                                                                                                                                                <\/div>\n            \n          <h2 class=\"formattedText\">March\u00e9 Artisanal<\/h2>\n            \n          <div class=\"grid__sub\">\n            <div class=\"grid__datetime\">\n              <span class=\"grid__commune\">\n                <i class=\"fa-thin fa-map-marker-alt\"><\/i>&nbsp;\n                <span>La Croix du Sud<\/span>&nbsp;                                                -&nbsp;                Cavalaire-sur-Mer              <\/span>\n            <\/div>\n          <\/div>\n        <\/div>\n      <\/a>\n    <\/div>\n      <div class=\"grid__item\">\n      <a href=\"\/fr\/animation\/manifestations-commerciales\/cogolin\/le-jas-des-robert-brocante-5382133\/\" class=\"single-item\">\n        <div class=\"grid__img\">\n                      <img loading=\"lazy\" decoding=\"async\" src=\"\/wp-content\/plugins\/apidae\/public\/files\/mini\/le-jas-des-robert-brocante_5382133_1.png\" alt=\"Jas des Roberts Brocante\"\n              title=\"Jas des Roberts Brocante\" width=\"640\" height=\"300\" \/>\n                  <\/div>\n        <div class=\"grid__inner\">\n          <div class=\"date\">\n                          <div class=\"date-double\">\n                                <div class=\"dateDebut\">\n                  <span class=\"day\"> 6<\/span>\n                  <span class=\"month\">sep.<\/span>\n                                  <\/div>\n                <i class=\"fa-light fa-chevron-right\"><\/i>\n                                <div class=\"dateFin\">\n                  <span class=\"day\">26<\/span>\n                  <span class=\"month\">sep.<\/span>\n                                  <\/div>\n              <\/div>\n                      <\/div>\n  \n                      <div class=\"gotto\">\n                                                                  Brocante<br>\n                                                                                                                                                <\/div>\n            \n          <h2 class=\"formattedText\">Le Jas des Robert brocante<\/h2>\n            \n          <div class=\"grid__sub\">\n            <div class=\"grid__datetime\">\n              <span class=\"grid__commune\">\n                <i class=\"fa-thin fa-map-marker-alt\"><\/i>&nbsp;\n                <span>Route de la Mort du Luc<\/span>&nbsp;                <span>Chemin de N\u00e9gresse<\/span>&nbsp;                                -&nbsp;                Cogolin              <\/span>\n            <\/div>\n          <\/div>\n        <\/div>\n      <\/a>\n    <\/div>\n      <div class=\"grid__item\">\n      <a href=\"\/fr\/animation\/manifestations-commerciales\/grimaud\/brocante-du-mas-de-bagatin-5580509\/\" class=\"single-item\">\n        <div class=\"grid__img\">\n                      <img loading=\"lazy\" decoding=\"async\" src=\"\/wp-content\/plugins\/apidae\/public\/files\/mini\/brocante-du-mas-de-bagatin_5580509_1.jpg\" alt=\"Brocante du Mas de Bagatin\"\n              title=\"Brocante du Mas de Bagatin\" width=\"640\" height=\"300\" \/>\n                  <\/div>\n        <div class=\"grid__inner\">\n          <div class=\"date\">\n                          <div class=\"date-double\">\n                                <div class=\"dateDebut\">\n                  <span class=\"day\"> 6<\/span>\n                  <span class=\"month\">sep.<\/span>\n                                  <\/div>\n                <i class=\"fa-light fa-chevron-right\"><\/i>\n                                <div class=\"dateFin\">\n                  <span class=\"day\">26<\/span>\n                  <span class=\"month\">sep.<\/span>\n                                  <\/div>\n              <\/div>\n                      <\/div>\n  \n                      <div class=\"gotto\">\n                                                                  Brocante<br>\n                                                                                                                                                <\/div>\n            \n          <h2 class=\"formattedText\">Brocante du Mas de Bagatin<\/h2>\n            \n          <div class=\"grid__sub\">\n            <div class=\"grid__datetime\">\n              <span class=\"grid__commune\">\n                <i class=\"fa-thin fa-map-marker-alt\"><\/i>&nbsp;\n                <span>Chemin de Bagatin<\/span>&nbsp;                                                -&nbsp;                Grimaud              <\/span>\n            <\/div>\n          <\/div>\n        <\/div>\n      <\/a>\n    <\/div>\n      <div class=\"grid__item\">\n      <a href=\"\/fr\/animation\/manifestations-commerciales\/grimaud\/marche-a-port-grimaud-893829\/\" class=\"single-item\">\n        <div class=\"grid__img\">\n                      <img loading=\"lazy\" decoding=\"async\" src=\"\/wp-content\/plugins\/apidae\/public\/files\/mini\/marche-a-port-grimaud_893829_1.jpg\" alt=\"March\u00e9 proven\u00e7al \u00e0 Port Grimaud\"\n              title=\"March\u00e9 proven\u00e7al \u00e0 Port Grimaud\" width=\"640\" height=\"300\" \/>\n                  <\/div>\n        <div class=\"grid__inner\">\n          <div class=\"date\">\n                          <div class=\"date-double\">\n                                <div class=\"dateDebut\">\n                  <span class=\"day\"> 3<\/span>\n                  <span class=\"month\">sep.<\/span>\n                                  <\/div>\n                <i class=\"fa-light fa-chevron-right\"><\/i>\n                                <div class=\"dateFin\">\n                  <span class=\"day\">30<\/span>\n                  <span class=\"month\">sep.<\/span>\n                                  <\/div>\n              <\/div>\n                      <\/div>\n  \n                      <div class=\"gotto\">\n                                                                  March\u00e9 r\u00e9gulier<br>\n                                                                                                                                                <\/div>\n            \n          <h2 class=\"formattedText\">March\u00e9 \u00e0 Port Grimaud<\/h2>\n            \n          <div class=\"grid__sub\">\n            <div class=\"grid__datetime\">\n              <span class=\"grid__commune\">\n                <i class=\"fa-thin fa-map-marker-alt\"><\/i>&nbsp;\n                <span>Place du march\u00e9<\/span>&nbsp;                                                -&nbsp;                Grimaud              <\/span>\n            <\/div>\n          <\/div>\n        <\/div>\n      <\/a>\n    <\/div>\n      <div class=\"grid__item\">\n      <a href=\"\/fr\/animation\/distractions-et-loisirs\/la-croix-valmer\/marche-provencal-hebdomadaire-840000\/\" class=\"single-item\">\n        <div class=\"grid__img\">\n                      <img loading=\"lazy\" decoding=\"async\" src=\"\/wp-content\/plugins\/apidae\/public\/files\/mini\/marche-provencal-hebdomadaire_840000_1.jpg\" alt=\"\"\n              title=\"\" width=\"640\" height=\"300\" \/>\n                  <\/div>\n        <div class=\"grid__inner\">\n          <div class=\"date\">\n                          <div class=\"date-double\">\n                                <div class=\"dateDebut\">\n                  <span class=\"day\"> 6<\/span>\n                  <span class=\"month\">sep.<\/span>\n                                  <\/div>\n                <i class=\"fa-light fa-chevron-right\"><\/i>\n                                <div class=\"dateFin\">\n                  <span class=\"day\">26<\/span>\n                  <span class=\"month\">sep.<\/span>\n                                  <\/div>\n              <\/div>\n                      <\/div>\n  \n                      <div class=\"gotto\">\n                                                                  March\u00e9<br>\n                                                                                                                                                <\/div>\n            \n          <h2 class=\"formattedText\">March\u00e9 Proven\u00e7al hebdomadaire<\/h2>\n            \n          <div class=\"grid__sub\">\n            <div class=\"grid__datetime\">\n              <span class=\"grid__commune\">\n                <i class=\"fa-thin fa-map-marker-alt\"><\/i>&nbsp;\n                                                                                La Croix-Valmer              <\/span>\n            <\/div>\n          <\/div>\n        <\/div>\n      <\/a>\n    <\/div>\n      <div class=\"grid__item\">\n      <a href=\"\/fr\/animation\/manifestations-commerciales\/la-garde-freinet\/marche-provencal-hebdomadaire-4632285\/\" class=\"single-item\">\n        <div class=\"grid__img\">\n                      <img loading=\"lazy\" decoding=\"async\" src=\"\/wp-content\/plugins\/apidae\/public\/files\/mini\/marche-provencal-hebdomadaire_4632285_1.jpg\" alt=\"March\u00e9\"\n              title=\"March\u00e9\" width=\"640\" height=\"300\" \/>\n                  <\/div>\n        <div class=\"grid__inner\">\n          <div class=\"date\">\n                          <div class=\"date-double\">\n                                <div class=\"dateDebut\">\n                  <span class=\"day\"> 2<\/span>\n                  <span class=\"month\">sep.<\/span>\n                                  <\/div>\n                <i class=\"fa-light fa-chevron-right\"><\/i>\n                                <div class=\"dateFin\">\n                  <span class=\"day\">29<\/span>\n                  <span class=\"month\">sep.<\/span>\n                                  <\/div>\n              <\/div>\n                      <\/div>\n  \n                      <div class=\"gotto\">\n                                                                  March\u00e9 r\u00e9gulier<br>\n                                                                                                                                                <\/div>\n            \n          <h2 class=\"formattedText\">March\u00e9 Proven\u00e7al hebdomadaire<\/h2>\n            \n          <div class=\"grid__sub\">\n            <div class=\"grid__datetime\">\n              <span class=\"grid__commune\">\n                <i class=\"fa-thin fa-map-marker-alt\"><\/i>&nbsp;\n                <span>Place Neuve<\/span>&nbsp;                                                -&nbsp;                La Garde-Freinet              <\/span>\n            <\/div>\n          <\/div>\n        <\/div>\n      <\/a>\n    <\/div>\n      <div class=\"grid__item\">\n      <a href=\"\/fr\/animation\/manifestations-commerciales\/ramatuelle\/marche-au-village-4601577\/\" class=\"single-item\">\n        <div class=\"grid__img\">\n                      <img loading=\"lazy\" decoding=\"async\" src=\"\/wp-content\/plugins\/apidae\/public\/files\/mini\/marche-au-village_4601577_1.jpg\" alt=\"\"\n              title=\"\" width=\"640\" height=\"300\" \/>\n                  <\/div>\n        <div class=\"grid__inner\">\n          <div class=\"date\">\n                          <div class=\"date-double\">\n                                <div class=\"dateDebut\">\n                  <span class=\"day\"> 3<\/span>\n                  <span class=\"month\">sep.<\/span>\n                                  <\/div>\n                <i class=\"fa-light fa-chevron-right\"><\/i>\n                                <div class=\"dateFin\">\n                  <span class=\"day\">30<\/span>\n                  <span class=\"month\">sep.<\/span>\n                                  <\/div>\n              <\/div>\n                      <\/div>\n  \n                      <div class=\"gotto\">\n                                                                  March\u00e9 r\u00e9gulier<br>\n                                                                                                                                                <\/div>\n            \n          <h2 class=\"formattedText\">March\u00e9 au village<\/h2>\n            \n          <div class=\"grid__sub\">\n            <div class=\"grid__datetime\">\n              <span class=\"grid__commune\">\n                <i class=\"fa-thin fa-map-marker-alt\"><\/i>&nbsp;\n                                                                                Ramatuelle              <\/span>\n            <\/div>\n          <\/div>\n        <\/div>\n      <\/a>\n    <\/div>\n      <div class=\"grid__item\">\n      <a href=\"\/fr\/animation\/manifestations-commerciales\/grimaud\/marche-artisanal-a-port-grimaud-4763079\/\" class=\"single-item\">\n        <div class=\"grid__img\">\n                      <img loading=\"lazy\" decoding=\"async\" src=\"\/wp-content\/plugins\/apidae\/public\/files\/mini\/marche-artisanal-a-port-grimaud_4763079_1.jpg\" alt=\"March\u00e9 Port Grimaud\"\n              title=\"March\u00e9 Port Grimaud\" width=\"640\" height=\"300\" \/>\n                  <\/div>\n        <div class=\"grid__inner\">\n          <div class=\"date\">\n                          <div class=\"date-double\">\n                                <div class=\"dateDebut\">\n                  <span class=\"day\"> 7<\/span>\n                  <span class=\"month\">sep.<\/span>\n                                  <\/div>\n                <i class=\"fa-light fa-chevron-right\"><\/i>\n                                <div class=\"dateFin\">\n                  <span class=\"day\">21<\/span>\n                  <span class=\"month\">sep.<\/span>\n                                  <\/div>\n              <\/div>\n                      <\/div>\n  \n                      <div class=\"gotto\">\n                                                                  March\u00e9<br>\n                                                                                                                                                <\/div>\n            \n          <h2 class=\"formattedText\">March\u00e9 artisanal \u00e0 Port Grimaud<\/h2>\n            \n          <div class=\"grid__sub\">\n            <div class=\"grid__datetime\">\n              <span class=\"grid__commune\">\n                <i class=\"fa-thin fa-map-marker-alt\"><\/i>&nbsp;\n                <span>Port Grimaud I<\/span>&nbsp;                                                -&nbsp;                Grimaud              <\/span>\n            <\/div>\n          <\/div>\n        <\/div>\n      <\/a>\n    <\/div>\n      <div class=\"grid__item\">\n      <a href=\"\/fr\/animation\/manifestations-commerciales\/sainte-maxime\/le-marche-du-patio-fleuri-5253222\/\" class=\"single-item\">\n        <div class=\"grid__img\">\n                      <img loading=\"lazy\" decoding=\"async\" src=\"\/wp-content\/plugins\/apidae\/public\/files\/mini\/le-marche-du-patio-fleuri_5253222_1.jpg\" alt=\"March\u00e9 du Patio Fleuri 1\"\n              title=\"March\u00e9 du Patio Fleuri 1\" width=\"640\" height=\"300\" \/>\n                  <\/div>\n        <div class=\"grid__inner\">\n          <div class=\"date\">\n                          <div class=\"date-double\">\n                                <div class=\"dateDebut\">\n                  <span class=\"day\"> 7<\/span>\n                  <span class=\"month\">sep.<\/span>\n                                  <\/div>\n                <i class=\"fa-light fa-chevron-right\"><\/i>\n                                <div class=\"dateFin\">\n                  <span class=\"day\">27<\/span>\n                  <span class=\"month\">sep.<\/span>\n                                  <\/div>\n              <\/div>\n                      <\/div>\n  \n                      <div class=\"gotto\">\n                                                                  March\u00e9 r\u00e9gulier<br>\n                                                                                                                                                <\/div>\n            \n          <h2 class=\"formattedText\">Le march\u00e9 du Patio Fleuri<\/h2>\n            \n          <div class=\"grid__sub\">\n            <div class=\"grid__datetime\">\n              <span class=\"grid__commune\">\n                <i class=\"fa-thin fa-map-marker-alt\"><\/i>&nbsp;\n                                                                                Sainte-Maxime              <\/span>\n            <\/div>\n          <\/div>\n        <\/div>\n      <\/a>\n    <\/div>\n      <div class=\"grid__item\">\n      <a href=\"\/fr\/animation\/distractions-et-loisirs\/cavalaire-sur-mer\/marche-provencal-897978\/\" class=\"single-item\">\n        <div class=\"grid__img\">\n                      <img loading=\"lazy\" decoding=\"async\" src=\"\/wp-content\/plugins\/apidae\/public\/files\/mini\/marche-provencal_897978_1.jpeg\" alt=\"Stand du march\u00e9 de Cavalaire\"\n              title=\"Stand du march\u00e9 de Cavalaire\" width=\"640\" height=\"300\" \/>\n                  <\/div>\n        <div class=\"grid__inner\">\n          <div class=\"date\">\n                          <div class=\"date-double\">\n                                <div class=\"dateDebut\">\n                  <span class=\"day\"> 2<\/span>\n                  <span class=\"month\">sep.<\/span>\n                                  <\/div>\n                <i class=\"fa-light fa-chevron-right\"><\/i>\n                                <div class=\"dateFin\">\n                  <span class=\"day\">29<\/span>\n                  <span class=\"month\">sep.<\/span>\n                                  <\/div>\n              <\/div>\n                      <\/div>\n  \n                      <div class=\"gotto\">\n                                                                  March\u00e9 r\u00e9gulier<br>\n                                                                                                                                                <\/div>\n            \n          <h2 class=\"formattedText\">March\u00e9 proven\u00e7al<\/h2>\n            \n          <div class=\"grid__sub\">\n            <div class=\"grid__datetime\">\n              <span class=\"grid__commune\">\n                <i class=\"fa-thin fa-map-marker-alt\"><\/i>&nbsp;\n                <span>Place Jean Moulin<\/span>&nbsp;                                                -&nbsp;                Cavalaire-sur-Mer              <\/span>\n            <\/div>\n          <\/div>\n        <\/div>\n      <\/a>\n    <\/div>\n      <div class=\"grid__item\">\n      <a href=\"\/fr\/animation\/manifestations-commerciales\/ramatuelle\/marche-artisanal-7339012\/\" class=\"single-item\">\n        <div class=\"grid__img\">\n                      <img loading=\"lazy\" decoding=\"async\" src=\"\/wp-content\/plugins\/apidae\/public\/files\/mini\/marche-artisanal_7339012_1.jpg\" alt=\"OTC Ramatuelle\"\n              title=\"OTC Ramatuelle\" width=\"640\" height=\"300\" \/>\n                  <\/div>\n        <div class=\"grid__inner\">\n          <div class=\"date\">\n                          <div class=\"date-double\">\n                                <div class=\"dateDebut\">\n                  <span class=\"day\"> 2<\/span>\n                  <span class=\"month\">sep.<\/span>\n                                  <\/div>\n                <i class=\"fa-light fa-chevron-right\"><\/i>\n                                <div class=\"dateFin\">\n                  <span class=\"day\">30<\/span>\n                  <span class=\"month\">sep.<\/span>\n                                  <\/div>\n              <\/div>\n                      <\/div>\n  \n                      <div class=\"gotto\">\n                                                                  March\u00e9<br>\n                                                                                                                                                <\/div>\n            \n          <h2 class=\"formattedText\">March\u00e9 artisanal<\/h2>\n            \n          <div class=\"grid__sub\">\n            <div class=\"grid__datetime\">\n              <span class=\"grid__commune\">\n                <i class=\"fa-thin fa-map-marker-alt\"><\/i>&nbsp;\n                                                                                Ramatuelle              <\/span>\n            <\/div>\n          <\/div>\n        <\/div>\n      <\/a>\n    <\/div>\n      <div class=\"grid__item\">\n      <a href=\"\/fr\/animation\/manifestations-commerciales\/sainte-maxime\/mercredi-brocante-5234594\/\" class=\"single-item\">\n        <div class=\"grid__img\">\n                      <img loading=\"lazy\" decoding=\"async\" src=\"\/wp-content\/plugins\/apidae\/public\/files\/mini\/mercredi-brocante_5234594_1.jpg\" alt=\"Mercredi Brocante\"\n              title=\"Mercredi Brocante\" width=\"640\" height=\"300\" \/>\n                  <\/div>\n        <div class=\"grid__inner\">\n          <div class=\"date\">\n                          <div class=\"date-double\">\n                                <div class=\"dateDebut\">\n                  <span class=\"day\"> 2<\/span>\n                  <span class=\"month\">sep.<\/span>\n                                  <\/div>\n                <i class=\"fa-light fa-chevron-right\"><\/i>\n                                <div class=\"dateFin\">\n                  <span class=\"day\">29<\/span>\n                  <span class=\"month\">sep.<\/span>\n                                  <\/div>\n              <\/div>\n                      <\/div>\n  \n                      <div class=\"gotto\">\n                                                                  Brocante<br>\n                                                                                                                                                <\/div>\n            \n          <h2 class=\"formattedText\">Mercredi Brocante<\/h2>\n            \n          <div class=\"grid__sub\">\n            <div class=\"grid__datetime\">\n              <span class=\"grid__commune\">\n                <i class=\"fa-thin fa-map-marker-alt\"><\/i>&nbsp;\n                                                                                Sainte-Maxime              <\/span>\n            <\/div>\n          <\/div>\n        <\/div>\n      <\/a>\n    <\/div>\n      <div class=\"grid__item\">\n      <a href=\"\/fr\/animation\/manifestations-commerciales\/cogolin\/la-brocante-du-jeudi-a-cogolin-5382102\/\" class=\"single-item\">\n        <div class=\"grid__img\">\n                      <img loading=\"lazy\" decoding=\"async\" src=\"\/wp-content\/plugins\/apidae\/public\/files\/mini\/la-brocante-du-jeudi-a-cogolin_5382102_1.jpg\" alt=\"Les Marines de Cogolin\"\n              title=\"Les Marines de Cogolin\" width=\"640\" height=\"300\" \/>\n                  <\/div>\n        <div class=\"grid__inner\">\n          <div class=\"date\">\n                          <div class=\"date-double\">\n                                <div class=\"dateDebut\">\n                  <span class=\"day\"> 3<\/span>\n                  <span class=\"month\">sep.<\/span>\n                                  <\/div>\n                <i class=\"fa-light fa-chevron-right\"><\/i>\n                                <div class=\"dateFin\">\n                  <span class=\"day\">30<\/span>\n                  <span class=\"month\">sep.<\/span>\n                                  <\/div>\n              <\/div>\n                      <\/div>\n  \n                      <div class=\"gotto\">\n                                                                  Brocante<br>\n                                                                                                                                                <\/div>\n            \n          <h2 class=\"formattedText\">La brocante du jeudi \u00e0 Cogolin<\/h2>\n            \n          <div class=\"grid__sub\">\n            <div class=\"grid__datetime\">\n              <span class=\"grid__commune\">\n                <i class=\"fa-thin fa-map-marker-alt\"><\/i>&nbsp;\n                <span>Parking de la plage des Marines de Cogolin<\/span>&nbsp;                <span>Les Marines de Cogolin<\/span>&nbsp;                                -&nbsp;                Cogolin              <\/span>\n            <\/div>\n          <\/div>\n        <\/div>\n      <\/a>\n    <\/div>\n      <div class=\"grid__item\">\n      <a href=\"\/fr\/animation\/manifestations-commerciales\/grimaud\/marche-a-grimaud-village-893788\/\" class=\"single-item\">\n        <div class=\"grid__img\">\n                      <img loading=\"lazy\" decoding=\"async\" src=\"\/wp-content\/plugins\/apidae\/public\/files\/mini\/marche-a-grimaud-village_893788_1.jpg\" alt=\"March\u00e9 Grimaud village\"\n              title=\"March\u00e9 Grimaud village\" width=\"640\" height=\"300\" \/>\n                  <\/div>\n        <div class=\"grid__inner\">\n          <div class=\"date\">\n                          <div class=\"date-double\">\n                                <div class=\"dateDebut\">\n                  <span class=\"day\"> 3<\/span>\n                  <span class=\"month\">sep.<\/span>\n                                  <\/div>\n                <i class=\"fa-light fa-chevron-right\"><\/i>\n                                <div class=\"dateFin\">\n                  <span class=\"day\">30<\/span>\n                  <span class=\"month\">sep.<\/span>\n                                  <\/div>\n              <\/div>\n                      <\/div>\n  \n                      <div class=\"gotto\">\n                                                                  March\u00e9 r\u00e9gulier<br>\n                                                                                                                                                <\/div>\n            \n          <h2 class=\"formattedText\">March\u00e9 \u00e0 Grimaud village<\/h2>\n            \n          <div class=\"grid__sub\">\n            <div class=\"grid__datetime\">\n              <span class=\"grid__commune\">\n                <i class=\"fa-thin fa-map-marker-alt\"><\/i>&nbsp;\n                <span>Place de l'\u00e9glise<\/span>&nbsp;                                                -&nbsp;                Grimaud              <\/span>\n            <\/div>\n          <\/div>\n        <\/div>\n      <\/a>\n    <\/div>\n      <div class=\"grid__item\">\n      <a href=\"\/fr\/animation\/manifestations-commerciales\/le-plan-de-la-tour\/marche-provencal-hebdomadaire-5835396\/\" class=\"single-item\">\n        <div class=\"grid__img\">\n                      <img loading=\"lazy\" decoding=\"async\" src=\"\/wp-content\/plugins\/apidae\/public\/files\/mini\/marche-provencal-hebdomadaire_5835396_1.jpg\" alt=\"proven\u00e7al\"\n              title=\"proven\u00e7al\" width=\"640\" height=\"300\" \/>\n                  <\/div>\n        <div class=\"grid__inner\">\n          <div class=\"date\">\n                          <div class=\"date-double\">\n                                <div class=\"dateDebut\">\n                  <span class=\"day\"> 3<\/span>\n                  <span class=\"month\">sep.<\/span>\n                                  <\/div>\n                <i class=\"fa-light fa-chevron-right\"><\/i>\n                                <div class=\"dateFin\">\n                  <span class=\"day\">30<\/span>\n                  <span class=\"month\">sep.<\/span>\n                                  <\/div>\n              <\/div>\n                      <\/div>\n  \n                      <div class=\"gotto\">\n                                                                  March\u00e9 r\u00e9gulier<br>\n                                                                                                                                                <\/div>\n            \n          <h2 class=\"formattedText\">March\u00e9 Proven\u00e7al Hebdomadaire<\/h2>\n            \n          <div class=\"grid__sub\">\n            <div class=\"grid__datetime\">\n              <span class=\"grid__commune\">\n                <i class=\"fa-thin fa-map-marker-alt\"><\/i>&nbsp;\n                                                                                Le Plan de la Tour              <\/span>\n            <\/div>\n          <\/div>\n        <\/div>\n      <\/a>\n    <\/div>\n      <div class=\"grid__item\">\n      <a href=\"\/fr\/animation\/distractions-et-loisirs\/rayol-canadel-sur-mer\/brocante-et-vide-grenier-7856584\/\" class=\"single-item\">\n        <div class=\"grid__img\">\n                      <img loading=\"lazy\" decoding=\"async\" src=\"\/wp-content\/plugins\/apidae\/public\/files\/mini\/brocante-et-vide-grenier_7856584_1.jpg\" alt=\"brocante\"\n              title=\"brocante\" width=\"640\" height=\"300\" \/>\n                  <\/div>\n        <div class=\"grid__inner\">\n          <div class=\"date\">\n                          <div class=\"date-simple\">\n                <div class=\"dateDebut\">\n                  <span class=\"day\">10<\/span>\n                  <span class=\"month\">sep.<\/span>\n                                  <\/div>\n              <\/div>\n                      <\/div>\n  \n                      <div class=\"gotto\">\n                                                                  Brocante<br>\n                                                                                                                                                <\/div>\n            \n          <h2 class=\"formattedText\">Brocante et vide-grenier<\/h2>\n            \n          <div class=\"grid__sub\">\n            <div class=\"grid__datetime\">\n              <span class=\"grid__commune\">\n                <i class=\"fa-thin fa-map-marker-alt\"><\/i>&nbsp;\n                <span>Place du Patec<\/span>&nbsp;                                                -&nbsp;                Rayol-Canadel-sur-Mer              <\/span>\n            <\/div>\n          <\/div>\n        <\/div>\n      <\/a>\n    <\/div>\n      <div class=\"grid__item\">\n      <a href=\"\/fr\/animation\/manifestations-commerciales\/sainte-maxime\/le-marche-de-produits-regionaux-5253466\/\" class=\"single-item\">\n        <div class=\"grid__img\">\n                      <img loading=\"lazy\" decoding=\"async\" src=\"\/wp-content\/plugins\/apidae\/public\/files\/mini\/le-marche-de-produits-regionaux_5253466_1.jpg\" alt=\"UNE\"\n              title=\"UNE\" width=\"640\" height=\"300\" \/>\n                  <\/div>\n        <div class=\"grid__inner\">\n          <div class=\"date\">\n                          <div class=\"date-double\">\n                                <div class=\"dateDebut\">\n                  <span class=\"day\"> 3<\/span>\n                  <span class=\"month\">sep.<\/span>\n                                  <\/div>\n                <i class=\"fa-light fa-chevron-right\"><\/i>\n                                <div class=\"dateFin\">\n                  <span class=\"day\">30<\/span>\n                  <span class=\"month\">sep.<\/span>\n                                  <\/div>\n              <\/div>\n                      <\/div>\n  \n                      <div class=\"gotto\">\n                                                                  March\u00e9 r\u00e9gulier<br>\n                                                                                                                                                <\/div>\n            \n          <h2 class=\"formattedText\">Le march\u00e9 de produits r\u00e9gionaux<\/h2>\n            \n          <div class=\"grid__sub\">\n            <div class=\"grid__datetime\">\n              <span class=\"grid__commune\">\n                <i class=\"fa-thin fa-map-marker-alt\"><\/i>&nbsp;\n                                                                                Sainte-Maxime              <\/span>\n            <\/div>\n          <\/div>\n        <\/div>\n      <\/a>\n    <\/div>\n      <div class=\"grid__item\">\n      <a href=\"\/fr\/animation\/manifestations-commerciales\/grimaud\/marche-bio-et-ethique-5331998\/\" class=\"single-item\">\n        <div class=\"grid__img\">\n                      <img loading=\"lazy\" decoding=\"async\" src=\"\/wp-content\/plugins\/apidae\/public\/files\/mini\/marche-bio-et-ethique_5331998_1.jpg\" alt=\"\"\n              title=\"\" width=\"640\" height=\"300\" \/>\n                  <\/div>\n        <div class=\"grid__inner\">\n          <div class=\"date\">\n                          <div class=\"date-double\">\n                                <div class=\"dateDebut\">\n                  <span class=\"day\">13<\/span>\n                  <span class=\"month\">sep.<\/span>\n                                  <\/div>\n                <i class=\"fa-light fa-chevron-right\"><\/i>\n                                <div class=\"dateFin\">\n                  <span class=\"day\">12<\/span>\n                  <span class=\"month\">sep.<\/span>\n                                  <\/div>\n              <\/div>\n                      <\/div>\n  \n                      <div class=\"gotto\">\n                                                                  March\u00e9 r\u00e9gulier<br>\n                                                                                                                                                <\/div>\n            \n          <h2 class=\"formattedText\">March\u00e9 bio et \u00e9thique<\/h2>\n            \n          <div class=\"grid__sub\">\n            <div class=\"grid__datetime\">\n              <span class=\"grid__commune\">\n                <i class=\"fa-thin fa-map-marker-alt\"><\/i>&nbsp;\n                <span>Place de l'\u00e9glise<\/span>&nbsp;                                                -&nbsp;                Grimaud              <\/span>\n            <\/div>\n          <\/div>\n        <\/div>\n      <\/a>\n    <\/div>\n      <div class=\"grid__item\">\n      <a href=\"\/fr\/animation\/manifestations-commerciales\/grimaud\/j-peux-pas-j-ai-brocante-a-port-grimaud-7328925\/\" class=\"single-item\">\n        <div class=\"grid__img\">\n                      <img loading=\"lazy\" decoding=\"async\" src=\"\/wp-content\/plugins\/apidae\/public\/files\/mini\/j-peux-pas-j-ai-brocante-a-port-grimaud_7328925_1.jpg\" alt=\"\"\n              title=\"\" width=\"640\" height=\"300\" \/>\n                  <\/div>\n        <div class=\"grid__inner\">\n          <div class=\"date\">\n                          <div class=\"date-double\">\n                                <div class=\"dateDebut\">\n                  <span class=\"day\">14<\/span>\n                  <span class=\"month\">sep.<\/span>\n                                  <\/div>\n                <i class=\"fa-light fa-chevron-right\"><\/i>\n                                <div class=\"dateFin\">\n                  <span class=\"day\">28<\/span>\n                  <span class=\"month\">sep.<\/span>\n                                  <\/div>\n              <\/div>\n                      <\/div>\n  \n                      <div class=\"gotto\">\n                                                                  Brocante<br>\n                                                                                                                                                <\/div>\n            \n          <h2 class=\"formattedText\">\"J'peux pas, j'ai brocante !\" \u00e0 Port Grimaud<\/h2>\n            \n          <div class=\"grid__sub\">\n            <div class=\"grid__datetime\">\n              <span class=\"grid__commune\">\n                <i class=\"fa-thin fa-map-marker-alt\"><\/i>&nbsp;\n                <span>Place des Artisans<\/span>&nbsp;                                                -&nbsp;                Grimaud              <\/span>\n            <\/div>\n          <\/div>\n        <\/div>\n      <\/a>\n    <\/div>\n  \t<\/div>\n<\/noscript><div id=\"prestaItems-135308733\" class=\"prestaItems wp-block-apidae-prestas align\">\r\n\t\t\t<apidae-prestas\r\n\t\t\t\tslug=\"les-marches-du-golfe-de-saint-tropez\"\r\n\t\t\t\tlayout-mode=\"list\"\r\n\t\t\t\tmap-height=\"\"\r\n\t\t\t\ttheme=\"default\"\r\n\t\t\t\ttype=\"grid\"\r\n\t\t\t\ttype-filtre=\"vertical\"\r\n\t\t\t\ttype-paginate=\"PAGER\"\r\n\t\t\t\ttitle=\"\"\r\n\t\t\t\t:nb-per-page=\"12\"\r\n\t\t\t\tfilter=\"\"\r\n\t\t\t\tlang=\"fr\"\r\n\t\t\t\t:groupe-ids-to-hide=\"[63,61,25,7,23,1,41,62,31,4,42,12,26,5,8,64,2,51,6,24,32,13,52,15,43,66,9]\"\r\n\t\t\t\t:groupe-ids-to-open=\"[14,31]\"\r\n\t\t\t\t:tri-filters=\"['triEvenement']\"\r\n\t\t\t\t:tri=\"['triEvenement']\"\r\n        :show-filtre=\"1\"\r\n\t\t\t\t:show-filtre-nb-results=\"1\"\r\n        :show-filtre-results=\"0\"\r\n        :show-filtre-lib=\"1\"\r\n        :show-filtre-tri=\"1\"\r\n        :show-filtre-groupes=\"1\"\r\n        :show-filtre-date=\"1\"\r\n        :show-filtre-age=\"0\"\r\n        :show-filtre-price=\"0\"\r\n        :show-filtre-capacity=\"0\"\r\n        :show-filtre-nombre-chambres=\"0\"\r\n        :show-filtre-nombre-jours=\"0\"\r\n        :show-filtre-nombre-nuits=\"0\"\r\n        :show-filtre-distance=\"0\"\r\n        :show-filtre-duration=\"0\"\r\n        :show-filtre-elevation=\"0\"\r\n        :show-filtre-geolocalisation=\"0\"\r\n        :show-prestas=\"1\"\r\n\t\t\t\t:show-prestas-address=\"1\"\r\n\t\t\t\t:show-prestas-attributes=\"0\"\r\n\t\t\t\t:show-prestas-breadcrumb=\"0\"\r\n\t\t\t\t:show-prestas-calendar=\"0\"\r\n\t\t\t\t:show-prestas-cart=\"0\"\r\n\t\t\t\t:show-prestas-categorie=\"1\"\r\n\t\t\t\t:show-prestas-contact=\"0\"\r\n\t\t\t\t:show-prestas-coordonnee=\"0\"\r\n\t\t\t\t:show-prestas-cover=\"1\"\r\n\t\t\t\t:show-prestas-date=\"1\"\r\n\t\t\t\t:show-prestas-description=\"0\"\r\n\t\t\t\t:show-prestas-dispo=\"0\"\r\n\t\t\t\t:show-prestas-gallery=\"0\"\r\n\t\t\t\t:show-prestas-fair-guest=\"0\"\r\n\t\t\t\t:show-prestas-fair-guest-lite=\"0\"\r\n\t\t\t\t:show-prestas-logo=\"0\"\r\n\t\t\t\t:show-prestas-map=\"1\"\r\n\t\t\t\t:show-prestas-map-closed=\"1\"\r\n\t\t\t\t:show-prestas-map-cluster=\"1\"\r\n\t\t\t\t:show-prestas-map-controls=\"1\"\r\n\t\t\t\t:show-prestas-map-zoom-scroll=\"1\"\r\n\t\t\t\t:show-prestas-objets-lies=\"0\"\r\n\t\t\t\t:show-prestas-opened=\"0\"\r\n\t\t\t\t:show-prestas-tarif=\"0\"\r\n\t\t\t\t:show-prestas-title=\"1\"\r\n\t\t\t\t:show-presta-address=\"1\"\r\n\t\t\t\t:show-presta-attributes=\"1\"\r\n\t\t\t\t:show-presta-back=\"1\"\r\n\t\t\t\t:show-presta-breadcrumb=\"0\"\r\n\t\t\t\t:show-presta-calendar=\"1\"\r\n\t\t\t\t:show-presta-cart=\"0\"\r\n\t\t\t\t:show-presta-categorie=\"1\"\r\n\t\t\t\t:show-presta-contact=\"0\"\r\n\t\t\t\t:show-presta-coordonnee=\"1\"\r\n\t\t\t\t:show-presta-cover=\"1\"\r\n\t\t\t\t:show-presta-date=\"1\"\r\n\t\t\t\t:show-presta-description=\"1\"\r\n\t\t\t\t:show-presta-dispo=\"1\"\r\n\t\t\t\t:show-presta-gallery=\"1\"\r\n\t\t\t\t:show-presta-fair-guest=\"0\"\r\n\t\t\t\t:show-presta-fair-guest-lite=\"0\"\r\n\t\t\t\t:show-presta-logo=\"1\"\r\n\t\t\t\t:show-presta-map=\"1\"\r\n\t\t\t\t:show-presta-map-closed=\"1\"\r\n\t\t\t\t:show-presta-map-cluster=\"1\"\r\n\t\t\t\t:show-presta-map-controls=\"1\"\r\n\t\t\t\t:show-presta-map-zoom-scroll=\"1\"\r\n\t\t\t\t:show-presta-objets-attaches=\"0\"\r\n\t\t\t\t:show-presta-objets-croises=\"0\"\r\n\t\t\t\t:show-presta-objets-geres=\"0\"\r\n\t\t\t\t:show-presta-objets-lies=\"0\"\r\n\t\t\t\t:show-presta-opened=\"1\"\r\n\t\t\t\t:show-presta-tarif=\"1\"\r\n\t\t\t\t:show-presta-title=\"1\"\r\n\t\t\t\t:show-presta-view=\"0\">\r\n\t\t\t<\/apidae-prestas>\r\n\t\t<\/div>\n<hr class=\"wp-block-separator has-alpha-channel-opacity\" style=\"margin-top:var(--wp--preset--spacing--80);margin-bottom:var(--wp--preset--spacing--80)\"\/>\n\n<h2 class=\"wp-block-heading has-text-align-center\">Actividades y eventos en el Golfo de Saint-Tropez<\/h2>\n\n<p class=\"wp-block-paragraph\">M\u00e1s all\u00e1 de Gassin, el golfo de Saint-Tropez se llena de acontecimientos festivos, culturales y deportivos durante todo el a\u00f1o. Conciertos, exposiciones, fiestas tradicionales, competiciones n\u00e1uticas o mercados gastron\u00f3micos: cada municipio aporta su toque particular para hacer de su estancia una experiencia inolvidable. <\/p>\n\t\t<noscript>\t<div class=\"list-event\">\n\t\t    <div class=\"grid__item\">\n      <a href=\"\/fr\/animation\/culture\/cavalaire-sur-mer\/debarquements-normandie-provence-la-mer-cle-de-la-victoire-5612336\/\" class=\"single-item\">\n        <div class=\"grid__img\">\n                      <img loading=\"lazy\" decoding=\"async\" src=\"\/wp-content\/plugins\/apidae\/public\/files\/mini\/debarquements-normandie-provence-la-mer-cle-de-la-victoire_5612336_1.jpg\" alt=\"\"\n              title=\"\" width=\"640\" height=\"300\" \/>\n                  <\/div>\n        <div class=\"grid__inner\">\n          <div class=\"date\">\n                          <div class=\"date-double\">\n                                <div class=\"dateDebut\">\n                  <span class=\"day\"> 4<\/span>\n                  <span class=\"month\">sep.<\/span>\n                                  <\/div>\n                <i class=\"fa-light fa-chevron-right\"><\/i>\n                                <div class=\"dateFin\">\n                  <span class=\"day\">30<\/span>\n                  <span class=\"month\">oct.<\/span>\n                                  <\/div>\n              <\/div>\n                      <\/div>\n  \n                      <div class=\"gotto\">\n                                                                  Exposition<br>\n                                                                                                                                                <\/div>\n            \n          <h2 class=\"formattedText\">D\u00e9barquements Normandie\/Provence \u2013 La mer, cl\u00e9 de la victoire<\/h2>\n            \n          <div class=\"grid__sub\">\n            <div class=\"grid__datetime\">\n              <span class=\"grid__commune\">\n                <i class=\"fa-thin fa-map-marker-alt\"><\/i>&nbsp;\n                <span>Promenade De La Mer<\/span>&nbsp;                                                -&nbsp;                Cavalaire-sur-Mer              <\/span>\n            <\/div>\n          <\/div>\n        <\/div>\n      <\/a>\n    <\/div>\n      <div class=\"grid__item\">\n      <a href=\"\/fr\/animation\/culture\/cavalaire-sur-mer\/exposition-gladiateurs-jeux-combats-et-legendes-7793782\/\" class=\"single-item\">\n        <div class=\"grid__img\">\n                      <img loading=\"lazy\" decoding=\"async\" src=\"\/wp-content\/plugins\/apidae\/public\/files\/mini\/exposition-gladiateurs-jeux-combats-et-legendes_7793782_1.jpg\" alt=\"EXPO\"\n              title=\"EXPO\" width=\"640\" height=\"300\" \/>\n                  <\/div>\n        <div class=\"grid__inner\">\n          <div class=\"date\">\n                          <div class=\"date-double\">\n                                <div class=\"dateDebut\">\n                  <span class=\"day\"> 1<\/span>\n                  <span class=\"month\">sep.<\/span>\n                                  <\/div>\n                <i class=\"fa-light fa-chevron-right\"><\/i>\n                                <div class=\"dateFin\">\n                  <span class=\"day\">31<\/span>\n                  <span class=\"month\">d\u00e9c.<\/span>\n                                  <\/div>\n              <\/div>\n                      <\/div>\n  \n                      <div class=\"gotto\">\n                                                                  Exposition<br>\n                                                                                                                                                <\/div>\n            \n          <h2 class=\"formattedText\">Exposition : Gladiateurs - Jeux, combats et l\u00e9gendes<\/h2>\n            \n          <div class=\"grid__sub\">\n            <div class=\"grid__datetime\">\n              <span class=\"grid__commune\">\n                <i class=\"fa-thin fa-map-marker-alt\"><\/i>&nbsp;\n                <span>Rue du Port<\/span>&nbsp;                                                -&nbsp;                Cavalaire-sur-Mer              <\/span>\n            <\/div>\n          <\/div>\n        <\/div>\n      <\/a>\n    <\/div>\n      <div class=\"grid__item\">\n      <a href=\"\/fr\/animation\/culture\/cavalaire-sur-mer\/exposition-peintures-et-photographies-aquatiques-par-rodrigue-hornez-et-elia-kuhn-6024886\/\" class=\"single-item\">\n        <div class=\"grid__img\">\n                      <img loading=\"lazy\" decoding=\"async\" src=\"\/wp-content\/plugins\/apidae\/public\/files\/mini\/exposition-peintures-et-photographies-aquatiques-par-rodrigue-hornez-et-elia-kuhn_6024886_1.jpg\" alt=\"expo\"\n              title=\"expo\" width=\"640\" height=\"300\" \/>\n                  <\/div>\n        <div class=\"grid__inner\">\n          <div class=\"date\">\n                          <div class=\"date-double\">\n                                <div class=\"dateDebut\">\n                  <span class=\"day\"> 1<\/span>\n                  <span class=\"month\">sep.<\/span>\n                                  <\/div>\n                <i class=\"fa-light fa-chevron-right\"><\/i>\n                                <div class=\"dateFin\">\n                  <span class=\"day\">25<\/span>\n                  <span class=\"month\">sep.<\/span>\n                                  <\/div>\n              <\/div>\n                      <\/div>\n  \n                      <div class=\"gotto\">\n                                                                  Exposition<br>\n                                                                                                                                                <\/div>\n            \n          <h2 class=\"formattedText\">Exposition : Peintures et Photographies aquatiques par Rodrigue Hornez et Elia Kuhn<\/h2>\n            \n          <div class=\"grid__sub\">\n            <div class=\"grid__datetime\">\n              <span class=\"grid__commune\">\n                <i class=\"fa-thin fa-map-marker-alt\"><\/i>&nbsp;\n                <span>Place de la Gare<\/span>&nbsp;                                                -&nbsp;                Cavalaire-sur-Mer              <\/span>\n            <\/div>\n          <\/div>\n        <\/div>\n      <\/a>\n    <\/div>\n      <div class=\"grid__item\">\n      <a href=\"\/fr\/animation\/nature-et-detente\/cavalaire-sur-mer\/mythes-sous-la-voie-lactee-avec-florent-beau-7864242\/\" class=\"single-item\">\n        <div class=\"grid__img\">\n                      <img loading=\"lazy\" decoding=\"async\" src=\"\/wp-content\/plugins\/apidae\/public\/files\/mini\/mythes-sous-la-voie-lactee-avec-florent-beau_7864242_1.png\" alt=\"\"\n              title=\"\" width=\"640\" height=\"300\" \/>\n                  <\/div>\n        <div class=\"grid__inner\">\n          <div class=\"date\">\n                          <div class=\"date-simple\">\n                <div class=\"dateDebut\">\n                  <span class=\"day\"> 4<\/span>\n                  <span class=\"month\">sep.<\/span>\n                                  <\/div>\n              <\/div>\n                      <\/div>\n  \n                      <div class=\"gotto\">\n                              Nature et d\u00e9tente\n                                        <\/div>\n            \n          <h2 class=\"formattedText\">Mythes sous la Voie lact\u00e9e avec Florent BEAU<\/h2>\n            \n          <div class=\"grid__sub\">\n            <div class=\"grid__datetime\">\n              <span class=\"grid__commune\">\n                <i class=\"fa-thin fa-map-marker-alt\"><\/i>&nbsp;\n                <span>454 chemin Pierre Foncin<\/span>&nbsp;                                                -&nbsp;                Cavalaire-sur-Mer              <\/span>\n            <\/div>\n          <\/div>\n        <\/div>\n      <\/a>\n    <\/div>\n      <div class=\"grid__item\">\n      <a href=\"\/fr\/animation\/manifestations-commerciales\/cogolin\/braderie-des-commercants-7676038\/\" class=\"single-item\">\n        <div class=\"grid__img\">\n                      <img loading=\"lazy\" decoding=\"async\" src=\"\/wp-content\/plugins\/apidae\/public\/files\/mini\/braderie-des-commercants_7676038_1.png\" alt=\"\"\n              title=\"\" width=\"640\" height=\"300\" \/>\n                  <\/div>\n        <div class=\"grid__inner\">\n          <div class=\"date\">\n                          <div class=\"date-double\">\n                                <div class=\"dateDebut\">\n                  <span class=\"day\"> 4<\/span>\n                  <span class=\"month\">sep.<\/span>\n                                  <\/div>\n                <i class=\"fa-light fa-chevron-right\"><\/i>\n                                <div class=\"dateFin\">\n                  <span class=\"day\"> 5<\/span>\n                  <span class=\"month\">sep.<\/span>\n                                  <\/div>\n              <\/div>\n                      <\/div>\n  \n                      <div class=\"gotto\">\n                                                                  Braderie<br>\n                                                                                                                                                <\/div>\n            \n          <h2 class=\"formattedText\">Braderie des commer\u00e7ants<\/h2>\n            \n          <div class=\"grid__sub\">\n            <div class=\"grid__datetime\">\n              <span class=\"grid__commune\">\n                <i class=\"fa-thin fa-map-marker-alt\"><\/i>&nbsp;\n                <span>Centre ville<\/span>&nbsp;                                                -&nbsp;                Cogolin              <\/span>\n            <\/div>\n          <\/div>\n        <\/div>\n      <\/a>\n    <\/div>\n      <div class=\"grid__item\">\n      <a href=\"\/fr\/animation\/culture\/cogolin\/exposition-entre-terre-et-lumiere-7824867\/\" class=\"single-item\">\n        <div class=\"grid__img\">\n                      <img loading=\"lazy\" decoding=\"async\" src=\"\/wp-content\/plugins\/apidae\/public\/files\/mini\/exposition-entre-terre-et-lumiere_7824867_1.png\" alt=\"Le Ch\u00e2teau\"\n              title=\"Le Ch\u00e2teau\" width=\"640\" height=\"300\" \/>\n                  <\/div>\n        <div class=\"grid__inner\">\n          <div class=\"date\">\n                          <div class=\"date-double\">\n                                <div class=\"dateDebut\">\n                  <span class=\"day\"> 1<\/span>\n                  <span class=\"month\">sep.<\/span>\n                                  <\/div>\n                <i class=\"fa-light fa-chevron-right\"><\/i>\n                                <div class=\"dateFin\">\n                  <span class=\"day\">12<\/span>\n                  <span class=\"month\">sep.<\/span>\n                                  <\/div>\n              <\/div>\n                      <\/div>\n  \n                      <div class=\"gotto\">\n                                                                  Exposition<br>\n                                                                                                                                                <\/div>\n            \n          <h2 class=\"formattedText\">Exposition \"Entre terre et lumi\u00e8re\"<\/h2>\n            \n          <div class=\"grid__sub\">\n            <div class=\"grid__datetime\">\n              <span class=\"grid__commune\">\n                <i class=\"fa-thin fa-map-marker-alt\"><\/i>&nbsp;\n                <span>Le Ch\u00e2teau<\/span>&nbsp;                <span>46 rue Nationale<\/span>&nbsp;                                -&nbsp;                Cogolin              <\/span>\n            <\/div>\n          <\/div>\n        <\/div>\n      <\/a>\n    <\/div>\n      <div class=\"grid__item\">\n      <a href=\"\/fr\/animation\/culture\/cogolin\/exposition-jules-verne-le-visionnaire-7788967\/\" class=\"single-item\">\n        <div class=\"grid__img\">\n                      <img loading=\"lazy\" decoding=\"async\" src=\"\/wp-content\/plugins\/apidae\/public\/files\/mini\/exposition-jules-verne-le-visionnaire_7788967_1.png\" alt=\"M\u00e9diath\u00e8que\"\n              title=\"M\u00e9diath\u00e8que\" width=\"640\" height=\"300\" \/>\n                  <\/div>\n        <div class=\"grid__inner\">\n          <div class=\"date\">\n                          <div class=\"date-double\">\n                                <div class=\"dateDebut\">\n                  <span class=\"day\"> 1<\/span>\n                  <span class=\"month\">sep.<\/span>\n                                  <\/div>\n                <i class=\"fa-light fa-chevron-right\"><\/i>\n                                <div class=\"dateFin\">\n                  <span class=\"day\">21<\/span>\n                  <span class=\"month\">nov.<\/span>\n                                  <\/div>\n              <\/div>\n                      <\/div>\n  \n                      <div class=\"gotto\">\n                                                                  Exposition<br>\n                                                                                                                                                <\/div>\n            \n          <h2 class=\"formattedText\">Exposition \"Jules Verne, le visionnaire\"<\/h2>\n            \n          <div class=\"grid__sub\">\n            <div class=\"grid__datetime\">\n              <span class=\"grid__commune\">\n                <i class=\"fa-thin fa-map-marker-alt\"><\/i>&nbsp;\n                <span>M\u00e9diath\u00e8que<\/span>&nbsp;                <span>44  rue Marceau<\/span>&nbsp;                                -&nbsp;                Cogolin              <\/span>\n            <\/div>\n          <\/div>\n        <\/div>\n      <\/a>\n    <\/div>\n      <div class=\"grid__item\">\n      <a href=\"\/fr\/animation\/culture\/cogolin\/micro-folie-6972989\/\" class=\"single-item\">\n        <div class=\"grid__img\">\n                      <img loading=\"lazy\" decoding=\"async\" src=\"\/wp-content\/plugins\/apidae\/public\/files\/mini\/micro-folie_6972989_1.png\" alt=\"Le Ch\u00e2teau\"\n              title=\"Le Ch\u00e2teau\" width=\"640\" height=\"300\" \/>\n                  <\/div>\n        <div class=\"grid__inner\">\n          <div class=\"date\">\n                          <div class=\"date-double\">\n                                <div class=\"dateDebut\">\n                  <span class=\"day\"> 3<\/span>\n                  <span class=\"month\">sep.<\/span>\n                                  <\/div>\n                <i class=\"fa-light fa-chevron-right\"><\/i>\n                                <div class=\"dateFin\">\n                  <span class=\"day\">30<\/span>\n                  <span class=\"month\">sep.<\/span>\n                                  <\/div>\n              <\/div>\n                      <\/div>\n  \n                      <div class=\"gotto\">\n                                                                  Conf\u00e9rence \/ D\u00e9bat \/ Rencontre<br>\n                                                                                                                                                                                      <\/div>\n            \n          <h2 class=\"formattedText\">Micro-folie<\/h2>\n            \n          <div class=\"grid__sub\">\n            <div class=\"grid__datetime\">\n              <span class=\"grid__commune\">\n                <i class=\"fa-thin fa-map-marker-alt\"><\/i>&nbsp;\n                <span>Le Ch\u00e2teau<\/span>&nbsp;                <span>46 rue Nationale<\/span>&nbsp;                                -&nbsp;                Cogolin              <\/span>\n            <\/div>\n          <\/div>\n        <\/div>\n      <\/a>\n    <\/div>\n      <div class=\"grid__item\">\n      <a href=\"\/fr\/animation\/culture\/cogolin\/visites-guidees-golfe-de-saint-tropez-pour-les-groupes-7188353\/\" class=\"single-item\">\n        <div class=\"grid__img\">\n                      <img loading=\"lazy\" decoding=\"async\" src=\"\/wp-content\/plugins\/apidae\/public\/files\/mini\/visites-guidees-golfe-de-saint-tropez-pour-les-groupes_7188353_1.jpg\" alt=\"Saint-Tropez\"\n              title=\"Saint-Tropez\" width=\"640\" height=\"300\" \/>\n                  <\/div>\n        <div class=\"grid__inner\">\n          <div class=\"date\">\n                          <div class=\"date-double\">\n                                <div class=\"dateDebut\">\n                  <span class=\"day\"> 1<\/span>\n                  <span class=\"month\">sep.<\/span>\n                                  <\/div>\n                <i class=\"fa-light fa-chevron-right\"><\/i>\n                                <div class=\"dateFin\">\n                  <span class=\"day\">30<\/span>\n                  <span class=\"month\">sep.<\/span>\n                                  <\/div>\n              <\/div>\n                      <\/div>\n  \n                      <div class=\"gotto\">\n                                                                  Visite guid\u00e9e et\/ou comment\u00e9e<br>\n                                                                                                                                                <\/div>\n            \n          <h2 class=\"formattedText\">Visites guid\u00e9es Golfe de Saint-Tropez pour les groupes<\/h2>\n            \n          <div class=\"grid__sub\">\n            <div class=\"grid__datetime\">\n              <span class=\"grid__commune\">\n                <i class=\"fa-thin fa-map-marker-alt\"><\/i>&nbsp;\n                <span>2 rue Blaise Pascal<\/span>&nbsp;                                                -&nbsp;                Cogolin              <\/span>\n            <\/div>\n          <\/div>\n        <\/div>\n      <\/a>\n    <\/div>\n      <div class=\"grid__item\">\n      <a href=\"\/fr\/animation\/culture\/gassin\/barri-la-souris-de-gassin-7042769\/\" class=\"single-item\">\n        <div class=\"grid__img\">\n                      <img loading=\"lazy\" decoding=\"async\" src=\"\/wp-content\/plugins\/apidae\/public\/files\/mini\/barri-la-souris-de-gassin_7042769_1.jpg\" alt=\"Barri la souris de Gassin\"\n              title=\"Barri la souris de Gassin\" width=\"640\" height=\"300\" \/>\n                  <\/div>\n        <div class=\"grid__inner\">\n          <div class=\"date\">\n                          <div class=\"date-double\">\n                                <div class=\"dateDebut\">\n                  <span class=\"day\"> 1<\/span>\n                  <span class=\"month\">sep.<\/span>\n                                  <\/div>\n                <i class=\"fa-light fa-chevron-right\"><\/i>\n                                <div class=\"dateFin\">\n                  <span class=\"day\">30<\/span>\n                  <span class=\"month\">sep.<\/span>\n                                  <\/div>\n              <\/div>\n                      <\/div>\n  \n                      <div class=\"gotto\">\n                                                                  Jeu de piste \/ Chasse au tr\u00e9sor<br>\n                                                                                                                                                <\/div>\n            \n          <h2 class=\"formattedText\">Barri la souris de Gassin<\/h2>\n            \n          <div class=\"grid__sub\">\n            <div class=\"grid__datetime\">\n              <span class=\"grid__commune\">\n                <i class=\"fa-thin fa-map-marker-alt\"><\/i>&nbsp;\n                <span>20, place L\u00e9on Martel<\/span>&nbsp;                                                -&nbsp;                Gassin              <\/span>\n            <\/div>\n          <\/div>\n        <\/div>\n      <\/a>\n    <\/div>\n      <div class=\"grid__item\">\n      <a href=\"\/fr\/animation\/culture\/gassin\/exposition-l-art-naturellement-demesure-7953161\/\" class=\"single-item\">\n        <div class=\"grid__img\">\n                      <img loading=\"lazy\" decoding=\"async\" src=\"\/wp-content\/plugins\/apidae\/public\/files\/mini\/exposition-l-art-naturellement-demesure_7953161_1.jpg\" alt=\"Exposition \"L'art naturellement d\u00e9mesur\u00e9\"\"\n              title=\"Exposition \"L'art naturellement d\u00e9mesur\u00e9\"\" width=\"640\" height=\"300\" \/>\n                  <\/div>\n        <div class=\"grid__inner\">\n          <div class=\"date\">\n                          <div class=\"date-double\">\n                                <div class=\"dateDebut\">\n                  <span class=\"day\"> 1<\/span>\n                  <span class=\"month\">sep.<\/span>\n                                  <\/div>\n                <i class=\"fa-light fa-chevron-right\"><\/i>\n                                <div class=\"dateFin\">\n                  <span class=\"day\">15<\/span>\n                  <span class=\"month\">oct.<\/span>\n                                  <\/div>\n              <\/div>\n                      <\/div>\n  \n                      <div class=\"gotto\">\n                                                                  Exposition<br>\n                                                                                                                                                <\/div>\n            \n          <h2 class=\"formattedText\">Exposition \"L'art naturellement d\u00e9mesur\u00e9\"<\/h2>\n            \n          <div class=\"grid__sub\">\n            <div class=\"grid__datetime\">\n              <span class=\"grid__commune\">\n                <i class=\"fa-thin fa-map-marker-alt\"><\/i>&nbsp;\n                <span>504 RD 61<\/span>&nbsp;                                                -&nbsp;                Gassin              <\/span>\n            <\/div>\n          <\/div>\n        <\/div>\n      <\/a>\n    <\/div>\n      <div class=\"grid__item\">\n      <a href=\"\/fr\/animation\/distractions-et-loisirs\/gassin\/exposition-2026-delorme-andrea-7805373\/\" class=\"single-item\">\n        <div class=\"grid__img\">\n                      <img loading=\"lazy\" decoding=\"async\" src=\"\/wp-content\/plugins\/apidae\/public\/files\/mini\/exposition-2026-delorme-andrea_7805373_1.png\" alt=\"Delorme Andr\u00e9a\"\n              title=\"Delorme Andr\u00e9a\" width=\"640\" height=\"300\" \/>\n                  <\/div>\n        <div class=\"grid__inner\">\n          <div class=\"date\">\n                          <div class=\"date-double\">\n                                <div class=\"dateDebut\">\n                  <span class=\"day\"> 1<\/span>\n                  <span class=\"month\">sep.<\/span>\n                                  <\/div>\n                <i class=\"fa-light fa-chevron-right\"><\/i>\n                                <div class=\"dateFin\">\n                  <span class=\"day\"> 9<\/span>\n                  <span class=\"month\">sep.<\/span>\n                                  <\/div>\n              <\/div>\n                      <\/div>\n  \n                      <div class=\"gotto\">\n                                                                  Exposition<br>\n                                                                                                                                                <\/div>\n            \n          <h2 class=\"formattedText\">Exposition 2026 - Delorme Andr\u00e9a<\/h2>\n            \n          <div class=\"grid__sub\">\n            <div class=\"grid__datetime\">\n              <span class=\"grid__commune\">\n                <i class=\"fa-thin fa-map-marker-alt\"><\/i>&nbsp;\n                <span>20, rue Longue<\/span>&nbsp;                                                -&nbsp;                Gassin              <\/span>\n            <\/div>\n          <\/div>\n        <\/div>\n      <\/a>\n    <\/div>\n      <div class=\"grid__item\">\n      <a href=\"\/fr\/animation\/culture\/gassin\/exposition-de-sculptures-monumentales-jean-luc-ducreux-infini-labsence-dune-fin-6505393\/\" class=\"single-item\">\n        <div class=\"grid__img\">\n                      <img loading=\"lazy\" decoding=\"async\" src=\"https:\/\/static.apidae-tourisme.com\/filestore\/objets-touristiques\/images\/63\/147\/17601343-diaporama.jpg\" alt=\"Le passage Ducreux\"\n              title=\"Le passage Ducreux\" width=\"640\" height=\"300\" \/>\n                  <\/div>\n        <div class=\"grid__inner\">\n          <div class=\"date\">\n                          <div class=\"date-double\">\n                                <div class=\"dateDebut\">\n                  <span class=\"day\"> 1<\/span>\n                  <span class=\"month\">sep.<\/span>\n                                  <\/div>\n                <i class=\"fa-light fa-chevron-right\"><\/i>\n                                <div class=\"dateFin\">\n                  <span class=\"day\">30<\/span>\n                  <span class=\"month\">sep.<\/span>\n                                  <\/div>\n              <\/div>\n                      <\/div>\n  \n                      <div class=\"gotto\">\n                                                                  Exposition<br>\n                                                                                                                                                <\/div>\n            \n          <h2 class=\"formattedText\">Exposition de sculptures monumentales Jean-Luc Ducreux \u00ab\u2009Infini- l\u2019Absence d\u2019une Fin\u2009\u00bb<\/h2>\n            \n          <div class=\"grid__sub\">\n            <div class=\"grid__datetime\">\n              <span class=\"grid__commune\">\n                <i class=\"fa-thin fa-map-marker-alt\"><\/i>&nbsp;\n                                                                                Gassin              <\/span>\n            <\/div>\n          <\/div>\n        <\/div>\n      <\/a>\n    <\/div>\n      <div class=\"grid__item\">\n      <a href=\"\/fr\/animation\/culture\/gassin\/exposition-monumentale-sylvain-dautremay-je-reve-juste-de-liberte-7377266\/\" class=\"single-item\">\n        <div class=\"grid__img\">\n                      <img loading=\"lazy\" decoding=\"async\" src=\"\/wp-content\/plugins\/apidae\/public\/files\/mini\/exposition-monumentale-sylvain-dautremay-je-reve-juste-de-liberte_7377266_1.jpg\" alt=\"L'ours\"\n              title=\"L'ours\" width=\"640\" height=\"300\" \/>\n                  <\/div>\n        <div class=\"grid__inner\">\n          <div class=\"date\">\n                          <div class=\"date-double\">\n                                <div class=\"dateDebut\">\n                  <span class=\"day\"> 1<\/span>\n                  <span class=\"month\">sep.<\/span>\n                                  <\/div>\n                <i class=\"fa-light fa-chevron-right\"><\/i>\n                                <div class=\"dateFin\">\n                  <span class=\"day\">30<\/span>\n                  <span class=\"month\">sep.<\/span>\n                                  <\/div>\n              <\/div>\n                      <\/div>\n  \n                      <div class=\"gotto\">\n                                                                  Exposition<br>\n                                                                                                                                                <\/div>\n            \n          <h2 class=\"formattedText\">Exposition monumentale Sylvain Dautremay : \u00ab Je r\u00eave juste de libert\u00e9 \u00bb<\/h2>\n            \n          <div class=\"grid__sub\">\n            <div class=\"grid__datetime\">\n              <span class=\"grid__commune\">\n                <i class=\"fa-thin fa-map-marker-alt\"><\/i>&nbsp;\n                <span>Village de Gassin<\/span>&nbsp;                                                -&nbsp;                Gassin              <\/span>\n            <\/div>\n          <\/div>\n        <\/div>\n      <\/a>\n    <\/div>\n      <div class=\"grid__item\">\n      <a href=\"\/fr\/animation\/culture\/gassin\/expositions-monumentales-jean-luc-ducreux-et-sylvain-dautremay-7349402\/\" class=\"single-item\">\n        <div class=\"grid__img\">\n                      <img loading=\"lazy\" decoding=\"async\" src=\"\/wp-content\/plugins\/apidae\/public\/files\/mini\/expositions-monumentales-jean-luc-ducreux-et-sylvain-dautremay_7349402_1.jpg\" alt=\"\"\n              title=\"\" width=\"640\" height=\"300\" \/>\n                  <\/div>\n        <div class=\"grid__inner\">\n          <div class=\"date\">\n                          <div class=\"date-double\">\n                                <div class=\"dateDebut\">\n                  <span class=\"day\"> 1<\/span>\n                  <span class=\"month\">sep.<\/span>\n                                  <\/div>\n                <i class=\"fa-light fa-chevron-right\"><\/i>\n                                <div class=\"dateFin\">\n                  <span class=\"day\">30<\/span>\n                  <span class=\"month\">sep.<\/span>\n                                  <\/div>\n              <\/div>\n                      <\/div>\n  \n                      <div class=\"gotto\">\n                                                                  Exposition<br>\n                                                                                                                                                <\/div>\n            \n          <h2 class=\"formattedText\">Expositions monumentales : Jean-Luc Ducreux et Sylvain Dautremay<\/h2>\n            \n          <div class=\"grid__sub\">\n            <div class=\"grid__datetime\">\n              <span class=\"grid__commune\">\n                <i class=\"fa-thin fa-map-marker-alt\"><\/i>&nbsp;\n                                                                                Gassin              <\/span>\n            <\/div>\n          <\/div>\n        <\/div>\n      <\/a>\n    <\/div>\n      <div class=\"grid__item\">\n      <a href=\"\/fr\/animation\/culture\/gassin\/gassin-au-rythme-du-macaron-quand-le-train-et-le-tram-traversaient-le-golfe-7917929\/\" class=\"single-item\">\n        <div class=\"grid__img\">\n                      <img loading=\"lazy\" decoding=\"async\" src=\"\/wp-content\/plugins\/apidae\/public\/files\/mini\/gassin-au-rythme-du-macaron-quand-le-train-et-le-tram-traversaient-le-golfe_7917929_1.png\" alt=\"Gassin au rythme du 'Macaron' : Quand le train et le tram traversaient le Golfe_Gassin\"\n              title=\"Gassin au rythme du 'Macaron' : Quand le train et le tram traversaient le Golfe_Gassin\" width=\"640\" height=\"300\" \/>\n                  <\/div>\n        <div class=\"grid__inner\">\n          <div class=\"date\">\n                          <div class=\"date-double\">\n                                <div class=\"dateDebut\">\n                  <span class=\"day\"> 1<\/span>\n                  <span class=\"month\">sep.<\/span>\n                                  <\/div>\n                <i class=\"fa-light fa-chevron-right\"><\/i>\n                                <div class=\"dateFin\">\n                  <span class=\"day\">20<\/span>\n                  <span class=\"month\">sep.<\/span>\n                                  <\/div>\n              <\/div>\n                      <\/div>\n  \n                      <div class=\"gotto\">\n                                                                  Exposition<br>\n                                                                                                                                                <\/div>\n            \n          <h2 class=\"formattedText\">Gassin au rythme du 'Macaron' : Quand le train et le tram traversaient le Golfe<\/h2>\n            \n          <div class=\"grid__sub\">\n            <div class=\"grid__datetime\">\n              <span class=\"grid__commune\">\n                <i class=\"fa-thin fa-map-marker-alt\"><\/i>&nbsp;\n                <span>20, place L\u00e9on Martel<\/span>&nbsp;                                                -&nbsp;                Gassin              <\/span>\n            <\/div>\n          <\/div>\n        <\/div>\n      <\/a>\n    <\/div>\n      <div class=\"grid__item\">\n      <a href=\"\/fr\/animation\/culture\/gassin\/les-expositions-de-l-ete-l-art-au-cur-de-l-un-des-plus-beaux-villages-de-france-7820182\/\" class=\"single-item\">\n        <div class=\"grid__img\">\n                      <img loading=\"lazy\" decoding=\"async\" src=\"\/wp-content\/plugins\/apidae\/public\/files\/mini\/les-expositions-de-l-ete-l-art-au-cur-de-l-un-des-plus-beaux-villages-de-france_7820182_1.jpeg\" alt=\"Les Expositions de l'\u00e9t\u00e9\"\n              title=\"Les Expositions de l'\u00e9t\u00e9\" width=\"640\" height=\"300\" \/>\n                  <\/div>\n        <div class=\"grid__inner\">\n          <div class=\"date\">\n                          <div class=\"date-double\">\n                                <div class=\"dateDebut\">\n                  <span class=\"day\"> 1<\/span>\n                  <span class=\"month\">sep.<\/span>\n                                  <\/div>\n                <i class=\"fa-light fa-chevron-right\"><\/i>\n                                <div class=\"dateFin\">\n                  <span class=\"day\">30<\/span>\n                  <span class=\"month\">sep.<\/span>\n                                  <\/div>\n              <\/div>\n                      <\/div>\n  \n                      <div class=\"gotto\">\n                                                                  Exposition<br>\n                                                                                                                                                <\/div>\n            \n          <h2 class=\"formattedText\">Les Expositions de l'\u00e9t\u00e9 : l'Art au c\u0153ur de l'un des Plus Beaux Villages de France<\/h2>\n            \n          <div class=\"grid__sub\">\n            <div class=\"grid__datetime\">\n              <span class=\"grid__commune\">\n                <i class=\"fa-thin fa-map-marker-alt\"><\/i>&nbsp;\n                <span>20, rue Longue<\/span>&nbsp;                                                -&nbsp;                Gassin              <\/span>\n            <\/div>\n          <\/div>\n        <\/div>\n      <\/a>\n    <\/div>\n      <div class=\"grid__item\">\n      <a href=\"\/fr\/animation\/sports\/gassin\/tournoi-de-polo-open-du-soleil-7625589\/\" class=\"single-item\">\n        <div class=\"grid__img\">\n                      <img loading=\"lazy\" decoding=\"async\" src=\"\/wp-content\/plugins\/apidae\/public\/files\/mini\/tournoi-de-polo-open-du-soleil_7625589_1.jpg\" alt=\"Open du soleil\"\n              title=\"Open du soleil\" width=\"640\" height=\"300\" \/>\n                  <\/div>\n        <div class=\"grid__inner\">\n          <div class=\"date\">\n                          <div class=\"date-double\">\n                                <div class=\"dateDebut\">\n                  <span class=\"day\"> 3<\/span>\n                  <span class=\"month\">sep.<\/span>\n                                  <\/div>\n                <i class=\"fa-light fa-chevron-right\"><\/i>\n                                <div class=\"dateFin\">\n                  <span class=\"day\">13<\/span>\n                  <span class=\"month\">sep.<\/span>\n                                  <\/div>\n              <\/div>\n                      <\/div>\n  \n                      <div class=\"gotto\">\n                                                                  Comp\u00e9tition sportive<br>\n                                                                                                                                                <\/div>\n            \n          <h2 class=\"formattedText\">Tournoi de polo - Open du soleil<\/h2>\n            \n          <div class=\"grid__sub\">\n            <div class=\"grid__datetime\">\n              <span class=\"grid__commune\">\n                <i class=\"fa-thin fa-map-marker-alt\"><\/i>&nbsp;\n                <span>1999, route du Bourrian<\/span>&nbsp;                                                -&nbsp;                Gassin              <\/span>\n            <\/div>\n          <\/div>\n        <\/div>\n      <\/a>\n    <\/div>\n      <div class=\"grid__item\">\n      <a href=\"\/fr\/animation\/sports\/gassin\/tournoi-de-polo-women-polo-series-7625607\/\" class=\"single-item\">\n        <div class=\"grid__img\">\n                      <img loading=\"lazy\" decoding=\"async\" src=\"\/wp-content\/plugins\/apidae\/public\/files\/mini\/tournoi-de-polo-women-polo-series_7625607_1.jpg\" alt=\"Tournoi de polo - Women polo series\"\n              title=\"Tournoi de polo - Women polo series\" width=\"640\" height=\"300\" \/>\n                  <\/div>\n        <div class=\"grid__inner\">\n          <div class=\"date\">\n                          <div class=\"date-double\">\n                                <div class=\"dateDebut\">\n                  <span class=\"day\"> 3<\/span>\n                  <span class=\"month\">sep.<\/span>\n                                  <\/div>\n                <i class=\"fa-light fa-chevron-right\"><\/i>\n                                <div class=\"dateFin\">\n                  <span class=\"day\">13<\/span>\n                  <span class=\"month\">sep.<\/span>\n                                  <\/div>\n              <\/div>\n                      <\/div>\n  \n                      <div class=\"gotto\">\n                                                                  Comp\u00e9tition sportive<br>\n                                                                                                                                                <\/div>\n            \n          <h2 class=\"formattedText\">Tournoi de polo - Women polo series<\/h2>\n            \n          <div class=\"grid__sub\">\n            <div class=\"grid__datetime\">\n              <span class=\"grid__commune\">\n                <i class=\"fa-thin fa-map-marker-alt\"><\/i>&nbsp;\n                <span>1999, route du Bourrian<\/span>&nbsp;                                                -&nbsp;                Gassin              <\/span>\n            <\/div>\n          <\/div>\n        <\/div>\n      <\/a>\n    <\/div>\n      <div class=\"grid__item\">\n      <a href=\"\/fr\/animation\/distractions-et-loisirs\/grimaud\/cartel-del-chipo-a-l-after-beach-5594370\/\" class=\"single-item\">\n        <div class=\"grid__img\">\n                      <img loading=\"lazy\" decoding=\"async\" src=\"\/wp-content\/plugins\/apidae\/public\/files\/mini\/cartel-del-chipo-a-l-after-beach_5594370_1.jpg\" alt=\"\"\n              title=\"\" width=\"640\" height=\"300\" \/>\n                  <\/div>\n        <div class=\"grid__inner\">\n          <div class=\"date\">\n                          <div class=\"date-double\">\n                                <div class=\"dateDebut\">\n                  <span class=\"day\"> 4<\/span>\n                  <span class=\"month\">sep.<\/span>\n                                  <\/div>\n                <i class=\"fa-light fa-chevron-right\"><\/i>\n                                <div class=\"dateFin\">\n                  <span class=\"day\">25<\/span>\n                  <span class=\"month\">sep.<\/span>\n                                  <\/div>\n              <\/div>\n                      <\/div>\n  \n                      <div class=\"gotto\">\n                                                                  Concert<br>\n                                                                                                                                                <\/div>\n            \n          <h2 class=\"formattedText\">\"Cartel del Chipo\" \u00e0 l'After Beach<\/h2>\n            \n          <div class=\"grid__sub\">\n            <div class=\"grid__datetime\">\n              <span class=\"grid__commune\">\n                <i class=\"fa-thin fa-map-marker-alt\"><\/i>&nbsp;\n                <span>56 Chemin de La Rine<\/span>&nbsp;                                                -&nbsp;                Grimaud              <\/span>\n            <\/div>\n          <\/div>\n        <\/div>\n      <\/a>\n    <\/div>\n      <div class=\"grid__item\">\n      <a href=\"\/fr\/animation\/culture\/grimaud\/annule-salon-des-peintres-de-grimaud-5061717\/\" class=\"single-item\">\n        <div class=\"grid__img\">\n                      <img loading=\"lazy\" decoding=\"async\" src=\"\/wp-content\/plugins\/apidae\/public\/files\/mini\/annule-salon-des-peintres-de-grimaud_5061717_1.jpg\" alt=\"Salon des Peintres de Grimaud\"\n              title=\"Salon des Peintres de Grimaud\" width=\"640\" height=\"300\" \/>\n                  <\/div>\n        <div class=\"grid__inner\">\n          <div class=\"date\">\n                          <div class=\"date-double\">\n                                <div class=\"dateDebut\">\n                  <span class=\"day\"> 4<\/span>\n                  <span class=\"month\">sep.<\/span>\n                                  <\/div>\n                <i class=\"fa-light fa-chevron-right\"><\/i>\n                                <div class=\"dateFin\">\n                  <span class=\"day\">22<\/span>\n                  <span class=\"month\">sep.<\/span>\n                                  <\/div>\n              <\/div>\n                      <\/div>\n  \n                      <div class=\"gotto\">\n                                                                  Exposition<br>\n                                                                                                                                                <\/div>\n            \n          <h2 class=\"formattedText\">ANNUL\u00c9 Salon des Peintres de Grimaud<\/h2>\n            \n          <div class=\"grid__sub\">\n            <div class=\"grid__datetime\">\n              <span class=\"grid__commune\">\n                <i class=\"fa-thin fa-map-marker-alt\"><\/i>&nbsp;\n                <span>850 route Nationale<\/span>&nbsp;                                                -&nbsp;                Grimaud              <\/span>\n            <\/div>\n          <\/div>\n        <\/div>\n      <\/a>\n    <\/div>\n      <div class=\"grid__item\">\n      <a href=\"\/fr\/animation\/distractions-et-loisirs\/grimaud\/apero-tapas-sous-la-pinede-music-live-6571406\/\" class=\"single-item\">\n        <div class=\"grid__img\">\n                      <img loading=\"lazy\" decoding=\"async\" src=\"\/wp-content\/plugins\/apidae\/public\/files\/mini\/apero-tapas-sous-la-pinede-music-live_6571406_1.jpg\" alt=\"Ap\u00e9ro tapas\"\n              title=\"Ap\u00e9ro tapas\" width=\"640\" height=\"300\" \/>\n                  <\/div>\n        <div class=\"grid__inner\">\n          <div class=\"date\">\n                          <div class=\"date-double\">\n                                <div class=\"dateDebut\">\n                  <span class=\"day\"> 2<\/span>\n                  <span class=\"month\">sep.<\/span>\n                                  <\/div>\n                <i class=\"fa-light fa-chevron-right\"><\/i>\n                                <div class=\"dateFin\">\n                  <span class=\"day\">11<\/span>\n                  <span class=\"month\">sep.<\/span>\n                                  <\/div>\n              <\/div>\n                      <\/div>\n  \n                      <div class=\"gotto\">\n                                                                  D\u00eener \/ Repas spectacle<br>\n                                                                                                                                                <\/div>\n            \n          <h2 class=\"formattedText\">Ap\u00e9ro tapas sous la pin\u00e8de & music live<\/h2>\n            \n          <div class=\"grid__sub\">\n            <div class=\"grid__datetime\">\n              <span class=\"grid__commune\">\n                <i class=\"fa-thin fa-map-marker-alt\"><\/i>&nbsp;\n                <span>39 carraire d'A\u00efgo Puto<\/span>&nbsp;                <span>Route des Blaqui\u00e8res<\/span>&nbsp;                                -&nbsp;                Grimaud              <\/span>\n            <\/div>\n          <\/div>\n        <\/div>\n      <\/a>\n    <\/div>\n      <div class=\"grid__item\">\n      <a href=\"\/fr\/animation\/sports\/grimaud\/courses-d-orientation-dans-le-village-de-grimaud-893706\/\" class=\"single-item\">\n        <div class=\"grid__img\">\n                      <img loading=\"lazy\" decoding=\"async\" src=\"\/wp-content\/plugins\/apidae\/public\/files\/mini\/courses-d-orientation-dans-le-village-de-grimaud_893706_1.jpg\" alt=\"\"\n              title=\"\" width=\"640\" height=\"300\" \/>\n                  <\/div>\n        <div class=\"grid__inner\">\n          <div class=\"date\">\n                          <div class=\"date-double\">\n                                <div class=\"dateDebut\">\n                  <span class=\"day\"> 1<\/span>\n                  <span class=\"month\">sep.<\/span>\n                                  <\/div>\n                <i class=\"fa-light fa-chevron-right\"><\/i>\n                                <div class=\"dateFin\">\n                  <span class=\"day\">30<\/span>\n                  <span class=\"month\">sep.<\/span>\n                                  <\/div>\n              <\/div>\n                      <\/div>\n  \n                      <div class=\"gotto\">\n                                                                  Jeu de piste \/ Chasse au tr\u00e9sor<br>\n                                                                                                                                                <\/div>\n            \n          <h2 class=\"formattedText\">Courses d'orientation dans le village de Grimaud<\/h2>\n            \n          <div class=\"grid__sub\">\n            <div class=\"grid__datetime\">\n              <span class=\"grid__commune\">\n                <i class=\"fa-thin fa-map-marker-alt\"><\/i>&nbsp;\n                <span>679 , route Nationale<\/span>&nbsp;                                                -&nbsp;                Grimaud              <\/span>\n            <\/div>\n          <\/div>\n        <\/div>\n      <\/a>\n    <\/div>\n      <div class=\"grid__item\">\n      <a href=\"\/fr\/animation\/culture\/grimaud\/exposition-le-chateau-de-grimaud-7658272\/\" class=\"single-item\">\n        <div class=\"grid__img\">\n                      <img loading=\"lazy\" decoding=\"async\" src=\"\/wp-content\/plugins\/apidae\/public\/files\/mini\/exposition-le-chateau-de-grimaud_7658272_1.jpg\" alt=\"\"\n              title=\"\" width=\"640\" height=\"300\" \/>\n                  <\/div>\n        <div class=\"grid__inner\">\n          <div class=\"date\">\n                          <div class=\"date-double\">\n                                <div class=\"dateDebut\">\n                  <span class=\"day\"> 1<\/span>\n                  <span class=\"month\">sep.<\/span>\n                                  <\/div>\n                <i class=\"fa-light fa-chevron-right\"><\/i>\n                                <div class=\"dateFin\">\n                  <span class=\"day\">10<\/span>\n                  <span class=\"month\">oct.<\/span>\n                                  <\/div>\n              <\/div>\n                      <\/div>\n  \n                      <div class=\"gotto\">\n                                                                  Exposition<br>\n                                                                                                                                                <\/div>\n            \n          <h2 class=\"formattedText\">Exposition \"Le ch\u00e2teau de Grimaud\"<\/h2>\n            \n          <div class=\"grid__sub\">\n            <div class=\"grid__datetime\">\n              <span class=\"grid__commune\">\n                <i class=\"fa-thin fa-map-marker-alt\"><\/i>&nbsp;\n                <span>591 route Nationale<\/span>&nbsp;                                                -&nbsp;                Grimaud              <\/span>\n            <\/div>\n          <\/div>\n        <\/div>\n      <\/a>\n    <\/div>\n      <div class=\"grid__item\">\n      <a href=\"\/fr\/animation\/culture\/grimaud\/exposition-d-art-tribal-gond-jungle-indienne-par-sunny-sandhu-7659755\/\" class=\"single-item\">\n        <div class=\"grid__img\">\n                      <img loading=\"lazy\" decoding=\"async\" src=\"\/wp-content\/plugins\/apidae\/public\/files\/mini\/exposition-d-art-tribal-gond-jungle-indienne-par-sunny-sandhu_7659755_1.jpg\" alt=\"\"\n              title=\"\" width=\"640\" height=\"300\" \/>\n                  <\/div>\n        <div class=\"grid__inner\">\n          <div class=\"date\">\n                          <div class=\"date-double\">\n                                <div class=\"dateDebut\">\n                  <span class=\"day\"> 1<\/span>\n                  <span class=\"month\">sep.<\/span>\n                                  <\/div>\n                <i class=\"fa-light fa-chevron-right\"><\/i>\n                                <div class=\"dateFin\">\n                  <span class=\"day\">30<\/span>\n                  <span class=\"month\">sep.<\/span>\n                                  <\/div>\n              <\/div>\n                      <\/div>\n  \n                      <div class=\"gotto\">\n                                                                  Exposition<br>\n                                                                                                                                                <\/div>\n            \n          <h2 class=\"formattedText\">Exposition d'art tribal Gond \"Jungle indienne\" par Sunny Sandhu<\/h2>\n            \n          <div class=\"grid__sub\">\n            <div class=\"grid__datetime\">\n              <span class=\"grid__commune\">\n                <i class=\"fa-thin fa-map-marker-alt\"><\/i>&nbsp;\n                <span>Impasse du Balladou<\/span>&nbsp;                <span>Proche de l'\u00c9glise<\/span>&nbsp;                                -&nbsp;                Grimaud              <\/span>\n            <\/div>\n          <\/div>\n        <\/div>\n      <\/a>\n    <\/div>\n      <div class=\"grid__item\">\n      <a href=\"\/fr\/animation\/culture\/grimaud\/grimaud-art-urbain-festival-de-street-art-5604243\/\" class=\"single-item\">\n        <div class=\"grid__img\">\n                      <img loading=\"lazy\" decoding=\"async\" src=\"\/wp-content\/plugins\/apidae\/public\/files\/mini\/grimaud-art-urbain-festival-de-street-art_5604243_1.jpg\" alt=\"\"\n              title=\"\" width=\"640\" height=\"300\" \/>\n                  <\/div>\n        <div class=\"grid__inner\">\n          <div class=\"date\">\n                          <div class=\"date-double\">\n                                <div class=\"dateDebut\">\n                  <span class=\"day\"> 1<\/span>\n                  <span class=\"month\">sep.<\/span>\n                                  <\/div>\n                <i class=\"fa-light fa-chevron-right\"><\/i>\n                                <div class=\"dateFin\">\n                  <span class=\"day\">30<\/span>\n                  <span class=\"month\">sep.<\/span>\n                                  <\/div>\n              <\/div>\n                      <\/div>\n  \n                      <div class=\"gotto\">\n                                                                  Exposition<br>\n                                                                                                                                                                                      <\/div>\n            \n          <h2 class=\"formattedText\">Grimaud Art Urbain - Festival de street art<\/h2>\n            \n          <div class=\"grid__sub\">\n            <div class=\"grid__datetime\">\n              <span class=\"grid__commune\">\n                <i class=\"fa-thin fa-map-marker-alt\"><\/i>&nbsp;\n                <span>Dans le village<\/span>&nbsp;                                                -&nbsp;                Grimaud              <\/span>\n            <\/div>\n          <\/div>\n        <\/div>\n      <\/a>\n    <\/div>\n      <div class=\"grid__item\">\n      <a href=\"\/fr\/animation\/sports\/la-garde-freinet\/concours-de-petanque-6888702\/\" class=\"single-item\">\n        <div class=\"grid__img\">\n                      <img loading=\"lazy\" decoding=\"async\" src=\"\/wp-content\/plugins\/apidae\/public\/files\/mini\/concours-de-petanque_6888702_1.jpg\" alt=\"\"\n              title=\"\" width=\"640\" height=\"300\" \/>\n                  <\/div>\n        <div class=\"grid__inner\">\n          <div class=\"date\">\n                          <div class=\"date-double\">\n                                <div class=\"dateDebut\">\n                  <span class=\"day\"> 1<\/span>\n                  <span class=\"month\">sep.<\/span>\n                                  <\/div>\n                <i class=\"fa-light fa-chevron-right\"><\/i>\n                                <div class=\"dateFin\">\n                  <span class=\"day\"> 6<\/span>\n                  <span class=\"month\">sep.<\/span>\n                                  <\/div>\n              <\/div>\n                      <\/div>\n  \n                      <div class=\"gotto\">\n                                                                  Comp\u00e9tition sportive<br>\n                                                                                                                                                <\/div>\n            \n          <h2 class=\"formattedText\">Concours de p\u00e9tanque<\/h2>\n            \n          <div class=\"grid__sub\">\n            <div class=\"grid__datetime\">\n              <span class=\"grid__commune\">\n                <i class=\"fa-thin fa-map-marker-alt\"><\/i>&nbsp;\n                                                                                La Garde-Freinet              <\/span>\n            <\/div>\n          <\/div>\n        <\/div>\n      <\/a>\n    <\/div>\n      <div class=\"grid__item\">\n      <a href=\"\/fr\/animation\/culture\/la-garde-freinet\/exposition-l-ass-a-ga-dans-tous-ses-etats-6450229\/\" class=\"single-item\">\n        <div class=\"grid__img\">\n                      <img loading=\"lazy\" decoding=\"async\" src=\"\/wp-content\/plugins\/apidae\/public\/files\/mini\/exposition-l-ass-a-ga-dans-tous-ses-etats_6450229_1.jpg\" alt=\"\"\n              title=\"\" width=\"640\" height=\"300\" \/>\n                  <\/div>\n        <div class=\"grid__inner\">\n          <div class=\"date\">\n                          <div class=\"date-double\">\n                                <div class=\"dateDebut\">\n                  <span class=\"day\"> 1<\/span>\n                  <span class=\"month\">sep.<\/span>\n                                  <\/div>\n                <i class=\"fa-light fa-chevron-right\"><\/i>\n                                <div class=\"dateFin\">\n                  <span class=\"day\">30<\/span>\n                  <span class=\"month\">sep.<\/span>\n                                  <\/div>\n              <\/div>\n                      <\/div>\n  \n                      <div class=\"gotto\">\n                                                                  Exposition<br>\n                                                                                                                                                <\/div>\n            \n          <h2 class=\"formattedText\">Exposition \"L' ASS.A.GA dans tous ses \u00e9tats\"<\/h2>\n            \n          <div class=\"grid__sub\">\n            <div class=\"grid__datetime\">\n              <span class=\"grid__commune\">\n                <i class=\"fa-thin fa-map-marker-alt\"><\/i>&nbsp;\n                <span>Rampe des Sarrazins<\/span>&nbsp;                <span>Place de la Mairie<\/span>&nbsp;                                -&nbsp;                La Garde-Freinet              <\/span>\n            <\/div>\n          <\/div>\n        <\/div>\n      <\/a>\n    <\/div>\n      <div class=\"grid__item\">\n      <a href=\"\/fr\/animation\/nature-et-detente\/la-garde-freinet\/exposition-l-elevage-de-vers-a-soie-4623273\/\" class=\"single-item\">\n        <div class=\"grid__img\">\n                      <img loading=\"lazy\" decoding=\"async\" src=\"\/wp-content\/plugins\/apidae\/public\/files\/mini\/exposition-l-elevage-de-vers-a-soie_4623273_1.jpg\" alt=\"La S\u00e9riciculture ou l'\u00e9levage de vers \u00e0 soie\"\n              title=\"La S\u00e9riciculture ou l'\u00e9levage de vers \u00e0 soie\" width=\"640\" height=\"300\" \/>\n                  <\/div>\n        <div class=\"grid__inner\">\n          <div class=\"date\">\n                          <div class=\"date-double\">\n                                <div class=\"dateDebut\">\n                  <span class=\"day\"> 1<\/span>\n                  <span class=\"month\">sep.<\/span>\n                                  <\/div>\n                <i class=\"fa-light fa-chevron-right\"><\/i>\n                                <div class=\"dateFin\">\n                  <span class=\"day\">30<\/span>\n                  <span class=\"month\">sep.<\/span>\n                                  <\/div>\n              <\/div>\n                      <\/div>\n  \n                      <div class=\"gotto\">\n                                                                  Exposition<br>\n                                                                                                                                                <\/div>\n            \n          <h2 class=\"formattedText\">Exposition L'\u00e9levage de vers \u00e0 soie<\/h2>\n            \n          <div class=\"grid__sub\">\n            <div class=\"grid__datetime\">\n              <span class=\"grid__commune\">\n                <i class=\"fa-thin fa-map-marker-alt\"><\/i>&nbsp;\n                <span>Chapelle Saint-Jean<\/span>&nbsp;                <span>route Nationale<\/span>&nbsp;                <span>RD558<\/span>                -&nbsp;                La Garde-Freinet              <\/span>\n            <\/div>\n          <\/div>\n        <\/div>\n      <\/a>\n    <\/div>\n      <div class=\"grid__item\">\n      <a href=\"\/fr\/animation\/nature-et-detente\/la-garde-freinet\/exposition-le-chene-liege-et-son-ecorce-4623238\/\" class=\"single-item\">\n        <div class=\"grid__img\">\n                      <img loading=\"lazy\" decoding=\"async\" src=\"\/wp-content\/plugins\/apidae\/public\/files\/mini\/exposition-le-chene-liege-et-son-ecorce_4623238_1.jpg\" alt=\"Le ch\u00eane-li\u00e8ge et son \u00e9corce\"\n              title=\"Le ch\u00eane-li\u00e8ge et son \u00e9corce\" width=\"640\" height=\"300\" \/>\n                  <\/div>\n        <div class=\"grid__inner\">\n          <div class=\"date\">\n                          <div class=\"date-double\">\n                                <div class=\"dateDebut\">\n                  <span class=\"day\"> 1<\/span>\n                  <span class=\"month\">sep.<\/span>\n                                  <\/div>\n                <i class=\"fa-light fa-chevron-right\"><\/i>\n                                <div class=\"dateFin\">\n                  <span class=\"day\">30<\/span>\n                  <span class=\"month\">sep.<\/span>\n                                  <\/div>\n              <\/div>\n                      <\/div>\n  \n                      <div class=\"gotto\">\n                                                                  Exposition<br>\n                                                                                                                                                <\/div>\n            \n          <h2 class=\"formattedText\">Exposition Le Ch\u00eane-Li\u00e8ge et son Ecorce<\/h2>\n            \n          <div class=\"grid__sub\">\n            <div class=\"grid__datetime\">\n              <span class=\"grid__commune\">\n                <i class=\"fa-thin fa-map-marker-alt\"><\/i>&nbsp;\n                <span>Chapelle Saint-Jean<\/span>&nbsp;                <span>route Nationale<\/span>&nbsp;                <span>RD558<\/span>                -&nbsp;                La Garde-Freinet              <\/span>\n            <\/div>\n          <\/div>\n        <\/div>\n      <\/a>\n    <\/div>\n      <div class=\"grid__item\">\n      <a href=\"\/fr\/animation\/culture\/la-garde-freinet\/exposition-le-fort-freinet-5994964\/\" class=\"single-item\">\n        <div class=\"grid__img\">\n                      <img loading=\"lazy\" decoding=\"async\" src=\"\/wp-content\/plugins\/apidae\/public\/files\/mini\/exposition-le-fort-freinet_5994964_1.jpg\" alt=\"Le Fort-Freinet\"\n              title=\"Le Fort-Freinet\" width=\"640\" height=\"300\" \/>\n                  <\/div>\n        <div class=\"grid__inner\">\n          <div class=\"date\">\n                          <div class=\"date-double\">\n                                <div class=\"dateDebut\">\n                  <span class=\"day\"> 1<\/span>\n                  <span class=\"month\">sep.<\/span>\n                                  <\/div>\n                <i class=\"fa-light fa-chevron-right\"><\/i>\n                                <div class=\"dateFin\">\n                  <span class=\"day\">30<\/span>\n                  <span class=\"month\">sep.<\/span>\n                                  <\/div>\n              <\/div>\n                      <\/div>\n  \n                      <div class=\"gotto\">\n                                                                  Exposition<br>\n                                                                                                                                                <\/div>\n            \n          <h2 class=\"formattedText\">Exposition Le Fort-Freinet<\/h2>\n            \n          <div class=\"grid__sub\">\n            <div class=\"grid__datetime\">\n              <span class=\"grid__commune\">\n                <i class=\"fa-thin fa-map-marker-alt\"><\/i>&nbsp;\n                <span>Chapelle Saint-Jean<\/span>&nbsp;                <span>route Nationale<\/span>&nbsp;                <span>RD558<\/span>                -&nbsp;                La Garde-Freinet              <\/span>\n            <\/div>\n          <\/div>\n        <\/div>\n      <\/a>\n    <\/div>\n      <div class=\"grid__item\">\n      <a href=\"\/fr\/animation\/nature-et-detente\/la-garde-freinet\/exposition-marrons-et-chataigniers-4623248\/\" class=\"single-item\">\n        <div class=\"grid__img\">\n                      <img loading=\"lazy\" decoding=\"async\" src=\"\/wp-content\/plugins\/apidae\/public\/files\/mini\/exposition-marrons-et-chataigniers_4623248_1.jpg\" alt=\"Marrons et ch\u00e2taigniers\"\n              title=\"Marrons et ch\u00e2taigniers\" width=\"640\" height=\"300\" \/>\n                  <\/div>\n        <div class=\"grid__inner\">\n          <div class=\"date\">\n                          <div class=\"date-double\">\n                                <div class=\"dateDebut\">\n                  <span class=\"day\"> 1<\/span>\n                  <span class=\"month\">sep.<\/span>\n                                  <\/div>\n                <i class=\"fa-light fa-chevron-right\"><\/i>\n                                <div class=\"dateFin\">\n                  <span class=\"day\">30<\/span>\n                  <span class=\"month\">sep.<\/span>\n                                  <\/div>\n              <\/div>\n                      <\/div>\n  \n                      <div class=\"gotto\">\n                                                                  Exposition<br>\n                                                                                                                                                <\/div>\n            \n          <h2 class=\"formattedText\">Exposition Marrons et Ch\u00e2taigniers<\/h2>\n            \n          <div class=\"grid__sub\">\n            <div class=\"grid__datetime\">\n              <span class=\"grid__commune\">\n                <i class=\"fa-thin fa-map-marker-alt\"><\/i>&nbsp;\n                <span>Chapelle Saint-Jean<\/span>&nbsp;                <span>route Nationale<\/span>&nbsp;                <span>RD558<\/span>                -&nbsp;                La Garde-Freinet              <\/span>\n            <\/div>\n          <\/div>\n        <\/div>\n      <\/a>\n    <\/div>\n      <div class=\"grid__item\">\n      <a href=\"\/fr\/animation\/culture\/le-plan-de-la-tour\/arts-festivals-au-plan-de-la-tour-ancien-presbytere-7814782\/\" class=\"single-item\">\n        <div class=\"grid__img\">\n                      <img loading=\"lazy\" decoding=\"async\" src=\"\/wp-content\/plugins\/apidae\/public\/files\/mini\/arts-festivals-au-plan-de-la-tour-ancien-presbytere_7814782_1.jpg\" alt=\"ART\"\n              title=\"ART\" width=\"640\" height=\"300\" \/>\n                  <\/div>\n        <div class=\"grid__inner\">\n          <div class=\"date\">\n                          <div class=\"date-double\">\n                                <div class=\"dateDebut\">\n                  <span class=\"day\"> 1<\/span>\n                  <span class=\"month\">sep.<\/span>\n                                  <\/div>\n                <i class=\"fa-light fa-chevron-right\"><\/i>\n                                <div class=\"dateFin\">\n                  <span class=\"day\">15<\/span>\n                  <span class=\"month\">sep.<\/span>\n                                  <\/div>\n              <\/div>\n                      <\/div>\n  \n                      <div class=\"gotto\">\n                                                                  Exposition<br>\n                                                                                                                                                <\/div>\n            \n          <h2 class=\"formattedText\">Arts & Festivals au Plan de la Tour \u2013 Ancien Presbyt\u00e8re<\/h2>\n            \n          <div class=\"grid__sub\">\n            <div class=\"grid__datetime\">\n              <span class=\"grid__commune\">\n                <i class=\"fa-thin fa-map-marker-alt\"><\/i>&nbsp;\n                <span>Rue Abb\u00e9 Spariat<\/span>&nbsp;                                                -&nbsp;                Le Plan de la Tour              <\/span>\n            <\/div>\n          <\/div>\n        <\/div>\n      <\/a>\n    <\/div>\n      <div class=\"grid__item\">\n      <a href=\"\/fr\/animation\/culture\/le-plan-de-la-tour\/circuit-decouverte-visite-du-village-5194258\/\" class=\"single-item\">\n        <div class=\"grid__img\">\n                      <img loading=\"lazy\" decoding=\"async\" src=\"\/wp-content\/plugins\/apidae\/public\/files\/mini\/circuit-decouverte-visite-du-village_5194258_1.jpg\" alt=\"A la d\u00e9couverte du village\"\n              title=\"A la d\u00e9couverte du village\" width=\"640\" height=\"300\" \/>\n                  <\/div>\n        <div class=\"grid__inner\">\n          <div class=\"date\">\n                          <div class=\"date-double\">\n                                <div class=\"dateDebut\">\n                  <span class=\"day\"> 1<\/span>\n                  <span class=\"month\">sep.<\/span>\n                                  <\/div>\n                <i class=\"fa-light fa-chevron-right\"><\/i>\n                                <div class=\"dateFin\">\n                  <span class=\"day\">30<\/span>\n                  <span class=\"month\">sep.<\/span>\n                                  <\/div>\n              <\/div>\n                      <\/div>\n  \n                      <div class=\"gotto\">\n                                                                  Visite avec un support num\u00e9rique<br>\n                                                                                                                                                <\/div>\n            \n          <h2 class=\"formattedText\">Circuit d\u00e9couverte - Visite du Village<\/h2>\n            \n          <div class=\"grid__sub\">\n            <div class=\"grid__datetime\">\n              <span class=\"grid__commune\">\n                <i class=\"fa-thin fa-map-marker-alt\"><\/i>&nbsp;\n                <span>1 Place Cl\u00e9menceau<\/span>&nbsp;                                                -&nbsp;                Le Plan de la Tour              <\/span>\n            <\/div>\n          <\/div>\n        <\/div>\n      <\/a>\n    <\/div>\n      <div class=\"grid__item\">\n      <a href=\"\/fr\/animation\/sports\/le-plan-de-la-tour\/petanque-concours-tournois-7416285\/\" class=\"single-item\">\n        <div class=\"grid__img\">\n                      <img loading=\"lazy\" decoding=\"async\" src=\"\/wp-content\/plugins\/apidae\/public\/files\/mini\/petanque-concours-tournois_7416285_1.jpg\" alt=\"calendrier\"\n              title=\"calendrier\" width=\"640\" height=\"300\" \/>\n                  <\/div>\n        <div class=\"grid__inner\">\n          <div class=\"date\">\n                          <div class=\"date-double\">\n                                <div class=\"dateDebut\">\n                  <span class=\"day\"> 1<\/span>\n                  <span class=\"month\">sep.<\/span>\n                                  <\/div>\n                <i class=\"fa-light fa-chevron-right\"><\/i>\n                                <div class=\"dateFin\">\n                  <span class=\"day\">30<\/span>\n                  <span class=\"month\">sep.<\/span>\n                                  <\/div>\n              <\/div>\n                      <\/div>\n  \n                      <div class=\"gotto\">\n                                                                  Comp\u00e9tition sportive<br>\n                                                                                                                                                <\/div>\n            \n          <h2 class=\"formattedText\">P\u00e9tanque - Concours - Tournois<\/h2>\n            \n          <div class=\"grid__sub\">\n            <div class=\"grid__datetime\">\n              <span class=\"grid__commune\">\n                <i class=\"fa-thin fa-map-marker-alt\"><\/i>&nbsp;\n                <span>Boulevard du Mar\u00e9chal Gallieni<\/span>&nbsp;                                                -&nbsp;                Le Plan de la Tour              <\/span>\n            <\/div>\n          <\/div>\n        <\/div>\n      <\/a>\n    <\/div>\n      <div class=\"grid__item\">\n      <a href=\"\/fr\/animation\/nature-et-detente\/ramatuelle\/cours-de-yoga-avec-lassociation-de-yoga-du-foyer-rural-de-ramatuelle-6542967\/\" class=\"single-item\">\n        <div class=\"grid__img\">\n                      <img loading=\"lazy\" decoding=\"async\" src=\"\/wp-content\/plugins\/apidae\/public\/files\/mini\/cours-de-yoga-avec-lassociation-de-yoga-du-foyer-rural-de-ramatuelle_6542967_1.jpg\" alt=\"Yoga\"\n              title=\"Yoga\" width=\"640\" height=\"300\" \/>\n                  <\/div>\n        <div class=\"grid__inner\">\n          <div class=\"date\">\n                          <div class=\"date-double\">\n                                <div class=\"dateDebut\">\n                  <span class=\"day\"> 3<\/span>\n                  <span class=\"month\">sep.<\/span>\n                                  <\/div>\n                <i class=\"fa-light fa-chevron-right\"><\/i>\n                                <div class=\"dateFin\">\n                  <span class=\"day\">30<\/span>\n                  <span class=\"month\">sep.<\/span>\n                                  <\/div>\n              <\/div>\n                      <\/div>\n  \n                      <div class=\"gotto\">\n                              Nature et d\u00e9tente\n                                        <\/div>\n            \n          <h2 class=\"formattedText\">Cours de yoga avec l\u2019association de yoga du Foyer Rural de Ramatuelle<\/h2>\n            \n          <div class=\"grid__sub\">\n            <div class=\"grid__datetime\">\n              <span class=\"grid__commune\">\n                <i class=\"fa-thin fa-map-marker-alt\"><\/i>&nbsp;\n                <span>Chemin de la Calade<\/span>&nbsp;                                                -&nbsp;                Ramatuelle              <\/span>\n            <\/div>\n          <\/div>\n        <\/div>\n      <\/a>\n    <\/div>\n      <div class=\"grid__item\">\n      <a href=\"\/fr\/animation\/culture\/ramatuelle\/exposition-les-artistes-de-ramatuelle-6905816\/\" class=\"single-item\">\n        <div class=\"grid__img\">\n                      <img loading=\"lazy\" decoding=\"async\" src=\"\/wp-content\/plugins\/apidae\/public\/files\/mini\/exposition-les-artistes-de-ramatuelle_6905816_1.jpg\" alt=\"Pixabay\"\n              title=\"Pixabay\" width=\"640\" height=\"300\" \/>\n                  <\/div>\n        <div class=\"grid__inner\">\n          <div class=\"date\">\n                          <div class=\"date-double\">\n                                <div class=\"dateDebut\">\n                  <span class=\"day\"> 1<\/span>\n                  <span class=\"month\">sep.<\/span>\n                                  <\/div>\n                <i class=\"fa-light fa-chevron-right\"><\/i>\n                                <div class=\"dateFin\">\n                  <span class=\"day\">13<\/span>\n                  <span class=\"month\">sep.<\/span>\n                                  <\/div>\n              <\/div>\n                      <\/div>\n  \n                      <div class=\"gotto\">\n                                                                  Exposition<br>\n                                                                                                                                                <\/div>\n            \n          <h2 class=\"formattedText\">Exposition - Les artistes de Ramatuelle<\/h2>\n            \n          <div class=\"grid__sub\">\n            <div class=\"grid__datetime\">\n              <span class=\"grid__commune\">\n                <i class=\"fa-thin fa-map-marker-alt\"><\/i>&nbsp;\n                <span>Place Gabriel Peri<\/span>&nbsp;                                                -&nbsp;                Ramatuelle              <\/span>\n            <\/div>\n          <\/div>\n        <\/div>\n      <\/a>\n    <\/div>\n      <div class=\"grid__item\">\n      <a href=\"\/fr\/animation\/culture\/ramatuelle\/exposition-photo-humour-et-democratie-7917362\/\" class=\"single-item\">\n        <div class=\"grid__img\">\n                      <img loading=\"lazy\" decoding=\"async\" src=\"\/wp-content\/plugins\/apidae\/public\/files\/mini\/exposition-photo-humour-et-democratie_7917362_1.jpg\" alt=\"\"\n              title=\"\" width=\"640\" height=\"300\" \/>\n                  <\/div>\n        <div class=\"grid__inner\">\n          <div class=\"date\">\n                          <div class=\"date-double\">\n                                <div class=\"dateDebut\">\n                  <span class=\"day\"> 1<\/span>\n                  <span class=\"month\">sep.<\/span>\n                                  <\/div>\n                <i class=\"fa-light fa-chevron-right\"><\/i>\n                                <div class=\"dateFin\">\n                  <span class=\"day\">30<\/span>\n                  <span class=\"month\">juin<\/span>\n                                  <\/div>\n              <\/div>\n                      <\/div>\n  \n                      <div class=\"gotto\">\n                                                                  Exposition<br>\n                                                                                                                                                <\/div>\n            \n          <h2 class=\"formattedText\">Exposition photo - Humour et D\u00e9mocratie<\/h2>\n            \n          <div class=\"grid__sub\">\n            <div class=\"grid__datetime\">\n              <span class=\"grid__commune\">\n                <i class=\"fa-thin fa-map-marker-alt\"><\/i>&nbsp;\n                                                                                Ramatuelle              <\/span>\n            <\/div>\n          <\/div>\n        <\/div>\n      <\/a>\n    <\/div>\n      <div class=\"grid__item\">\n      <a href=\"\/fr\/animation\/distractions-et-loisirs\/ramatuelle\/forum-des-associations-7490073\/\" class=\"single-item\">\n        <div class=\"grid__img\">\n                      <img loading=\"lazy\" decoding=\"async\" src=\"\/wp-content\/plugins\/apidae\/public\/files\/mini\/forum-des-associations_7490073_1.png\" alt=\"\"\n              title=\"\" width=\"640\" height=\"300\" \/>\n                  <\/div>\n        <div class=\"grid__inner\">\n          <div class=\"date\">\n                          <div class=\"date-simple\">\n                <div class=\"dateDebut\">\n                  <span class=\"day\"> 4<\/span>\n                  <span class=\"month\">sep.<\/span>\n                                  <\/div>\n              <\/div>\n                      <\/div>\n  \n                      <div class=\"gotto\">\n                                                                  Forum<br>\n                                                                                                                                                <\/div>\n            \n          <h2 class=\"formattedText\">Forum des associations<\/h2>\n            \n          <div class=\"grid__sub\">\n            <div class=\"grid__datetime\">\n              <span class=\"grid__commune\">\n                <i class=\"fa-thin fa-map-marker-alt\"><\/i>&nbsp;\n                <span>La Rocade<\/span>&nbsp;                                                -&nbsp;                Ramatuelle              <\/span>\n            <\/div>\n          <\/div>\n        <\/div>\n      <\/a>\n    <\/div>\n      <div class=\"grid__item\">\n      <a href=\"\/fr\/animation\/nature-et-detente\/ramatuelle\/les-matins-bien-etre-au-moulin-en-septembre-7657519\/\" class=\"single-item\">\n        <div class=\"grid__img\">\n                      <img loading=\"lazy\" decoding=\"async\" src=\"\/wp-content\/plugins\/apidae\/public\/files\/mini\/les-matins-bien-etre-au-moulin-en-septembre_7657519_1.jpg\" alt=\"Les matins bien-\u00eatre\"\n              title=\"Les matins bien-\u00eatre\" width=\"640\" height=\"300\" \/>\n                  <\/div>\n        <div class=\"grid__inner\">\n          <div class=\"date\">\n                          <div class=\"date-double\">\n                                <div class=\"dateDebut\">\n                  <span class=\"day\"> 4<\/span>\n                  <span class=\"month\">sep.<\/span>\n                                  <\/div>\n                <i class=\"fa-light fa-chevron-right\"><\/i>\n                                <div class=\"dateFin\">\n                  <span class=\"day\">25<\/span>\n                  <span class=\"month\">sep.<\/span>\n                                  <\/div>\n              <\/div>\n                      <\/div>\n  \n                      <div class=\"gotto\">\n                              Nature et d\u00e9tente\n                                        <\/div>\n            \n          <h2 class=\"formattedText\">Les matins bien-\u00eatre au Moulin en septembre<\/h2>\n            \n          <div class=\"grid__sub\">\n            <div class=\"grid__datetime\">\n              <span class=\"grid__commune\">\n                <i class=\"fa-thin fa-map-marker-alt\"><\/i>&nbsp;\n                <span>Route des Moulins de Paillas<\/span>&nbsp;                                                -&nbsp;                Ramatuelle              <\/span>\n            <\/div>\n          <\/div>\n        <\/div>\n      <\/a>\n    <\/div>\n      <div class=\"grid__item\">\n      <a href=\"\/fr\/animation\/distractions-et-loisirs\/ramatuelle\/les-soirees-du-camping-ladouceur-7836515\/\" class=\"single-item\">\n        <div class=\"grid__img\">\n                      <img loading=\"lazy\" decoding=\"async\" src=\"\/wp-content\/plugins\/apidae\/public\/files\/mini\/les-soirees-du-camping-ladouceur_7836515_1.jpg\" alt=\"Les soir\u00e9es du camping Ladouceur\"\n              title=\"Les soir\u00e9es du camping Ladouceur\" width=\"640\" height=\"300\" \/>\n                  <\/div>\n        <div class=\"grid__inner\">\n          <div class=\"date\">\n                          <div class=\"date-double\">\n                                <div class=\"dateDebut\">\n                  <span class=\"day\"> 4<\/span>\n                  <span class=\"month\">sep.<\/span>\n                                  <\/div>\n                <i class=\"fa-light fa-chevron-right\"><\/i>\n                                <div class=\"dateFin\">\n                  <span class=\"day\"> 4<\/span>\n                  <span class=\"month\">oct.<\/span>\n                                  <\/div>\n              <\/div>\n                      <\/div>\n  \n                      <div class=\"gotto\">\n                                                                  D\u00eener \/ Repas spectacle<br>\n                                                                                                                                                <\/div>\n            \n          <h2 class=\"formattedText\">Les soir\u00e9es du camping Ladouceur<\/h2>\n            \n          <div class=\"grid__sub\">\n            <div class=\"grid__datetime\">\n              <span class=\"grid__commune\">\n                <i class=\"fa-thin fa-map-marker-alt\"><\/i>&nbsp;\n                <span>Snack la terrasse<\/span>&nbsp;                <span>1256 Route de l'Escalet<\/span>&nbsp;                                -&nbsp;                Ramatuelle              <\/span>\n            <\/div>\n          <\/div>\n        <\/div>\n      <\/a>\n    <\/div>\n      <div class=\"grid__item\">\n      <a href=\"\/fr\/animation\/culture\/ramatuelle\/memorial-a-s-s-d-n-4878717\/\" class=\"single-item\">\n        <div class=\"grid__img\">\n                      <img loading=\"lazy\" decoding=\"async\" src=\"\/wp-content\/plugins\/apidae\/public\/files\/mini\/memorial-a-s-s-d-n_4878717_1.jpg\" alt=\"OTC Ramatuelle\"\n              title=\"OTC Ramatuelle\" width=\"640\" height=\"300\" \/>\n                  <\/div>\n        <div class=\"grid__inner\">\n          <div class=\"date\">\n                          <div class=\"date-double\">\n                                <div class=\"dateDebut\">\n                  <span class=\"day\"> 1<\/span>\n                  <span class=\"month\">sep.<\/span>\n                                  <\/div>\n                <i class=\"fa-light fa-chevron-right\"><\/i>\n                                <div class=\"dateFin\">\n                  <span class=\"day\">30<\/span>\n                  <span class=\"month\">sep.<\/span>\n                                  <\/div>\n              <\/div>\n                      <\/div>\n  \n                      <div class=\"gotto\">\n                                                                  Visite guid\u00e9e et\/ou comment\u00e9e<br>\n                                                                                                                                                <\/div>\n            \n          <h2 class=\"formattedText\">M\u00e9morial A.S.S.D.N<\/h2>\n            \n          <div class=\"grid__sub\">\n            <div class=\"grid__datetime\">\n              <span class=\"grid__commune\">\n                <i class=\"fa-thin fa-map-marker-alt\"><\/i>&nbsp;\n                <span>Square Alsfasser<\/span>&nbsp;                                                -&nbsp;                Ramatuelle              <\/span>\n            <\/div>\n          <\/div>\n        <\/div>\n      <\/a>\n    <\/div>\n      <div class=\"grid__item\">\n      <a href=\"\/fr\/animation\/distractions-et-loisirs\/ramatuelle\/pret-de-boules-de-petanque-7522570\/\" class=\"single-item\">\n        <div class=\"grid__img\">\n                      <img loading=\"lazy\" decoding=\"async\" src=\"\/wp-content\/plugins\/apidae\/public\/files\/mini\/pret-de-boules-de-petanque_7522570_1.jpg\" alt=\"Pr\u00eat de boules de p\u00e9tanque\"\n              title=\"Pr\u00eat de boules de p\u00e9tanque\" width=\"640\" height=\"300\" \/>\n                  <\/div>\n        <div class=\"grid__inner\">\n          <div class=\"date\">\n                          <div class=\"date-double\">\n                                <div class=\"dateDebut\">\n                  <span class=\"day\"> 1<\/span>\n                  <span class=\"month\">sep.<\/span>\n                                  <\/div>\n                <i class=\"fa-light fa-chevron-right\"><\/i>\n                                <div class=\"dateFin\">\n                  <span class=\"day\">30<\/span>\n                  <span class=\"month\">sep.<\/span>\n                                  <\/div>\n              <\/div>\n                      <\/div>\n  \n                      <div class=\"gotto\">\n                                                                  Traditions<br>\n                                                                                                                                                <\/div>\n            \n          <h2 class=\"formattedText\">Pr\u00eat de boules de p\u00e9tanque<\/h2>\n            \n          <div class=\"grid__sub\">\n            <div class=\"grid__datetime\">\n              <span class=\"grid__commune\">\n                <i class=\"fa-thin fa-map-marker-alt\"><\/i>&nbsp;\n                <span>Place de l'Ormeau<\/span>&nbsp;                                                -&nbsp;                Ramatuelle              <\/span>\n            <\/div>\n          <\/div>\n        <\/div>\n      <\/a>\n    <\/div>\n      <div class=\"grid__item\">\n      <a href=\"\/fr\/animation\/distractions-et-loisirs\/ramatuelle\/promenade-botanique-4601596\/\" class=\"single-item\">\n        <div class=\"grid__img\">\n                      <img loading=\"lazy\" decoding=\"async\" src=\"\/wp-content\/plugins\/apidae\/public\/files\/mini\/promenade-botanique_4601596_1.jpg\" alt=\"OTC Ramatuelle\"\n              title=\"OTC Ramatuelle\" width=\"640\" height=\"300\" \/>\n                  <\/div>\n        <div class=\"grid__inner\">\n          <div class=\"date\">\n                          <div class=\"date-double\">\n                                <div class=\"dateDebut\">\n                  <span class=\"day\"> 1<\/span>\n                  <span class=\"month\">sep.<\/span>\n                                  <\/div>\n                <i class=\"fa-light fa-chevron-right\"><\/i>\n                                <div class=\"dateFin\">\n                  <span class=\"day\">30<\/span>\n                  <span class=\"month\">sep.<\/span>\n                                  <\/div>\n              <\/div>\n                      <\/div>\n  \n                      <div class=\"gotto\">\n                              Distractions et loisirs\n                                        <\/div>\n            \n          <h2 class=\"formattedText\">Promenade Botanique<\/h2>\n            \n          <div class=\"grid__sub\">\n            <div class=\"grid__datetime\">\n              <span class=\"grid__commune\">\n                <i class=\"fa-thin fa-map-marker-alt\"><\/i>&nbsp;\n                                                                                Ramatuelle              <\/span>\n            <\/div>\n          <\/div>\n        <\/div>\n      <\/a>\n    <\/div>\n      <div class=\"grid__item\">\n      <a href=\"\/fr\/animation\/nature-et-detente\/ramatuelle\/sentier-marin-de-pampelonne-balade-accompagnee-5574473\/\" class=\"single-item\">\n        <div class=\"grid__img\">\n                      <img loading=\"lazy\" decoding=\"async\" src=\"\/wp-content\/plugins\/apidae\/public\/files\/mini\/sentier-marin-de-pampelonne-balade-accompagnee_5574473_1.jpg\" alt=\"FloBeau\"\n              title=\"FloBeau\" width=\"640\" height=\"300\" \/>\n                  <\/div>\n        <div class=\"grid__inner\">\n          <div class=\"date\">\n                          <div class=\"date-double\">\n                                <div class=\"dateDebut\">\n                  <span class=\"day\"> 1<\/span>\n                  <span class=\"month\">sep.<\/span>\n                                  <\/div>\n                <i class=\"fa-light fa-chevron-right\"><\/i>\n                                <div class=\"dateFin\">\n                  <span class=\"day\">15<\/span>\n                  <span class=\"month\">sep.<\/span>\n                                  <\/div>\n              <\/div>\n                      <\/div>\n  \n                      <div class=\"gotto\">\n                              Nature et d\u00e9tente\n                                        <\/div>\n            \n          <h2 class=\"formattedText\">Sentier marin de Pampelonne & Balade accompagn\u00e9e<\/h2>\n            \n          <div class=\"grid__sub\">\n            <div class=\"grid__datetime\">\n              <span class=\"grid__commune\">\n                <i class=\"fa-thin fa-map-marker-alt\"><\/i>&nbsp;\n                                                                                Ramatuelle              <\/span>\n            <\/div>\n          <\/div>\n        <\/div>\n      <\/a>\n    <\/div>\n      <div class=\"grid__item\">\n      <a href=\"\/fr\/animation\/culture\/ramatuelle\/visite-du-phare-de-camarat-7344178\/\" class=\"single-item\">\n        <div class=\"grid__img\">\n                      <img loading=\"lazy\" decoding=\"async\" src=\"\/wp-content\/plugins\/apidae\/public\/files\/mini\/visite-du-phare-de-camarat_7344178_1.jpg\" alt=\"Phare de Camarat\"\n              title=\"Phare de Camarat\" width=\"640\" height=\"300\" \/>\n                  <\/div>\n        <div class=\"grid__inner\">\n          <div class=\"date\">\n                          <div class=\"date-double\">\n                                <div class=\"dateDebut\">\n                  <span class=\"day\"> 2<\/span>\n                  <span class=\"month\">sep.<\/span>\n                                  <\/div>\n                <i class=\"fa-light fa-chevron-right\"><\/i>\n                                <div class=\"dateFin\">\n                  <span class=\"day\">30<\/span>\n                  <span class=\"month\">sep.<\/span>\n                                  <\/div>\n              <\/div>\n                      <\/div>\n  \n                      <div class=\"gotto\">\n                                                                  Visite guid\u00e9e et\/ou comment\u00e9e<br>\n                                                                                                                                                <\/div>\n            \n          <h2 class=\"formattedText\">Visite du Phare de Camarat<\/h2>\n            \n          <div class=\"grid__sub\">\n            <div class=\"grid__datetime\">\n              <span class=\"grid__commune\">\n                <i class=\"fa-thin fa-map-marker-alt\"><\/i>&nbsp;\n                                                                                Ramatuelle              <\/span>\n            <\/div>\n          <\/div>\n        <\/div>\n      <\/a>\n    <\/div>\n      <div class=\"grid__item\">\n      <a href=\"\/fr\/animation\/culture\/rayol-canadel-sur-mer\/exposition-le-paysage-de-gloria-par-vanina-langer-et-magali-wehrung-5460063\/\" class=\"single-item\">\n        <div class=\"grid__img\">\n                      <img loading=\"lazy\" decoding=\"async\" src=\"\/wp-content\/plugins\/apidae\/public\/files\/mini\/exposition-le-paysage-de-gloria-par-vanina-langer-et-magali-wehrung_5460063_1.jpg\" alt=\"Exposition  \u00ab Le paysage de Gloria \u00bb Par Vanina Langer et Magali Wehrung_Rayol-Canadel sur Mer\"\n              title=\"Exposition  \u00ab Le paysage de Gloria \u00bb Par Vanina Langer et Magali Wehrung_Rayol-Canadel sur Mer\" width=\"640\" height=\"300\" \/>\n                  <\/div>\n        <div class=\"grid__inner\">\n          <div class=\"date\">\n                          <div class=\"date-double\">\n                                <div class=\"dateDebut\">\n                  <span class=\"day\"> 1<\/span>\n                  <span class=\"month\">sep.<\/span>\n                                  <\/div>\n                <i class=\"fa-light fa-chevron-right\"><\/i>\n                                <div class=\"dateFin\">\n                  <span class=\"day\">20<\/span>\n                  <span class=\"month\">sep.<\/span>\n                                  <\/div>\n              <\/div>\n                      <\/div>\n  \n                      <div class=\"gotto\">\n                                                                  Exposition<br>\n                                                                                                                                                <\/div>\n            \n          <h2 class=\"formattedText\">Exposition  \u00ab Le paysage de Gloria \u00bb par Vanina Langer et Magali Wehrung<\/h2>\n            \n          <div class=\"grid__sub\">\n            <div class=\"grid__datetime\">\n              <span class=\"grid__commune\">\n                <i class=\"fa-thin fa-map-marker-alt\"><\/i>&nbsp;\n                <span>Avenue Jacques Chirac<\/span>&nbsp;                                                -&nbsp;                Rayol-Canadel-sur-Mer              <\/span>\n            <\/div>\n          <\/div>\n        <\/div>\n      <\/a>\n    <\/div>\n      <div class=\"grid__item\">\n      <a href=\"\/fr\/animation\/culture\/rayol-canadel-sur-mer\/exposition-de-peinture-7932685\/\" class=\"single-item\">\n        <div class=\"grid__img\">\n                      <img loading=\"lazy\" decoding=\"async\" src=\"\/wp-content\/plugins\/apidae\/public\/files\/mini\/exposition-de-peinture_7932685_1.jpg\" alt=\"Exposition de Peinture\"\n              title=\"Exposition de Peinture\" width=\"640\" height=\"300\" \/>\n                  <\/div>\n        <div class=\"grid__inner\">\n          <div class=\"date\">\n                          <div class=\"date-double\">\n                                <div class=\"dateDebut\">\n                  <span class=\"day\"> 1<\/span>\n                  <span class=\"month\">sep.<\/span>\n                                  <\/div>\n                <i class=\"fa-light fa-chevron-right\"><\/i>\n                                <div class=\"dateFin\">\n                  <span class=\"day\">30<\/span>\n                  <span class=\"month\">sep.<\/span>\n                                  <\/div>\n              <\/div>\n                      <\/div>\n  \n                      <div class=\"gotto\">\n                                                                  Exposition<br>\n                                                                                                                                                <\/div>\n            \n          <h2 class=\"formattedText\">Exposition de Peinture<\/h2>\n            \n          <div class=\"grid__sub\">\n            <div class=\"grid__datetime\">\n              <span class=\"grid__commune\">\n                <i class=\"fa-thin fa-map-marker-alt\"><\/i>&nbsp;\n                <span>Avenue F.Mistral<\/span>&nbsp;                                                -&nbsp;                Rayol-Canadel-sur-Mer              <\/span>\n            <\/div>\n          <\/div>\n        <\/div>\n      <\/a>\n    <\/div>\n      <div class=\"grid__item\">\n      <a href=\"\/fr\/animation\/messes-au-rayol-canadel-sur-mer-7189527\/\" class=\"single-item\">\n        <div class=\"grid__img\">\n                      <img loading=\"lazy\" decoding=\"async\" src=\"\/wp-content\/plugins\/apidae\/public\/files\/mini\/messes-au-rayol-canadel-sur-mer_7189527_1.jpg\" alt=\"Eglise Sainte Th\u00e9r\u00e8se de l'Enfant J\u00e9sus\"\n              title=\"Eglise Sainte Th\u00e9r\u00e8se de l'Enfant J\u00e9sus\" width=\"640\" height=\"300\" \/>\n                  <\/div>\n        <div class=\"grid__inner\">\n          <div class=\"date\">\n                          <div class=\"date-double\">\n                                <div class=\"dateDebut\">\n                  <span class=\"day\"> 1<\/span>\n                  <span class=\"month\">sep.<\/span>\n                                  <\/div>\n                <i class=\"fa-light fa-chevron-right\"><\/i>\n                                <div class=\"dateFin\">\n                  <span class=\"day\">30<\/span>\n                  <span class=\"month\">sep.<\/span>\n                                  <\/div>\n              <\/div>\n                      <\/div>\n  \n                      <div class=\"gotto\">\n                                                                  C\u00e9l\u00e9bration religieuse<br>\n                                                                                                                                                <\/div>\n            \n          <h2 class=\"formattedText\">Messes au Rayol Canadel sur Mer<\/h2>\n            \n          <div class=\"grid__sub\">\n            <div class=\"grid__datetime\">\n              <span class=\"grid__commune\">\n                <i class=\"fa-thin fa-map-marker-alt\"><\/i>&nbsp;\n                                                                                Rayol-Canadel-sur-Mer              <\/span>\n            <\/div>\n          <\/div>\n        <\/div>\n      <\/a>\n    <\/div>\n      <div class=\"grid__item\">\n      <a href=\"\/fr\/animation\/plongee-diving-7887095\/\" class=\"single-item\">\n        <div class=\"grid__img\">\n                      <img loading=\"lazy\" decoding=\"async\" src=\"\/wp-content\/plugins\/apidae\/public\/files\/mini\/plongee-diving_7887095_1.jpg\" alt=\"Plong\u00e9e \/ Diving\"\n              title=\"Plong\u00e9e \/ Diving\" width=\"640\" height=\"300\" \/>\n                  <\/div>\n        <div class=\"grid__inner\">\n          <div class=\"date\">\n                          <div class=\"date-double\">\n                                <div class=\"dateDebut\">\n                  <span class=\"day\"> 1<\/span>\n                  <span class=\"month\">sep.<\/span>\n                                  <\/div>\n                <i class=\"fa-light fa-chevron-right\"><\/i>\n                                <div class=\"dateFin\">\n                  <span class=\"day\">31<\/span>\n                  <span class=\"month\">oct.<\/span>\n                                  <\/div>\n              <\/div>\n                      <\/div>\n  \n            \n          <h2 class=\"formattedText\">Plong\u00e9e \/ Diving<\/h2>\n            \n          <div class=\"grid__sub\">\n            <div class=\"grid__datetime\">\n              <span class=\"grid__commune\">\n                <i class=\"fa-thin fa-map-marker-alt\"><\/i>&nbsp;\n                                                                                Rayol-Canadel-sur-Mer              <\/span>\n            <\/div>\n          <\/div>\n        <\/div>\n      <\/a>\n    <\/div>\n      <div class=\"grid__item\">\n      <a href=\"\/fr\/animation\/distractions-et-loisirs\/rayol-canadel-sur-mer\/sentier-sous-marin-7384253\/\" class=\"single-item\">\n        <div class=\"grid__img\">\n                      <img loading=\"lazy\" decoding=\"async\" src=\"\/wp-content\/plugins\/apidae\/public\/files\/mini\/sentier-sous-marin_7384253_1.jpg\" alt=\"Sentier sous-marin\"\n              title=\"Sentier sous-marin\" width=\"640\" height=\"300\" \/>\n                  <\/div>\n        <div class=\"grid__inner\">\n          <div class=\"date\">\n                          <div class=\"date-double\">\n                                <div class=\"dateDebut\">\n                  <span class=\"day\"> 1<\/span>\n                  <span class=\"month\">sep.<\/span>\n                                  <\/div>\n                <i class=\"fa-light fa-chevron-right\"><\/i>\n                                <div class=\"dateFin\">\n                  <span class=\"day\">13<\/span>\n                  <span class=\"month\">sep.<\/span>\n                                  <\/div>\n              <\/div>\n                      <\/div>\n  \n                      <div class=\"gotto\">\n                                                                  Visite guid\u00e9e et\/ou comment\u00e9e<br>\n                                                                                                                                                <\/div>\n            \n          <h2 class=\"formattedText\">Sentier sous-marin<\/h2>\n            \n          <div class=\"grid__sub\">\n            <div class=\"grid__datetime\">\n              <span class=\"grid__commune\">\n                <i class=\"fa-thin fa-map-marker-alt\"><\/i>&nbsp;\n                <span>Avenue Jacques Chirac<\/span>&nbsp;                                                -&nbsp;                Rayol-Canadel-sur-Mer              <\/span>\n            <\/div>\n          <\/div>\n        <\/div>\n      <\/a>\n    <\/div>\n      <div class=\"grid__item\">\n      <a href=\"\/fr\/animation\/distractions-et-loisirs\/rayol-canadel-sur-mer\/sunset-musical-7703469\/\" class=\"single-item\">\n        <div class=\"grid__img\">\n                      <img loading=\"lazy\" decoding=\"async\" src=\"\/wp-content\/plugins\/apidae\/public\/files\/mini\/sunset-musical_7703469_1.jpg\" alt=\"Tropicana Club\"\n              title=\"Tropicana Club\" width=\"640\" height=\"300\" \/>\n                  <\/div>\n        <div class=\"grid__inner\">\n          <div class=\"date\">\n                          <div class=\"date-double\">\n                                <div class=\"dateDebut\">\n                  <span class=\"day\"> 4<\/span>\n                  <span class=\"month\">sep.<\/span>\n                                  <\/div>\n                <i class=\"fa-light fa-chevron-right\"><\/i>\n                                <div class=\"dateFin\">\n                  <span class=\"day\">25<\/span>\n                  <span class=\"month\">sep.<\/span>\n                                  <\/div>\n              <\/div>\n                      <\/div>\n  \n                      <div class=\"gotto\">\n                              Distractions et loisirs\n                                        <\/div>\n            \n          <h2 class=\"formattedText\">Sunset musical<\/h2>\n            \n          <div class=\"grid__sub\">\n            <div class=\"grid__datetime\">\n              <span class=\"grid__commune\">\n                <i class=\"fa-thin fa-map-marker-alt\"><\/i>&nbsp;\n                <span>plage du Canadel<\/span>&nbsp;                <span>avenue du Docteur Ratynski<\/span>&nbsp;                                -&nbsp;                Rayol-Canadel-sur-Mer              <\/span>\n            <\/div>\n          <\/div>\n        <\/div>\n      <\/a>\n    <\/div>\n      <div class=\"grid__item\">\n      <a href=\"\/fr\/animation\/culture\/rayol-canadel-sur-mer\/visite-guidee-du-jardin-des-mediterranees-4974382\/\" class=\"single-item\">\n        <div class=\"grid__img\">\n                      <img loading=\"lazy\" decoding=\"async\" src=\"\/wp-content\/plugins\/apidae\/public\/files\/mini\/visite-guidee-du-jardin-des-mediterranees_4974382_1.jpg\" alt=\"Visite guid\u00e9e du Jardin des M\u00e9diterran\u00e9es_Rayol-Canadel sur Mer\"\n              title=\"Visite guid\u00e9e du Jardin des M\u00e9diterran\u00e9es_Rayol-Canadel sur Mer\" width=\"640\" height=\"300\" \/>\n                  <\/div>\n        <div class=\"grid__inner\">\n          <div class=\"date\">\n                          <div class=\"date-double\">\n                                <div class=\"dateDebut\">\n                  <span class=\"day\"> 1<\/span>\n                  <span class=\"month\">sep.<\/span>\n                                  <\/div>\n                <i class=\"fa-light fa-chevron-right\"><\/i>\n                                <div class=\"dateFin\">\n                  <span class=\"day\">30<\/span>\n                  <span class=\"month\">sep.<\/span>\n                                  <\/div>\n              <\/div>\n                      <\/div>\n  \n                      <div class=\"gotto\">\n                                                                  Visite guid\u00e9e et\/ou comment\u00e9e<br>\n                                                                                                                                                <\/div>\n            \n          <h2 class=\"formattedText\">Visite guid\u00e9e du Jardin des M\u00e9diterran\u00e9es<\/h2>\n            \n          <div class=\"grid__sub\">\n            <div class=\"grid__datetime\">\n              <span class=\"grid__commune\">\n                <i class=\"fa-thin fa-map-marker-alt\"><\/i>&nbsp;\n                <span>Avenue Jacques Chirac<\/span>&nbsp;                                                -&nbsp;                Rayol-Canadel-sur-Mer              <\/span>\n            <\/div>\n          <\/div>\n        <\/div>\n      <\/a>\n    <\/div>\n      <div class=\"grid__item\">\n      <a href=\"\/fr\/animation\/distractions-et-loisirs\/saint-tropez\/exposition-de-la-caserne-au-musee10-ans-deja-7883369\/\" class=\"single-item\">\n        <div class=\"grid__img\">\n                      <img loading=\"lazy\" decoding=\"async\" src=\"https:\/\/static.apidae-tourisme.com\/filestore\/objets-touristiques\/images\/35\/136\/41846819-diaporama.jpg\" alt=\"\"\n              title=\"\" width=\"640\" height=\"300\" \/>\n                  <\/div>\n        <div class=\"grid__inner\">\n          <div class=\"date\">\n                          <div class=\"date-double\">\n                                <div class=\"dateDebut\">\n                  <span class=\"day\"> 1<\/span>\n                  <span class=\"month\">sep.<\/span>\n                                  <\/div>\n                <i class=\"fa-light fa-chevron-right\"><\/i>\n                                <div class=\"dateFin\">\n                  <span class=\"day\">31<\/span>\n                  <span class=\"month\">d\u00e9c.<\/span>\n                                  <\/div>\n              <\/div>\n                      <\/div>\n  \n                      <div class=\"gotto\">\n                                                                  Exposition<br>\n                                                                                                                                                <\/div>\n            \n          <h2 class=\"formattedText\">Exposition - De la caserne au mus\u00e9e\u202610 ans d\u00e9j\u00e0<\/h2>\n            \n          <div class=\"grid__sub\">\n            <div class=\"grid__datetime\">\n              <span class=\"grid__commune\">\n                <i class=\"fa-thin fa-map-marker-alt\"><\/i>&nbsp;\n                                <span>2, place Blanqui<\/span>&nbsp;                                -&nbsp;                Saint-Tropez              <\/span>\n            <\/div>\n          <\/div>\n        <\/div>\n      <\/a>\n    <\/div>\n      <div class=\"grid__item\">\n      <a href=\"\/fr\/animation\/culture\/saint-tropez\/exposition-henri-person-une-personnalite-tropezienne-notoire-7622381\/\" class=\"single-item\">\n        <div class=\"grid__img\">\n                      <img loading=\"lazy\" decoding=\"async\" src=\"https:\/\/static.apidae-tourisme.com\/filestore\/objets-touristiques\/images\/195\/175\/38186947-diaporama.jpg\" alt=\"\"\n              title=\"\" width=\"640\" height=\"300\" \/>\n                  <\/div>\n        <div class=\"grid__inner\">\n          <div class=\"date\">\n                          <div class=\"date-double\">\n                                <div class=\"dateDebut\">\n                  <span class=\"day\"> 1<\/span>\n                  <span class=\"month\">sep.<\/span>\n                                  <\/div>\n                <i class=\"fa-light fa-chevron-right\"><\/i>\n                                <div class=\"dateFin\">\n                  <span class=\"day\"> 4<\/span>\n                  <span class=\"month\">oct.<\/span>\n                                  <\/div>\n              <\/div>\n                      <\/div>\n  \n                      <div class=\"gotto\">\n                                                                  Exposition<br>\n                                                                                                                                                <\/div>\n            \n          <h2 class=\"formattedText\">Exposition - Henri Person - Une personnalit\u00e9 trop\u00e9zienne notoire<\/h2>\n            \n          <div class=\"grid__sub\">\n            <div class=\"grid__datetime\">\n              <span class=\"grid__commune\">\n                <i class=\"fa-thin fa-map-marker-alt\"><\/i>&nbsp;\n                <span>2, Place Georges Grammont<\/span>&nbsp;                                                -&nbsp;                Saint-Tropez              <\/span>\n            <\/div>\n          <\/div>\n        <\/div>\n      <\/a>\n    <\/div>\n      <div class=\"grid__item\">\n      <a href=\"\/fr\/animation\/distractions-et-loisirs\/saint-tropez\/exposition-szczesny-les-annees-saint-tropez-7763993\/\" class=\"single-item\">\n        <div class=\"grid__img\">\n                      <img loading=\"lazy\" decoding=\"async\" src=\"https:\/\/static.apidae-tourisme.com\/filestore\/objets-touristiques\/images\/251\/159\/40017915-diaporama.jpg\" alt=\"\"\n              title=\"\" width=\"640\" height=\"300\" \/>\n                  <\/div>\n        <div class=\"grid__inner\">\n          <div class=\"date\">\n                          <div class=\"date-double\">\n                                <div class=\"dateDebut\">\n                  <span class=\"day\"> 2<\/span>\n                  <span class=\"month\">sep.<\/span>\n                                  <\/div>\n                <i class=\"fa-light fa-chevron-right\"><\/i>\n                                <div class=\"dateFin\">\n                  <span class=\"day\">13<\/span>\n                  <span class=\"month\">sep.<\/span>\n                                  <\/div>\n              <\/div>\n                      <\/div>\n  \n                      <div class=\"gotto\">\n                                                                  Exposition<br>\n                                                                                                                                                <\/div>\n            \n          <h2 class=\"formattedText\">Exposition - Szczesny Les Ann\u00e9es Saint-Tropez<\/h2>\n            \n          <div class=\"grid__sub\">\n            <div class=\"grid__datetime\">\n              <span class=\"grid__commune\">\n                <i class=\"fa-thin fa-map-marker-alt\"><\/i>&nbsp;\n                <span>16, boulevard Vasserot<\/span>&nbsp;                                                -&nbsp;                Saint-Tropez              <\/span>\n            <\/div>\n          <\/div>\n        <\/div>\n      <\/a>\n    <\/div>\n      <div class=\"grid__item\">\n      <a href=\"\/fr\/animation\/culture\/saint-tropez\/exposition-de-sculptures-monumentales-la-force-de-la-douceur-cinq-femmes-sculptent-le-bonheur-interieur-a-travers-le-bronze-6952969\/\" class=\"single-item\">\n        <div class=\"grid__img\">\n                      <img loading=\"lazy\" decoding=\"async\" src=\"https:\/\/static.apidae-tourisme.com\/filestore\/objets-touristiques\/images\/235\/125\/41778667-diaporama.jpg\" alt=\"\"\n              title=\"\" width=\"640\" height=\"300\" \/>\n                  <\/div>\n        <div class=\"grid__inner\">\n          <div class=\"date\">\n                          <div class=\"date-double\">\n                                <div class=\"dateDebut\">\n                  <span class=\"day\"> 1<\/span>\n                  <span class=\"month\">sep.<\/span>\n                                  <\/div>\n                <i class=\"fa-light fa-chevron-right\"><\/i>\n                                <div class=\"dateFin\">\n                  <span class=\"day\">11<\/span>\n                  <span class=\"month\">oct.<\/span>\n                                  <\/div>\n              <\/div>\n                      <\/div>\n  \n                      <div class=\"gotto\">\n                                                                  Exposition<br>\n                                                                                                                                                <\/div>\n            \n          <h2 class=\"formattedText\">Exposition de sculptures monumentales - \"La force de la douceur : cinq femmes sculptent le bonheur int\u00e9rieur \u00e0 travers le bronze\"<\/h2>\n            \n          <div class=\"grid__sub\">\n            <div class=\"grid__datetime\">\n              <span class=\"grid__commune\">\n                <i class=\"fa-thin fa-map-marker-alt\"><\/i>&nbsp;\n                                                                                Saint-Tropez              <\/span>\n            <\/div>\n          <\/div>\n        <\/div>\n      <\/a>\n    <\/div>\n      <div class=\"grid__item\">\n      <a href=\"\/fr\/animation\/culture\/saint-tropez\/exposition-du-lavoir-vasserot-50-ans-d-art-en-france-7955361\/\" class=\"single-item\">\n        <div class=\"grid__img\">\n                      <img loading=\"lazy\" decoding=\"async\" src=\"https:\/\/static.apidae-tourisme.com\/filestore\/objets-touristiques\/images\/100\/201\/42387812-diaporama.jpg\" alt=\"\"\n              title=\"\" width=\"640\" height=\"300\" \/>\n                  <\/div>\n        <div class=\"grid__inner\">\n          <div class=\"date\">\n                          <div class=\"date-double\">\n                                <div class=\"dateDebut\">\n                  <span class=\"day\"> 3<\/span>\n                  <span class=\"month\">sep.<\/span>\n                                  <\/div>\n                <i class=\"fa-light fa-chevron-right\"><\/i>\n                                <div class=\"dateFin\">\n                  <span class=\"day\"> 9<\/span>\n                  <span class=\"month\">sep.<\/span>\n                                  <\/div>\n              <\/div>\n                      <\/div>\n  \n                      <div class=\"gotto\">\n                                                                  Exposition<br>\n                                                                                                                                                <\/div>\n            \n          <h2 class=\"formattedText\">Exposition du Lavoir Vasserot - 50 ANS D'ART EN FRANCE<\/h2>\n            \n          <div class=\"grid__sub\">\n            <div class=\"grid__datetime\">\n              <span class=\"grid__commune\">\n                <i class=\"fa-thin fa-map-marker-alt\"><\/i>&nbsp;\n                <span>Rue Quaranta<\/span>&nbsp;                                                -&nbsp;                Saint-Tropez              <\/span>\n            <\/div>\n          <\/div>\n        <\/div>\n      <\/a>\n    <\/div>\n      <div class=\"grid__item\">\n      <a href=\"\/fr\/animation\/culture\/saint-tropez\/exposition-paris-match-hommage-a-brigitte-bardot-6517239\/\" class=\"single-item\">\n        <div class=\"grid__img\">\n                      <img loading=\"lazy\" decoding=\"async\" src=\"\/wp-content\/plugins\/apidae\/public\/files\/mini\/exposition-paris-match-hommage-a-brigitte-bardot_6517239_1.jpg\" alt=\"\"\n              title=\"\" width=\"640\" height=\"300\" \/>\n                  <\/div>\n        <div class=\"grid__inner\">\n          <div class=\"date\">\n                          <div class=\"date-double\">\n                                <div class=\"dateDebut\">\n                  <span class=\"day\"> 1<\/span>\n                  <span class=\"month\">sep.<\/span>\n                                  <\/div>\n                <i class=\"fa-light fa-chevron-right\"><\/i>\n                                <div class=\"dateFin\">\n                  <span class=\"day\">11<\/span>\n                  <span class=\"month\">oct.<\/span>\n                                  <\/div>\n              <\/div>\n                      <\/div>\n  \n                      <div class=\"gotto\">\n                                                                  Exposition<br>\n                                                                                                                                                <\/div>\n            \n          <h2 class=\"formattedText\">Exposition Paris-Match Hommage \u00e0 Brigitte BARDOT<\/h2>\n            \n          <div class=\"grid__sub\">\n            <div class=\"grid__datetime\">\n              <span class=\"grid__commune\">\n                <i class=\"fa-thin fa-map-marker-alt\"><\/i>&nbsp;\n                <span>Place Blanqui<\/span>&nbsp;                <span>& Square de Lattre de Tassigny<\/span>&nbsp;                                -&nbsp;                Saint-Tropez              <\/span>\n            <\/div>\n          <\/div>\n        <\/div>\n      <\/a>\n    <\/div>\n      <div class=\"grid__item\">\n      <a href=\"\/fr\/animation\/culture\/saint-tropez\/exposition-70eme-anniversaire-de-la-sortie-du-film-et-dieu-crea-la-femme-7752320\/\" class=\"single-item\">\n        <div class=\"grid__img\">\n                      <img loading=\"lazy\" decoding=\"async\" src=\"https:\/\/static.apidae-tourisme.com\/filestore\/objets-touristiques\/images\/147\/221\/39706003-diaporama.jpg\" alt=\"\"\n              title=\"\" width=\"640\" height=\"300\" \/>\n                  <\/div>\n        <div class=\"grid__inner\">\n          <div class=\"date\">\n                          <div class=\"date-double\">\n                                <div class=\"dateDebut\">\n                  <span class=\"day\"> 1<\/span>\n                  <span class=\"month\">sep.<\/span>\n                                  <\/div>\n                <i class=\"fa-light fa-chevron-right\"><\/i>\n                                <div class=\"dateFin\">\n                  <span class=\"day\"> 7<\/span>\n                  <span class=\"month\">mars<\/span>\n                                  <\/div>\n              <\/div>\n                      <\/div>\n  \n                      <div class=\"gotto\">\n                                                                  Exposition<br>\n                                                                                                                                                <\/div>\n            \n          <h2 class=\"formattedText\">Exposition \u2013 70\u00e8me anniversaire de la sortie du film \u00ab Et Dieu\u2026 cr\u00e9a la femme \u00bb<\/h2>\n            \n          <div class=\"grid__sub\">\n            <div class=\"grid__datetime\">\n              <span class=\"grid__commune\">\n                <i class=\"fa-thin fa-map-marker-alt\"><\/i>&nbsp;\n                <span>2, place Blanqui<\/span>&nbsp;                                                -&nbsp;                Saint-Tropez              <\/span>\n            <\/div>\n          <\/div>\n        <\/div>\n      <\/a>\n    <\/div>\n      <div class=\"grid__item\">\n      <a href=\"\/fr\/animation\/culture\/saint-tropez\/habillage-du-phare-saint-tropez-couleur-bleu-hommage-a-brigitte-bardot-6878775\/\" class=\"single-item\">\n        <div class=\"grid__img\">\n                      <img loading=\"lazy\" decoding=\"async\" src=\"\/wp-content\/plugins\/apidae\/public\/files\/mini\/habillage-du-phare-saint-tropez-couleur-bleu-hommage-a-brigitte-bardot_6878775_1.jpg\" alt=\"\"\n              title=\"\" width=\"640\" height=\"300\" \/>\n                  <\/div>\n        <div class=\"grid__inner\">\n          <div class=\"date\">\n                          <div class=\"date-double\">\n                                <div class=\"dateDebut\">\n                  <span class=\"day\"> 1<\/span>\n                  <span class=\"month\">sep.<\/span>\n                                  <\/div>\n                <i class=\"fa-light fa-chevron-right\"><\/i>\n                                <div class=\"dateFin\">\n                  <span class=\"day\"> 1<\/span>\n                  <span class=\"month\">nov.<\/span>\n                                  <\/div>\n              <\/div>\n                      <\/div>\n  \n                      <div class=\"gotto\">\n                                                                  Exposition<br>\n                                                                                                                                                <\/div>\n            \n          <h2 class=\"formattedText\">Habillage du Phare - Saint-Tropez Couleur Bleu - Hommage \u00e0 Brigitte Bardot<\/h2>\n            \n          <div class=\"grid__sub\">\n            <div class=\"grid__datetime\">\n              <span class=\"grid__commune\">\n                <i class=\"fa-thin fa-map-marker-alt\"><\/i>&nbsp;\n                <span>Port de Saint-Tropez<\/span>&nbsp;                                                -&nbsp;                Saint-Tropez              <\/span>\n            <\/div>\n          <\/div>\n        <\/div>\n      <\/a>\n    <\/div>\n      <div class=\"grid__item\">\n      <a href=\"\/fr\/animation\/distractions-et-loisirs\/saint-tropez\/programme-culturel-de-l-ete-2026-de-lannonciade-musee-dart-moderne-de-saint-tropez-7935247\/\" class=\"single-item\">\n        <div class=\"grid__img\">\n                      <img loading=\"lazy\" decoding=\"async\" src=\"\/wp-content\/plugins\/apidae\/public\/files\/mini\/programme-culturel-de-l-ete-2026-de-lannonciade-musee-dart-moderne-de-saint-tropez_7935247_1.jpg\" alt=\"\"\n              title=\"\" width=\"640\" height=\"300\" \/>\n                  <\/div>\n        <div class=\"grid__inner\">\n          <div class=\"date\">\n                          <div class=\"date-double\">\n                                <div class=\"dateDebut\">\n                  <span class=\"day\"> 1<\/span>\n                  <span class=\"month\">sep.<\/span>\n                                  <\/div>\n                <i class=\"fa-light fa-chevron-right\"><\/i>\n                                <div class=\"dateFin\">\n                  <span class=\"day\"> 4<\/span>\n                  <span class=\"month\">oct.<\/span>\n                                  <\/div>\n              <\/div>\n                      <\/div>\n  \n                      <div class=\"gotto\">\n                                                                  Exposition<br>\n                                                                                                                                                <\/div>\n            \n          <h2 class=\"formattedText\">Programme culturel de l'\u00e9t\u00e9 2026 de l\u2019Annonciade Mus\u00e9e d\u2019art moderne de Saint-Tropez<\/h2>\n            \n          <div class=\"grid__sub\">\n            <div class=\"grid__datetime\">\n              <span class=\"grid__commune\">\n                <i class=\"fa-thin fa-map-marker-alt\"><\/i>&nbsp;\n                <span>2, Place Georges Grammont<\/span>&nbsp;                                                -&nbsp;                Saint-Tropez              <\/span>\n            <\/div>\n          <\/div>\n        <\/div>\n      <\/a>\n    <\/div>\n      <div class=\"grid__item\">\n      <a href=\"\/fr\/animation\/distractions-et-loisirs\/saint-tropez\/yog-a-festival-7042967\/\" class=\"single-item\">\n        <div class=\"grid__img\">\n                      <img loading=\"lazy\" decoding=\"async\" src=\"\/wp-content\/plugins\/apidae\/public\/files\/mini\/yog-a-festival_7042967_1.png\" alt=\"\"\n              title=\"\" width=\"640\" height=\"300\" \/>\n                  <\/div>\n        <div class=\"grid__inner\">\n          <div class=\"date\">\n                          <div class=\"date-double\">\n                                <div class=\"dateDebut\">\n                  <span class=\"day\"> 4<\/span>\n                  <span class=\"month\">sep.<\/span>\n                                  <\/div>\n                <i class=\"fa-light fa-chevron-right\"><\/i>\n                                <div class=\"dateFin\">\n                  <span class=\"day\"> 6<\/span>\n                  <span class=\"month\">sep.<\/span>\n                                  <\/div>\n              <\/div>\n                      <\/div>\n  \n                      <div class=\"gotto\">\n                                                                  Festival<br>\n                                                                                                                                                <\/div>\n            \n          <h2 class=\"formattedText\">YOG.A Festival<\/h2>\n            \n          <div class=\"grid__sub\">\n            <div class=\"grid__datetime\">\n              <span class=\"grid__commune\">\n                <i class=\"fa-thin fa-map-marker-alt\"><\/i>&nbsp;\n                                                                                Saint-Tropez              <\/span>\n            <\/div>\n          <\/div>\n        <\/div>\n      <\/a>\n    <\/div>\n      <div class=\"grid__item\">\n      <a href=\"\/fr\/animation\/culture\/sainte-maxime\/exposition-decouvertes-7874097\/\" class=\"single-item\">\n        <div class=\"grid__img\">\n                      <img loading=\"lazy\" decoding=\"async\" src=\"\/wp-content\/plugins\/apidae\/public\/files\/mini\/exposition-decouvertes_7874097_1.jpg\" alt=\"Soir\u00e9e inaugurale de l\u2019exposition D\u00e9couVertes_Sainte-Maxime\"\n              title=\"Soir\u00e9e inaugurale de l\u2019exposition D\u00e9couVertes_Sainte-Maxime\" width=\"640\" height=\"300\" \/>\n                  <\/div>\n        <div class=\"grid__inner\">\n          <div class=\"date\">\n                          <div class=\"date-double\">\n                                <div class=\"dateDebut\">\n                  <span class=\"day\"> 1<\/span>\n                  <span class=\"month\">sep.<\/span>\n                                  <\/div>\n                <i class=\"fa-light fa-chevron-right\"><\/i>\n                                <div class=\"dateFin\">\n                  <span class=\"day\">15<\/span>\n                  <span class=\"month\">sep.<\/span>\n                                  <\/div>\n              <\/div>\n                      <\/div>\n  \n                      <div class=\"gotto\">\n                                                                  Exposition<br>\n                                                                                                                                                <\/div>\n            \n          <h2 class=\"formattedText\">Exposition D\u00e9couVertes<\/h2>\n            \n          <div class=\"grid__sub\">\n            <div class=\"grid__datetime\">\n              <span class=\"grid__commune\">\n                <i class=\"fa-thin fa-map-marker-alt\"><\/i>&nbsp;\n                <span>21 place Louis Blanc<\/span>&nbsp;                                                -&nbsp;                Sainte-Maxime              <\/span>\n            <\/div>\n          <\/div>\n        <\/div>\n      <\/a>\n    <\/div>\n      <div class=\"grid__item\">\n      <a href=\"\/fr\/animation\/distractions-et-loisirs\/cavalaire-sur-mer\/journee-des-associations-5328636\/\" class=\"single-item\">\n        <div class=\"grid__img\">\n                      <img loading=\"lazy\" decoding=\"async\" src=\"\/wp-content\/plugins\/apidae\/public\/files\/mini\/journee-des-associations_5328636_1.jpg\" alt=\"\"\n              title=\"\" width=\"640\" height=\"300\" \/>\n                  <\/div>\n        <div class=\"grid__inner\">\n          <div class=\"date\">\n                          <div class=\"date-simple\">\n                <div class=\"dateDebut\">\n                  <span class=\"day\"> 5<\/span>\n                  <span class=\"month\">sep.<\/span>\n                                  <\/div>\n              <\/div>\n                      <\/div>\n  \n                      <div class=\"gotto\">\n                                                                  Forum<br>\n                                                                                                                                                <\/div>\n            \n          <h2 class=\"formattedText\">Journ\u00e9e des associations<\/h2>\n            \n          <div class=\"grid__sub\">\n            <div class=\"grid__datetime\">\n              <span class=\"grid__commune\">\n                <i class=\"fa-thin fa-map-marker-alt\"><\/i>&nbsp;\n                                <span>Place Jean Moulin<\/span>&nbsp;                                -&nbsp;                Cavalaire-sur-Mer              <\/span>\n            <\/div>\n          <\/div>\n        <\/div>\n      <\/a>\n    <\/div>\n      <div class=\"grid__item\">\n      <a href=\"\/fr\/animation\/distractions-et-loisirs\/cogolin\/atelier-cartes-postales-provencales-7971407\/\" class=\"single-item\">\n        <div class=\"grid__img\">\n                      <img loading=\"lazy\" decoding=\"async\" src=\"\/wp-content\/plugins\/apidae\/public\/files\/mini\/atelier-cartes-postales-provencales_7971407_1.png\" alt=\"Le ch\u00e2teau\"\n              title=\"Le ch\u00e2teau\" width=\"640\" height=\"300\" \/>\n                  <\/div>\n        <div class=\"grid__inner\">\n          <div class=\"date\">\n                          <div class=\"date-simple\">\n                <div class=\"dateDebut\">\n                  <span class=\"day\"> 5<\/span>\n                  <span class=\"month\">sep.<\/span>\n                                  <\/div>\n              <\/div>\n                      <\/div>\n  \n                      <div class=\"gotto\">\n                              Distractions et loisirs\n                                        <\/div>\n            \n          <h2 class=\"formattedText\">Atelier cartes postales proven\u00e7ales<\/h2>\n            \n          <div class=\"grid__sub\">\n            <div class=\"grid__datetime\">\n              <span class=\"grid__commune\">\n                <i class=\"fa-thin fa-map-marker-alt\"><\/i>&nbsp;\n                <span>Le Ch\u00e2teau<\/span>&nbsp;                <span>46 rue Nationale<\/span>&nbsp;                                -&nbsp;                Cogolin              <\/span>\n            <\/div>\n          <\/div>\n        <\/div>\n      <\/a>\n    <\/div>\n      <div class=\"grid__item\">\n      <a href=\"\/fr\/animation\/culture\/cogolin\/exposition-bad-wildbad-histoire-d-une-amitie-7971161\/\" class=\"single-item\">\n        <div class=\"grid__img\">\n                      <img loading=\"lazy\" decoding=\"async\" src=\"\/wp-content\/plugins\/apidae\/public\/files\/mini\/exposition-bad-wildbad-histoire-d-une-amitie_7971161_1.png\" alt=\"\"\n              title=\"\" width=\"640\" height=\"300\" \/>\n                  <\/div>\n        <div class=\"grid__inner\">\n          <div class=\"date\">\n                          <div class=\"date-double\">\n                                <div class=\"dateDebut\">\n                  <span class=\"day\"> 5<\/span>\n                  <span class=\"month\">sep.<\/span>\n                                  <\/div>\n                <i class=\"fa-light fa-chevron-right\"><\/i>\n                                <div class=\"dateFin\">\n                  <span class=\"day\">20<\/span>\n                  <span class=\"month\">sep.<\/span>\n                                  <\/div>\n              <\/div>\n                      <\/div>\n  \n                      <div class=\"gotto\">\n                                                                  Exposition<br>\n                                                                                                                                                <\/div>\n            \n          <h2 class=\"formattedText\">Exposition Bad Wildbad \"Histoire d'une amiti\u00e9\"<\/h2>\n            \n          <div class=\"grid__sub\">\n            <div class=\"grid__datetime\">\n              <span class=\"grid__commune\">\n                <i class=\"fa-thin fa-map-marker-alt\"><\/i>&nbsp;\n                <span>Maisonnette des 4 chemins<\/span>&nbsp;                <span>2 rue du G\u00e9n\u00e9ral de Gaulle<\/span>&nbsp;                                -&nbsp;                Cogolin              <\/span>\n            <\/div>\n          <\/div>\n        <\/div>\n      <\/a>\n    <\/div>\n      <div class=\"grid__item\">\n      <a href=\"\/fr\/animation\/sports\/cogolin\/fete-des-sports-7901423\/\" class=\"single-item\">\n        <div class=\"grid__img\">\n                      <img loading=\"lazy\" decoding=\"async\" src=\"\/wp-content\/plugins\/apidae\/public\/files\/mini\/fete-des-sports_7901423_1.png\" alt=\"\"\n              title=\"\" width=\"640\" height=\"300\" \/>\n                  <\/div>\n        <div class=\"grid__inner\">\n          <div class=\"date\">\n                          <div class=\"date-simple\">\n                <div class=\"dateDebut\">\n                  <span class=\"day\"> 5<\/span>\n                  <span class=\"month\">sep.<\/span>\n                                  <\/div>\n              <\/div>\n                      <\/div>\n  \n                      <div class=\"gotto\">\n                                                                  <br>\n                                                                                                                                                <\/div>\n            \n          <h2 class=\"formattedText\">F\u00eate des sports<\/h2>\n            \n          <div class=\"grid__sub\">\n            <div class=\"grid__datetime\">\n              <span class=\"grid__commune\">\n                <i class=\"fa-thin fa-map-marker-alt\"><\/i>&nbsp;\n                <span>Cosec, gymnase B, salle de la Cauqui\u00e8re<\/span>&nbsp;                <span>Stades, Place de la R\u00e9publique<\/span>&nbsp;                                -&nbsp;                Cogolin              <\/span>\n            <\/div>\n          <\/div>\n        <\/div>\n      <\/a>\n    <\/div>\n      <div class=\"grid__item\">\n      <a href=\"\/fr\/animation\/traditions-et-folklore\/cogolin\/fete-du-coq-7912046\/\" class=\"single-item\">\n        <div class=\"grid__img\">\n                      <img loading=\"lazy\" decoding=\"async\" src=\"\/wp-content\/plugins\/apidae\/public\/files\/mini\/fete-du-coq_7912046_1.png\" alt=\"Place de la R\u00e9publique\"\n              title=\"Place de la R\u00e9publique\" width=\"640\" height=\"300\" \/>\n                  <\/div>\n        <div class=\"grid__inner\">\n          <div class=\"date\">\n                          <div class=\"date-double\">\n                                <div class=\"dateDebut\">\n                  <span class=\"day\"> 5<\/span>\n                  <span class=\"month\">sep.<\/span>\n                                  <\/div>\n                <i class=\"fa-light fa-chevron-right\"><\/i>\n                                <div class=\"dateFin\">\n                  <span class=\"day\"> 6<\/span>\n                  <span class=\"month\">sep.<\/span>\n                                  <\/div>\n              <\/div>\n                      <\/div>\n  \n                      <div class=\"gotto\">\n                                                                  Forum<br>\n                                                                                                                                                <\/div>\n            \n          <h2 class=\"formattedText\">F\u00eate du Coq<\/h2>\n            \n          <div class=\"grid__sub\">\n            <div class=\"grid__datetime\">\n              <span class=\"grid__commune\">\n                <i class=\"fa-thin fa-map-marker-alt\"><\/i>&nbsp;\n                <span>Place de la R\u00e9publique<\/span>&nbsp;                                                -&nbsp;                Cogolin              <\/span>\n            <\/div>\n          <\/div>\n        <\/div>\n      <\/a>\n    <\/div>\n      <div class=\"grid__item\">\n      <a href=\"\/fr\/animation\/culture\/cogolin\/visite-guidee-de-l-exposition-jules-verne-le-visionnaire-7893901\/\" class=\"single-item\">\n        <div class=\"grid__img\">\n                      <img loading=\"lazy\" decoding=\"async\" src=\"\/wp-content\/plugins\/apidae\/public\/files\/mini\/visite-guidee-de-l-exposition-jules-verne-le-visionnaire_7893901_1.png\" alt=\"M\u00e9diath\u00e8que\"\n              title=\"M\u00e9diath\u00e8que\" width=\"640\" height=\"300\" \/>\n                  <\/div>\n        <div class=\"grid__inner\">\n          <div class=\"date\">\n                          <div class=\"date-double\">\n                                <div class=\"dateDebut\">\n                  <span class=\"day\"> 5<\/span>\n                  <span class=\"month\">sep.<\/span>\n                                  <\/div>\n                <i class=\"fa-light fa-chevron-right\"><\/i>\n                                <div class=\"dateFin\">\n                  <span class=\"day\">14<\/span>\n                  <span class=\"month\">nov.<\/span>\n                                  <\/div>\n              <\/div>\n                      <\/div>\n  \n                      <div class=\"gotto\">\n                                                                  Visite guid\u00e9e et\/ou comment\u00e9e<br>\n                                                                                                                                                <\/div>\n            \n          <h2 class=\"formattedText\">Visite guid\u00e9e de l'exposition \"Jules Verne le visionnaire\"<\/h2>\n            \n          <div class=\"grid__sub\">\n            <div class=\"grid__datetime\">\n              <span class=\"grid__commune\">\n                <i class=\"fa-thin fa-map-marker-alt\"><\/i>&nbsp;\n                <span>M\u00e9diath\u00e8que<\/span>&nbsp;                <span>44  rue Marceau<\/span>&nbsp;                                -&nbsp;                Cogolin              <\/span>\n            <\/div>\n          <\/div>\n        <\/div>\n      <\/a>\n    <\/div>\n      <div class=\"grid__item\">\n      <a href=\"\/fr\/animation\/distractions-et-loisirs\/grimaud\/sos-cartel-radio-a-l-after-beach-6889381\/\" class=\"single-item\">\n        <div class=\"grid__img\">\n                      <img loading=\"lazy\" decoding=\"async\" src=\"\/wp-content\/plugins\/apidae\/public\/files\/mini\/sos-cartel-radio-a-l-after-beach_6889381_1.jpg\" alt=\"After Beach\"\n              title=\"After Beach\" width=\"640\" height=\"300\" \/>\n                  <\/div>\n        <div class=\"grid__inner\">\n          <div class=\"date\">\n                          <div class=\"date-double\">\n                                <div class=\"dateDebut\">\n                  <span class=\"day\"> 5<\/span>\n                  <span class=\"month\">sep.<\/span>\n                                  <\/div>\n                <i class=\"fa-light fa-chevron-right\"><\/i>\n                                <div class=\"dateFin\">\n                  <span class=\"day\">26<\/span>\n                  <span class=\"month\">sep.<\/span>\n                                  <\/div>\n              <\/div>\n                      <\/div>\n  \n                      <div class=\"gotto\">\n                                                                  Concert<br>\n                                                                                                                                                <\/div>\n            \n          <h2 class=\"formattedText\">\"SOS Cartel Radio\" \u00e0 l'After Beach<\/h2>\n            \n          <div class=\"grid__sub\">\n            <div class=\"grid__datetime\">\n              <span class=\"grid__commune\">\n                <i class=\"fa-thin fa-map-marker-alt\"><\/i>&nbsp;\n                <span>56 Chemin de La Rine<\/span>&nbsp;                                                -&nbsp;                Grimaud              <\/span>\n            <\/div>\n          <\/div>\n        <\/div>\n      <\/a>\n    <\/div>\n      <div class=\"grid__item\">\n      <a href=\"\/fr\/animation\/sports\/grimaud\/fete-du-sport-a-grimaud-4609856\/\" class=\"single-item\">\n        <div class=\"grid__img\">\n                      <img loading=\"lazy\" decoding=\"async\" src=\"\/wp-content\/plugins\/apidae\/public\/files\/mini\/fete-du-sport-a-grimaud_4609856_1.jpg\" alt=\"Fete du sport \u00e0 Grimaud\"\n              title=\"Fete du sport \u00e0 Grimaud\" width=\"640\" height=\"300\" \/>\n                  <\/div>\n        <div class=\"grid__inner\">\n          <div class=\"date\">\n                          <div class=\"date-simple\">\n                <div class=\"dateDebut\">\n                  <span class=\"day\"> 5<\/span>\n                  <span class=\"month\">sep.<\/span>\n                                  <\/div>\n              <\/div>\n                      <\/div>\n  \n                      <div class=\"gotto\">\n                              Sports\n                                        <\/div>\n            \n          <h2 class=\"formattedText\">F\u00eate du Sport \u00e0 Grimaud<\/h2>\n            \n          <div class=\"grid__sub\">\n            <div class=\"grid__datetime\">\n              <span class=\"grid__commune\">\n                <i class=\"fa-thin fa-map-marker-alt\"><\/i>&nbsp;\n                <span>834 route des Blaqui\u00e8res<\/span>&nbsp;                                                -&nbsp;                Grimaud              <\/span>\n            <\/div>\n          <\/div>\n        <\/div>\n      <\/a>\n    <\/div>\n      <div class=\"grid__item\">\n      <a href=\"\/fr\/animation\/distractions-et-loisirs\/grimaud\/la-petite-librairie-7660044\/\" class=\"single-item\">\n        <div class=\"grid__img\">\n                      <img loading=\"lazy\" decoding=\"async\" src=\"\/wp-content\/plugins\/apidae\/public\/files\/mini\/la-petite-librairie_7660044_1.jpg\" alt=\"Club de lecture\"\n              title=\"Club de lecture\" width=\"640\" height=\"300\" \/>\n                  <\/div>\n        <div class=\"grid__inner\">\n          <div class=\"date\">\n                          <div class=\"date-double\">\n                                <div class=\"dateDebut\">\n                  <span class=\"day\"> 5<\/span>\n                  <span class=\"month\">sep.<\/span>\n                                  <\/div>\n                <i class=\"fa-light fa-chevron-right\"><\/i>\n                                <div class=\"dateFin\">\n                  <span class=\"day\"> 4<\/span>\n                  <span class=\"month\">sep.<\/span>\n                                  <\/div>\n              <\/div>\n                      <\/div>\n  \n                      <div class=\"gotto\">\n                                                                  Spectacle<br>\n                                                                                                                                                <\/div>\n            \n          <h2 class=\"formattedText\">La petite librairie<\/h2>\n            \n          <div class=\"grid__sub\">\n            <div class=\"grid__datetime\">\n              <span class=\"grid__commune\">\n                <i class=\"fa-thin fa-map-marker-alt\"><\/i>&nbsp;\n                <span>850 Route Nationale<\/span>&nbsp;                <span>Immeuble Beausoleil - 1er \u00e9tage<\/span>&nbsp;                                -&nbsp;                Grimaud              <\/span>\n            <\/div>\n          <\/div>\n        <\/div>\n      <\/a>\n    <\/div>\n      <div class=\"grid__item\">\n      <a href=\"\/fr\/animation\/distractions-et-loisirs\/la-croix-valmer\/expositions-estivales-givelets-bleus-mediterranee-7887051\/\" class=\"single-item\">\n        <div class=\"grid__img\">\n                      <img loading=\"lazy\" decoding=\"async\" src=\"\/wp-content\/plugins\/apidae\/public\/files\/mini\/expositions-estivales-givelets-bleus-mediterranee_7887051_1.png\" alt=\"\"\n              title=\"\" width=\"640\" height=\"300\" \/>\n                  <\/div>\n        <div class=\"grid__inner\">\n          <div class=\"date\">\n                          <div class=\"date-double\">\n                                <div class=\"dateDebut\">\n                  <span class=\"day\"> 2<\/span>\n                  <span class=\"month\">sep.<\/span>\n                                  <\/div>\n                <i class=\"fa-light fa-chevron-right\"><\/i>\n                                <div class=\"dateFin\">\n                  <span class=\"day\"> 6<\/span>\n                  <span class=\"month\">sep.<\/span>\n                                  <\/div>\n              <\/div>\n                      <\/div>\n  \n                      <div class=\"gotto\">\n                                                                  Exposition<br>\n                                                                                                                                                <\/div>\n            \n          <h2 class=\"formattedText\">Expositions estivales : Givelets Bleus M\u00e9diterran\u00e9e<\/h2>\n            \n          <div class=\"grid__sub\">\n            <div class=\"grid__datetime\">\n              <span class=\"grid__commune\">\n                <i class=\"fa-thin fa-map-marker-alt\"><\/i>&nbsp;\n                <span>Place des Palmiers<\/span>&nbsp;                                                -&nbsp;                La Croix-Valmer              <\/span>\n            <\/div>\n          <\/div>\n        <\/div>\n      <\/a>\n    <\/div>\n      <div class=\"grid__item\">\n      <a href=\"\/fr\/animation\/culture\/la-garde-freinet\/exposition-fabuleux-insectes-et-fleurs-de-la-region-paca-7972999\/\" class=\"single-item\">\n        <div class=\"grid__img\">\n                      <img loading=\"lazy\" decoding=\"async\" src=\"\/wp-content\/plugins\/apidae\/public\/files\/mini\/exposition-fabuleux-insectes-et-fleurs-de-la-region-paca_7972999_1.jpg\" alt=\"\"\n              title=\"\" width=\"640\" height=\"300\" \/>\n                  <\/div>\n        <div class=\"grid__inner\">\n          <div class=\"date\">\n                          <div class=\"date-double\">\n                                <div class=\"dateDebut\">\n                  <span class=\"day\"> 1<\/span>\n                  <span class=\"month\">sep.<\/span>\n                                  <\/div>\n                <i class=\"fa-light fa-chevron-right\"><\/i>\n                                <div class=\"dateFin\">\n                  <span class=\"day\">28<\/span>\n                  <span class=\"month\">nov.<\/span>\n                                  <\/div>\n              <\/div>\n                      <\/div>\n  \n                      <div class=\"gotto\">\n                                                                  Exposition<br>\n                                                                                                                                                <\/div>\n            \n          <h2 class=\"formattedText\">Exposition Fabuleux insectes et fleurs de la r\u00e9gion PACA<\/h2>\n            \n          <div class=\"grid__sub\">\n            <div class=\"grid__datetime\">\n              <span class=\"grid__commune\">\n                <i class=\"fa-thin fa-map-marker-alt\"><\/i>&nbsp;\n                <span>Boulevard de l'Esplanade<\/span>&nbsp;                                                -&nbsp;                La Garde-Freinet              <\/span>\n            <\/div>\n          <\/div>\n        <\/div>\n      <\/a>\n    <\/div>\n      <div class=\"grid__item\">\n      <a href=\"\/fr\/animation\/distractions-et-loisirs\/le-plan-de-la-tour\/forum-des-associations-7496007\/\" class=\"single-item\">\n        <div class=\"grid__img\">\n                      <img loading=\"lazy\" decoding=\"async\" src=\"\/wp-content\/plugins\/apidae\/public\/files\/mini\/forum-des-associations_7496007_1.jpg\" alt=\"forum\"\n              title=\"forum\" width=\"640\" height=\"300\" \/>\n                  <\/div>\n        <div class=\"grid__inner\">\n          <div class=\"date\">\n                          <div class=\"date-simple\">\n                <div class=\"dateDebut\">\n                  <span class=\"day\"> 5<\/span>\n                  <span class=\"month\">sep.<\/span>\n                                  <\/div>\n              <\/div>\n                      <\/div>\n  \n                      <div class=\"gotto\">\n                                                                  D\u00e9monstration<br>\n                                                                                                                                                                                      <\/div>\n            \n          <h2 class=\"formattedText\">Forum des associations<\/h2>\n            \n          <div class=\"grid__sub\">\n            <div class=\"grid__datetime\">\n              <span class=\"grid__commune\">\n                <i class=\"fa-thin fa-map-marker-alt\"><\/i>&nbsp;\n                                                                                Le Plan de la Tour              <\/span>\n            <\/div>\n          <\/div>\n        <\/div>\n      <\/a>\n    <\/div>\n      <div class=\"grid__item\">\n      <a href=\"\/fr\/animation\/nature-et-detente\/ramatuelle\/balade-a-ramatuelle-faune-et-flore-d-ici-et-d-ailleurs-7778338\/\" class=\"single-item\">\n        <div class=\"grid__img\">\n                      <img loading=\"lazy\" decoding=\"async\" src=\"\/wp-content\/plugins\/apidae\/public\/files\/mini\/balade-a-ramatuelle-faune-et-flore-d-ici-et-d-ailleurs_7778338_1.jpg\" alt=\"\"\n              title=\"\" width=\"640\" height=\"300\" \/>\n                  <\/div>\n        <div class=\"grid__inner\">\n          <div class=\"date\">\n                          <div class=\"date-simple\">\n                <div class=\"dateDebut\">\n                  <span class=\"day\"> 5<\/span>\n                  <span class=\"month\">sep.<\/span>\n                                  <\/div>\n              <\/div>\n                      <\/div>\n  \n                      <div class=\"gotto\">\n                                                                  Visite guid\u00e9e et\/ou comment\u00e9e<br>\n                                                                                                                                                <\/div>\n            \n          <h2 class=\"formattedText\">Balade \u00e0 Ramatuelle - Faune et flore d'ici... et d'ailleurs<\/h2>\n            \n          <div class=\"grid__sub\">\n            <div class=\"grid__datetime\">\n              <span class=\"grid__commune\">\n                <i class=\"fa-thin fa-map-marker-alt\"><\/i>&nbsp;\n                <span>Parking de l'Escalet,<\/span>&nbsp;                                                -&nbsp;                Ramatuelle              <\/span>\n            <\/div>\n          <\/div>\n        <\/div>\n      <\/a>\n    <\/div>\n      <div class=\"grid__item\">\n      <a href=\"\/fr\/animation\/culture\/ramatuelle\/visite-du-moulin-de-paillas-5995772\/\" class=\"single-item\">\n        <div class=\"grid__img\">\n                      <img loading=\"lazy\" decoding=\"async\" src=\"\/wp-content\/plugins\/apidae\/public\/files\/mini\/visite-du-moulin-de-paillas_5995772_1.jpg\" alt=\"OTC Ramatuelle\"\n              title=\"OTC Ramatuelle\" width=\"640\" height=\"300\" \/>\n                  <\/div>\n        <div class=\"grid__inner\">\n          <div class=\"date\">\n                          <div class=\"date-double\">\n                                <div class=\"dateDebut\">\n                  <span class=\"day\"> 5<\/span>\n                  <span class=\"month\">sep.<\/span>\n                                  <\/div>\n                <i class=\"fa-light fa-chevron-right\"><\/i>\n                                <div class=\"dateFin\">\n                  <span class=\"day\"> 1<\/span>\n                  <span class=\"month\">nov.<\/span>\n                                  <\/div>\n              <\/div>\n                      <\/div>\n  \n                      <div class=\"gotto\">\n                                                                  Visite guid\u00e9e et\/ou comment\u00e9e<br>\n                                                                                                                                                <\/div>\n            \n          <h2 class=\"formattedText\">Visite du moulin de Paillas<\/h2>\n            \n          <div class=\"grid__sub\">\n            <div class=\"grid__datetime\">\n              <span class=\"grid__commune\">\n                <i class=\"fa-thin fa-map-marker-alt\"><\/i>&nbsp;\n                <span>Route des Moulins de Paillas<\/span>&nbsp;                                                -&nbsp;                Ramatuelle              <\/span>\n            <\/div>\n          <\/div>\n        <\/div>\n      <\/a>\n    <\/div>\n      <div class=\"grid__item\">\n      <a href=\"\/fr\/animation\/culture\/saint-tropez\/chapelle-notre-dame-de-la-misericorde-ouverture-au-public-7667766\/\" class=\"single-item\">\n        <div class=\"grid__img\">\n                      <img loading=\"lazy\" decoding=\"async\" src=\"\/wp-content\/plugins\/apidae\/public\/files\/mini\/chapelle-notre-dame-de-la-misericorde-ouverture-au-public_7667766_1.jpg\" alt=\"\"\n              title=\"\" width=\"640\" height=\"300\" \/>\n                  <\/div>\n        <div class=\"grid__inner\">\n          <div class=\"date\">\n                          <div class=\"date-double\">\n                                <div class=\"dateDebut\">\n                  <span class=\"day\"> 1<\/span>\n                  <span class=\"month\">sep.<\/span>\n                                  <\/div>\n                <i class=\"fa-light fa-chevron-right\"><\/i>\n                                <div class=\"dateFin\">\n                  <span class=\"day\"> 1<\/span>\n                  <span class=\"month\">nov.<\/span>\n                                  <\/div>\n              <\/div>\n                      <\/div>\n  \n                      <div class=\"gotto\">\n                                                                  Visite guid\u00e9e et\/ou comment\u00e9e<br>\n                                                                                                                                                <\/div>\n            \n          <h2 class=\"formattedText\">Chapelle Notre-Dame de la Mis\u00e9ricorde - Ouverture au public<\/h2>\n            \n          <div class=\"grid__sub\">\n            <div class=\"grid__datetime\">\n              <span class=\"grid__commune\">\n                <i class=\"fa-thin fa-map-marker-alt\"><\/i>&nbsp;\n                <span>Rue Gambetta<\/span>&nbsp;                                                -&nbsp;                Saint-Tropez              <\/span>\n            <\/div>\n          <\/div>\n        <\/div>\n      <\/a>\n    <\/div>\n      <div class=\"grid__item\">\n      <a href=\"\/fr\/animation\/culture\/saint-tropez\/chapelle-sainte-anne-ouverture-au-public-7386965\/\" class=\"single-item\">\n        <div class=\"grid__img\">\n                      <img loading=\"lazy\" decoding=\"async\" src=\"\/wp-content\/plugins\/apidae\/public\/files\/mini\/chapelle-sainte-anne-ouverture-au-public_7386965_1.jpeg\" alt=\"\"\n              title=\"\" width=\"640\" height=\"300\" \/>\n                  <\/div>\n        <div class=\"grid__inner\">\n          <div class=\"date\">\n                          <div class=\"date-double\">\n                                <div class=\"dateDebut\">\n                  <span class=\"day\"> 1<\/span>\n                  <span class=\"month\">sep.<\/span>\n                                  <\/div>\n                <i class=\"fa-light fa-chevron-right\"><\/i>\n                                <div class=\"dateFin\">\n                  <span class=\"day\"> 1<\/span>\n                  <span class=\"month\">nov.<\/span>\n                                  <\/div>\n              <\/div>\n                      <\/div>\n  \n                      <div class=\"gotto\">\n                                                                  Visite guid\u00e9e et\/ou comment\u00e9e<br>\n                                                                                                                                                <\/div>\n            \n          <h2 class=\"formattedText\">Chapelle Sainte-Anne - Ouverture au public<\/h2>\n            \n          <div class=\"grid__sub\">\n            <div class=\"grid__datetime\">\n              <span class=\"grid__commune\">\n                <i class=\"fa-thin fa-map-marker-alt\"><\/i>&nbsp;\n                <span>21, Chemin des Bastidettes<\/span>&nbsp;                                                -&nbsp;                Saint-Tropez              <\/span>\n            <\/div>\n          <\/div>\n        <\/div>\n      <\/a>\n    <\/div>\n      <div class=\"grid__item\">\n      <a href=\"\/fr\/animation\/distractions-et-loisirs\/saint-tropez\/forum-des-associations-6237178\/\" class=\"single-item\">\n        <div class=\"grid__img\">\n                      <img loading=\"lazy\" decoding=\"async\" src=\"\/wp-content\/plugins\/apidae\/public\/files\/mini\/forum-des-associations_6237178_1.jpg\" alt=\"\"\n              title=\"\" width=\"640\" height=\"300\" \/>\n                  <\/div>\n        <div class=\"grid__inner\">\n          <div class=\"date\">\n                          <div class=\"date-simple\">\n                <div class=\"dateDebut\">\n                  <span class=\"day\"> 5<\/span>\n                  <span class=\"month\">sep.<\/span>\n                                  <\/div>\n              <\/div>\n                      <\/div>\n  \n                      <div class=\"gotto\">\n                                                                  Forum<br>\n                                                                                                                                                                                      <\/div>\n            \n          <h2 class=\"formattedText\">Forum des Associations<\/h2>\n            \n          <div class=\"grid__sub\">\n            <div class=\"grid__datetime\">\n              <span class=\"grid__commune\">\n                <i class=\"fa-thin fa-map-marker-alt\"><\/i>&nbsp;\n                <span>190 Chem. des Salins<\/span>&nbsp;                                                -&nbsp;                Saint-Tropez              <\/span>\n            <\/div>\n          <\/div>\n        <\/div>\n      <\/a>\n    <\/div>\n      <div class=\"grid__item\">\n      <a href=\"\/fr\/animation\/manifestations-commerciales\/grimaud\/live-jazz-a-l-after-beach-5548588\/\" class=\"single-item\">\n        <div class=\"grid__img\">\n                      <img loading=\"lazy\" decoding=\"async\" src=\"\/wp-content\/plugins\/apidae\/public\/files\/mini\/live-jazz-a-l-after-beach_5548588_1.jpg\" alt=\"\"\n              title=\"\" width=\"640\" height=\"300\" \/>\n                  <\/div>\n        <div class=\"grid__inner\">\n          <div class=\"date\">\n                          <div class=\"date-double\">\n                                <div class=\"dateDebut\">\n                  <span class=\"day\"> 6<\/span>\n                  <span class=\"month\">sep.<\/span>\n                                  <\/div>\n                <i class=\"fa-light fa-chevron-right\"><\/i>\n                                <div class=\"dateFin\">\n                  <span class=\"day\">27<\/span>\n                  <span class=\"month\">sep.<\/span>\n                                  <\/div>\n              <\/div>\n                      <\/div>\n  \n                      <div class=\"gotto\">\n                                                                  Concert<br>\n                                                                                                                                                <\/div>\n            \n          <h2 class=\"formattedText\">\"Live jazz\" \u00e0 l'After Beach<\/h2>\n            \n          <div class=\"grid__sub\">\n            <div class=\"grid__datetime\">\n              <span class=\"grid__commune\">\n                <i class=\"fa-thin fa-map-marker-alt\"><\/i>&nbsp;\n                <span>56 Chemin de La Rine<\/span>&nbsp;                                                -&nbsp;                Grimaud              <\/span>\n            <\/div>\n          <\/div>\n        <\/div>\n      <\/a>\n    <\/div>\n      <div class=\"grid__item\">\n      <a href=\"\/fr\/animation\/culture\/grimaud\/exposition-de-yulia-filippova-7973719\/\" class=\"single-item\">\n        <div class=\"grid__img\">\n                      <img loading=\"lazy\" decoding=\"async\" src=\"\/wp-content\/plugins\/apidae\/public\/files\/mini\/exposition-de-yulia-filippova_7973719_1.jpg\" alt=\"\"\n              title=\"\" width=\"640\" height=\"300\" \/>\n                  <\/div>\n        <div class=\"grid__inner\">\n          <div class=\"date\">\n                          <div class=\"date-double\">\n                                <div class=\"dateDebut\">\n                  <span class=\"day\"> 6<\/span>\n                  <span class=\"month\">sep.<\/span>\n                                  <\/div>\n                <i class=\"fa-light fa-chevron-right\"><\/i>\n                                <div class=\"dateFin\">\n                  <span class=\"day\">10<\/span>\n                  <span class=\"month\">oct.<\/span>\n                                  <\/div>\n              <\/div>\n                      <\/div>\n  \n                      <div class=\"gotto\">\n                                                                  Exposition<br>\n                                                                                                                                                <\/div>\n            \n          <h2 class=\"formattedText\">Exposition de Yulia Filippova<\/h2>\n            \n          <div class=\"grid__sub\">\n            <div class=\"grid__datetime\">\n              <span class=\"grid__commune\">\n                <i class=\"fa-thin fa-map-marker-alt\"><\/i>&nbsp;\n                <span>1 Place de L'Eglise<\/span>&nbsp;                                                -&nbsp;                Grimaud              <\/span>\n            <\/div>\n          <\/div>\n        <\/div>\n      <\/a>\n    <\/div>\n      <div class=\"grid__item\">\n      <a href=\"\/fr\/animation\/culture\/grimaud\/visite-guidee-du-village-de-grimaud-guide-privee-7325362\/\" class=\"single-item\">\n        <div class=\"grid__img\">\n                      <img loading=\"lazy\" decoding=\"async\" src=\"\/wp-content\/plugins\/apidae\/public\/files\/mini\/visite-guidee-du-village-de-grimaud-guide-privee_7325362_1.jpg\" alt=\"\"\n              title=\"\" width=\"640\" height=\"300\" \/>\n                  <\/div>\n        <div class=\"grid__inner\">\n          <div class=\"date\">\n                          <div class=\"date-double\">\n                                <div class=\"dateDebut\">\n                  <span class=\"day\"> 6<\/span>\n                  <span class=\"month\">sep.<\/span>\n                                  <\/div>\n                <i class=\"fa-light fa-chevron-right\"><\/i>\n                                <div class=\"dateFin\">\n                  <span class=\"day\"> 4<\/span>\n                  <span class=\"month\">oct.<\/span>\n                                  <\/div>\n              <\/div>\n                      <\/div>\n  \n                      <div class=\"gotto\">\n                                                                  Visite guid\u00e9e et\/ou comment\u00e9e<br>\n                                                                                                                                                <\/div>\n            \n          <h2 class=\"formattedText\">Visite guid\u00e9e du village de Grimaud (guide priv\u00e9e)<\/h2>\n            \n          <div class=\"grid__sub\">\n            <div class=\"grid__datetime\">\n              <span class=\"grid__commune\">\n                <i class=\"fa-thin fa-map-marker-alt\"><\/i>&nbsp;\n                                                                                Grimaud              <\/span>\n            <\/div>\n          <\/div>\n        <\/div>\n      <\/a>\n    <\/div>\n      <div class=\"grid__item\">\n      <a href=\"\/fr\/animation\/distractions-et-loisirs\/la-garde-freinet\/forum-des-associations-6239333\/\" class=\"single-item\">\n        <div class=\"grid__img\">\n                      <img loading=\"lazy\" decoding=\"async\" src=\"\/wp-content\/plugins\/apidae\/public\/files\/mini\/forum-des-associations_6239333_1.png\" alt=\"\"\n              title=\"\" width=\"640\" height=\"300\" \/>\n                  <\/div>\n        <div class=\"grid__inner\">\n          <div class=\"date\">\n                          <div class=\"date-simple\">\n                <div class=\"dateDebut\">\n                  <span class=\"day\"> 6<\/span>\n                  <span class=\"month\">sep.<\/span>\n                                  <\/div>\n              <\/div>\n                      <\/div>\n  \n                      <div class=\"gotto\">\n                                                                  Forum<br>\n                                                                                                                                                                                      <\/div>\n            \n          <h2 class=\"formattedText\">Forum des Associations<\/h2>\n            \n          <div class=\"grid__sub\">\n            <div class=\"grid__datetime\">\n              <span class=\"grid__commune\">\n                <i class=\"fa-thin fa-map-marker-alt\"><\/i>&nbsp;\n                <span>Place Neuve<\/span>&nbsp;                                                -&nbsp;                La Garde-Freinet              <\/span>\n            <\/div>\n          <\/div>\n        <\/div>\n      <\/a>\n    <\/div>\n      <div class=\"grid__item\">\n      <a href=\"\/fr\/animation\/culture\/ramatuelle\/exposition-creche-du-jumelage-6741645\/\" class=\"single-item\">\n        <div class=\"grid__img\">\n                      <img loading=\"lazy\" decoding=\"async\" src=\"\/wp-content\/plugins\/apidae\/public\/files\/mini\/exposition-creche-du-jumelage_6741645_1.jpg\" alt=\"La Fleur de l'\u00e4ge\"\n              title=\"La Fleur de l'\u00e4ge\" width=\"640\" height=\"300\" \/>\n                  <\/div>\n        <div class=\"grid__inner\">\n          <div class=\"date\">\n                          <div class=\"date-double\">\n                                <div class=\"dateDebut\">\n                  <span class=\"day\"> 3<\/span>\n                  <span class=\"month\">sep.<\/span>\n                                  <\/div>\n                <i class=\"fa-light fa-chevron-right\"><\/i>\n                                <div class=\"dateFin\">\n                  <span class=\"day\">31<\/span>\n                  <span class=\"month\">d\u00e9c.<\/span>\n                                  <\/div>\n              <\/div>\n                      <\/div>\n  \n                      <div class=\"gotto\">\n                                                                  Exposition<br>\n                                                                                                                                                <\/div>\n            \n          <h2 class=\"formattedText\">Exposition - Cr\u00e8che du jumelage<\/h2>\n            \n          <div class=\"grid__sub\">\n            <div class=\"grid__datetime\">\n              <span class=\"grid__commune\">\n                <i class=\"fa-thin fa-map-marker-alt\"><\/i>&nbsp;\n                <span>Rue Jean-Moulin<\/span>&nbsp;                                                -&nbsp;                Ramatuelle              <\/span>\n            <\/div>\n          <\/div>\n        <\/div>\n      <\/a>\n    <\/div>\n      <div class=\"grid__item\">\n      <a href=\"\/fr\/animation\/manifestations-commerciales\/ramatuelle\/la-vitrine-des-createurs-diannick-flageonnet-7808896\/\" class=\"single-item\">\n        <div class=\"grid__img\">\n                      <img loading=\"lazy\" decoding=\"async\" src=\"\/wp-content\/plugins\/apidae\/public\/files\/mini\/la-vitrine-des-createurs-diannick-flageonnet_7808896_1.jpg\" alt=\"\"\n              title=\"\" width=\"640\" height=\"300\" \/>\n                  <\/div>\n        <div class=\"grid__inner\">\n          <div class=\"date\">\n                          <div class=\"date-double\">\n                                <div class=\"dateDebut\">\n                  <span class=\"day\"> 6<\/span>\n                  <span class=\"month\">sep.<\/span>\n                                  <\/div>\n                <i class=\"fa-light fa-chevron-right\"><\/i>\n                                <div class=\"dateFin\">\n                  <span class=\"day\">17<\/span>\n                  <span class=\"month\">sep.<\/span>\n                                  <\/div>\n              <\/div>\n                      <\/div>\n  \n                      <div class=\"gotto\">\n                                                                  Exposition<br>\n                                                                                                                                                <\/div>\n            \n          <h2 class=\"formattedText\">La vitrine des cr\u00e9ateurs \u2013 Diannick FLAGEONNET<\/h2>\n            \n          <div class=\"grid__sub\">\n            <div class=\"grid__datetime\">\n              <span class=\"grid__commune\">\n                <i class=\"fa-thin fa-map-marker-alt\"><\/i>&nbsp;\n                <span>23 bis Rue du Centre<\/span>&nbsp;                                                -&nbsp;                Ramatuelle              <\/span>\n            <\/div>\n          <\/div>\n        <\/div>\n      <\/a>\n    <\/div>\n      <div class=\"grid__item\">\n      <a href=\"\/fr\/animation\/culture\/sainte-maxime\/exposition-alain-denamur-6813832\/\" class=\"single-item\">\n        <div class=\"grid__img\">\n                      <img loading=\"lazy\" decoding=\"async\" src=\"\/wp-content\/plugins\/apidae\/public\/files\/mini\/exposition-alain-denamur_6813832_1.jpg\" alt=\"Exposition Alain Denamur_Sainte-Maxime\"\n              title=\"Exposition Alain Denamur_Sainte-Maxime\" width=\"640\" height=\"300\" \/>\n                  <\/div>\n        <div class=\"grid__inner\">\n          <div class=\"date\">\n                          <div class=\"date-double\">\n                                <div class=\"dateDebut\">\n                  <span class=\"day\"> 6<\/span>\n                  <span class=\"month\">sep.<\/span>\n                                  <\/div>\n                <i class=\"fa-light fa-chevron-right\"><\/i>\n                                <div class=\"dateFin\">\n                  <span class=\"day\">15<\/span>\n                  <span class=\"month\">nov.<\/span>\n                                  <\/div>\n              <\/div>\n                      <\/div>\n  \n                      <div class=\"gotto\">\n                                                                  Exposition<br>\n                                                                                                                                                <\/div>\n            \n          <h2 class=\"formattedText\">Exposition Alain Denamur<\/h2>\n            \n          <div class=\"grid__sub\">\n            <div class=\"grid__datetime\">\n              <span class=\"grid__commune\">\n                <i class=\"fa-thin fa-map-marker-alt\"><\/i>&nbsp;\n                                                                                Sainte-Maxime              <\/span>\n            <\/div>\n          <\/div>\n        <\/div>\n      <\/a>\n    <\/div>\n      <div class=\"grid__item\">\n      <a href=\"\/fr\/animation\/distractions-et-loisirs\/sainte-maxime\/forum-des-associations-4721264\/\" class=\"single-item\">\n        <div class=\"grid__img\">\n                      <img loading=\"lazy\" decoding=\"async\" src=\"\/wp-content\/plugins\/apidae\/public\/files\/mini\/forum-des-associations_4721264_1.png\" alt=\"Forum des Associations_Sainte-Maxime\"\n              title=\"Forum des Associations_Sainte-Maxime\" width=\"640\" height=\"300\" \/>\n                  <\/div>\n        <div class=\"grid__inner\">\n          <div class=\"date\">\n                          <div class=\"date-simple\">\n                <div class=\"dateDebut\">\n                  <span class=\"day\"> 6<\/span>\n                  <span class=\"month\">sep.<\/span>\n                                  <\/div>\n              <\/div>\n                      <\/div>\n  \n                      <div class=\"gotto\">\n                                                                  Foire ou salon<br>\n                                                                                                                                                                                      <\/div>\n            \n          <h2 class=\"formattedText\">Forum des Associations<\/h2>\n            \n          <div class=\"grid__sub\">\n            <div class=\"grid__datetime\">\n              <span class=\"grid__commune\">\n                <i class=\"fa-thin fa-map-marker-alt\"><\/i>&nbsp;\n                                                                                Sainte-Maxime              <\/span>\n            <\/div>\n          <\/div>\n        <\/div>\n      <\/a>\n    <\/div>\n      <div class=\"grid__item\">\n      <a href=\"\/fr\/animation\/sports\/gassin\/aeroyoga-et-fitball-avec-peggy-7384276\/\" class=\"single-item\">\n        <div class=\"grid__img\">\n                      <img loading=\"lazy\" decoding=\"async\" src=\"\/wp-content\/plugins\/apidae\/public\/files\/mini\/aeroyoga-et-fitball-avec-peggy_7384276_1.jpg\" alt=\"A\u00e9royoga\"\n              title=\"A\u00e9royoga\" width=\"640\" height=\"300\" \/>\n                  <\/div>\n        <div class=\"grid__inner\">\n          <div class=\"date\">\n                          <div class=\"date-double\">\n                                <div class=\"dateDebut\">\n                  <span class=\"day\"> 6<\/span>\n                  <span class=\"month\">sep.<\/span>\n                                  <\/div>\n                <i class=\"fa-light fa-chevron-right\"><\/i>\n                                <div class=\"dateFin\">\n                  <span class=\"day\">30<\/span>\n                  <span class=\"month\">mai<\/span>\n                                  <\/div>\n              <\/div>\n                      <\/div>\n  \n                      <div class=\"gotto\">\n                                                                  <br>\n                                                                                                                                                <\/div>\n            \n          <h2 class=\"formattedText\">A\u00e9royoga et fitball avec Peggy<\/h2>\n            \n          <div class=\"grid__sub\">\n            <div class=\"grid__datetime\">\n              <span class=\"grid__commune\">\n                <i class=\"fa-thin fa-map-marker-alt\"><\/i>&nbsp;\n                <span>Chemin de Caruby<\/span>&nbsp;                <span>Acc\u00e8s par la RD 559<\/span>&nbsp;                                -&nbsp;                Gassin              <\/span>\n            <\/div>\n          <\/div>\n        <\/div>\n      <\/a>\n    <\/div>\n      <div class=\"grid__item\">\n      <a href=\"\/fr\/animation\/culture\/gassin\/balade-guidee-au-cur-de-lhistoire-de-gassin-5147284\/\" class=\"single-item\">\n        <div class=\"grid__img\">\n                      <img loading=\"lazy\" decoding=\"async\" src=\"\/wp-content\/plugins\/apidae\/public\/files\/mini\/balade-guidee-au-cur-de-lhistoire-de-gassin_5147284_1.jpg\" alt=\"Visite guid\u00e9e au coeur du village de Gassin\"\n              title=\"Visite guid\u00e9e au coeur du village de Gassin\" width=\"640\" height=\"300\" \/>\n                  <\/div>\n        <div class=\"grid__inner\">\n          <div class=\"date\">\n                          <div class=\"date-double\">\n                                <div class=\"dateDebut\">\n                  <span class=\"day\"> 7<\/span>\n                  <span class=\"month\">sep.<\/span>\n                                  <\/div>\n                <i class=\"fa-light fa-chevron-right\"><\/i>\n                                <div class=\"dateFin\">\n                  <span class=\"day\">27<\/span>\n                  <span class=\"month\">sep.<\/span>\n                                  <\/div>\n              <\/div>\n                      <\/div>\n  \n                      <div class=\"gotto\">\n                                                                  Visite guid\u00e9e et\/ou comment\u00e9e<br>\n                                                                                                                                                <\/div>\n            \n          <h2 class=\"formattedText\">Balade guid\u00e9e\u00a0: Au c\u0153ur de l\u2019histoire de Gassin<\/h2>\n            \n          <div class=\"grid__sub\">\n            <div class=\"grid__datetime\">\n              <span class=\"grid__commune\">\n                <i class=\"fa-thin fa-map-marker-alt\"><\/i>&nbsp;\n                <span>20, place L\u00e9on Martel<\/span>&nbsp;                                                -&nbsp;                Gassin              <\/span>\n            <\/div>\n          <\/div>\n        <\/div>\n      <\/a>\n    <\/div>\n      <div class=\"grid__item\">\n      <a href=\"\/fr\/animation\/distractions-et-loisirs\/grimaud\/atelier-d-introduction-aux-vins-natures-au-clos-des-b-7446255\/\" class=\"single-item\">\n        <div class=\"grid__img\">\n                      <img loading=\"lazy\" decoding=\"async\" src=\"\/wp-content\/plugins\/apidae\/public\/files\/mini\/atelier-d-introduction-aux-vins-natures-au-clos-des-b_7446255_1.jpg\" alt=\"\"\n              title=\"\" width=\"640\" height=\"300\" \/>\n                  <\/div>\n        <div class=\"grid__inner\">\n          <div class=\"date\">\n                          <div class=\"date-double\">\n                                <div class=\"dateDebut\">\n                  <span class=\"day\"> 2<\/span>\n                  <span class=\"month\">sep.<\/span>\n                                  <\/div>\n                <i class=\"fa-light fa-chevron-right\"><\/i>\n                                <div class=\"dateFin\">\n                  <span class=\"day\">29<\/span>\n                  <span class=\"month\">sep.<\/span>\n                                  <\/div>\n              <\/div>\n                      <\/div>\n  \n                      <div class=\"gotto\">\n                                                                  Animation dans les commerces<br>\n                                                                                                                                                                                      <\/div>\n            \n          <h2 class=\"formattedText\">Atelier d'introduction aux vins natures au Clos des B<\/h2>\n            \n          <div class=\"grid__sub\">\n            <div class=\"grid__datetime\">\n              <span class=\"grid__commune\">\n                <i class=\"fa-thin fa-map-marker-alt\"><\/i>&nbsp;\n                <span>1032 Chemin des Lyons<\/span>&nbsp;                                                -&nbsp;                Grimaud              <\/span>\n            <\/div>\n          <\/div>\n        <\/div>\n      <\/a>\n    <\/div>\n      <div class=\"grid__item\">\n      <a href=\"\/fr\/animation\/distractions-et-loisirs\/grimaud\/soiree-afro-bouillon-shatta-dancehall-a-l-after-beach-6528644\/\" class=\"single-item\">\n        <div class=\"grid__img\">\n                      <img loading=\"lazy\" decoding=\"async\" src=\"\/wp-content\/plugins\/apidae\/public\/files\/mini\/soiree-afro-bouillon-shatta-dancehall-a-l-after-beach_6528644_1.jpg\" alt=\"\"\n              title=\"\" width=\"640\" height=\"300\" \/>\n                  <\/div>\n        <div class=\"grid__inner\">\n          <div class=\"date\">\n                          <div class=\"date-double\">\n                                <div class=\"dateDebut\">\n                  <span class=\"day\"> 7<\/span>\n                  <span class=\"month\">sep.<\/span>\n                                  <\/div>\n                <i class=\"fa-light fa-chevron-right\"><\/i>\n                                <div class=\"dateFin\">\n                  <span class=\"day\">21<\/span>\n                  <span class=\"month\">sep.<\/span>\n                                  <\/div>\n              <\/div>\n                      <\/div>\n  \n                      <div class=\"gotto\">\n                                                                  Concert<br>\n                                                                                                                                                <\/div>\n            \n          <h2 class=\"formattedText\">Soir\u00e9e \"Afro, Bouillon, Shatta, Dancehall\" \u00e0 l'After Beach<\/h2>\n            \n          <div class=\"grid__sub\">\n            <div class=\"grid__datetime\">\n              <span class=\"grid__commune\">\n                <i class=\"fa-thin fa-map-marker-alt\"><\/i>&nbsp;\n                <span>56 Chemin de La Rine<\/span>&nbsp;                                                -&nbsp;                Grimaud              <\/span>\n            <\/div>\n          <\/div>\n        <\/div>\n      <\/a>\n    <\/div>\n      <div class=\"grid__item\">\n      <a href=\"\/fr\/animation\/culture\/la-croix-valmer\/atelier-philo-adultes-avec-claire-lucq-6221682\/\" class=\"single-item\">\n        <div class=\"grid__img\">\n                      <img loading=\"lazy\" decoding=\"async\" src=\"\/wp-content\/plugins\/apidae\/public\/files\/mini\/atelier-philo-adultes-avec-claire-lucq_6221682_1.png\" alt=\"\"\n              title=\"\" width=\"640\" height=\"300\" \/>\n                  <\/div>\n        <div class=\"grid__inner\">\n          <div class=\"date\">\n                          <div class=\"date-simple\">\n                <div class=\"dateDebut\">\n                  <span class=\"day\"> 7<\/span>\n                  <span class=\"month\">sep.<\/span>\n                                  <\/div>\n              <\/div>\n                      <\/div>\n  \n                      <div class=\"gotto\">\n                                                                  Conf\u00e9rence \/ D\u00e9bat \/ Rencontre<br>\n                                                                                                                                                <\/div>\n            \n          <h2 class=\"formattedText\">Atelier philo adultes avec Claire Lucq<\/h2>\n            \n          <div class=\"grid__sub\">\n            <div class=\"grid__datetime\">\n              <span class=\"grid__commune\">\n                <i class=\"fa-thin fa-map-marker-alt\"><\/i>&nbsp;\n                <span>Espace Culturel Les Bruy\u00e8res<\/span>&nbsp;                <span>Boulevard des Villas<\/span>&nbsp;                                -&nbsp;                La Croix-Valmer              <\/span>\n            <\/div>\n          <\/div>\n        <\/div>\n      <\/a>\n    <\/div>\n      <div class=\"grid__item\">\n      <a href=\"\/fr\/animation\/distractions-et-loisirs\/rayol-canadel-sur-mer\/fete-nationale-bresilienne-7961353\/\" class=\"single-item\">\n        <div class=\"grid__img\">\n                      <img loading=\"lazy\" decoding=\"async\" src=\"\/wp-content\/plugins\/apidae\/public\/files\/mini\/fete-nationale-bresilienne_7961353_1.jpg\" alt=\"F\u00eate nationale br\u00e9silienne\"\n              title=\"F\u00eate nationale br\u00e9silienne\" width=\"640\" height=\"300\" \/>\n                  <\/div>\n        <div class=\"grid__inner\">\n          <div class=\"date\">\n                          <div class=\"date-simple\">\n                <div class=\"dateDebut\">\n                  <span class=\"day\"> 7<\/span>\n                  <span class=\"month\">sep.<\/span>\n                                  <\/div>\n              <\/div>\n                      <\/div>\n  \n                      <div class=\"gotto\">\n                                                                  Soir\u00e9e \u00e0 th\u00e8me<br>\n                                                                                                                                                <\/div>\n            \n          <h2 class=\"formattedText\">F\u00eate nationale br\u00e9silienne<\/h2>\n            \n          <div class=\"grid__sub\">\n            <div class=\"grid__datetime\">\n              <span class=\"grid__commune\">\n                <i class=\"fa-thin fa-map-marker-alt\"><\/i>&nbsp;\n                <span>Restaurant Mirages \u00e0 la plage<\/span>&nbsp;                <span>plage de Pramousquier<\/span>&nbsp;                                -&nbsp;                Rayol-Canadel-sur-Mer              <\/span>\n            <\/div>\n          <\/div>\n        <\/div>\n      <\/a>\n    <\/div>\n      <div class=\"grid__item\">\n      <a href=\"\/fr\/animation\/don-du-sang-7664824\/\" class=\"single-item\">\n        <div class=\"grid__img\">\n                      <img loading=\"lazy\" decoding=\"async\" src=\"\/wp-content\/plugins\/apidae\/public\/files\/mini\/don-du-sang_7664824_1.jpg\" alt=\"\"\n              title=\"\" width=\"640\" height=\"300\" \/>\n                  <\/div>\n        <div class=\"grid__inner\">\n          <div class=\"date\">\n                          <div class=\"date-simple\">\n                <div class=\"dateDebut\">\n                  <span class=\"day\"> 7<\/span>\n                  <span class=\"month\">sep.<\/span>\n                                  <\/div>\n              <\/div>\n                      <\/div>\n  \n                      <div class=\"gotto\">\n                                                                  Don du sang<br>\n                                                                                                                                                <\/div>\n            \n          <h2 class=\"formattedText\">Don du sang<\/h2>\n            \n          <div class=\"grid__sub\">\n            <div class=\"grid__datetime\">\n              <span class=\"grid__commune\">\n                <i class=\"fa-thin fa-map-marker-alt\"><\/i>&nbsp;\n                <span>16, Boulevard Vasserot<\/span>&nbsp;                                                -&nbsp;                Saint-Tropez              <\/span>\n            <\/div>\n          <\/div>\n        <\/div>\n      <\/a>\n    <\/div>\n      <div class=\"grid__item\">\n      <a href=\"\/fr\/animation\/culture\/sainte-maxime\/exposition-art-et-handicap-martin-zwobada-7385642\/\" class=\"single-item\">\n        <div class=\"grid__img\">\n                      <img loading=\"lazy\" decoding=\"async\" src=\"\/wp-content\/plugins\/apidae\/public\/files\/mini\/exposition-art-et-handicap-martin-zwobada_7385642_1.jpg\" alt=\"Exposition art et handicap \u2013 Martin Zwobada_Sainte-Maxime\"\n              title=\"Exposition art et handicap \u2013 Martin Zwobada_Sainte-Maxime\" width=\"640\" height=\"300\" \/>\n                  <\/div>\n        <div class=\"grid__inner\">\n          <div class=\"date\">\n                          <div class=\"date-double\">\n                                <div class=\"dateDebut\">\n                  <span class=\"day\"> 7<\/span>\n                  <span class=\"month\">sep.<\/span>\n                                  <\/div>\n                <i class=\"fa-light fa-chevron-right\"><\/i>\n                                <div class=\"dateFin\">\n                  <span class=\"day\">13<\/span>\n                  <span class=\"month\">sep.<\/span>\n                                  <\/div>\n              <\/div>\n                      <\/div>\n  \n                      <div class=\"gotto\">\n                                                                  Exposition<br>\n                                                                                                                                                <\/div>\n            \n          <h2 class=\"formattedText\">Exposition art et handicap \u2013 Martin Zwobada<\/h2>\n            \n          <div class=\"grid__sub\">\n            <div class=\"grid__datetime\">\n              <span class=\"grid__commune\">\n                <i class=\"fa-thin fa-map-marker-alt\"><\/i>&nbsp;\n                <span>1 promenade A. Simon Lori\u00e8re<\/span>&nbsp;                                                -&nbsp;                Sainte-Maxime              <\/span>\n            <\/div>\n          <\/div>\n        <\/div>\n      <\/a>\n    <\/div>\n      <div class=\"grid__item\">\n      <a href=\"\/fr\/animation\/distractions-et-loisirs\/cavalaire-sur-mer\/les-escales-musicales-concert-d-acoustica-7806596\/\" class=\"single-item\">\n        <div class=\"grid__img\">\n                      <img loading=\"lazy\" decoding=\"async\" src=\"\/wp-content\/plugins\/apidae\/public\/files\/mini\/les-escales-musicales-concert-d-acoustica_7806596_1.jpeg\" alt=\"\"\n              title=\"\" width=\"640\" height=\"300\" \/>\n                  <\/div>\n        <div class=\"grid__inner\">\n          <div class=\"date\">\n                          <div class=\"date-simple\">\n                <div class=\"dateDebut\">\n                  <span class=\"day\"> 7<\/span>\n                  <span class=\"month\">sep.<\/span>\n                                  <\/div>\n              <\/div>\n                      <\/div>\n  \n                      <div class=\"gotto\">\n                                                                  Concert<br>\n                                                                                                                                                <\/div>\n            \n          <h2 class=\"formattedText\">Les Escales Musicales - concert d'ACOUSTICA<\/h2>\n            \n          <div class=\"grid__sub\">\n            <div class=\"grid__datetime\">\n              <span class=\"grid__commune\">\n                <i class=\"fa-thin fa-map-marker-alt\"><\/i>&nbsp;\n                                                                                Cavalaire-sur-Mer              <\/span>\n            <\/div>\n          <\/div>\n        <\/div>\n      <\/a>\n    <\/div>\n      <div class=\"grid__item\">\n      <a href=\"\/fr\/animation\/culture\/grimaud\/exposition-ecole-d-autrefois-7834223\/\" class=\"single-item\">\n        <div class=\"grid__img\">\n                      <img loading=\"lazy\" decoding=\"async\" src=\"\/wp-content\/plugins\/apidae\/public\/files\/mini\/exposition-ecole-d-autrefois_7834223_1.jpg\" alt=\"M\u00e9diath\u00e8que\"\n              title=\"M\u00e9diath\u00e8que\" width=\"640\" height=\"300\" \/>\n                  <\/div>\n        <div class=\"grid__inner\">\n          <div class=\"date\">\n                          <div class=\"date-double\">\n                                <div class=\"dateDebut\">\n                  <span class=\"day\"> 8<\/span>\n                  <span class=\"month\">sep.<\/span>\n                                  <\/div>\n                <i class=\"fa-light fa-chevron-right\"><\/i>\n                                <div class=\"dateFin\">\n                  <span class=\"day\"> 3<\/span>\n                  <span class=\"month\">oct.<\/span>\n                                  <\/div>\n              <\/div>\n                      <\/div>\n  \n                      <div class=\"gotto\">\n                                                                  Exposition<br>\n                                                                                                                                                <\/div>\n            \n          <h2 class=\"formattedText\">Exposition \"\u00c9cole d'autrefois\"<\/h2>\n            \n          <div class=\"grid__sub\">\n            <div class=\"grid__datetime\">\n              <span class=\"grid__commune\">\n                <i class=\"fa-thin fa-map-marker-alt\"><\/i>&nbsp;\n                <span>850 Route Nationale<\/span>&nbsp;                <span>Immeuble Beausoleil - 1er \u00e9tage<\/span>&nbsp;                                -&nbsp;                Grimaud              <\/span>\n            <\/div>\n          <\/div>\n        <\/div>\n      <\/a>\n    <\/div>\n      <div class=\"grid__item\">\n      <a href=\"\/fr\/animation\/traditions-et-folklore\/la-garde-freinet\/pelerinage-a-notre-dame-de-miremer-6239110\/\" class=\"single-item\">\n        <div class=\"grid__img\">\n                      <img loading=\"lazy\" decoding=\"async\" src=\"\/wp-content\/plugins\/apidae\/public\/files\/mini\/pelerinage-a-notre-dame-de-miremer_6239110_1.jpg\" alt=\"\"\n              title=\"\" width=\"640\" height=\"300\" \/>\n                  <\/div>\n        <div class=\"grid__inner\">\n          <div class=\"date\">\n                          <div class=\"date-simple\">\n                <div class=\"dateDebut\">\n                  <span class=\"day\"> 8<\/span>\n                  <span class=\"month\">sep.<\/span>\n                                  <\/div>\n              <\/div>\n                      <\/div>\n  \n                      <div class=\"gotto\">\n                                                                  P\u00e8lerinage et procession<br>\n                                                                                                                                                <\/div>\n            \n          <h2 class=\"formattedText\">P\u00e8lerinage \u00e0 Notre-Dame de Miremer<\/h2>\n            \n          <div class=\"grid__sub\">\n            <div class=\"grid__datetime\">\n              <span class=\"grid__commune\">\n                <i class=\"fa-thin fa-map-marker-alt\"><\/i>&nbsp;\n                <span>Colline de Miremer, RD 558<\/span>&nbsp;                                                -&nbsp;                La Garde-Freinet              <\/span>\n            <\/div>\n          <\/div>\n        <\/div>\n      <\/a>\n    <\/div>\n      <div class=\"grid__item\">\n      <a href=\"\/fr\/animation\/distractions-et-loisirs\/ramatuelle\/balade-des-sens-sur-le-chemin-du-moulin-roux-7839985\/\" class=\"single-item\">\n        <div class=\"grid__img\">\n                      <img loading=\"lazy\" decoding=\"async\" src=\"\/wp-content\/plugins\/apidae\/public\/files\/mini\/balade-des-sens-sur-le-chemin-du-moulin-roux_7839985_1.jpg\" alt=\"Balade des sens sur le chemin du Moulin Roux\"\n              title=\"Balade des sens sur le chemin du Moulin Roux\" width=\"640\" height=\"300\" \/>\n                  <\/div>\n        <div class=\"grid__inner\">\n          <div class=\"date\">\n                          <div class=\"date-simple\">\n                <div class=\"dateDebut\">\n                  <span class=\"day\"> 8<\/span>\n                  <span class=\"month\">sep.<\/span>\n                                  <\/div>\n              <\/div>\n                      <\/div>\n  \n                      <div class=\"gotto\">\n                                                                  Visite guid\u00e9e et\/ou comment\u00e9e<br>\n                                                                                                                                                <\/div>\n            \n          <h2 class=\"formattedText\">Balade des sens sur le chemin du Moulin Roux<\/h2>\n            \n          <div class=\"grid__sub\">\n            <div class=\"grid__datetime\">\n              <span class=\"grid__commune\">\n                <i class=\"fa-thin fa-map-marker-alt\"><\/i>&nbsp;\n                <span>Place de l'Ormeau<\/span>&nbsp;                                                -&nbsp;                Ramatuelle              <\/span>\n            <\/div>\n          <\/div>\n        <\/div>\n      <\/a>\n    <\/div>\n      <div class=\"grid__item\">\n      <a href=\"\/fr\/animation\/distractions-et-loisirs\/saint-tropez\/concert-grands-airs-lyriques-soprano-mezzo-guitare-7956357\/\" class=\"single-item\">\n        <div class=\"grid__img\">\n                      <img loading=\"lazy\" decoding=\"async\" src=\"\/wp-content\/plugins\/apidae\/public\/files\/mini\/concert-grands-airs-lyriques-soprano-mezzo-guitare_7956357_1.jpg\" alt=\"\"\n              title=\"\" width=\"640\" height=\"300\" \/>\n                  <\/div>\n        <div class=\"grid__inner\">\n          <div class=\"date\">\n                          <div class=\"date-simple\">\n                <div class=\"dateDebut\">\n                  <span class=\"day\"> 8<\/span>\n                  <span class=\"month\">sep.<\/span>\n                                  <\/div>\n              <\/div>\n                      <\/div>\n  \n                      <div class=\"gotto\">\n                                                                  Concert<br>\n                                                                                                                                                <\/div>\n            \n          <h2 class=\"formattedText\">Concert - Grands Airs Lyriques (soprano, mezzo, guitare)<\/h2>\n            \n          <div class=\"grid__sub\">\n            <div class=\"grid__datetime\">\n              <span class=\"grid__commune\">\n                <i class=\"fa-thin fa-map-marker-alt\"><\/i>&nbsp;\n                <span>Rue Gambetta<\/span>&nbsp;                                                -&nbsp;                Saint-Tropez              <\/span>\n            <\/div>\n          <\/div>\n        <\/div>\n      <\/a>\n    <\/div>\n      <div class=\"grid__item\">\n      <a href=\"\/fr\/animation\/nature-et-detente\/cavalaire-sur-mer\/nox-et-pixel-atelier-photo-nocturne-avec-florent-beau-7864293\/\" class=\"single-item\">\n        <div class=\"grid__img\">\n                      <img loading=\"lazy\" decoding=\"async\" src=\"\/wp-content\/plugins\/apidae\/public\/files\/mini\/nox-et-pixel-atelier-photo-nocturne-avec-florent-beau_7864293_1.png\" alt=\"\"\n              title=\"\" width=\"640\" height=\"300\" \/>\n                  <\/div>\n        <div class=\"grid__inner\">\n          <div class=\"date\">\n                          <div class=\"date-simple\">\n                <div class=\"dateDebut\">\n                  <span class=\"day\"> 9<\/span>\n                  <span class=\"month\">sep.<\/span>\n                                  <\/div>\n              <\/div>\n                      <\/div>\n  \n                      <div class=\"gotto\">\n                              Nature et d\u00e9tente\n                                        <\/div>\n            \n          <h2 class=\"formattedText\">Nox et Pixel - Atelier photo nocturne avec Florent BEAU<\/h2>\n            \n          <div class=\"grid__sub\">\n            <div class=\"grid__datetime\">\n              <span class=\"grid__commune\">\n                <i class=\"fa-thin fa-map-marker-alt\"><\/i>&nbsp;\n                <span>454 chemin Pierre Foncin<\/span>&nbsp;                                                -&nbsp;                Cavalaire-sur-Mer              <\/span>\n            <\/div>\n          <\/div>\n        <\/div>\n      <\/a>\n    <\/div>\n      <div class=\"grid__item\">\n      <a href=\"\/fr\/animation\/distractions-et-loisirs\/cogolin\/atelier-d-initiation-au-dessin-7912534\/\" class=\"single-item\">\n        <div class=\"grid__img\">\n                      <img loading=\"lazy\" decoding=\"async\" src=\"\/wp-content\/plugins\/apidae\/public\/files\/mini\/atelier-d-initiation-au-dessin_7912534_1.png\" alt=\"Le ch\u00e2teau\"\n              title=\"Le ch\u00e2teau\" width=\"640\" height=\"300\" \/>\n                  <\/div>\n        <div class=\"grid__inner\">\n          <div class=\"date\">\n                          <div class=\"date-simple\">\n                <div class=\"dateDebut\">\n                  <span class=\"day\"> 9<\/span>\n                  <span class=\"month\">sep.<\/span>\n                                  <\/div>\n              <\/div>\n                      <\/div>\n  \n                      <div class=\"gotto\">\n                              Distractions et loisirs\n                                        <\/div>\n            \n          <h2 class=\"formattedText\">Atelier d'initiation au dessin<\/h2>\n            \n          <div class=\"grid__sub\">\n            <div class=\"grid__datetime\">\n              <span class=\"grid__commune\">\n                <i class=\"fa-thin fa-map-marker-alt\"><\/i>&nbsp;\n                <span>Le Ch\u00e2teau<\/span>&nbsp;                <span>46 rue Nationale<\/span>&nbsp;                                -&nbsp;                Cogolin              <\/span>\n            <\/div>\n          <\/div>\n        <\/div>\n      <\/a>\n    <\/div>\n      <div class=\"grid__item\">\n      <a href=\"\/fr\/animation\/distractions-et-loisirs\/grimaud\/live-music-ultra-dansant-a-l-after-beach-6889374\/\" class=\"single-item\">\n        <div class=\"grid__img\">\n                      <img loading=\"lazy\" decoding=\"async\" src=\"\/wp-content\/plugins\/apidae\/public\/files\/mini\/live-music-ultra-dansant-a-l-after-beach_6889374_1.jpg\" alt=\"After Beach\"\n              title=\"After Beach\" width=\"640\" height=\"300\" \/>\n                  <\/div>\n        <div class=\"grid__inner\">\n          <div class=\"date\">\n                          <div class=\"date-double\">\n                                <div class=\"dateDebut\">\n                  <span class=\"day\"> 2<\/span>\n                  <span class=\"month\">sep.<\/span>\n                                  <\/div>\n                <i class=\"fa-light fa-chevron-right\"><\/i>\n                                <div class=\"dateFin\">\n                  <span class=\"day\">23<\/span>\n                  <span class=\"month\">sep.<\/span>\n                                  <\/div>\n              <\/div>\n                      <\/div>\n  \n                      <div class=\"gotto\">\n                                                                  Concert<br>\n                                                                                                                                                <\/div>\n            \n          <h2 class=\"formattedText\">\"Live music ultra dansant\" \u00e0 l'After Beach<\/h2>\n            \n          <div class=\"grid__sub\">\n            <div class=\"grid__datetime\">\n              <span class=\"grid__commune\">\n                <i class=\"fa-thin fa-map-marker-alt\"><\/i>&nbsp;\n                <span>56 Chemin de La Rine<\/span>&nbsp;                                                -&nbsp;                Grimaud              <\/span>\n            <\/div>\n          <\/div>\n        <\/div>\n      <\/a>\n    <\/div>\n      <div class=\"grid__item\">\n      <a href=\"\/fr\/animation\/sports\/grimaud\/activite-methode-pilates-au-ranch-la-mene-7505144\/\" class=\"single-item\">\n        <div class=\"grid__img\">\n                      <img loading=\"lazy\" decoding=\"async\" src=\"\/wp-content\/plugins\/apidae\/public\/files\/mini\/activite-methode-pilates-au-ranch-la-mene_7505144_1.jpg\" alt=\"\"\n              title=\"\" width=\"640\" height=\"300\" \/>\n                  <\/div>\n        <div class=\"grid__inner\">\n          <div class=\"date\">\n                          <div class=\"date-double\">\n                                <div class=\"dateDebut\">\n                  <span class=\"day\"> 2<\/span>\n                  <span class=\"month\">sep.<\/span>\n                                  <\/div>\n                <i class=\"fa-light fa-chevron-right\"><\/i>\n                                <div class=\"dateFin\">\n                  <span class=\"day\">29<\/span>\n                  <span class=\"month\">sep.<\/span>\n                                  <\/div>\n              <\/div>\n                      <\/div>\n  \n                      <div class=\"gotto\">\n                              Sports\n                                        <\/div>\n            \n          <h2 class=\"formattedText\">Activit\u00e9 \"M\u00e9thode Pilates\" au Ranch La M\u00e8ne<\/h2>\n            \n          <div class=\"grid__sub\">\n            <div class=\"grid__datetime\">\n              <span class=\"grid__commune\">\n                <i class=\"fa-thin fa-map-marker-alt\"><\/i>&nbsp;\n                <span>255 chemin de la Tour<\/span>&nbsp;                                                -&nbsp;                Grimaud              <\/span>\n            <\/div>\n          <\/div>\n        <\/div>\n      <\/a>\n    <\/div>\n      <div class=\"grid__item\">\n      <a href=\"\/fr\/animation\/sports\/grimaud\/nuitee-des-boulistes-6614732\/\" class=\"single-item\">\n        <div class=\"grid__img\">\n                      <img loading=\"lazy\" decoding=\"async\" src=\"\/wp-content\/plugins\/apidae\/public\/files\/mini\/nuitee-des-boulistes_6614732_1.jpg\" alt=\"P\u00e9tanque Grimaud\"\n              title=\"P\u00e9tanque Grimaud\" width=\"640\" height=\"300\" \/>\n                  <\/div>\n        <div class=\"grid__inner\">\n          <div class=\"date\">\n                          <div class=\"date-double\">\n                                <div class=\"dateDebut\">\n                  <span class=\"day\"> 2<\/span>\n                  <span class=\"month\">sep.<\/span>\n                                  <\/div>\n                <i class=\"fa-light fa-chevron-right\"><\/i>\n                                <div class=\"dateFin\">\n                  <span class=\"day\">16<\/span>\n                  <span class=\"month\">sep.<\/span>\n                                  <\/div>\n              <\/div>\n                      <\/div>\n  \n                      <div class=\"gotto\">\n                                                                  Concours \/ Tournois<br>\n                                                                                                                                                <\/div>\n            \n          <h2 class=\"formattedText\">Nuit\u00e9e des boulistes<\/h2>\n            \n          <div class=\"grid__sub\">\n            <div class=\"grid__datetime\">\n              <span class=\"grid__commune\">\n                <i class=\"fa-thin fa-map-marker-alt\"><\/i>&nbsp;\n                <span>En contre-bas du moulin Saint-Roch<\/span>&nbsp;                                                -&nbsp;                Grimaud              <\/span>\n            <\/div>\n          <\/div>\n        <\/div>\n      <\/a>\n    <\/div>\n      <div class=\"grid__item\">\n      <a href=\"\/fr\/animation\/sports\/ramatuelle\/randonnee-thematique-les-sous-marins-de-la-liberte-avec-jean-charles-meyer-6881065\/\" class=\"single-item\">\n        <div class=\"grid__img\">\n                      <img loading=\"lazy\" decoding=\"async\" src=\"\/wp-content\/plugins\/apidae\/public\/files\/mini\/randonnee-thematique-les-sous-marins-de-la-liberte-avec-jean-charles-meyer_6881065_1.jpg\" alt=\"La roche Escudelier\"\n              title=\"La roche Escudelier\" width=\"640\" height=\"300\" \/>\n                  <\/div>\n        <div class=\"grid__inner\">\n          <div class=\"date\">\n                          <div class=\"date-double\">\n                                <div class=\"dateDebut\">\n                  <span class=\"day\"> 2<\/span>\n                  <span class=\"month\">sep.<\/span>\n                                  <\/div>\n                <i class=\"fa-light fa-chevron-right\"><\/i>\n                                <div class=\"dateFin\">\n                  <span class=\"day\">30<\/span>\n                  <span class=\"month\">sep.<\/span>\n                                  <\/div>\n              <\/div>\n                      <\/div>\n  \n                      <div class=\"gotto\">\n                              Culture \/ Nature et d\u00e9tente \/ Sports\n                                        <\/div>\n            \n          <h2 class=\"formattedText\">Randonn\u00e9e th\u00e9matique \u00ab les sous-marins de la libert\u00e9 \u00bb avec Jean-Charles Meyer<\/h2>\n            \n          <div class=\"grid__sub\">\n            <div class=\"grid__datetime\">\n              <span class=\"grid__commune\">\n                <i class=\"fa-thin fa-map-marker-alt\"><\/i>&nbsp;\n                                                                                Ramatuelle              <\/span>\n            <\/div>\n          <\/div>\n        <\/div>\n      <\/a>\n    <\/div>\n      <div class=\"grid__item\">\n      <a href=\"\/fr\/animation\/distractions-et-loisirs\/ramatuelle\/visite-de-cave-vignobles-de-ramatuelle-7905706\/\" class=\"single-item\">\n        <div class=\"grid__img\">\n                      <img loading=\"lazy\" decoding=\"async\" src=\"\/wp-content\/plugins\/apidae\/public\/files\/mini\/visite-de-cave-vignobles-de-ramatuelle_7905706_1.png\" alt=\"\"\n              title=\"\" width=\"640\" height=\"300\" \/>\n                  <\/div>\n        <div class=\"grid__inner\">\n          <div class=\"date\">\n                          <div class=\"date-double\">\n                                <div class=\"dateDebut\">\n                  <span class=\"day\"> 2<\/span>\n                  <span class=\"month\">sep.<\/span>\n                                  <\/div>\n                <i class=\"fa-light fa-chevron-right\"><\/i>\n                                <div class=\"dateFin\">\n                  <span class=\"day\">16<\/span>\n                  <span class=\"month\">sep.<\/span>\n                                  <\/div>\n              <\/div>\n                      <\/div>\n  \n                      <div class=\"gotto\">\n                                                                  D\u00e9gustation<br>\n                                                                                                                                                <\/div>\n            \n          <h2 class=\"formattedText\">Visite de cave - Vignobles de Ramatuelle<\/h2>\n            \n          <div class=\"grid__sub\">\n            <div class=\"grid__datetime\">\n              <span class=\"grid__commune\">\n                <i class=\"fa-thin fa-map-marker-alt\"><\/i>&nbsp;\n                <span>597 Route de Collebasse,<\/span>&nbsp;                                                -&nbsp;                Ramatuelle              <\/span>\n            <\/div>\n          <\/div>\n        <\/div>\n      <\/a>\n    <\/div>\n      <div class=\"grid__item\">\n      <a href=\"\/fr\/animation\/distractions-et-loisirs\/rayol-canadel-sur-mer\/soirees-musicales-a-l-hotel-la-villa-douce-6191060\/\" class=\"single-item\">\n        <div class=\"grid__img\">\n                      <img loading=\"lazy\" decoding=\"async\" src=\"\/wp-content\/plugins\/apidae\/public\/files\/mini\/soirees-musicales-a-l-hotel-la-villa-douce_6191060_1.jpg\" alt=\"Soir\u00e9e musicale\"\n              title=\"Soir\u00e9e musicale\" width=\"640\" height=\"300\" \/>\n                  <\/div>\n        <div class=\"grid__inner\">\n          <div class=\"date\">\n                          <div class=\"date-double\">\n                                <div class=\"dateDebut\">\n                  <span class=\"day\"> 2<\/span>\n                  <span class=\"month\">sep.<\/span>\n                                  <\/div>\n                <i class=\"fa-light fa-chevron-right\"><\/i>\n                                <div class=\"dateFin\">\n                  <span class=\"day\"> 9<\/span>\n                  <span class=\"month\">sep.<\/span>\n                                  <\/div>\n              <\/div>\n                      <\/div>\n  \n                      <div class=\"gotto\">\n                                                                  Concert<br>\n                                                                                                                                                <\/div>\n            \n          <h2 class=\"formattedText\">Soir\u00e9es musicales \u00e0 l'h\u00f4tel La Villa Douce****<\/h2>\n            \n          <div class=\"grid__sub\">\n            <div class=\"grid__datetime\">\n              <span class=\"grid__commune\">\n                <i class=\"fa-thin fa-map-marker-alt\"><\/i>&nbsp;\n                <span>8 Corniche de Paris<\/span>&nbsp;                                                -&nbsp;                Rayol-Canadel-sur-Mer              <\/span>\n            <\/div>\n          <\/div>\n        <\/div>\n      <\/a>\n    <\/div>\n      <div class=\"grid__item\">\n      <a href=\"\/fr\/animation\/distractions-et-loisirs\/rayol-canadel-sur-mer\/sortie-a-aix-en-provence-sur-les-pas-de-cezanne-7951494\/\" class=\"single-item\">\n        <div class=\"grid__img\">\n                      <img loading=\"lazy\" decoding=\"async\" src=\"\/wp-content\/plugins\/apidae\/public\/files\/mini\/sortie-a-aix-en-provence-sur-les-pas-de-cezanne_7951494_1.jpg\" alt=\"Sur les pas de C\u00e9zanne\"\"\n              title=\"Sur les pas de C\u00e9zanne\"\" width=\"640\" height=\"300\" \/>\n                  <\/div>\n        <div class=\"grid__inner\">\n          <div class=\"date\">\n                          <div class=\"date-simple\">\n                <div class=\"dateDebut\">\n                  <span class=\"day\"> 9<\/span>\n                  <span class=\"month\">sep.<\/span>\n                                  <\/div>\n              <\/div>\n                      <\/div>\n  \n                      <div class=\"gotto\">\n                              Distractions et loisirs\n                                        <\/div>\n            \n          <h2 class=\"formattedText\">Sortie \u00e0 Aix en Provence - \"Sur les pas de C\u00e9zanne\"<\/h2>\n            \n          <div class=\"grid__sub\">\n            <div class=\"grid__datetime\">\n              <span class=\"grid__commune\">\n                <i class=\"fa-thin fa-map-marker-alt\"><\/i>&nbsp;\n                                                                                Rayol-Canadel-sur-Mer              <\/span>\n            <\/div>\n          <\/div>\n        <\/div>\n      <\/a>\n    <\/div>\n      <div class=\"grid__item\">\n      <a href=\"\/fr\/animation\/distractions-et-loisirs\/cavalaire-sur-mer\/festival-de-la-chanson-francaise-7933947\/\" class=\"single-item\">\n        <div class=\"grid__img\">\n                      <img loading=\"lazy\" decoding=\"async\" src=\"\/wp-content\/plugins\/apidae\/public\/files\/mini\/festival-de-la-chanson-francaise_7933947_1.png\" alt=\"\"\n              title=\"\" width=\"640\" height=\"300\" \/>\n                  <\/div>\n        <div class=\"grid__inner\">\n          <div class=\"date\">\n                          <div class=\"date-double\">\n                                <div class=\"dateDebut\">\n                  <span class=\"day\">10<\/span>\n                  <span class=\"month\">sep.<\/span>\n                                  <\/div>\n                <i class=\"fa-light fa-chevron-right\"><\/i>\n                                <div class=\"dateFin\">\n                  <span class=\"day\">12<\/span>\n                  <span class=\"month\">sep.<\/span>\n                                  <\/div>\n              <\/div>\n                      <\/div>\n  \n                      <div class=\"gotto\">\n                                                                  Ap\u00e9ro<br>\n                                                                                                                                                                                      <\/div>\n            \n          <h2 class=\"formattedText\">Festival de la Chanson Fran\u00e7aise<\/h2>\n            \n          <div class=\"grid__sub\">\n            <div class=\"grid__datetime\">\n              <span class=\"grid__commune\">\n                <i class=\"fa-thin fa-map-marker-alt\"><\/i>&nbsp;\n                <span>Esplanade Ste Estelle<\/span>&nbsp;                                                -&nbsp;                Cavalaire-sur-Mer              <\/span>\n            <\/div>\n          <\/div>\n        <\/div>\n      <\/a>\n    <\/div>\n      <div class=\"grid__item\">\n      <a href=\"\/fr\/animation\/distractions-et-loisirs\/cogolin\/atelier-kirigami-6733164\/\" class=\"single-item\">\n        <div class=\"grid__img\">\n                      <img loading=\"lazy\" decoding=\"async\" src=\"\/wp-content\/plugins\/apidae\/public\/files\/mini\/atelier-kirigami_6733164_1.png\" alt=\"M\u00e9diath\u00e8que\"\n              title=\"M\u00e9diath\u00e8que\" width=\"640\" height=\"300\" \/>\n                  <\/div>\n        <div class=\"grid__inner\">\n          <div class=\"date\">\n                          <div class=\"date-double\">\n                                <div class=\"dateDebut\">\n                  <span class=\"day\">10<\/span>\n                  <span class=\"month\">sep.<\/span>\n                                  <\/div>\n                <i class=\"fa-light fa-chevron-right\"><\/i>\n                                <div class=\"dateFin\">\n                  <span class=\"day\">17<\/span>\n                  <span class=\"month\">d\u00e9c.<\/span>\n                                  <\/div>\n              <\/div>\n                      <\/div>\n  \n                      <div class=\"gotto\">\n                              Distractions et loisirs\n                                        <\/div>\n            \n          <h2 class=\"formattedText\">Atelier Kirigami<\/h2>\n            \n          <div class=\"grid__sub\">\n            <div class=\"grid__datetime\">\n              <span class=\"grid__commune\">\n                <i class=\"fa-thin fa-map-marker-alt\"><\/i>&nbsp;\n                <span>M\u00e9diath\u00e8que<\/span>&nbsp;                <span>44  Rue Marceau<\/span>&nbsp;                                -&nbsp;                Cogolin              <\/span>\n            <\/div>\n          <\/div>\n        <\/div>\n      <\/a>\n    <\/div>\n      <div class=\"grid__item\">\n      <a href=\"\/fr\/animation\/culture\/gassin\/exposition-2026-agathe-yette-margot-luce-7808501\/\" class=\"single-item\">\n        <div class=\"grid__img\">\n                      <img loading=\"lazy\" decoding=\"async\" src=\"\/wp-content\/plugins\/apidae\/public\/files\/mini\/exposition-2026-agathe-yette-margot-luce_7808501_1.png\" alt=\"Agathe Yette Margot Luce\"\n              title=\"Agathe Yette Margot Luce\" width=\"640\" height=\"300\" \/>\n                  <\/div>\n        <div class=\"grid__inner\">\n          <div class=\"date\">\n                          <div class=\"date-double\">\n                                <div class=\"dateDebut\">\n                  <span class=\"day\">10<\/span>\n                  <span class=\"month\">sep.<\/span>\n                                  <\/div>\n                <i class=\"fa-light fa-chevron-right\"><\/i>\n                                <div class=\"dateFin\">\n                  <span class=\"day\">16<\/span>\n                  <span class=\"month\">sep.<\/span>\n                                  <\/div>\n              <\/div>\n                      <\/div>\n  \n                      <div class=\"gotto\">\n                                                                  Exposition<br>\n                                                                                                                                                <\/div>\n            \n          <h2 class=\"formattedText\">Exposition 2026 - Agathe Yette Margot Luce<\/h2>\n            \n          <div class=\"grid__sub\">\n            <div class=\"grid__datetime\">\n              <span class=\"grid__commune\">\n                <i class=\"fa-thin fa-map-marker-alt\"><\/i>&nbsp;\n                <span>20, rue Longue<\/span>&nbsp;                                                -&nbsp;                Gassin              <\/span>\n            <\/div>\n          <\/div>\n        <\/div>\n      <\/a>\n    <\/div>\n      <div class=\"grid__item\">\n      <a href=\"\/fr\/animation\/distractions-et-loisirs\/grimaud\/soiree-latinight-a-l-after-beach-6161533\/\" class=\"single-item\">\n        <div class=\"grid__img\">\n                      <img loading=\"lazy\" decoding=\"async\" src=\"\/wp-content\/plugins\/apidae\/public\/files\/mini\/soiree-latinight-a-l-after-beach_6161533_1.jpg\" alt=\"\"\n              title=\"\" width=\"640\" height=\"300\" \/>\n                  <\/div>\n        <div class=\"grid__inner\">\n          <div class=\"date\">\n                          <div class=\"date-double\">\n                                <div class=\"dateDebut\">\n                  <span class=\"day\"> 3<\/span>\n                  <span class=\"month\">sep.<\/span>\n                                  <\/div>\n                <i class=\"fa-light fa-chevron-right\"><\/i>\n                                <div class=\"dateFin\">\n                  <span class=\"day\">24<\/span>\n                  <span class=\"month\">sep.<\/span>\n                                  <\/div>\n              <\/div>\n                      <\/div>\n  \n                      <div class=\"gotto\">\n                                                                  Concert<br>\n                                                                                                                                                <\/div>\n            \n          <h2 class=\"formattedText\">Soir\u00e9e \"Latinight\" \u00e0 l'After Beach<\/h2>\n            \n          <div class=\"grid__sub\">\n            <div class=\"grid__datetime\">\n              <span class=\"grid__commune\">\n                <i class=\"fa-thin fa-map-marker-alt\"><\/i>&nbsp;\n                <span>56 Chemin de La Rine<\/span>&nbsp;                                                -&nbsp;                Grimaud              <\/span>\n            <\/div>\n          <\/div>\n        <\/div>\n      <\/a>\n    <\/div>\n      <div class=\"grid__item\">\n      <a href=\"\/fr\/animation\/nature-et-detente\/ramatuelle\/accords-mets-et-vins-7413056\/\" class=\"single-item\">\n        <div class=\"grid__img\">\n                      <img loading=\"lazy\" decoding=\"async\" src=\"\/wp-content\/plugins\/apidae\/public\/files\/mini\/accords-mets-et-vins_7413056_1.jpg\" alt=\"\"\n              title=\"\" width=\"640\" height=\"300\" \/>\n                  <\/div>\n        <div class=\"grid__inner\">\n          <div class=\"date\">\n                          <div class=\"date-double\">\n                                <div class=\"dateDebut\">\n                  <span class=\"day\"> 3<\/span>\n                  <span class=\"month\">sep.<\/span>\n                                  <\/div>\n                <i class=\"fa-light fa-chevron-right\"><\/i>\n                                <div class=\"dateFin\">\n                  <span class=\"day\">10<\/span>\n                  <span class=\"month\">sep.<\/span>\n                                  <\/div>\n              <\/div>\n                      <\/div>\n  \n                      <div class=\"gotto\">\n                                                                  D\u00e9gustation<br>\n                                                                                                                                                <\/div>\n            \n          <h2 class=\"formattedText\">Accords mets et vins<\/h2>\n            \n          <div class=\"grid__sub\">\n            <div class=\"grid__datetime\">\n              <span class=\"grid__commune\">\n                <i class=\"fa-thin fa-map-marker-alt\"><\/i>&nbsp;\n                <span>597 Route de Collebasse<\/span>&nbsp;                <span>Direction l escalet au rond de la ZI  le colombier<\/span>&nbsp;                                -&nbsp;                Ramatuelle              <\/span>\n            <\/div>\n          <\/div>\n        <\/div>\n      <\/a>\n    <\/div>\n      <div class=\"grid__item\">\n      <a href=\"\/fr\/animation\/culture\/ramatuelle\/musique-au-village-barbara-jane-7896655\/\" class=\"single-item\">\n        <div class=\"grid__img\">\n                      <img loading=\"lazy\" decoding=\"async\" src=\"\/wp-content\/plugins\/apidae\/public\/files\/mini\/musique-au-village-barbara-jane_7896655_1.jpg\" alt=\"Musique au village \u2013 Barbara Jane\"\n              title=\"Musique au village \u2013 Barbara Jane\" width=\"640\" height=\"300\" \/>\n                  <\/div>\n        <div class=\"grid__inner\">\n          <div class=\"date\">\n                          <div class=\"date-simple\">\n                <div class=\"dateDebut\">\n                  <span class=\"day\">10<\/span>\n                  <span class=\"month\">sep.<\/span>\n                                  <\/div>\n              <\/div>\n                      <\/div>\n  \n                      <div class=\"gotto\">\n                                                                  Concert<br>\n                                                                                                                                                <\/div>\n            \n          <h2 class=\"formattedText\">Musique au village \u2013 Barbara Jane<\/h2>\n            \n          <div class=\"grid__sub\">\n            <div class=\"grid__datetime\">\n              <span class=\"grid__commune\">\n                <i class=\"fa-thin fa-map-marker-alt\"><\/i>&nbsp;\n                                                                                Ramatuelle              <\/span>\n            <\/div>\n          <\/div>\n        <\/div>\n      <\/a>\n    <\/div>\n      <div class=\"grid__item\">\n      <a href=\"\/fr\/animation\/culture\/rayol-canadel-sur-mer\/les-jeudis-de-l-histoire-7955340\/\" class=\"single-item\">\n        <div class=\"grid__img\">\n                      <img loading=\"lazy\" decoding=\"async\" src=\"\/wp-content\/plugins\/apidae\/public\/files\/mini\/les-jeudis-de-l-histoire_7955340_1.jpg\" alt=\"Les jeudis de l'histoire\"\n              title=\"Les jeudis de l'histoire\" width=\"640\" height=\"300\" \/>\n                  <\/div>\n        <div class=\"grid__inner\">\n          <div class=\"date\">\n                          <div class=\"date-simple\">\n                <div class=\"dateDebut\">\n                  <span class=\"day\">10<\/span>\n                  <span class=\"month\">sep.<\/span>\n                                  <\/div>\n              <\/div>\n                      <\/div>\n  \n                      <div class=\"gotto\">\n                                                                  Conf\u00e9rence \/ D\u00e9bat \/ Rencontre<br>\n                                                                                                                                                <\/div>\n            \n          <h2 class=\"formattedText\">Les Jeudis de l'Histoire<\/h2>\n            \n          <div class=\"grid__sub\">\n            <div class=\"grid__datetime\">\n              <span class=\"grid__commune\">\n                <i class=\"fa-thin fa-map-marker-alt\"><\/i>&nbsp;\n                <span>Mairie<\/span>&nbsp;                <span>En face des Jardins<\/span>&nbsp;                                -&nbsp;                Rayol-Canadel-sur-Mer              <\/span>\n            <\/div>\n          <\/div>\n        <\/div>\n      <\/a>\n    <\/div>\n      <div class=\"grid__item\">\n      <a href=\"\/fr\/animation\/culture\/saint-tropez\/exposition-du-lavoir-vasserot-peintures-a-lhuile-sculptures-marbre-7719469\/\" class=\"single-item\">\n        <div class=\"grid__img\">\n                      <img loading=\"lazy\" decoding=\"async\" src=\"\/wp-content\/plugins\/apidae\/public\/files\/mini\/exposition-du-lavoir-vasserot-peintures-a-lhuile-sculptures-marbre_7719469_1.jpg\" alt=\"\"\n              title=\"\" width=\"640\" height=\"300\" \/>\n                  <\/div>\n        <div class=\"grid__inner\">\n          <div class=\"date\">\n                          <div class=\"date-double\">\n                                <div class=\"dateDebut\">\n                  <span class=\"day\">10<\/span>\n                  <span class=\"month\">sep.<\/span>\n                                  <\/div>\n                <i class=\"fa-light fa-chevron-right\"><\/i>\n                                <div class=\"dateFin\">\n                  <span class=\"day\">16<\/span>\n                  <span class=\"month\">sep.<\/span>\n                                  <\/div>\n              <\/div>\n                      <\/div>\n  \n                      <div class=\"gotto\">\n                                                                  Exposition<br>\n                                                                                                                                                <\/div>\n            \n          <h2 class=\"formattedText\">Exposition du Lavoir Vasserot - Peintures \u00e0 l\u2019huile & Sculptures marbre<\/h2>\n            \n          <div class=\"grid__sub\">\n            <div class=\"grid__datetime\">\n              <span class=\"grid__commune\">\n                <i class=\"fa-thin fa-map-marker-alt\"><\/i>&nbsp;\n                <span>1, Rue Joseph Quaranta<\/span>&nbsp;                                                -&nbsp;                Saint-Tropez              <\/span>\n            <\/div>\n          <\/div>\n        <\/div>\n      <\/a>\n    <\/div>\n      <div class=\"grid__item\">\n      <a href=\"\/fr\/animation\/distractions-et-loisirs\/sainte-maxime\/jeudi-live-en-ville-7968555\/\" class=\"single-item\">\n        <div class=\"grid__img\">\n                      <img loading=\"lazy\" decoding=\"async\" src=\"\/wp-content\/plugins\/apidae\/public\/files\/mini\/jeudi-live-en-ville_7968555_1.jpg\" alt=\"Jeudi Live en ville_Sainte-Maxime\"\n              title=\"Jeudi Live en ville_Sainte-Maxime\" width=\"640\" height=\"300\" \/>\n                  <\/div>\n        <div class=\"grid__inner\">\n          <div class=\"date\">\n                          <div class=\"date-simple\">\n                <div class=\"dateDebut\">\n                  <span class=\"day\">10<\/span>\n                  <span class=\"month\">sep.<\/span>\n                                  <\/div>\n              <\/div>\n                      <\/div>\n  \n                      <div class=\"gotto\">\n                                                                  Concert<br>\n                                                                                                                                                <\/div>\n            \n          <h2 class=\"formattedText\">Jeudi Live en ville<\/h2>\n            \n          <div class=\"grid__sub\">\n            <div class=\"grid__datetime\">\n              <span class=\"grid__commune\">\n                <i class=\"fa-thin fa-map-marker-alt\"><\/i>&nbsp;\n                <span>Centre-ville<\/span>&nbsp;                                                -&nbsp;                Sainte-Maxime              <\/span>\n            <\/div>\n          <\/div>\n        <\/div>\n      <\/a>\n    <\/div>\n      <div class=\"grid__item\">\n      <a href=\"\/fr\/animation\/culture\/sainte-maxime\/visite-guidee-de-la-tour-carree-maison-des-traditions-7822371\/\" class=\"single-item\">\n        <div class=\"grid__img\">\n                      <img loading=\"lazy\" decoding=\"async\" src=\"\/wp-content\/plugins\/apidae\/public\/files\/mini\/visite-guidee-de-la-tour-carree-maison-des-traditions_7822371_1.jpg\" alt=\"Visite guid\u00e9e de la tour carr\u00e9e \u2013 maison des traditions_Sainte-Maxime\"\n              title=\"Visite guid\u00e9e de la tour carr\u00e9e \u2013 maison des traditions_Sainte-Maxime\" width=\"640\" height=\"300\" \/>\n                  <\/div>\n        <div class=\"grid__inner\">\n          <div class=\"date\">\n                          <div class=\"date-simple\">\n                <div class=\"dateDebut\">\n                  <span class=\"day\">10<\/span>\n                  <span class=\"month\">sep.<\/span>\n                                  <\/div>\n              <\/div>\n                      <\/div>\n  \n                      <div class=\"gotto\">\n                                                                  Visite guid\u00e9e et\/ou comment\u00e9e<br>\n                                                                                                                                                <\/div>\n            \n          <h2 class=\"formattedText\">Visite guid\u00e9e de la tour carr\u00e9e \u2013 maison des traditions<\/h2>\n            \n          <div class=\"grid__sub\">\n            <div class=\"grid__datetime\">\n              <span class=\"grid__commune\">\n                <i class=\"fa-thin fa-map-marker-alt\"><\/i>&nbsp;\n                <span>Place Mireille de Germond<\/span>&nbsp;                                                -&nbsp;                Sainte-Maxime              <\/span>\n            <\/div>\n          <\/div>\n        <\/div>\n      <\/a>\n    <\/div>\n      <div class=\"grid__item\">\n      <a href=\"\/fr\/animation\/distractions-et-loisirs\/grimaud\/concert-au-domaine-du-val-de-gilly-7329462\/\" class=\"single-item\">\n        <div class=\"grid__img\">\n                      <img loading=\"lazy\" decoding=\"async\" src=\"\/wp-content\/plugins\/apidae\/public\/files\/mini\/concert-au-domaine-du-val-de-gilly_7329462_1.jpg\" alt=\"Domaine du Val de Gilly\"\n              title=\"Domaine du Val de Gilly\" width=\"640\" height=\"300\" \/>\n                  <\/div>\n        <div class=\"grid__inner\">\n          <div class=\"date\">\n                          <div class=\"date-simple\">\n                <div class=\"dateDebut\">\n                  <span class=\"day\">11<\/span>\n                  <span class=\"month\">sep.<\/span>\n                                  <\/div>\n              <\/div>\n                      <\/div>\n  \n                      <div class=\"gotto\">\n                                                                  Concert<br>\n                                                                                                                                                <\/div>\n            \n          <h2 class=\"formattedText\">Concert au Domaine du Val de Gilly<\/h2>\n            \n          <div class=\"grid__sub\">\n            <div class=\"grid__datetime\">\n              <span class=\"grid__commune\">\n                <i class=\"fa-thin fa-map-marker-alt\"><\/i>&nbsp;\n                <span>Route du Val de Gilly<\/span>&nbsp;                                                -&nbsp;                Grimaud              <\/span>\n            <\/div>\n          <\/div>\n        <\/div>\n      <\/a>\n    <\/div>\n      <div class=\"grid__item\">\n      <a href=\"\/fr\/animation\/culture\/grimaud\/conference-de-olivier-herlory-7957574\/\" class=\"single-item\">\n        <div class=\"grid__img\">\n                      <img loading=\"lazy\" decoding=\"async\" src=\"\/wp-content\/plugins\/apidae\/public\/files\/mini\/conference-de-olivier-herlory_7957574_1.jpg\" alt=\"Conf\u00e9rence\"\n              title=\"Conf\u00e9rence\" width=\"640\" height=\"300\" \/>\n                  <\/div>\n        <div class=\"grid__inner\">\n          <div class=\"date\">\n                          <div class=\"date-simple\">\n                <div class=\"dateDebut\">\n                  <span class=\"day\">10<\/span>\n                  <span class=\"month\">sep.<\/span>\n                                  <\/div>\n              <\/div>\n                      <\/div>\n  \n                      <div class=\"gotto\">\n                                                                  Conf\u00e9rence \/ D\u00e9bat \/ Rencontre<br>\n                                                                                                                                                <\/div>\n            \n          <h2 class=\"formattedText\">Conf\u00e9rence de Olivier Herlory<\/h2>\n            \n          <div class=\"grid__sub\">\n            <div class=\"grid__datetime\">\n              <span class=\"grid__commune\">\n                <i class=\"fa-thin fa-map-marker-alt\"><\/i>&nbsp;\n                <span>Immeuble Beausoleil<\/span>&nbsp;                <span>850 route Nationale<\/span>&nbsp;                                -&nbsp;                Grimaud              <\/span>\n            <\/div>\n          <\/div>\n        <\/div>\n      <\/a>\n    <\/div>\n      <div class=\"grid__item\">\n      <a href=\"\/fr\/animation\/distractions-et-loisirs\/grimaud\/soiree-jazz-a-way-of-life-francois-corbi-jazz-project-7659600\/\" class=\"single-item\">\n        <div class=\"grid__img\">\n                      <img loading=\"lazy\" decoding=\"async\" src=\"\/wp-content\/plugins\/apidae\/public\/files\/mini\/soiree-jazz-a-way-of-life-francois-corbi-jazz-project_7659600_1.jpg\" alt=\"Soir\u00e9e Jazz\"\n              title=\"Soir\u00e9e Jazz\" width=\"640\" height=\"300\" \/>\n                  <\/div>\n        <div class=\"grid__inner\">\n          <div class=\"date\">\n                          <div class=\"date-simple\">\n                <div class=\"dateDebut\">\n                  <span class=\"day\">11<\/span>\n                  <span class=\"month\">sep.<\/span>\n                                  <\/div>\n              <\/div>\n                      <\/div>\n  \n                      <div class=\"gotto\">\n                                                                  Concert<br>\n                                                                                                                                                <\/div>\n            \n          <h2 class=\"formattedText\">Soir\u00e9e Jazz - A Way Of Life - Fran\u00e7ois Corbi Jazz Project<\/h2>\n            \n          <div class=\"grid__sub\">\n            <div class=\"grid__datetime\">\n              <span class=\"grid__commune\">\n                <i class=\"fa-thin fa-map-marker-alt\"><\/i>&nbsp;\n                <span>Route de Sainte-Maxime<\/span>&nbsp;                                                -&nbsp;                Grimaud              <\/span>\n            <\/div>\n          <\/div>\n        <\/div>\n      <\/a>\n    <\/div>\n      <div class=\"grid__item\">\n      <a href=\"\/fr\/animation\/sports\/cavalaire-sur-mer\/journee-portes-ouvertes-du-yacht-club-5461947\/\" class=\"single-item\">\n        <div class=\"grid__img\">\n                      <svg xmlns=\"http:\/\/www.w3.org\/2000\/svg\" viewBox=\"0 0 640 480\">\n              <rect x=\"00\" y=\"00\" width=\"322\" height=\"484\" fill=\"#F2F2F2\"><\/rect>\n            <\/svg>\n                  <\/div>\n        <div class=\"grid__inner\">\n          <div class=\"date\">\n                          <div class=\"date-simple\">\n                <div class=\"dateDebut\">\n                  <span class=\"day\">12<\/span>\n                  <span class=\"month\">sep.<\/span>\n                                  <\/div>\n              <\/div>\n                      <\/div>\n  \n                      <div class=\"gotto\">\n                              Sports\n                                        <\/div>\n            \n          <h2 class=\"formattedText\">Journ\u00e9e Portes ouvertes du Yacht Club<\/h2>\n            \n          <div class=\"grid__sub\">\n            <div class=\"grid__datetime\">\n              <span class=\"grid__commune\">\n                <i class=\"fa-thin fa-map-marker-alt\"><\/i>&nbsp;\n                <span>Promenade de la Mer<\/span>&nbsp;                                                -&nbsp;                Cavalaire-sur-Mer              <\/span>\n            <\/div>\n          <\/div>\n        <\/div>\n      <\/a>\n    <\/div>\n      <div class=\"grid__item\">\n      <a href=\"\/fr\/animation\/distractions-et-loisirs\/cogolin\/atelier-peinture-vegetale-7971424\/\" class=\"single-item\">\n        <div class=\"grid__img\">\n                      <img loading=\"lazy\" decoding=\"async\" src=\"\/wp-content\/plugins\/apidae\/public\/files\/mini\/atelier-peinture-vegetale_7971424_1.png\" alt=\"Le ch\u00e2teau\"\n              title=\"Le ch\u00e2teau\" width=\"640\" height=\"300\" \/>\n                  <\/div>\n        <div class=\"grid__inner\">\n          <div class=\"date\">\n                          <div class=\"date-simple\">\n                <div class=\"dateDebut\">\n                  <span class=\"day\">12<\/span>\n                  <span class=\"month\">sep.<\/span>\n                                  <\/div>\n              <\/div>\n                      <\/div>\n  \n                      <div class=\"gotto\">\n                              Distractions et loisirs\n                                        <\/div>\n            \n          <h2 class=\"formattedText\">Atelier peinture v\u00e9g\u00e9tale<\/h2>\n            \n          <div class=\"grid__sub\">\n            <div class=\"grid__datetime\">\n              <span class=\"grid__commune\">\n                <i class=\"fa-thin fa-map-marker-alt\"><\/i>&nbsp;\n                <span>Le Ch\u00e2teau<\/span>&nbsp;                <span>46 rue Nationale<\/span>&nbsp;                                -&nbsp;                Cogolin              <\/span>\n            <\/div>\n          <\/div>\n        <\/div>\n      <\/a>\n    <\/div>\n      <div class=\"grid__item\">\n      <a href=\"\/fr\/animation\/distractions-et-loisirs\/gassin\/un-des-meilleurs-apprentis-de-france-a-la-pepiniere-derbez-7594201\/\" class=\"single-item\">\n        <div class=\"grid__img\">\n                      <img loading=\"lazy\" decoding=\"async\" src=\"\/wp-content\/plugins\/apidae\/public\/files\/mini\/un-des-meilleurs-apprentis-de-france-a-la-pepiniere-derbez_7594201_1.jpg\" alt=\"Un des meilleurs apprentis de France \u00e0 la p\u00e9pini\u00e8re Derbez\"\n              title=\"Un des meilleurs apprentis de France \u00e0 la p\u00e9pini\u00e8re Derbez\" width=\"640\" height=\"300\" \/>\n                  <\/div>\n        <div class=\"grid__inner\">\n          <div class=\"date\">\n                          <div class=\"date-double\">\n                                <div class=\"dateDebut\">\n                  <span class=\"day\">12<\/span>\n                  <span class=\"month\">sep.<\/span>\n                                  <\/div>\n                <i class=\"fa-light fa-chevron-right\"><\/i>\n                                <div class=\"dateFin\">\n                  <span class=\"day\">13<\/span>\n                  <span class=\"month\">sep.<\/span>\n                                  <\/div>\n              <\/div>\n                      <\/div>\n  \n                      <div class=\"gotto\">\n                              Distractions et loisirs\n                                        <\/div>\n            \n          <h2 class=\"formattedText\">Un des meilleurs apprentis de France \u00e0 la p\u00e9pini\u00e8re Derbez<\/h2>\n            \n          <div class=\"grid__sub\">\n            <div class=\"grid__datetime\">\n              <span class=\"grid__commune\">\n                <i class=\"fa-thin fa-map-marker-alt\"><\/i>&nbsp;\n                <span>504 RD 61<\/span>&nbsp;                                                -&nbsp;                Gassin              <\/span>\n            <\/div>\n          <\/div>\n        <\/div>\n      <\/a>\n    <\/div>\n      <div class=\"grid__item\">\n      <a href=\"\/fr\/animation\/distractions-et-loisirs\/grimaud\/bibliocrea-7744327\/\" class=\"single-item\">\n        <div class=\"grid__img\">\n                      <img loading=\"lazy\" decoding=\"async\" src=\"\/wp-content\/plugins\/apidae\/public\/files\/mini\/bibliocrea_7744327_1.png\" alt=\"Atelier cr\u00e9atif\"\n              title=\"Atelier cr\u00e9atif\" width=\"640\" height=\"300\" \/>\n                  <\/div>\n        <div class=\"grid__inner\">\n          <div class=\"date\">\n                          <div class=\"date-simple\">\n                <div class=\"dateDebut\">\n                  <span class=\"day\">12<\/span>\n                  <span class=\"month\">sep.<\/span>\n                                  <\/div>\n              <\/div>\n                      <\/div>\n  \n                      <div class=\"gotto\">\n                                                                  D\u00e9monstration<br>\n                                                                                                                                                                                      <\/div>\n            \n          <h2 class=\"formattedText\">Bibliocr\u00e9a<\/h2>\n            \n          <div class=\"grid__sub\">\n            <div class=\"grid__datetime\">\n              <span class=\"grid__commune\">\n                <i class=\"fa-thin fa-map-marker-alt\"><\/i>&nbsp;\n                <span>850 Route Nationale<\/span>&nbsp;                <span>Immeuble Beausoleil - 1er \u00e9tage<\/span>&nbsp;                                -&nbsp;                Grimaud              <\/span>\n            <\/div>\n          <\/div>\n        <\/div>\n      <\/a>\n    <\/div>\n      <div class=\"grid__item\">\n      <a href=\"\/fr\/animation\/distractions-et-loisirs\/grimaud\/l-heure-du-conte-5098954\/\" class=\"single-item\">\n        <div class=\"grid__img\">\n                      <img loading=\"lazy\" decoding=\"async\" src=\"\/wp-content\/plugins\/apidae\/public\/files\/mini\/l-heure-du-conte_5098954_1.jpg\" alt=\"\"\n              title=\"\" width=\"640\" height=\"300\" \/>\n                  <\/div>\n        <div class=\"grid__inner\">\n          <div class=\"date\">\n                          <div class=\"date-double\">\n                                <div class=\"dateDebut\">\n                  <span class=\"day\">12<\/span>\n                  <span class=\"month\">sep.<\/span>\n                                  <\/div>\n                <i class=\"fa-light fa-chevron-right\"><\/i>\n                                <div class=\"dateFin\">\n                  <span class=\"day\">11<\/span>\n                  <span class=\"month\">sep.<\/span>\n                                  <\/div>\n              <\/div>\n                      <\/div>\n  \n                      <div class=\"gotto\">\n                                                                  Spectacle<br>\n                                                                                                                                                <\/div>\n            \n          <h2 class=\"formattedText\">L'heure du conte<\/h2>\n            \n          <div class=\"grid__sub\">\n            <div class=\"grid__datetime\">\n              <span class=\"grid__commune\">\n                <i class=\"fa-thin fa-map-marker-alt\"><\/i>&nbsp;\n                <span>850 Route Nationale<\/span>&nbsp;                <span>Immeuble Beausoleil - 1er \u00e9tage<\/span>&nbsp;                                -&nbsp;                Grimaud              <\/span>\n            <\/div>\n          <\/div>\n        <\/div>\n      <\/a>\n    <\/div>\n      <div class=\"grid__item\">\n      <a href=\"\/fr\/animation\/distractions-et-loisirs\/la-croix-valmer\/expositions-estivales-colombie-10-ans-d-images-6457737\/\" class=\"single-item\">\n        <div class=\"grid__img\">\n                      <img loading=\"lazy\" decoding=\"async\" src=\"\/wp-content\/plugins\/apidae\/public\/files\/mini\/expositions-estivales-colombie-10-ans-d-images_6457737_1.png\" alt=\"\"\n              title=\"\" width=\"640\" height=\"300\" \/>\n                  <\/div>\n        <div class=\"grid__inner\">\n          <div class=\"date\">\n                          <div class=\"date-double\">\n                                <div class=\"dateDebut\">\n                  <span class=\"day\">12<\/span>\n                  <span class=\"month\">sep.<\/span>\n                                  <\/div>\n                <i class=\"fa-light fa-chevron-right\"><\/i>\n                                <div class=\"dateFin\">\n                  <span class=\"day\">27<\/span>\n                  <span class=\"month\">sep.<\/span>\n                                  <\/div>\n              <\/div>\n                      <\/div>\n  \n                      <div class=\"gotto\">\n                                                                  Exposition<br>\n                                                                                                                                                <\/div>\n            \n          <h2 class=\"formattedText\">Expositions estivales : Colombie, 10 ans d'images<\/h2>\n            \n          <div class=\"grid__sub\">\n            <div class=\"grid__datetime\">\n              <span class=\"grid__commune\">\n                <i class=\"fa-thin fa-map-marker-alt\"><\/i>&nbsp;\n                <span>Place des Palmiers<\/span>&nbsp;                                                -&nbsp;                La Croix-Valmer              <\/span>\n            <\/div>\n          <\/div>\n        <\/div>\n      <\/a>\n    <\/div>\n      <div class=\"grid__item\">\n      <a href=\"\/fr\/animation\/distractions-et-loisirs\/le-plan-de-la-tour\/repair-cafe-du-golfe-de-saint-tropez-6103832\/\" class=\"single-item\">\n        <div class=\"grid__img\">\n                      <img loading=\"lazy\" decoding=\"async\" src=\"\/wp-content\/plugins\/apidae\/public\/files\/mini\/repair-cafe-du-golfe-de-saint-tropez_6103832_1.jpg\" alt=\"solidarit\u00e9\"\n              title=\"solidarit\u00e9\" width=\"640\" height=\"300\" \/>\n                  <\/div>\n        <div class=\"grid__inner\">\n          <div class=\"date\">\n                          <div class=\"date-double\">\n                                <div class=\"dateDebut\">\n                  <span class=\"day\">12<\/span>\n                  <span class=\"month\">sep.<\/span>\n                                  <\/div>\n                <i class=\"fa-light fa-chevron-right\"><\/i>\n                                <div class=\"dateFin\">\n                  <span class=\"day\">26<\/span>\n                  <span class=\"month\">d\u00e9c.<\/span>\n                                  <\/div>\n              <\/div>\n                      <\/div>\n  \n                      <div class=\"gotto\">\n                              Distractions et loisirs\n                                        <\/div>\n            \n          <h2 class=\"formattedText\">Repair caf\u00e9 du golfe de Saint-Tropez<\/h2>\n            \n          <div class=\"grid__sub\">\n            <div class=\"grid__datetime\">\n              <span class=\"grid__commune\">\n                <i class=\"fa-thin fa-map-marker-alt\"><\/i>&nbsp;\n                                                                                Le Plan de la Tour              <\/span>\n            <\/div>\n          <\/div>\n        <\/div>\n      <\/a>\n    <\/div>\n      <div class=\"grid__item\">\n      <a href=\"\/fr\/animation\/distractions-et-loisirs\/le-plan-de-la-tour\/spectacle-familial-autour-de-la-bd-lenvers-de-nos-decors-7961347\/\" class=\"single-item\">\n        <div class=\"grid__img\">\n                      <img loading=\"lazy\" decoding=\"async\" src=\"\/wp-content\/plugins\/apidae\/public\/files\/mini\/spectacle-familial-autour-de-la-bd-lenvers-de-nos-decors_7961347_1.jpg\" alt=\"programme\"\n              title=\"programme\" width=\"640\" height=\"300\" \/>\n                  <\/div>\n        <div class=\"grid__inner\">\n          <div class=\"date\">\n                          <div class=\"date-simple\">\n                <div class=\"dateDebut\">\n                  <span class=\"day\">12<\/span>\n                  <span class=\"month\">sep.<\/span>\n                                  <\/div>\n              <\/div>\n                      <\/div>\n  \n                      <div class=\"gotto\">\n                                                                  Spectacle<br>\n                                                                                                                                                <\/div>\n            \n          <h2 class=\"formattedText\">Spectacle familial autour de la BD \u00ab L\u2019envers de nos d\u00e9cors \u00bb<\/h2>\n            \n          <div class=\"grid__sub\">\n            <div class=\"grid__datetime\">\n              <span class=\"grid__commune\">\n                <i class=\"fa-thin fa-map-marker-alt\"><\/i>&nbsp;\n                <span>Place Foch<\/span>&nbsp;                <span>H\u00f4tel de Ville<\/span>&nbsp;                                -&nbsp;                Le Plan de la Tour              <\/span>\n            <\/div>\n          <\/div>\n        <\/div>\n      <\/a>\n    <\/div>\n      <div class=\"grid__item\">\n      <a href=\"\/fr\/animation\/distractions-et-loisirs\/ramatuelle\/grand-loto-en-plein-air-des-commercants-7486678\/\" class=\"single-item\">\n        <div class=\"grid__img\">\n                      <img loading=\"lazy\" decoding=\"async\" src=\"\/wp-content\/plugins\/apidae\/public\/files\/mini\/grand-loto-en-plein-air-des-commercants_7486678_1.jpg\" alt=\"Grand loto en plein air des commer\u00e7ants\"\n              title=\"Grand loto en plein air des commer\u00e7ants\" width=\"640\" height=\"300\" \/>\n                  <\/div>\n        <div class=\"grid__inner\">\n          <div class=\"date\">\n                          <div class=\"date-simple\">\n                <div class=\"dateDebut\">\n                  <span class=\"day\">12<\/span>\n                  <span class=\"month\">sep.<\/span>\n                                  <\/div>\n              <\/div>\n                      <\/div>\n  \n                      <div class=\"gotto\">\n                                                                  Loto<br>\n                                                                                                                                                <\/div>\n            \n          <h2 class=\"formattedText\">Grand loto en plein air des commer\u00e7ants<\/h2>\n            \n          <div class=\"grid__sub\">\n            <div class=\"grid__datetime\">\n              <span class=\"grid__commune\">\n                <i class=\"fa-thin fa-map-marker-alt\"><\/i>&nbsp;\n                <span>Place de l'Ormeau<\/span>&nbsp;                                                -&nbsp;                Ramatuelle              <\/span>\n            <\/div>\n          <\/div>\n        <\/div>\n      <\/a>\n    <\/div>\n      <div class=\"grid__item\">\n      <a href=\"\/fr\/animation\/distractions-et-loisirs\/rayol-canadel-sur-mer\/forum-des-associations-6914144\/\" class=\"single-item\">\n        <div class=\"grid__img\">\n                      <img loading=\"lazy\" decoding=\"async\" src=\"\/wp-content\/plugins\/apidae\/public\/files\/mini\/forum-des-associations_6914144_1.jpg\" alt=\"Forum des Associations\"\n              title=\"Forum des Associations\" width=\"640\" height=\"300\" \/>\n                  <\/div>\n        <div class=\"grid__inner\">\n          <div class=\"date\">\n                          <div class=\"date-simple\">\n                <div class=\"dateDebut\">\n                  <span class=\"day\">12<\/span>\n                  <span class=\"month\">sep.<\/span>\n                                  <\/div>\n              <\/div>\n                      <\/div>\n  \n                      <div class=\"gotto\">\n                                                                  Forum<br>\n                                                                                                                                                <\/div>\n            \n          <h2 class=\"formattedText\">Forum des Associations<\/h2>\n            \n          <div class=\"grid__sub\">\n            <div class=\"grid__datetime\">\n              <span class=\"grid__commune\">\n                <i class=\"fa-thin fa-map-marker-alt\"><\/i>&nbsp;\n                <span>Place J.Guidicelli<\/span>&nbsp;                <span>sous la Mairie<\/span>&nbsp;                                -&nbsp;                Rayol-Canadel-sur-Mer              <\/span>\n            <\/div>\n          <\/div>\n        <\/div>\n      <\/a>\n    <\/div>\n      <div class=\"grid__item\">\n      <a href=\"\/fr\/animation\/culture\/sainte-maxime\/les-rencontres-de-lechiquier-7961287\/\" class=\"single-item\">\n        <div class=\"grid__img\">\n                      <img loading=\"lazy\" decoding=\"async\" src=\"https:\/\/static.apidae-tourisme.com\/filestore\/objets-touristiques\/images\/151\/185\/42449303-diaporama.jpg\" alt=\"Les rencontres de l\u2019\u00e9chiquier_Sainte-Maxime\"\n              title=\"Les rencontres de l\u2019\u00e9chiquier_Sainte-Maxime\" width=\"640\" height=\"300\" \/>\n                  <\/div>\n        <div class=\"grid__inner\">\n          <div class=\"date\">\n                          <div class=\"date-double\">\n                                <div class=\"dateDebut\">\n                  <span class=\"day\">12<\/span>\n                  <span class=\"month\">sep.<\/span>\n                                  <\/div>\n                <i class=\"fa-light fa-chevron-right\"><\/i>\n                                <div class=\"dateFin\">\n                  <span class=\"day\">12<\/span>\n                  <span class=\"month\">d\u00e9c.<\/span>\n                                  <\/div>\n              <\/div>\n                      <\/div>\n  \n                      <div class=\"gotto\">\n                                                                  Initiation \/ d\u00e9couverte dans le cadre d'un \u00e9v\u00e9nement<br>\n                                                                                                                                                <\/div>\n            \n          <h2 class=\"formattedText\">Les rencontres de l\u2019\u00e9chiquier<\/h2>\n            \n          <div class=\"grid__sub\">\n            <div class=\"grid__datetime\">\n              <span class=\"grid__commune\">\n                <i class=\"fa-thin fa-map-marker-alt\"><\/i>&nbsp;\n                <span>107 route du Plan de la Tour<\/span>&nbsp;                <span>Carr\u00e9 L\u00e9on Gaumont<\/span>&nbsp;                                -&nbsp;                Sainte-Maxime              <\/span>\n            <\/div>\n          <\/div>\n        <\/div>\n      <\/a>\n    <\/div>\n      <div class=\"grid__item\">\n      <a href=\"\/fr\/animation\/nature-et-detente\/cavalaire-sur-mer\/yoga-sous-l-eucalyptus-brunch-7864568\/\" class=\"single-item\">\n        <div class=\"grid__img\">\n                      <img loading=\"lazy\" decoding=\"async\" src=\"\/wp-content\/plugins\/apidae\/public\/files\/mini\/yoga-sous-l-eucalyptus-brunch_7864568_1.png\" alt=\"\"\n              title=\"\" width=\"640\" height=\"300\" \/>\n                  <\/div>\n        <div class=\"grid__inner\">\n          <div class=\"date\">\n                          <div class=\"date-simple\">\n                <div class=\"dateDebut\">\n                  <span class=\"day\">13<\/span>\n                  <span class=\"month\">sep.<\/span>\n                                  <\/div>\n              <\/div>\n                      <\/div>\n  \n                      <div class=\"gotto\">\n                                                                  Brunch<br>\n                                                                                                                                                <\/div>\n            \n          <h2 class=\"formattedText\">Yoga sous l'Eucalyptus + Brunch<\/h2>\n            \n          <div class=\"grid__sub\">\n            <div class=\"grid__datetime\">\n              <span class=\"grid__commune\">\n                <i class=\"fa-thin fa-map-marker-alt\"><\/i>&nbsp;\n                <span>454 chemin Pierre Foncin<\/span>&nbsp;                                                -&nbsp;                Cavalaire-sur-Mer              <\/span>\n            <\/div>\n          <\/div>\n        <\/div>\n      <\/a>\n    <\/div>\n      <div class=\"grid__item\">\n      <a href=\"\/fr\/animation\/traditions-et-folklore\/le-plan-de-la-tour\/fete-du-vin-cuit-3958704\/\" class=\"single-item\">\n        <div class=\"grid__img\">\n                      <img loading=\"lazy\" decoding=\"async\" src=\"\/wp-content\/plugins\/apidae\/public\/files\/mini\/fete-du-vin-cuit_3958704_1.jpg\" alt=\"programme\"\n              title=\"programme\" width=\"640\" height=\"300\" \/>\n                  <\/div>\n        <div class=\"grid__inner\">\n          <div class=\"date\">\n                          <div class=\"date-simple\">\n                <div class=\"dateDebut\">\n                  <span class=\"day\">13<\/span>\n                  <span class=\"month\">sep.<\/span>\n                                  <\/div>\n              <\/div>\n                      <\/div>\n  \n                      <div class=\"gotto\">\n                                                                  F\u00eate locale<br>\n                                                                                                                                                <\/div>\n            \n          <h2 class=\"formattedText\">F\u00eate du vin cuit<\/h2>\n            \n          <div class=\"grid__sub\">\n            <div class=\"grid__datetime\">\n              <span class=\"grid__commune\">\n                <i class=\"fa-thin fa-map-marker-alt\"><\/i>&nbsp;\n                                                                                Le Plan de la Tour              <\/span>\n            <\/div>\n          <\/div>\n        <\/div>\n      <\/a>\n    <\/div>\n      <div class=\"grid__item\">\n      <a href=\"\/fr\/animation\/distractions-et-loisirs\/rayol-canadel-sur-mer\/sortie-a-la-fondation-hartung-bergman-7966895\/\" class=\"single-item\">\n        <div class=\"grid__img\">\n                      <img loading=\"lazy\" decoding=\"async\" src=\"\/wp-content\/plugins\/apidae\/public\/files\/mini\/sortie-a-la-fondation-hartung-bergman_7966895_1.jpg\" alt=\"Fondation Hartung-Bergman\"\n              title=\"Fondation Hartung-Bergman\" width=\"640\" height=\"300\" \/>\n                  <\/div>\n        <div class=\"grid__inner\">\n          <div class=\"date\">\n                          <div class=\"date-simple\">\n                <div class=\"dateDebut\">\n                  <span class=\"day\">14<\/span>\n                  <span class=\"month\">sep.<\/span>\n                                  <\/div>\n              <\/div>\n                      <\/div>\n  \n                      <div class=\"gotto\">\n                                                                  Exposition<br>\n                                                                                                                                                                                      <\/div>\n            \n          <h2 class=\"formattedText\">Sortie \u00e0 la fondation Hartung-Bergman<\/h2>\n            \n          <div class=\"grid__sub\">\n            <div class=\"grid__datetime\">\n              <span class=\"grid__commune\">\n                <i class=\"fa-thin fa-map-marker-alt\"><\/i>&nbsp;\n                                                                                Rayol-Canadel-sur-Mer              <\/span>\n            <\/div>\n          <\/div>\n        <\/div>\n      <\/a>\n    <\/div>\n      <div class=\"grid__item\">\n      <a href=\"\/fr\/animation\/distractions-et-loisirs\/cavalaire-sur-mer\/les-escales-musicales-concert-de-bring-me-the-cat-7806622\/\" class=\"single-item\">\n        <div class=\"grid__img\">\n                      <img loading=\"lazy\" decoding=\"async\" src=\"\/wp-content\/plugins\/apidae\/public\/files\/mini\/les-escales-musicales-concert-de-bring-me-the-cat_7806622_1.jpg\" alt=\"\"\n              title=\"\" width=\"640\" height=\"300\" \/>\n                  <\/div>\n        <div class=\"grid__inner\">\n          <div class=\"date\">\n                          <div class=\"date-simple\">\n                <div class=\"dateDebut\">\n                  <span class=\"day\">15<\/span>\n                  <span class=\"month\">sep.<\/span>\n                                  <\/div>\n              <\/div>\n                      <\/div>\n  \n                      <div class=\"gotto\">\n                                                                  Concert<br>\n                                                                                                                                                <\/div>\n            \n          <h2 class=\"formattedText\">Les Escales Musicales - concert de BRING ME THE CAT<\/h2>\n            \n          <div class=\"grid__sub\">\n            <div class=\"grid__datetime\">\n              <span class=\"grid__commune\">\n                <i class=\"fa-thin fa-map-marker-alt\"><\/i>&nbsp;\n                                                                                Cavalaire-sur-Mer              <\/span>\n            <\/div>\n          <\/div>\n        <\/div>\n      <\/a>\n    <\/div>\n      <div class=\"grid__item\">\n      <a href=\"\/fr\/animation\/culture\/la-garde-freinet\/conference-rencontre-interactive-7798912\/\" class=\"single-item\">\n        <div class=\"grid__img\">\n                      <img loading=\"lazy\" decoding=\"async\" src=\"\/wp-content\/plugins\/apidae\/public\/files\/mini\/conference-rencontre-interactive_7798912_1.jpeg\" alt=\"\"\n              title=\"\" width=\"640\" height=\"300\" \/>\n                  <\/div>\n        <div class=\"grid__inner\">\n          <div class=\"date\">\n                          <div class=\"date-simple\">\n                <div class=\"dateDebut\">\n                  <span class=\"day\">15<\/span>\n                  <span class=\"month\">sep.<\/span>\n                                  <\/div>\n              <\/div>\n                      <\/div>\n  \n                      <div class=\"gotto\">\n                                                                  Conf\u00e9rence \/ D\u00e9bat \/ Rencontre<br>\n                                                                                                                                                <\/div>\n            \n          <h2 class=\"formattedText\">Conf\u00e9rence \"Rencontre Interactive\"<\/h2>\n            \n          <div class=\"grid__sub\">\n            <div class=\"grid__datetime\">\n              <span class=\"grid__commune\">\n                <i class=\"fa-thin fa-map-marker-alt\"><\/i>&nbsp;\n                <span>Rampe des Sarrazins<\/span>&nbsp;                <span>Place de la Mairie<\/span>&nbsp;                                -&nbsp;                La Garde-Freinet              <\/span>\n            <\/div>\n          <\/div>\n        <\/div>\n      <\/a>\n    <\/div>\n      <div class=\"grid__item\">\n      <a href=\"\/fr\/animation\/distractions-et-loisirs\/ramatuelle\/randonnee-le-chemin-du-meunier-du-village-au-moulin-de-paillas-7839967\/\" class=\"single-item\">\n        <div class=\"grid__img\">\n                      <img loading=\"lazy\" decoding=\"async\" src=\"\/wp-content\/plugins\/apidae\/public\/files\/mini\/randonnee-le-chemin-du-meunier-du-village-au-moulin-de-paillas_7839967_1.jpg\" alt=\"Randonn\u00e9e \u201cLe chemin du meunier : du village au moulin de Paillas\u201d\"\n              title=\"Randonn\u00e9e \u201cLe chemin du meunier : du village au moulin de Paillas\u201d\" width=\"640\" height=\"300\" \/>\n                  <\/div>\n        <div class=\"grid__inner\">\n          <div class=\"date\">\n                          <div class=\"date-simple\">\n                <div class=\"dateDebut\">\n                  <span class=\"day\">15<\/span>\n                  <span class=\"month\">sep.<\/span>\n                                  <\/div>\n              <\/div>\n                      <\/div>\n  \n                      <div class=\"gotto\">\n                                                                  Visite guid\u00e9e et\/ou comment\u00e9e<br>\n                                                                                                                                                <\/div>\n            \n          <h2 class=\"formattedText\">Randonn\u00e9e \u201cLe chemin du meunier : du village au moulin de Paillas\u201d<\/h2>\n            \n          <div class=\"grid__sub\">\n            <div class=\"grid__datetime\">\n              <span class=\"grid__commune\">\n                <i class=\"fa-thin fa-map-marker-alt\"><\/i>&nbsp;\n                <span>Place de l'Ormeau<\/span>&nbsp;                                                -&nbsp;                Ramatuelle              <\/span>\n            <\/div>\n          <\/div>\n        <\/div>\n      <\/a>\n    <\/div>\n      <div class=\"grid__item\">\n      <a href=\"\/fr\/animation\/culture\/sainte-maxime\/immersion-decouvertes-7822123\/\" class=\"single-item\">\n        <div class=\"grid__img\">\n                      <img loading=\"lazy\" decoding=\"async\" src=\"\/wp-content\/plugins\/apidae\/public\/files\/mini\/immersion-decouvertes_7822123_1.jpg\" alt=\"Immersion : D\u00e9couVertes_Sainte-Maxime\"\n              title=\"Immersion : D\u00e9couVertes_Sainte-Maxime\" width=\"640\" height=\"300\" \/>\n                  <\/div>\n        <div class=\"grid__inner\">\n          <div class=\"date\">\n                          <div class=\"date-simple\">\n                <div class=\"dateDebut\">\n                  <span class=\"day\">15<\/span>\n                  <span class=\"month\">sep.<\/span>\n                                  <\/div>\n              <\/div>\n                      <\/div>\n  \n                      <div class=\"gotto\">\n                                                                  Visite guid\u00e9e et\/ou comment\u00e9e<br>\n                                                                                                                                                <\/div>\n            \n          <h2 class=\"formattedText\">Immersion : D\u00e9couVertes<\/h2>\n            \n          <div class=\"grid__sub\">\n            <div class=\"grid__datetime\">\n              <span class=\"grid__commune\">\n                <i class=\"fa-thin fa-map-marker-alt\"><\/i>&nbsp;\n                <span>21 place Louis Blanc<\/span>&nbsp;                                                -&nbsp;                Sainte-Maxime              <\/span>\n            <\/div>\n          <\/div>\n        <\/div>\n      <\/a>\n    <\/div>\n      <div class=\"grid__item\">\n      <a href=\"\/fr\/animation\/culture\/sainte-maxime\/rencontres-litteraires-le-bar-a-livres-7961326\/\" class=\"single-item\">\n        <div class=\"grid__img\">\n                      <img loading=\"lazy\" decoding=\"async\" src=\"\/wp-content\/plugins\/apidae\/public\/files\/mini\/rencontres-litteraires-le-bar-a-livres_7961326_1.jpg\" alt=\"Rencontres litt\u00e9raires : le bar \u00e0 livres_Sainte-Maxime\"\n              title=\"Rencontres litt\u00e9raires : le bar \u00e0 livres_Sainte-Maxime\" width=\"640\" height=\"300\" \/>\n                  <\/div>\n        <div class=\"grid__inner\">\n          <div class=\"date\">\n                          <div class=\"date-double\">\n                                <div class=\"dateDebut\">\n                  <span class=\"day\">15<\/span>\n                  <span class=\"month\">sep.<\/span>\n                                  <\/div>\n                <i class=\"fa-light fa-chevron-right\"><\/i>\n                                <div class=\"dateFin\">\n                  <span class=\"day\"> 8<\/span>\n                  <span class=\"month\">d\u00e9c.<\/span>\n                                  <\/div>\n              <\/div>\n                      <\/div>\n  \n                      <div class=\"gotto\">\n                                                                  Conf\u00e9rence \/ D\u00e9bat \/ Rencontre<br>\n                                                                                                                                                <\/div>\n            \n          <h2 class=\"formattedText\">Rencontres litt\u00e9raires : le bar \u00e0 livres<\/h2>\n            \n          <div class=\"grid__sub\">\n            <div class=\"grid__datetime\">\n              <span class=\"grid__commune\">\n                <i class=\"fa-thin fa-map-marker-alt\"><\/i>&nbsp;\n                <span>107 route du Plan de la Tour<\/span>&nbsp;                <span>Carr\u00e9 L\u00e9on Gaumont<\/span>&nbsp;                                -&nbsp;                Sainte-Maxime              <\/span>\n            <\/div>\n          <\/div>\n        <\/div>\n      <\/a>\n    <\/div>\n      <div class=\"grid__item\">\n      <a href=\"\/fr\/animation\/nature-et-detente\/cavalaire-sur-mer\/yoga-aerien-avec-peggy-lucido-7864401\/\" class=\"single-item\">\n        <div class=\"grid__img\">\n                      <img loading=\"lazy\" decoding=\"async\" src=\"\/wp-content\/plugins\/apidae\/public\/files\/mini\/yoga-aerien-avec-peggy-lucido_7864401_1.png\" alt=\"\"\n              title=\"\" width=\"640\" height=\"300\" \/>\n                  <\/div>\n        <div class=\"grid__inner\">\n          <div class=\"date\">\n                          <div class=\"date-simple\">\n                <div class=\"dateDebut\">\n                  <span class=\"day\">16<\/span>\n                  <span class=\"month\">sep.<\/span>\n                                  <\/div>\n              <\/div>\n                      <\/div>\n  \n                      <div class=\"gotto\">\n                                                                  <br>\n                                                                                                                                                <\/div>\n            \n          <h2 class=\"formattedText\">Yoga A\u00e9rien avec Peggy Lucido<\/h2>\n            \n          <div class=\"grid__sub\">\n            <div class=\"grid__datetime\">\n              <span class=\"grid__commune\">\n                <i class=\"fa-thin fa-map-marker-alt\"><\/i>&nbsp;\n                <span>454 chemin Pierre Foncin<\/span>&nbsp;                                                -&nbsp;                Cavalaire-sur-Mer              <\/span>\n            <\/div>\n          <\/div>\n        <\/div>\n      <\/a>\n    <\/div>\n      <div class=\"grid__item\">\n      <a href=\"\/fr\/animation\/distractions-et-loisirs\/cogolin\/atelier-creatif-a-la-mediatheque-7788886\/\" class=\"single-item\">\n        <div class=\"grid__img\">\n                      <img loading=\"lazy\" decoding=\"async\" src=\"\/wp-content\/plugins\/apidae\/public\/files\/mini\/atelier-creatif-a-la-mediatheque_7788886_1.png\" alt=\"\"\n              title=\"\" width=\"640\" height=\"300\" \/>\n                  <\/div>\n        <div class=\"grid__inner\">\n          <div class=\"date\">\n                          <div class=\"date-double\">\n                                <div class=\"dateDebut\">\n                  <span class=\"day\">16<\/span>\n                  <span class=\"month\">sep.<\/span>\n                                  <\/div>\n                <i class=\"fa-light fa-chevron-right\"><\/i>\n                                <div class=\"dateFin\">\n                  <span class=\"day\">30<\/span>\n                  <span class=\"month\">sep.<\/span>\n                                  <\/div>\n              <\/div>\n                      <\/div>\n  \n                      <div class=\"gotto\">\n                              Distractions et loisirs\n                                        <\/div>\n            \n          <h2 class=\"formattedText\">Atelier cr\u00e9atif \u00e0 la m\u00e9diath\u00e8que<\/h2>\n            \n          <div class=\"grid__sub\">\n            <div class=\"grid__datetime\">\n              <span class=\"grid__commune\">\n                <i class=\"fa-thin fa-map-marker-alt\"><\/i>&nbsp;\n                <span>M\u00e9diath\u00e8que<\/span>&nbsp;                <span>44  rue Marceau<\/span>&nbsp;                                -&nbsp;                Cogolin              <\/span>\n            <\/div>\n          <\/div>\n        <\/div>\n      <\/a>\n    <\/div>\n      <div class=\"grid__item\">\n      <a href=\"\/fr\/animation\/distractions-et-loisirs\/cogolin\/boum-des-enfants-6802139\/\" class=\"single-item\">\n        <div class=\"grid__img\">\n                      <img loading=\"lazy\" decoding=\"async\" src=\"\/wp-content\/plugins\/apidae\/public\/files\/mini\/boum-des-enfants_6802139_1.png\" alt=\"Parc marceau\"\n              title=\"Parc marceau\" width=\"640\" height=\"300\" \/>\n                  <\/div>\n        <div class=\"grid__inner\">\n          <div class=\"date\">\n                          <div class=\"date-simple\">\n                <div class=\"dateDebut\">\n                  <span class=\"day\">16<\/span>\n                  <span class=\"month\">sep.<\/span>\n                                  <\/div>\n              <\/div>\n                      <\/div>\n  \n                      <div class=\"gotto\">\n                                                                  Bal<br>\n                                                                                                                                                <\/div>\n            \n          <h2 class=\"formattedText\">Boum des enfants<\/h2>\n            \n          <div class=\"grid__sub\">\n            <div class=\"grid__datetime\">\n              <span class=\"grid__commune\">\n                <i class=\"fa-thin fa-map-marker-alt\"><\/i>&nbsp;\n                <span>Parc Marceau<\/span>&nbsp;                <span>Rue Marceau<\/span>&nbsp;                                -&nbsp;                Cogolin              <\/span>\n            <\/div>\n          <\/div>\n        <\/div>\n      <\/a>\n    <\/div>\n      <div class=\"grid__item\">\n      <a href=\"\/fr\/animation\/culture\/cogolin\/concert-lady-soul-7943401\/\" class=\"single-item\">\n        <div class=\"grid__img\">\n                      <img loading=\"lazy\" decoding=\"async\" src=\"\/wp-content\/plugins\/apidae\/public\/files\/mini\/concert-lady-soul_7943401_1.png\" alt=\"\"\n              title=\"\" width=\"640\" height=\"300\" \/>\n                  <\/div>\n        <div class=\"grid__inner\">\n          <div class=\"date\">\n                          <div class=\"date-simple\">\n                <div class=\"dateDebut\">\n                  <span class=\"day\">16<\/span>\n                  <span class=\"month\">sep.<\/span>\n                                  <\/div>\n              <\/div>\n                      <\/div>\n  \n                      <div class=\"gotto\">\n                                                                  Concert<br>\n                                                                                                                                                <\/div>\n            \n          <h2 class=\"formattedText\">Concert Lady Soul<\/h2>\n            \n          <div class=\"grid__sub\">\n            <div class=\"grid__datetime\">\n              <span class=\"grid__commune\">\n                <i class=\"fa-thin fa-map-marker-alt\"><\/i>&nbsp;\n                <span>45 rue Nationale<\/span>&nbsp;                                                -&nbsp;                Cogolin              <\/span>\n            <\/div>\n          <\/div>\n        <\/div>\n      <\/a>\n    <\/div>\n      <div class=\"grid__item\">\n      <a href=\"\/fr\/animation\/distractions-et-loisirs\/grimaud\/atelier-zero-dechets-7534888\/\" class=\"single-item\">\n        <div class=\"grid__img\">\n                      <img loading=\"lazy\" decoding=\"async\" src=\"\/wp-content\/plugins\/apidae\/public\/files\/mini\/atelier-zero-dechets_7534888_1.jpg\" alt=\"\"\n              title=\"\" width=\"640\" height=\"300\" \/>\n                  <\/div>\n        <div class=\"grid__inner\">\n          <div class=\"date\">\n                          <div class=\"date-double\">\n                                <div class=\"dateDebut\">\n                  <span class=\"day\">16<\/span>\n                  <span class=\"month\">sep.<\/span>\n                                  <\/div>\n                <i class=\"fa-light fa-chevron-right\"><\/i>\n                                <div class=\"dateFin\">\n                  <span class=\"day\">30<\/span>\n                  <span class=\"month\">sep.<\/span>\n                                  <\/div>\n              <\/div>\n                      <\/div>\n  \n                      <div class=\"gotto\">\n                                                                  D\u00e9monstration<br>\n                                                                                                                                                <\/div>\n            \n          <h2 class=\"formattedText\">Atelier z\u00e9ro d\u00e9chets<\/h2>\n            \n          <div class=\"grid__sub\">\n            <div class=\"grid__datetime\">\n              <span class=\"grid__commune\">\n                <i class=\"fa-thin fa-map-marker-alt\"><\/i>&nbsp;\n                <span>Immeuble Beausoleil<\/span>&nbsp;                <span>850 Route Nationale<\/span>&nbsp;                                -&nbsp;                Grimaud              <\/span>\n            <\/div>\n          <\/div>\n        <\/div>\n      <\/a>\n    <\/div>\n      <div class=\"grid__item\">\n      <a href=\"\/fr\/animation\/distractions-et-loisirs\/la-croix-valmer\/club-ados-6804030\/\" class=\"single-item\">\n        <div class=\"grid__img\">\n                      <img loading=\"lazy\" decoding=\"async\" src=\"\/wp-content\/plugins\/apidae\/public\/files\/mini\/club-ados_6804030_1.png\" alt=\"\"\n              title=\"\" width=\"640\" height=\"300\" \/>\n                  <\/div>\n        <div class=\"grid__inner\">\n          <div class=\"date\">\n                          <div class=\"date-simple\">\n                <div class=\"dateDebut\">\n                  <span class=\"day\">16<\/span>\n                  <span class=\"month\">sep.<\/span>\n                                  <\/div>\n              <\/div>\n                      <\/div>\n  \n                      <div class=\"gotto\">\n                                                                  Conf\u00e9rence \/ D\u00e9bat \/ Rencontre<br>\n                                                                                                                                                <\/div>\n            \n          <h2 class=\"formattedText\">Club Ados<\/h2>\n            \n          <div class=\"grid__sub\">\n            <div class=\"grid__datetime\">\n              <span class=\"grid__commune\">\n                <i class=\"fa-thin fa-map-marker-alt\"><\/i>&nbsp;\n                <span>R\u00e9sidence Cap Nov\u00e9a<\/span>&nbsp;                <span>B\u00e2timent A<\/span>&nbsp;                <span>528 Boulevard de Saint Rapha\u00ebl<\/span>                -&nbsp;                La Croix-Valmer              <\/span>\n            <\/div>\n          <\/div>\n        <\/div>\n      <\/a>\n    <\/div>\n      <div class=\"grid__item\">\n      <a href=\"\/fr\/animation\/culture\/ramatuelle\/exposition-physis-par-caroline-gauguery-5807694\/\" class=\"single-item\">\n        <div class=\"grid__img\">\n                      <img loading=\"lazy\" decoding=\"async\" src=\"\/wp-content\/plugins\/apidae\/public\/files\/mini\/exposition-physis-par-caroline-gauguery_5807694_1.jpg\" alt=\"\"\n              title=\"\" width=\"640\" height=\"300\" \/>\n                  <\/div>\n        <div class=\"grid__inner\">\n          <div class=\"date\">\n                          <div class=\"date-double\">\n                                <div class=\"dateDebut\">\n                  <span class=\"day\">16<\/span>\n                  <span class=\"month\">sep.<\/span>\n                                  <\/div>\n                <i class=\"fa-light fa-chevron-right\"><\/i>\n                                <div class=\"dateFin\">\n                  <span class=\"day\">29<\/span>\n                  <span class=\"month\">sep.<\/span>\n                                  <\/div>\n              <\/div>\n                      <\/div>\n  \n                      <div class=\"gotto\">\n                                                                  Exposition<br>\n                                                                                                                                                <\/div>\n            \n          <h2 class=\"formattedText\">Exposition Physis par Caroline Gauguery<\/h2>\n            \n          <div class=\"grid__sub\">\n            <div class=\"grid__datetime\">\n              <span class=\"grid__commune\">\n                <i class=\"fa-thin fa-map-marker-alt\"><\/i>&nbsp;\n                <span>Place Gabriel Peri<\/span>&nbsp;                                                -&nbsp;                Ramatuelle              <\/span>\n            <\/div>\n          <\/div>\n        <\/div>\n      <\/a>\n    <\/div>\n      <div class=\"grid__item\">\n      <a href=\"\/fr\/animation\/distractions-et-loisirs\/cogolin\/le-lien-qu-on-tricote-6733112\/\" class=\"single-item\">\n        <div class=\"grid__img\">\n                      <img loading=\"lazy\" decoding=\"async\" src=\"\/wp-content\/plugins\/apidae\/public\/files\/mini\/le-lien-qu-on-tricote_6733112_1.png\" alt=\"M\u00e9diath\u00e8que\"\n              title=\"M\u00e9diath\u00e8que\" width=\"640\" height=\"300\" \/>\n                  <\/div>\n        <div class=\"grid__inner\">\n          <div class=\"date\">\n                          <div class=\"date-double\">\n                                <div class=\"dateDebut\">\n                  <span class=\"day\">17<\/span>\n                  <span class=\"month\">sep.<\/span>\n                                  <\/div>\n                <i class=\"fa-light fa-chevron-right\"><\/i>\n                                <div class=\"dateFin\">\n                  <span class=\"day\">10<\/span>\n                  <span class=\"month\">d\u00e9c.<\/span>\n                                  <\/div>\n              <\/div>\n                      <\/div>\n  \n                      <div class=\"gotto\">\n                              Distractions et loisirs\n                                        <\/div>\n            \n          <h2 class=\"formattedText\">Le lien qu'on tricote<\/h2>\n            \n          <div class=\"grid__sub\">\n            <div class=\"grid__datetime\">\n              <span class=\"grid__commune\">\n                <i class=\"fa-thin fa-map-marker-alt\"><\/i>&nbsp;\n                <span>M\u00e9diath\u00e8que<\/span>&nbsp;                <span>44  rue Marceau<\/span>&nbsp;                                -&nbsp;                Cogolin              <\/span>\n            <\/div>\n          <\/div>\n        <\/div>\n      <\/a>\n    <\/div>\n      <div class=\"grid__item\">\n      <a href=\"\/fr\/animation\/culture\/gassin\/chico-et-the-gypsies-longines-leagues-of-nations-au-haras-de-gassin-7947864\/\" class=\"single-item\">\n        <div class=\"grid__img\">\n                      <img loading=\"lazy\" decoding=\"async\" src=\"\/wp-content\/plugins\/apidae\/public\/files\/mini\/chico-et-the-gypsies-longines-leagues-of-nations-au-haras-de-gassin_7947864_1.jpg\" alt=\"Longines Leagues of Nations\"\n              title=\"Longines Leagues of Nations\" width=\"640\" height=\"300\" \/>\n                  <\/div>\n        <div class=\"grid__inner\">\n          <div class=\"date\">\n                          <div class=\"date-simple\">\n                <div class=\"dateDebut\">\n                  <span class=\"day\">17<\/span>\n                  <span class=\"month\">sep.<\/span>\n                                  <\/div>\n              <\/div>\n                      <\/div>\n  \n                      <div class=\"gotto\">\n                                                                  Concert<br>\n                                                                                                                                                <\/div>\n            \n          <h2 class=\"formattedText\">Chico et the Gypsies Longines Leagues of Nations au Haras de Gassin<\/h2>\n            \n          <div class=\"grid__sub\">\n            <div class=\"grid__datetime\">\n              <span class=\"grid__commune\">\n                <i class=\"fa-thin fa-map-marker-alt\"><\/i>&nbsp;\n                <span>1999, route du Bourrian<\/span>&nbsp;                                                -&nbsp;                Gassin              <\/span>\n            <\/div>\n          <\/div>\n        <\/div>\n      <\/a>\n    <\/div>\n      <div class=\"grid__item\">\n      <a href=\"\/fr\/animation\/sports\/gassin\/concours-de-sauts-international-jumping-de-septembre-7600411\/\" class=\"single-item\">\n        <div class=\"grid__img\">\n                      <img loading=\"lazy\" decoding=\"async\" src=\"\/wp-content\/plugins\/apidae\/public\/files\/mini\/concours-de-sauts-international-jumping-de-septembre_7600411_1.jpg\" alt=\"Jumping septembre\"\n              title=\"Jumping septembre\" width=\"640\" height=\"300\" \/>\n                  <\/div>\n        <div class=\"grid__inner\">\n          <div class=\"date\">\n                          <div class=\"date-double\">\n                                <div class=\"dateDebut\">\n                  <span class=\"day\">17<\/span>\n                  <span class=\"month\">sep.<\/span>\n                                  <\/div>\n                <i class=\"fa-light fa-chevron-right\"><\/i>\n                                <div class=\"dateFin\">\n                  <span class=\"day\">26<\/span>\n                  <span class=\"month\">sep.<\/span>\n                                  <\/div>\n              <\/div>\n                      <\/div>\n  \n                      <div class=\"gotto\">\n                                                                  Comp\u00e9tition sportive<br>\n                                                                                                                                                <\/div>\n            \n          <h2 class=\"formattedText\">Concours de sauts international - jumping de septembre<\/h2>\n            \n          <div class=\"grid__sub\">\n            <div class=\"grid__datetime\">\n              <span class=\"grid__commune\">\n                <i class=\"fa-thin fa-map-marker-alt\"><\/i>&nbsp;\n                <span>1999, route du Bourrian<\/span>&nbsp;                                                -&nbsp;                Gassin              <\/span>\n            <\/div>\n          <\/div>\n        <\/div>\n      <\/a>\n    <\/div>\n      <div class=\"grid__item\">\n      <a href=\"\/fr\/animation\/sports\/gassin\/longines-league-of-nations-gassin-st-tropez-7217780\/\" class=\"single-item\">\n        <div class=\"grid__img\">\n                      <img loading=\"lazy\" decoding=\"async\" src=\"\/wp-content\/plugins\/apidae\/public\/files\/mini\/longines-league-of-nations-gassin-st-tropez_7217780_1.png\" alt=\"Longines League of Nations\"\n              title=\"Longines League of Nations\" width=\"640\" height=\"300\" \/>\n                  <\/div>\n        <div class=\"grid__inner\">\n          <div class=\"date\">\n                          <div class=\"date-double\">\n                                <div class=\"dateDebut\">\n                  <span class=\"day\">17<\/span>\n                  <span class=\"month\">sep.<\/span>\n                                  <\/div>\n                <i class=\"fa-light fa-chevron-right\"><\/i>\n                                <div class=\"dateFin\">\n                  <span class=\"day\">20<\/span>\n                  <span class=\"month\">sep.<\/span>\n                                  <\/div>\n              <\/div>\n                      <\/div>\n  \n                      <div class=\"gotto\">\n                                                                  Concours \/ Tournois<br>\n                                                                                                                                                <\/div>\n            \n          <h2 class=\"formattedText\">Longines League of Nations  - Gassin St Tropez<\/h2>\n            \n          <div class=\"grid__sub\">\n            <div class=\"grid__datetime\">\n              <span class=\"grid__commune\">\n                <i class=\"fa-thin fa-map-marker-alt\"><\/i>&nbsp;\n                <span>1999, route du Bourrian<\/span>&nbsp;                                                -&nbsp;                Gassin              <\/span>\n            <\/div>\n          <\/div>\n        <\/div>\n      <\/a>\n    <\/div>\n      <div class=\"grid__item\">\n      <a href=\"\/fr\/animation\/sports\/gassin\/tournois-de-jumping-haras-de-gassin-7820469\/\" class=\"single-item\">\n        <div class=\"grid__img\">\n                      <img loading=\"lazy\" decoding=\"async\" src=\"\/wp-content\/plugins\/apidae\/public\/files\/mini\/tournois-de-jumping-haras-de-gassin_7820469_1.jpg\" alt=\"Tournois de Jumping\"\n              title=\"Tournois de Jumping\" width=\"640\" height=\"300\" \/>\n                  <\/div>\n        <div class=\"grid__inner\">\n          <div class=\"date\">\n                          <div class=\"date-double\">\n                                <div class=\"dateDebut\">\n                  <span class=\"day\">17<\/span>\n                  <span class=\"month\">sep.<\/span>\n                                  <\/div>\n                <i class=\"fa-light fa-chevron-right\"><\/i>\n                                <div class=\"dateFin\">\n                  <span class=\"day\">20<\/span>\n                  <span class=\"month\">sep.<\/span>\n                                  <\/div>\n              <\/div>\n                      <\/div>\n  \n                      <div class=\"gotto\">\n                                                                  Comp\u00e9tition sportive<br>\n                                                                                                                                                <\/div>\n            \n          <h2 class=\"formattedText\">Tournois de Jumping - Haras de Gassin<\/h2>\n            \n          <div class=\"grid__sub\">\n            <div class=\"grid__datetime\">\n              <span class=\"grid__commune\">\n                <i class=\"fa-thin fa-map-marker-alt\"><\/i>&nbsp;\n                <span>1999, route du Bourrian<\/span>&nbsp;                                                -&nbsp;                Gassin              <\/span>\n            <\/div>\n          <\/div>\n        <\/div>\n      <\/a>\n    <\/div>\n      <div class=\"grid__item\">\n      <a href=\"\/fr\/animation\/distractions-et-loisirs\/grimaud\/les-inattendues-des-grimaldines-soiree-gipsy-7697740\/\" class=\"single-item\">\n        <div class=\"grid__img\">\n                      <img loading=\"lazy\" decoding=\"async\" src=\"\/wp-content\/plugins\/apidae\/public\/files\/mini\/les-inattendues-des-grimaldines-soiree-gipsy_7697740_1.jpg\" alt=\"Mateo Gipsies Quintet\"\n              title=\"Mateo Gipsies Quintet\" width=\"640\" height=\"300\" \/>\n                  <\/div>\n        <div class=\"grid__inner\">\n          <div class=\"date\">\n                          <div class=\"date-simple\">\n                <div class=\"dateDebut\">\n                  <span class=\"day\">17<\/span>\n                  <span class=\"month\">sep.<\/span>\n                                  <\/div>\n              <\/div>\n                      <\/div>\n  \n                      <div class=\"gotto\">\n                                                                  Concert<br>\n                                                                                                                                                <\/div>\n            \n          <h2 class=\"formattedText\">Les Inattendues des Grimaldines - Soir\u00e9e Gipsy<\/h2>\n            \n          <div class=\"grid__sub\">\n            <div class=\"grid__datetime\">\n              <span class=\"grid__commune\">\n                <i class=\"fa-thin fa-map-marker-alt\"><\/i>&nbsp;\n                <span>834 route des Blaqui\u00e8res<\/span>&nbsp;                                                -&nbsp;                Grimaud              <\/span>\n            <\/div>\n          <\/div>\n        <\/div>\n      <\/a>\n    <\/div>\n      <div class=\"grid__item\">\n      <a href=\"\/fr\/animation\/distractions-et-loisirs\/la-croix-valmer\/reunion-publique-d-information-d-ou-vient-l-eau-du-robinet-6615411\/\" class=\"single-item\">\n        <div class=\"grid__img\">\n                      <img loading=\"lazy\" decoding=\"async\" src=\"\/wp-content\/plugins\/apidae\/public\/files\/mini\/reunion-publique-d-information-d-ou-vient-l-eau-du-robinet_6615411_1.png\" alt=\"\"\n              title=\"\" width=\"640\" height=\"300\" \/>\n                  <\/div>\n        <div class=\"grid__inner\">\n          <div class=\"date\">\n                          <div class=\"date-simple\">\n                <div class=\"dateDebut\">\n                  <span class=\"day\">17<\/span>\n                  <span class=\"month\">sep.<\/span>\n                                  <\/div>\n              <\/div>\n                      <\/div>\n  \n                      <div class=\"gotto\">\n                                                                  R\u00e9union publique<br>\n                                                                                                                                                <\/div>\n            \n          <h2 class=\"formattedText\">R\u00e9union publique d'information : D'o\u00f9 vient l'eau du robinet ?<\/h2>\n            \n          <div class=\"grid__sub\">\n            <div class=\"grid__datetime\">\n              <span class=\"grid__commune\">\n                <i class=\"fa-thin fa-map-marker-alt\"><\/i>&nbsp;\n                <span>580, rue Fr\u00e9d\u00e9ric Mistral<\/span>&nbsp;                                                -&nbsp;                La Croix-Valmer              <\/span>\n            <\/div>\n          <\/div>\n        <\/div>\n      <\/a>\n    <\/div>\n      <div class=\"grid__item\">\n      <a href=\"\/fr\/animation\/culture\/ramatuelle\/musique-au-village-deprecated-7809039\/\" class=\"single-item\">\n        <div class=\"grid__img\">\n                      <img loading=\"lazy\" decoding=\"async\" src=\"\/wp-content\/plugins\/apidae\/public\/files\/mini\/musique-au-village-deprecated_7809039_1.jpg\" alt=\"Musique au village - Deprecated\"\n              title=\"Musique au village - Deprecated\" width=\"640\" height=\"300\" \/>\n                  <\/div>\n        <div class=\"grid__inner\">\n          <div class=\"date\">\n                          <div class=\"date-simple\">\n                <div class=\"dateDebut\">\n                  <span class=\"day\">17<\/span>\n                  <span class=\"month\">sep.<\/span>\n                                  <\/div>\n              <\/div>\n                      <\/div>\n  \n                      <div class=\"gotto\">\n                                                                  Concert<br>\n                                                                                                                                                <\/div>\n            \n          <h2 class=\"formattedText\">Musique au village - Deprecated<\/h2>\n            \n          <div class=\"grid__sub\">\n            <div class=\"grid__datetime\">\n              <span class=\"grid__commune\">\n                <i class=\"fa-thin fa-map-marker-alt\"><\/i>&nbsp;\n                                                                                Ramatuelle              <\/span>\n            <\/div>\n          <\/div>\n        <\/div>\n      <\/a>\n    <\/div>\n      <div class=\"grid__item\">\n      <a href=\"\/fr\/animation\/culture\/rayol-canadel-sur-mer\/les-jeudis-de-l-histoire-7955345\/\" class=\"single-item\">\n        <div class=\"grid__img\">\n                      <img loading=\"lazy\" decoding=\"async\" src=\"\/wp-content\/plugins\/apidae\/public\/files\/mini\/les-jeudis-de-l-histoire_7955345_1.jpg\" alt=\"Les jeudis de l'histoire\"\n              title=\"Les jeudis de l'histoire\" width=\"640\" height=\"300\" \/>\n                  <\/div>\n        <div class=\"grid__inner\">\n          <div class=\"date\">\n                          <div class=\"date-simple\">\n                <div class=\"dateDebut\">\n                  <span class=\"day\">17<\/span>\n                  <span class=\"month\">sep.<\/span>\n                                  <\/div>\n              <\/div>\n                      <\/div>\n  \n                      <div class=\"gotto\">\n                                                                  Conf\u00e9rence \/ D\u00e9bat \/ Rencontre<br>\n                                                                                                                                                <\/div>\n            \n          <h2 class=\"formattedText\">Les Jeudis de l'Histoire<\/h2>\n            \n          <div class=\"grid__sub\">\n            <div class=\"grid__datetime\">\n              <span class=\"grid__commune\">\n                <i class=\"fa-thin fa-map-marker-alt\"><\/i>&nbsp;\n                <span>Mairie<\/span>&nbsp;                <span>En face des Jardins<\/span>&nbsp;                                -&nbsp;                Rayol-Canadel-sur-Mer              <\/span>\n            <\/div>\n          <\/div>\n        <\/div>\n      <\/a>\n    <\/div>\n      <div class=\"grid__item\">\n      <a href=\"\/fr\/animation\/distractions-et-loisirs\/sainte-maxime\/jeudi-live-en-ville-7968563\/\" class=\"single-item\">\n        <div class=\"grid__img\">\n                      <img loading=\"lazy\" decoding=\"async\" src=\"\/wp-content\/plugins\/apidae\/public\/files\/mini\/jeudi-live-en-ville_7968563_1.jpg\" alt=\"Jeudi Live en ville_Sainte-Maxime\"\n              title=\"Jeudi Live en ville_Sainte-Maxime\" width=\"640\" height=\"300\" \/>\n                  <\/div>\n        <div class=\"grid__inner\">\n          <div class=\"date\">\n                          <div class=\"date-simple\">\n                <div class=\"dateDebut\">\n                  <span class=\"day\">17<\/span>\n                  <span class=\"month\">sep.<\/span>\n                                  <\/div>\n              <\/div>\n                      <\/div>\n  \n                      <div class=\"gotto\">\n                                                                  Concert<br>\n                                                                                                                                                <\/div>\n            \n          <h2 class=\"formattedText\">Jeudi Live en ville<\/h2>\n            \n          <div class=\"grid__sub\">\n            <div class=\"grid__datetime\">\n              <span class=\"grid__commune\">\n                <i class=\"fa-thin fa-map-marker-alt\"><\/i>&nbsp;\n                <span>Centre-ville<\/span>&nbsp;                                                -&nbsp;                Sainte-Maxime              <\/span>\n            <\/div>\n          <\/div>\n        <\/div>\n      <\/a>\n    <\/div>\n      <div class=\"grid__item\">\n      <a href=\"\/fr\/animation\/culture\/sainte-maxime\/visite-guidee-de-la-tour-carree-maison-des-traditions-7822374\/\" class=\"single-item\">\n        <div class=\"grid__img\">\n                      <img loading=\"lazy\" decoding=\"async\" src=\"\/wp-content\/plugins\/apidae\/public\/files\/mini\/visite-guidee-de-la-tour-carree-maison-des-traditions_7822374_1.jpg\" alt=\"Visite guid\u00e9e de la tour carr\u00e9e \u2013 maison des traditions_Sainte-Maxime\"\n              title=\"Visite guid\u00e9e de la tour carr\u00e9e \u2013 maison des traditions_Sainte-Maxime\" width=\"640\" height=\"300\" \/>\n                  <\/div>\n        <div class=\"grid__inner\">\n          <div class=\"date\">\n                          <div class=\"date-simple\">\n                <div class=\"dateDebut\">\n                  <span class=\"day\">17<\/span>\n                  <span class=\"month\">sep.<\/span>\n                                  <\/div>\n              <\/div>\n                      <\/div>\n  \n                      <div class=\"gotto\">\n                                                                  Visite guid\u00e9e et\/ou comment\u00e9e<br>\n                                                                                                                                                <\/div>\n            \n          <h2 class=\"formattedText\">Visite guid\u00e9e de la tour carr\u00e9e \u2013 maison des traditions<\/h2>\n            \n          <div class=\"grid__sub\">\n            <div class=\"grid__datetime\">\n              <span class=\"grid__commune\">\n                <i class=\"fa-thin fa-map-marker-alt\"><\/i>&nbsp;\n                <span>Place Mireille de Germond<\/span>&nbsp;                                                -&nbsp;                Sainte-Maxime              <\/span>\n            <\/div>\n          <\/div>\n        <\/div>\n      <\/a>\n    <\/div>\n      <div class=\"grid__item\">\n      <a href=\"\/fr\/animation\/culture\/cavalaire-sur-mer\/conference-pierre-foncin-et-ses-filles-7560167\/\" class=\"single-item\">\n        <div class=\"grid__img\">\n                      <img loading=\"lazy\" decoding=\"async\" src=\"\/wp-content\/plugins\/apidae\/public\/files\/mini\/conference-pierre-foncin-et-ses-filles_7560167_1.jpg\" alt=\"3e\"\n              title=\"3e\" width=\"640\" height=\"300\" \/>\n                  <\/div>\n        <div class=\"grid__inner\">\n          <div class=\"date\">\n                          <div class=\"date-simple\">\n                <div class=\"dateDebut\">\n                  <span class=\"day\">18<\/span>\n                  <span class=\"month\">sep.<\/span>\n                                  <\/div>\n              <\/div>\n                      <\/div>\n  \n                      <div class=\"gotto\">\n                                                                  Conf\u00e9rence \/ D\u00e9bat \/ Rencontre<br>\n                                                                                                                                                <\/div>\n            \n          <h2 class=\"formattedText\">Conf\u00e9rence : Pierre Foncin et ses filles<\/h2>\n            \n          <div class=\"grid__sub\">\n            <div class=\"grid__datetime\">\n              <span class=\"grid__commune\">\n                <i class=\"fa-thin fa-map-marker-alt\"><\/i>&nbsp;\n                <span>Rue du Port<\/span>&nbsp;                                                -&nbsp;                Cavalaire-sur-Mer              <\/span>\n            <\/div>\n          <\/div>\n        <\/div>\n      <\/a>\n    <\/div>\n      <div class=\"grid__item\">\n      <a href=\"\/fr\/animation\/traditions-et-folklore\/cavalaire-sur-mer\/notre-commune-en-fete-7939089\/\" class=\"single-item\">\n        <div class=\"grid__img\">\n                      <img loading=\"lazy\" decoding=\"async\" src=\"\/wp-content\/plugins\/apidae\/public\/files\/mini\/notre-commune-en-fete_7939089_1.jpg\" alt=\"\"\n              title=\"\" width=\"640\" height=\"300\" \/>\n                  <\/div>\n        <div class=\"grid__inner\">\n          <div class=\"date\">\n                          <div class=\"date-double\">\n                                <div class=\"dateDebut\">\n                  <span class=\"day\">18<\/span>\n                  <span class=\"month\">sep.<\/span>\n                                  <\/div>\n                <i class=\"fa-light fa-chevron-right\"><\/i>\n                                <div class=\"dateFin\">\n                  <span class=\"day\">20<\/span>\n                  <span class=\"month\">sep.<\/span>\n                                  <\/div>\n              <\/div>\n                      <\/div>\n  \n                      <div class=\"gotto\">\n                                                                  F\u00eate locale<br>\n                                                                                                                                                <\/div>\n            \n          <h2 class=\"formattedText\">Notre Commune en F\u00eate<\/h2>\n            \n          <div class=\"grid__sub\">\n            <div class=\"grid__datetime\">\n              <span class=\"grid__commune\">\n                <i class=\"fa-thin fa-map-marker-alt\"><\/i>&nbsp;\n                <span>Esplanade Ste Estelle<\/span>&nbsp;                                                -&nbsp;                Cavalaire-sur-Mer              <\/span>\n            <\/div>\n          <\/div>\n        <\/div>\n      <\/a>\n    <\/div>\n      <div class=\"grid__item\">\n      <a href=\"\/fr\/animation\/culture\/cogolin\/exposition-les-pinceaux-de-l-ocean-7971443\/\" class=\"single-item\">\n        <div class=\"grid__img\">\n                      <img loading=\"lazy\" decoding=\"async\" src=\"\/wp-content\/plugins\/apidae\/public\/files\/mini\/exposition-les-pinceaux-de-l-ocean_7971443_1.png\" alt=\"Le ch\u00e2teau\"\n              title=\"Le ch\u00e2teau\" width=\"640\" height=\"300\" \/>\n                  <\/div>\n        <div class=\"grid__inner\">\n          <div class=\"date\">\n                          <div class=\"date-double\">\n                                <div class=\"dateDebut\">\n                  <span class=\"day\">18<\/span>\n                  <span class=\"month\">sep.<\/span>\n                                  <\/div>\n                <i class=\"fa-light fa-chevron-right\"><\/i>\n                                <div class=\"dateFin\">\n                  <span class=\"day\">30<\/span>\n                  <span class=\"month\">oct.<\/span>\n                                  <\/div>\n              <\/div>\n                      <\/div>\n  \n                      <div class=\"gotto\">\n                                                                  Exposition<br>\n                                                                                                                                                <\/div>\n            \n          <h2 class=\"formattedText\">Exposition \"Les pinceaux de l'Oc\u00e9an\"<\/h2>\n            \n          <div class=\"grid__sub\">\n            <div class=\"grid__datetime\">\n              <span class=\"grid__commune\">\n                <i class=\"fa-thin fa-map-marker-alt\"><\/i>&nbsp;\n                <span>Le Ch\u00e2teau<\/span>&nbsp;                <span>46 rue Nationale<\/span>&nbsp;                                -&nbsp;                Cogolin              <\/span>\n            <\/div>\n          <\/div>\n        <\/div>\n      <\/a>\n    <\/div>\n      <div class=\"grid__item\">\n      <a href=\"\/fr\/animation\/culture\/cogolin\/le-grand-gala-7893614\/\" class=\"single-item\">\n        <div class=\"grid__img\">\n                      <img loading=\"lazy\" decoding=\"async\" src=\"\/wp-content\/plugins\/apidae\/public\/files\/mini\/le-grand-gala_7893614_1.png\" alt=\"Centre Maurin des Maures\"\n              title=\"Centre Maurin des Maures\" width=\"640\" height=\"300\" \/>\n                  <\/div>\n        <div class=\"grid__inner\">\n          <div class=\"date\">\n                          <div class=\"date-simple\">\n                <div class=\"dateDebut\">\n                  <span class=\"day\">18<\/span>\n                  <span class=\"month\">sep.<\/span>\n                                  <\/div>\n              <\/div>\n                      <\/div>\n  \n                      <div class=\"gotto\">\n                                                                  Th\u00e9\u00e2tre<br>\n                                                                                                                                                <\/div>\n            \n          <h2 class=\"formattedText\">Le grand gala<\/h2>\n            \n          <div class=\"grid__sub\">\n            <div class=\"grid__datetime\">\n              <span class=\"grid__commune\">\n                <i class=\"fa-thin fa-map-marker-alt\"><\/i>&nbsp;\n                <span>Centre Maurin des Maures<\/span>&nbsp;                <span>53 Avenue G. Clemenceau<\/span>&nbsp;                                -&nbsp;                Cogolin              <\/span>\n            <\/div>\n          <\/div>\n        <\/div>\n      <\/a>\n    <\/div>\n      <div class=\"grid__item\">\n      <a href=\"\/fr\/animation\/culture\/gassin\/dj-set-mosimann-longines-league-of-nations-au-haras-de-gassin-7945781\/\" class=\"single-item\">\n        <div class=\"grid__img\">\n                      <img loading=\"lazy\" decoding=\"async\" src=\"\/wp-content\/plugins\/apidae\/public\/files\/mini\/dj-set-mosimann-longines-league-of-nations-au-haras-de-gassin_7945781_1.jpg\" alt=\"\"\n              title=\"\" width=\"640\" height=\"300\" \/>\n                  <\/div>\n        <div class=\"grid__inner\">\n          <div class=\"date\">\n                          <div class=\"date-simple\">\n                <div class=\"dateDebut\">\n                  <span class=\"day\">18<\/span>\n                  <span class=\"month\">sep.<\/span>\n                                  <\/div>\n              <\/div>\n                      <\/div>\n  \n                      <div class=\"gotto\">\n                                                                  Concert<br>\n                                                                                                                                                <\/div>\n            \n          <h2 class=\"formattedText\">DJ Set Mosimann \u2013 Longines League of Nations au Haras de Gassin<\/h2>\n            \n          <div class=\"grid__sub\">\n            <div class=\"grid__datetime\">\n              <span class=\"grid__commune\">\n                <i class=\"fa-thin fa-map-marker-alt\"><\/i>&nbsp;\n                <span>1999, route du Bourrian<\/span>&nbsp;                                                -&nbsp;                Gassin              <\/span>\n            <\/div>\n          <\/div>\n        <\/div>\n      <\/a>\n    <\/div>\n      <div class=\"grid__item\">\n      <a href=\"\/fr\/animation\/culture\/gassin\/exposition-2026-les-amis-des-arts-de-gassin-7808493\/\" class=\"single-item\">\n        <div class=\"grid__img\">\n                      <img loading=\"lazy\" decoding=\"async\" src=\"\/wp-content\/plugins\/apidae\/public\/files\/mini\/exposition-2026-les-amis-des-arts-de-gassin_7808493_1.png\" alt=\"Les Amis des Arts\"\n              title=\"Les Amis des Arts\" width=\"640\" height=\"300\" \/>\n                  <\/div>\n        <div class=\"grid__inner\">\n          <div class=\"date\">\n                          <div class=\"date-double\">\n                                <div class=\"dateDebut\">\n                  <span class=\"day\">18<\/span>\n                  <span class=\"month\">sep.<\/span>\n                                  <\/div>\n                <i class=\"fa-light fa-chevron-right\"><\/i>\n                                <div class=\"dateFin\">\n                  <span class=\"day\">29<\/span>\n                  <span class=\"month\">sep.<\/span>\n                                  <\/div>\n              <\/div>\n                      <\/div>\n  \n                      <div class=\"gotto\">\n                                                                  Exposition<br>\n                                                                                                                                                <\/div>\n            \n          <h2 class=\"formattedText\">Exposition 2026 - Les Amis des Arts de Gassin<\/h2>\n            \n          <div class=\"grid__sub\">\n            <div class=\"grid__datetime\">\n              <span class=\"grid__commune\">\n                <i class=\"fa-thin fa-map-marker-alt\"><\/i>&nbsp;\n                <span>20, rue Longue<\/span>&nbsp;                                                -&nbsp;                Gassin              <\/span>\n            <\/div>\n          <\/div>\n        <\/div>\n      <\/a>\n    <\/div>\n      <div class=\"grid__item\">\n      <a href=\"\/fr\/animation\/culture\/la-garde-freinet\/concert-rezvani-ca-se-passe-a-montparnasse-7961882\/\" class=\"single-item\">\n        <div class=\"grid__img\">\n                      <img loading=\"lazy\" decoding=\"async\" src=\"\/wp-content\/plugins\/apidae\/public\/files\/mini\/concert-rezvani-ca-se-passe-a-montparnasse_7961882_1.jpg\" alt=\"\"\n              title=\"\" width=\"640\" height=\"300\" \/>\n                  <\/div>\n        <div class=\"grid__inner\">\n          <div class=\"date\">\n                          <div class=\"date-simple\">\n                <div class=\"dateDebut\">\n                  <span class=\"day\">18<\/span>\n                  <span class=\"month\">sep.<\/span>\n                                  <\/div>\n              <\/div>\n                      <\/div>\n  \n                      <div class=\"gotto\">\n                                                                  Concert<br>\n                                                                                                                                                <\/div>\n            \n          <h2 class=\"formattedText\">Concert Rezvani \"\u00e7a se passe \u00e0 Montparnasse\"<\/h2>\n            \n          <div class=\"grid__sub\">\n            <div class=\"grid__datetime\">\n              <span class=\"grid__commune\">\n                <i class=\"fa-thin fa-map-marker-alt\"><\/i>&nbsp;\n                <span>Place de la Mairie<\/span>&nbsp;                                                -&nbsp;                La Garde-Freinet              <\/span>\n            <\/div>\n          <\/div>\n        <\/div>\n      <\/a>\n    <\/div>\n      <div class=\"grid__item\">\n      <a href=\"\/fr\/animation\/nature-et-detente\/rayol-canadel-sur-mer\/visite-thematique-la-visite-du-jardinier-795769\/\" class=\"single-item\">\n        <div class=\"grid__img\">\n                      <img loading=\"lazy\" decoding=\"async\" src=\"\/wp-content\/plugins\/apidae\/public\/files\/mini\/visite-thematique-la-visite-du-jardinier_795769_1.jpg\" alt=\"Domaine du Rayol\"\n              title=\"Domaine du Rayol\" width=\"640\" height=\"300\" \/>\n                  <\/div>\n        <div class=\"grid__inner\">\n          <div class=\"date\">\n                          <div class=\"date-double\">\n                                <div class=\"dateDebut\">\n                  <span class=\"day\">18<\/span>\n                  <span class=\"month\">sep.<\/span>\n                                  <\/div>\n                <i class=\"fa-light fa-chevron-right\"><\/i>\n                                <div class=\"dateFin\">\n                  <span class=\"day\">18<\/span>\n                  <span class=\"month\">d\u00e9c.<\/span>\n                                  <\/div>\n              <\/div>\n                      <\/div>\n  \n                      <div class=\"gotto\">\n                                                                  Visite guid\u00e9e et\/ou comment\u00e9e<br>\n                                                                                                                                                <\/div>\n            \n          <h2 class=\"formattedText\">Visite th\u00e9matique \"La visite du jardinier\"<\/h2>\n            \n          <div class=\"grid__sub\">\n            <div class=\"grid__datetime\">\n              <span class=\"grid__commune\">\n                <i class=\"fa-thin fa-map-marker-alt\"><\/i>&nbsp;\n                <span>Avenue Jacques Chirac<\/span>&nbsp;                                                -&nbsp;                Rayol-Canadel-sur-Mer              <\/span>\n            <\/div>\n          <\/div>\n        <\/div>\n      <\/a>\n    <\/div>\n      <div class=\"grid__item\">\n      <a href=\"\/fr\/animation\/culture\/saint-tropez\/salon-international-des-artistes-contemporains-5881940\/\" class=\"single-item\">\n        <div class=\"grid__img\">\n                      <img loading=\"lazy\" decoding=\"async\" src=\"\/wp-content\/plugins\/apidae\/public\/files\/mini\/salon-international-des-artistes-contemporains_5881940_1.jpg\" alt=\"\"\n              title=\"\" width=\"640\" height=\"300\" \/>\n                  <\/div>\n        <div class=\"grid__inner\">\n          <div class=\"date\">\n                          <div class=\"date-double\">\n                                <div class=\"dateDebut\">\n                  <span class=\"day\">18<\/span>\n                  <span class=\"month\">sep.<\/span>\n                                  <\/div>\n                <i class=\"fa-light fa-chevron-right\"><\/i>\n                                <div class=\"dateFin\">\n                  <span class=\"day\">29<\/span>\n                  <span class=\"month\">sep.<\/span>\n                                  <\/div>\n              <\/div>\n                      <\/div>\n  \n                      <div class=\"gotto\">\n                                                                  Exposition<br>\n                                                                                                                                                <\/div>\n            \n          <h2 class=\"formattedText\">Salon international des artistes contemporains<\/h2>\n            \n          <div class=\"grid__sub\">\n            <div class=\"grid__datetime\">\n              <span class=\"grid__commune\">\n                <i class=\"fa-thin fa-map-marker-alt\"><\/i>&nbsp;\n                <span>16, boulevard Vasserot<\/span>&nbsp;                                                -&nbsp;                Saint-Tropez              <\/span>\n            <\/div>\n          <\/div>\n        <\/div>\n      <\/a>\n    <\/div>\n      <div class=\"grid__item\">\n      <a href=\"\/fr\/animation\/culture\/gassin\/les-secrets-de-gassin-jeu-de-piste-decouverte-pour-les-enfants-de-6-14ans-dans-le-golfe-de-saint-tropez-5379475\/\" class=\"single-item\">\n        <div class=\"grid__img\">\n                      <img loading=\"lazy\" decoding=\"async\" src=\"\/wp-content\/plugins\/apidae\/public\/files\/mini\/les-secrets-de-gassin-jeu-de-piste-decouverte-pour-les-enfants-de-6-14ans-dans-le-golfe-de-saint-tropez_5379475_1.jpg\" alt=\"Couverture du jeu de piste Les Secrets de Gassin - https:\/\/gassin.eu\"\n              title=\"Couverture du jeu de piste Les Secrets de Gassin - https:\/\/gassin.eu\" width=\"640\" height=\"300\" \/>\n                  <\/div>\n        <div class=\"grid__inner\">\n          <div class=\"date\">\n                          <div class=\"date-double\">\n                                <div class=\"dateDebut\">\n                  <span class=\"day\"> 1<\/span>\n                  <span class=\"month\">sep.<\/span>\n                                  <\/div>\n                <i class=\"fa-light fa-chevron-right\"><\/i>\n                                <div class=\"dateFin\">\n                  <span class=\"day\">30<\/span>\n                  <span class=\"month\">sep.<\/span>\n                                  <\/div>\n              <\/div>\n                      <\/div>\n  \n                      <div class=\"gotto\">\n                                                                  Jeu de piste \/ Chasse au tr\u00e9sor<br>\n                                                                                                                                                <\/div>\n            \n          <h2 class=\"formattedText\">Les Secrets de Gassin \u2014 jeu de piste d\u00e9couverte pour les enfants de 6-14\u00a0ans dans le golfe de Saint-Tropez<\/h2>\n            \n          <div class=\"grid__sub\">\n            <div class=\"grid__datetime\">\n              <span class=\"grid__commune\">\n                <i class=\"fa-thin fa-map-marker-alt\"><\/i>&nbsp;\n                <span>20, place L\u00e9on Martel<\/span>&nbsp;                                                -&nbsp;                Gassin              <\/span>\n            <\/div>\n          <\/div>\n        <\/div>\n      <\/a>\n    <\/div>\n  \t<\/div>\n<\/noscript><div id=\"prestaItems-1031686368\" class=\"prestaItems wp-block-apidae-prestas align\">\r\n\t\t\t<apidae-prestas\r\n\t\t\t\tslug=\"evenements-du-golfe-de-saint-tropez\"\r\n\t\t\t\tlayout-mode=\"list\"\r\n\t\t\t\tmap-height=\"\"\r\n\t\t\t\ttheme=\"default\"\r\n\t\t\t\ttype=\"grid\"\r\n\t\t\t\ttype-filtre=\"vertical\"\r\n\t\t\t\ttype-paginate=\"INFINITE\"\r\n\t\t\t\ttitle=\"\"\r\n\t\t\t\t:nb-per-page=\"12\"\r\n\t\t\t\tfilter=\"\"\r\n\t\t\t\tlang=\"fr\"\r\n\t\t\t\t:groupe-ids-to-hide=\"[63,61,25,7,23,1,41,62,31,4,42,12,26,5,8,64,2,51,6,24,32,13,52,15,43,66,9]\"\r\n\t\t\t\t:groupe-ids-to-open=\"[31]\"\r\n\t\t\t\t:tri-filters=\"['alphabetique','triEvenement']\"\r\n\t\t\t\t:tri=\"['triEvenement']\"\r\n        :show-filtre=\"1\"\r\n\t\t\t\t:show-filtre-nb-results=\"1\"\r\n        :show-filtre-results=\"0\"\r\n        :show-filtre-lib=\"1\"\r\n        :show-filtre-tri=\"1\"\r\n        :show-filtre-groupes=\"1\"\r\n        :show-filtre-date=\"1\"\r\n        :show-filtre-age=\"0\"\r\n        :show-filtre-price=\"0\"\r\n        :show-filtre-capacity=\"0\"\r\n        :show-filtre-nombre-chambres=\"0\"\r\n        :show-filtre-nombre-jours=\"0\"\r\n        :show-filtre-nombre-nuits=\"0\"\r\n        :show-filtre-distance=\"0\"\r\n        :show-filtre-duration=\"0\"\r\n        :show-filtre-elevation=\"0\"\r\n        :show-filtre-geolocalisation=\"0\"\r\n        :show-prestas=\"1\"\r\n\t\t\t\t:show-prestas-address=\"1\"\r\n\t\t\t\t:show-prestas-attributes=\"0\"\r\n\t\t\t\t:show-prestas-breadcrumb=\"0\"\r\n\t\t\t\t:show-prestas-calendar=\"0\"\r\n\t\t\t\t:show-prestas-cart=\"0\"\r\n\t\t\t\t:show-prestas-categorie=\"1\"\r\n\t\t\t\t:show-prestas-contact=\"0\"\r\n\t\t\t\t:show-prestas-coordonnee=\"0\"\r\n\t\t\t\t:show-prestas-cover=\"1\"\r\n\t\t\t\t:show-prestas-date=\"1\"\r\n\t\t\t\t:show-prestas-description=\"0\"\r\n\t\t\t\t:show-prestas-dispo=\"0\"\r\n\t\t\t\t:show-prestas-gallery=\"0\"\r\n\t\t\t\t:show-prestas-fair-guest=\"0\"\r\n\t\t\t\t:show-prestas-fair-guest-lite=\"1\"\r\n\t\t\t\t:show-prestas-logo=\"0\"\r\n\t\t\t\t:show-prestas-map=\"1\"\r\n\t\t\t\t:show-prestas-map-closed=\"1\"\r\n\t\t\t\t:show-prestas-map-cluster=\"1\"\r\n\t\t\t\t:show-prestas-map-controls=\"0\"\r\n\t\t\t\t:show-prestas-map-zoom-scroll=\"0\"\r\n\t\t\t\t:show-prestas-objets-lies=\"0\"\r\n\t\t\t\t:show-prestas-opened=\"0\"\r\n\t\t\t\t:show-prestas-tarif=\"0\"\r\n\t\t\t\t:show-prestas-title=\"1\"\r\n\t\t\t\t:show-presta-address=\"1\"\r\n\t\t\t\t:show-presta-attributes=\"1\"\r\n\t\t\t\t:show-presta-back=\"1\"\r\n\t\t\t\t:show-presta-breadcrumb=\"0\"\r\n\t\t\t\t:show-presta-calendar=\"1\"\r\n\t\t\t\t:show-presta-cart=\"0\"\r\n\t\t\t\t:show-presta-categorie=\"1\"\r\n\t\t\t\t:show-presta-contact=\"0\"\r\n\t\t\t\t:show-presta-coordonnee=\"1\"\r\n\t\t\t\t:show-presta-cover=\"1\"\r\n\t\t\t\t:show-presta-date=\"1\"\r\n\t\t\t\t:show-presta-description=\"1\"\r\n\t\t\t\t:show-presta-dispo=\"1\"\r\n\t\t\t\t:show-presta-gallery=\"1\"\r\n\t\t\t\t:show-presta-fair-guest=\"0\"\r\n\t\t\t\t:show-presta-fair-guest-lite=\"0\"\r\n\t\t\t\t:show-presta-logo=\"1\"\r\n\t\t\t\t:show-presta-map=\"1\"\r\n\t\t\t\t:show-presta-map-closed=\"1\"\r\n\t\t\t\t:show-presta-map-cluster=\"1\"\r\n\t\t\t\t:show-presta-map-controls=\"1\"\r\n\t\t\t\t:show-presta-map-zoom-scroll=\"1\"\r\n\t\t\t\t:show-presta-objets-attaches=\"0\"\r\n\t\t\t\t:show-presta-objets-croises=\"0\"\r\n\t\t\t\t:show-presta-objets-geres=\"0\"\r\n\t\t\t\t:show-presta-objets-lies=\"1\"\r\n\t\t\t\t:show-presta-opened=\"1\"\r\n\t\t\t\t:show-presta-tarif=\"1\"\r\n\t\t\t\t:show-presta-title=\"1\"\r\n\t\t\t\t:show-presta-view=\"0\">\r\n\t\t\t<\/apidae-prestas>\r\n\t\t<\/div>","protected":false},"excerpt":{"rendered":"<p>Durante todo el a\u00f1o, Gassin ofrece multitud de eventos para todas las edades: conciertos, festivales, saltos, exposiciones, torneos de polo, degustaciones&#8230; En junio, la oficina de turismo acoger\u00e1 la Noche Rom\u00e1ntica en los Pueblos m\u00e1s Bonitos de Francia, y en invierno, una exposici\u00f3n excepcional del Bel\u00e9n napolitano de Christian L\u00e9andre Ganga. De abril a octubre,&#8230;<\/p>\n","protected":false},"author":6,"featured_media":0,"parent":0,"menu_order":37,"comment_status":"closed","ping_status":"closed","template":"","meta":{"_acf_changed":false,"footnotes":""},"class_list":["post-5074","page","type-page","status-publish","hentry"],"acf":[],"_links":{"self":[{"href":"https:\/\/gassin.eu\/es\/wp-json\/wp\/v2\/pages\/5074","targetHints":{"allow":["GET"]}}],"collection":[{"href":"https:\/\/gassin.eu\/es\/wp-json\/wp\/v2\/pages"}],"about":[{"href":"https:\/\/gassin.eu\/es\/wp-json\/wp\/v2\/types\/page"}],"author":[{"embeddable":true,"href":"https:\/\/gassin.eu\/es\/wp-json\/wp\/v2\/users\/6"}],"replies":[{"embeddable":true,"href":"https:\/\/gassin.eu\/es\/wp-json\/wp\/v2\/comments?post=5074"}],"version-history":[{"count":10,"href":"https:\/\/gassin.eu\/es\/wp-json\/wp\/v2\/pages\/5074\/revisions"}],"predecessor-version":[{"id":7818,"href":"https:\/\/gassin.eu\/es\/wp-json\/wp\/v2\/pages\/5074\/revisions\/7818"}],"wp:attachment":[{"href":"https:\/\/gassin.eu\/es\/wp-json\/wp\/v2\/media?parent=5074"}],"curies":[{"name":"wp","href":"https:\/\/api.w.org\/{rel}","templated":true}]}}