{"id":7193,"date":"2025-07-16T15:27:26","date_gmt":"2025-07-16T13:27:26","guid":{"rendered":"https:\/\/gassin.eu\/les-parcours-de-gassin-avventura-giochi-scoperta\/"},"modified":"2026-05-05T14:34:33","modified_gmt":"2026-05-05T12:34:33","slug":"les-parcours-de-gassin-avventura-giochi-scoperta","status":"publish","type":"page","link":"https:\/\/gassin.eu\/it\/les-parcours-de-gassin-avventura-giochi-scoperta\/","title":{"rendered":"Les Parcours de Gassin: Avventura &#8211; Giochi &#8211; Scoperta"},"content":{"rendered":"\n<figure class=\"wp-block-image aligncenter size-large\"><img loading=\"lazy\" decoding=\"async\" width=\"1024\" height=\"390\" data-tippy-content=\"logo-les-parcours-de-Gassin-\" data-caption=\"Logo des Parcours de Gassin\" src=\"https:\/\/gassin.eu\/wp-content\/uploads\/2025\/07\/logo-les-parcours-de-Gassin--1024x390.png\" alt=\"\" class=\"wp-image-6042\" srcset=\"https:\/\/gassin.eu\/wp-content\/uploads\/2025\/07\/logo-les-parcours-de-Gassin--1024x390.png 1024w, https:\/\/gassin.eu\/wp-content\/uploads\/2025\/07\/logo-les-parcours-de-Gassin--300x114.png 300w, https:\/\/gassin.eu\/wp-content\/uploads\/2025\/07\/logo-les-parcours-de-Gassin--768x293.png 768w, https:\/\/gassin.eu\/wp-content\/uploads\/2025\/07\/logo-les-parcours-de-Gassin--1536x586.png 1536w, https:\/\/gassin.eu\/wp-content\/uploads\/2025\/07\/logo-les-parcours-de-Gassin--2048x781.png 2048w\" sizes=\"auto, (max-width: 1024px) 100vw, 1024px\" \/><\/figure>\n\n<p class=\"wp-block-paragraph\"><\/p>\n\n<p class=\"wp-block-paragraph\"><em>Offriamo una serie di attivit\u00e0 ludiche nel villaggio, che vengono rinnovate ogni anno, in modo che tutti possano divertirsi a scoprire il villaggio. I percorsi ludici di Gassin &#8211; Avventura Gioco Scoperta sono proposti durante le vacanze di Pasqua, Ognissanti e Natale. <\/em><\/p>\n\n<p class=\"wp-block-paragraph\"><em>Allo stesso tempo, \u00e8 disponibile un libretto di gioco gratuito per i bambini dai 6 ai 12 anni: <strong><a href=\"https:\/\/gassin.eu\/fr\/animation\/culture\/gassin\/les-secrets-de-gassin-jeu-de-piste-decouverte-pour-les-enfants-de-6-14ans-dans-le-golfe-de-saint-tropez-5379475\/\" data-type=\"link\" data-id=\"https:\/\/gassin.eu\/fr\/animation\/culture\/gassin\/les-secrets-de-gassin-jeu-de-piste-decouverte-pour-les-enfants-de-6-14ans-dans-le-golfe-de-saint-tropez-5379475\/\">I segreti di Gassin<\/a><\/strong>mentre i bambini di 3-5 anni possono scoprire il villaggio con <strong><a href=\"https:\/\/gassin.eu\/fr\/animation\/culture\/gassin\/barri-la-souris-de-gassin-7042769\/\" data-type=\"link\" data-id=\"https:\/\/gassin.eu\/fr\/animation\/culture\/gassin\/barri-la-souris-de-gassin-7042769\/\">Barri la Souris<\/a><\/strong>.<\/em><\/p>\n\n<p class=\"wp-block-paragraph\"><\/p>\n\n<p class=\"wp-block-paragraph\">I prossimi percorsi :<\/p>\n\t\t<noscript>\t<div class=\"list-event\">\n\t\t    <div class=\"grid__item\">\n      <a href=\"\/fr\/animation\/culture\/gassin\/barri-la-souris-de-gassin-7042769\/\" class=\"single-item\">\n        <div class=\"grid__img\">\n                      <img loading=\"lazy\" decoding=\"async\" src=\"\/wp-content\/plugins\/apidae\/public\/files\/mini\/barri-la-souris-de-gassin_7042769_1.jpg\" alt=\"Barri la souris de Gassin\"\n              title=\"Barri la souris de Gassin\" width=\"640\" height=\"300\" \/>\n                  <\/div>\n        <div class=\"grid__inner\">\n          <div class=\"date\">\n                          <div class=\"date-double\">\n                                <div class=\"dateDebut\">\n                  <span class=\"day\"> 1<\/span>\n                  <span class=\"month\">sep.<\/span>\n                                  <\/div>\n                <i class=\"fa-light fa-chevron-right\"><\/i>\n                                <div class=\"dateFin\">\n                  <span class=\"day\">30<\/span>\n                  <span class=\"month\">sep.<\/span>\n                                  <\/div>\n              <\/div>\n                      <\/div>\n  \n                      <div class=\"gotto\">\n                                                                  Jeu de piste \/ Chasse au tr\u00e9sor<br>\n                                                                                                                                                <\/div>\n            \n          <h2 class=\"formattedText\">Barri la souris de Gassin<\/h2>\n            \n          <div class=\"grid__sub\">\n            <div class=\"grid__datetime\">\n              <span class=\"grid__commune\">\n                <i class=\"fa-thin fa-map-marker-alt\"><\/i>&nbsp;\n                <span>20, place L\u00e9on Martel<\/span>&nbsp;                                                -&nbsp;                Gassin              <\/span>\n            <\/div>\n          <\/div>\n        <\/div>\n      <\/a>\n    <\/div>\n      <div class=\"grid__item\">\n      <a href=\"\/fr\/animation\/culture\/gassin\/exposition-l-art-naturellement-demesure-7953161\/\" class=\"single-item\">\n        <div class=\"grid__img\">\n                      <img loading=\"lazy\" decoding=\"async\" src=\"\/wp-content\/plugins\/apidae\/public\/files\/mini\/exposition-l-art-naturellement-demesure_7953161_1.jpg\" alt=\"Exposition \"L'art naturellement d\u00e9mesur\u00e9\"\"\n              title=\"Exposition \"L'art naturellement d\u00e9mesur\u00e9\"\" width=\"640\" height=\"300\" \/>\n                  <\/div>\n        <div class=\"grid__inner\">\n          <div class=\"date\">\n                          <div class=\"date-double\">\n                                <div class=\"dateDebut\">\n                  <span class=\"day\"> 1<\/span>\n                  <span class=\"month\">sep.<\/span>\n                                  <\/div>\n                <i class=\"fa-light fa-chevron-right\"><\/i>\n                                <div class=\"dateFin\">\n                  <span class=\"day\">15<\/span>\n                  <span class=\"month\">oct.<\/span>\n                                  <\/div>\n              <\/div>\n                      <\/div>\n  \n                      <div class=\"gotto\">\n                                                                  Exposition<br>\n                                                                                                                                                <\/div>\n            \n          <h2 class=\"formattedText\">Exposition \"L'art naturellement d\u00e9mesur\u00e9\"<\/h2>\n            \n          <div class=\"grid__sub\">\n            <div class=\"grid__datetime\">\n              <span class=\"grid__commune\">\n                <i class=\"fa-thin fa-map-marker-alt\"><\/i>&nbsp;\n                <span>504 RD 61<\/span>&nbsp;                                                -&nbsp;                Gassin              <\/span>\n            <\/div>\n          <\/div>\n        <\/div>\n      <\/a>\n    <\/div>\n      <div class=\"grid__item\">\n      <a href=\"\/fr\/animation\/distractions-et-loisirs\/gassin\/exposition-2026-delorme-andrea-7805373\/\" class=\"single-item\">\n        <div class=\"grid__img\">\n                      <img loading=\"lazy\" decoding=\"async\" src=\"\/wp-content\/plugins\/apidae\/public\/files\/mini\/exposition-2026-delorme-andrea_7805373_1.png\" alt=\"Delorme Andr\u00e9a\"\n              title=\"Delorme Andr\u00e9a\" width=\"640\" height=\"300\" \/>\n                  <\/div>\n        <div class=\"grid__inner\">\n          <div class=\"date\">\n                          <div class=\"date-double\">\n                                <div class=\"dateDebut\">\n                  <span class=\"day\"> 1<\/span>\n                  <span class=\"month\">sep.<\/span>\n                                  <\/div>\n                <i class=\"fa-light fa-chevron-right\"><\/i>\n                                <div class=\"dateFin\">\n                  <span class=\"day\"> 9<\/span>\n                  <span class=\"month\">sep.<\/span>\n                                  <\/div>\n              <\/div>\n                      <\/div>\n  \n                      <div class=\"gotto\">\n                                                                  Exposition<br>\n                                                                                                                                                <\/div>\n            \n          <h2 class=\"formattedText\">Exposition 2026 - Delorme Andr\u00e9a<\/h2>\n            \n          <div class=\"grid__sub\">\n            <div class=\"grid__datetime\">\n              <span class=\"grid__commune\">\n                <i class=\"fa-thin fa-map-marker-alt\"><\/i>&nbsp;\n                <span>20, rue Longue<\/span>&nbsp;                                                -&nbsp;                Gassin              <\/span>\n            <\/div>\n          <\/div>\n        <\/div>\n      <\/a>\n    <\/div>\n      <div class=\"grid__item\">\n      <a href=\"\/fr\/animation\/culture\/gassin\/exposition-de-sculptures-monumentales-jean-luc-ducreux-infini-labsence-dune-fin-6505393\/\" class=\"single-item\">\n        <div class=\"grid__img\">\n                      <img loading=\"lazy\" decoding=\"async\" src=\"https:\/\/static.apidae-tourisme.com\/filestore\/objets-touristiques\/images\/63\/147\/17601343-diaporama.jpg\" alt=\"Le passage Ducreux\"\n              title=\"Le passage Ducreux\" width=\"640\" height=\"300\" \/>\n                  <\/div>\n        <div class=\"grid__inner\">\n          <div class=\"date\">\n                          <div class=\"date-double\">\n                                <div class=\"dateDebut\">\n                  <span class=\"day\"> 1<\/span>\n                  <span class=\"month\">sep.<\/span>\n                                  <\/div>\n                <i class=\"fa-light fa-chevron-right\"><\/i>\n                                <div class=\"dateFin\">\n                  <span class=\"day\">30<\/span>\n                  <span class=\"month\">sep.<\/span>\n                                  <\/div>\n              <\/div>\n                      <\/div>\n  \n                      <div class=\"gotto\">\n                                                                  Exposition<br>\n                                                                                                                                                <\/div>\n            \n          <h2 class=\"formattedText\">Exposition de sculptures monumentales Jean-Luc Ducreux \u00ab\u2009Infini- l\u2019Absence d\u2019une Fin\u2009\u00bb<\/h2>\n            \n          <div class=\"grid__sub\">\n            <div class=\"grid__datetime\">\n              <span class=\"grid__commune\">\n                <i class=\"fa-thin fa-map-marker-alt\"><\/i>&nbsp;\n                                                                                Gassin              <\/span>\n            <\/div>\n          <\/div>\n        <\/div>\n      <\/a>\n    <\/div>\n      <div class=\"grid__item\">\n      <a href=\"\/fr\/animation\/culture\/gassin\/exposition-monumentale-sylvain-dautremay-je-reve-juste-de-liberte-7377266\/\" class=\"single-item\">\n        <div class=\"grid__img\">\n                      <img loading=\"lazy\" decoding=\"async\" src=\"\/wp-content\/plugins\/apidae\/public\/files\/mini\/exposition-monumentale-sylvain-dautremay-je-reve-juste-de-liberte_7377266_1.jpg\" alt=\"L'ours\"\n              title=\"L'ours\" width=\"640\" height=\"300\" \/>\n                  <\/div>\n        <div class=\"grid__inner\">\n          <div class=\"date\">\n                          <div class=\"date-double\">\n                                <div class=\"dateDebut\">\n                  <span class=\"day\"> 1<\/span>\n                  <span class=\"month\">sep.<\/span>\n                                  <\/div>\n                <i class=\"fa-light fa-chevron-right\"><\/i>\n                                <div class=\"dateFin\">\n                  <span class=\"day\">30<\/span>\n                  <span class=\"month\">sep.<\/span>\n                                  <\/div>\n              <\/div>\n                      <\/div>\n  \n                      <div class=\"gotto\">\n                                                                  Exposition<br>\n                                                                                                                                                <\/div>\n            \n          <h2 class=\"formattedText\">Exposition monumentale Sylvain Dautremay : \u00ab Je r\u00eave juste de libert\u00e9 \u00bb<\/h2>\n            \n          <div class=\"grid__sub\">\n            <div class=\"grid__datetime\">\n              <span class=\"grid__commune\">\n                <i class=\"fa-thin fa-map-marker-alt\"><\/i>&nbsp;\n                <span>Village de Gassin<\/span>&nbsp;                                                -&nbsp;                Gassin              <\/span>\n            <\/div>\n          <\/div>\n        <\/div>\n      <\/a>\n    <\/div>\n      <div class=\"grid__item\">\n      <a href=\"\/fr\/animation\/culture\/gassin\/expositions-monumentales-jean-luc-ducreux-et-sylvain-dautremay-7349402\/\" class=\"single-item\">\n        <div class=\"grid__img\">\n                      <img loading=\"lazy\" decoding=\"async\" src=\"\/wp-content\/plugins\/apidae\/public\/files\/mini\/expositions-monumentales-jean-luc-ducreux-et-sylvain-dautremay_7349402_1.jpg\" alt=\"\"\n              title=\"\" width=\"640\" height=\"300\" \/>\n                  <\/div>\n        <div class=\"grid__inner\">\n          <div class=\"date\">\n                          <div class=\"date-double\">\n                                <div class=\"dateDebut\">\n                  <span class=\"day\"> 1<\/span>\n                  <span class=\"month\">sep.<\/span>\n                                  <\/div>\n                <i class=\"fa-light fa-chevron-right\"><\/i>\n                                <div class=\"dateFin\">\n                  <span class=\"day\">30<\/span>\n                  <span class=\"month\">sep.<\/span>\n                                  <\/div>\n              <\/div>\n                      <\/div>\n  \n                      <div class=\"gotto\">\n                                                                  Exposition<br>\n                                                                                                                                                <\/div>\n            \n          <h2 class=\"formattedText\">Expositions monumentales : Jean-Luc Ducreux et Sylvain Dautremay<\/h2>\n            \n          <div class=\"grid__sub\">\n            <div class=\"grid__datetime\">\n              <span class=\"grid__commune\">\n                <i class=\"fa-thin fa-map-marker-alt\"><\/i>&nbsp;\n                                                                                Gassin              <\/span>\n            <\/div>\n          <\/div>\n        <\/div>\n      <\/a>\n    <\/div>\n      <div class=\"grid__item\">\n      <a href=\"\/fr\/animation\/culture\/gassin\/gassin-au-rythme-du-macaron-quand-le-train-et-le-tram-traversaient-le-golfe-7917929\/\" class=\"single-item\">\n        <div class=\"grid__img\">\n                      <img loading=\"lazy\" decoding=\"async\" src=\"\/wp-content\/plugins\/apidae\/public\/files\/mini\/gassin-au-rythme-du-macaron-quand-le-train-et-le-tram-traversaient-le-golfe_7917929_1.png\" alt=\"Gassin au rythme du 'Macaron' : Quand le train et le tram traversaient le Golfe_Gassin\"\n              title=\"Gassin au rythme du 'Macaron' : Quand le train et le tram traversaient le Golfe_Gassin\" width=\"640\" height=\"300\" \/>\n                  <\/div>\n        <div class=\"grid__inner\">\n          <div class=\"date\">\n                          <div class=\"date-double\">\n                                <div class=\"dateDebut\">\n                  <span class=\"day\"> 1<\/span>\n                  <span class=\"month\">sep.<\/span>\n                                  <\/div>\n                <i class=\"fa-light fa-chevron-right\"><\/i>\n                                <div class=\"dateFin\">\n                  <span class=\"day\">20<\/span>\n                  <span class=\"month\">sep.<\/span>\n                                  <\/div>\n              <\/div>\n                      <\/div>\n  \n                      <div class=\"gotto\">\n                                                                  Exposition<br>\n                                                                                                                                                <\/div>\n            \n          <h2 class=\"formattedText\">Gassin au rythme du 'Macaron' : Quand le train et le tram traversaient le Golfe<\/h2>\n            \n          <div class=\"grid__sub\">\n            <div class=\"grid__datetime\">\n              <span class=\"grid__commune\">\n                <i class=\"fa-thin fa-map-marker-alt\"><\/i>&nbsp;\n                <span>20, place L\u00e9on Martel<\/span>&nbsp;                                                -&nbsp;                Gassin              <\/span>\n            <\/div>\n          <\/div>\n        <\/div>\n      <\/a>\n    <\/div>\n      <div class=\"grid__item\">\n      <a href=\"\/fr\/animation\/culture\/gassin\/les-expositions-de-l-ete-l-art-au-cur-de-l-un-des-plus-beaux-villages-de-france-7820182\/\" class=\"single-item\">\n        <div class=\"grid__img\">\n                      <img loading=\"lazy\" decoding=\"async\" src=\"\/wp-content\/plugins\/apidae\/public\/files\/mini\/les-expositions-de-l-ete-l-art-au-cur-de-l-un-des-plus-beaux-villages-de-france_7820182_1.jpeg\" alt=\"Les Expositions de l'\u00e9t\u00e9\"\n              title=\"Les Expositions de l'\u00e9t\u00e9\" width=\"640\" height=\"300\" \/>\n                  <\/div>\n        <div class=\"grid__inner\">\n          <div class=\"date\">\n                          <div class=\"date-double\">\n                                <div class=\"dateDebut\">\n                  <span class=\"day\"> 1<\/span>\n                  <span class=\"month\">sep.<\/span>\n                                  <\/div>\n                <i class=\"fa-light fa-chevron-right\"><\/i>\n                                <div class=\"dateFin\">\n                  <span class=\"day\">30<\/span>\n                  <span class=\"month\">sep.<\/span>\n                                  <\/div>\n              <\/div>\n                      <\/div>\n  \n                      <div class=\"gotto\">\n                                                                  Exposition<br>\n                                                                                                                                                <\/div>\n            \n          <h2 class=\"formattedText\">Les Expositions de l'\u00e9t\u00e9 : l'Art au c\u0153ur de l'un des Plus Beaux Villages de France<\/h2>\n            \n          <div class=\"grid__sub\">\n            <div class=\"grid__datetime\">\n              <span class=\"grid__commune\">\n                <i class=\"fa-thin fa-map-marker-alt\"><\/i>&nbsp;\n                <span>20, rue Longue<\/span>&nbsp;                                                -&nbsp;                Gassin              <\/span>\n            <\/div>\n          <\/div>\n        <\/div>\n      <\/a>\n    <\/div>\n      <div class=\"grid__item\">\n      <a href=\"\/fr\/animation\/sports\/gassin\/tournoi-de-polo-open-du-soleil-7625589\/\" class=\"single-item\">\n        <div class=\"grid__img\">\n                      <img loading=\"lazy\" decoding=\"async\" src=\"\/wp-content\/plugins\/apidae\/public\/files\/mini\/tournoi-de-polo-open-du-soleil_7625589_1.jpg\" alt=\"Open du soleil\"\n              title=\"Open du soleil\" width=\"640\" height=\"300\" \/>\n                  <\/div>\n        <div class=\"grid__inner\">\n          <div class=\"date\">\n                          <div class=\"date-double\">\n                                <div class=\"dateDebut\">\n                  <span class=\"day\"> 3<\/span>\n                  <span class=\"month\">sep.<\/span>\n                                  <\/div>\n                <i class=\"fa-light fa-chevron-right\"><\/i>\n                                <div class=\"dateFin\">\n                  <span class=\"day\">13<\/span>\n                  <span class=\"month\">sep.<\/span>\n                                  <\/div>\n              <\/div>\n                      <\/div>\n  \n                      <div class=\"gotto\">\n                                                                  Comp\u00e9tition sportive<br>\n                                                                                                                                                <\/div>\n            \n          <h2 class=\"formattedText\">Tournoi de polo - Open du soleil<\/h2>\n            \n          <div class=\"grid__sub\">\n            <div class=\"grid__datetime\">\n              <span class=\"grid__commune\">\n                <i class=\"fa-thin fa-map-marker-alt\"><\/i>&nbsp;\n                <span>1999, route du Bourrian<\/span>&nbsp;                                                -&nbsp;                Gassin              <\/span>\n            <\/div>\n          <\/div>\n        <\/div>\n      <\/a>\n    <\/div>\n      <div class=\"grid__item\">\n      <a href=\"\/fr\/animation\/sports\/gassin\/tournoi-de-polo-women-polo-series-7625607\/\" class=\"single-item\">\n        <div class=\"grid__img\">\n                      <img loading=\"lazy\" decoding=\"async\" src=\"\/wp-content\/plugins\/apidae\/public\/files\/mini\/tournoi-de-polo-women-polo-series_7625607_1.jpg\" alt=\"Tournoi de polo - Women polo series\"\n              title=\"Tournoi de polo - Women polo series\" width=\"640\" height=\"300\" \/>\n                  <\/div>\n        <div class=\"grid__inner\">\n          <div class=\"date\">\n                          <div class=\"date-double\">\n                                <div class=\"dateDebut\">\n                  <span class=\"day\"> 3<\/span>\n                  <span class=\"month\">sep.<\/span>\n                                  <\/div>\n                <i class=\"fa-light fa-chevron-right\"><\/i>\n                                <div class=\"dateFin\">\n                  <span class=\"day\">13<\/span>\n                  <span class=\"month\">sep.<\/span>\n                                  <\/div>\n              <\/div>\n                      <\/div>\n  \n                      <div class=\"gotto\">\n                                                                  Comp\u00e9tition sportive<br>\n                                                                                                                                                <\/div>\n            \n          <h2 class=\"formattedText\">Tournoi de polo - Women polo series<\/h2>\n            \n          <div class=\"grid__sub\">\n            <div class=\"grid__datetime\">\n              <span class=\"grid__commune\">\n                <i class=\"fa-thin fa-map-marker-alt\"><\/i>&nbsp;\n                <span>1999, route du Bourrian<\/span>&nbsp;                                                -&nbsp;                Gassin              <\/span>\n            <\/div>\n          <\/div>\n        <\/div>\n      <\/a>\n    <\/div>\n      <div class=\"grid__item\">\n      <a href=\"\/fr\/animation\/sports\/gassin\/aeroyoga-et-fitball-avec-peggy-7384276\/\" class=\"single-item\">\n        <div class=\"grid__img\">\n                      <img loading=\"lazy\" decoding=\"async\" src=\"\/wp-content\/plugins\/apidae\/public\/files\/mini\/aeroyoga-et-fitball-avec-peggy_7384276_1.jpg\" alt=\"A\u00e9royoga\"\n              title=\"A\u00e9royoga\" width=\"640\" height=\"300\" \/>\n                  <\/div>\n        <div class=\"grid__inner\">\n          <div class=\"date\">\n                          <div class=\"date-double\">\n                                <div class=\"dateDebut\">\n                  <span class=\"day\"> 7<\/span>\n                  <span class=\"month\">sep.<\/span>\n                                  <\/div>\n                <i class=\"fa-light fa-chevron-right\"><\/i>\n                                <div class=\"dateFin\">\n                  <span class=\"day\">31<\/span>\n                  <span class=\"month\">mai<\/span>\n                                  <\/div>\n              <\/div>\n                      <\/div>\n  \n                      <div class=\"gotto\">\n                                                                  <br>\n                                                                                                                                                <\/div>\n            \n          <h2 class=\"formattedText\">A\u00e9royoga et fitball avec Peggy<\/h2>\n            \n          <div class=\"grid__sub\">\n            <div class=\"grid__datetime\">\n              <span class=\"grid__commune\">\n                <i class=\"fa-thin fa-map-marker-alt\"><\/i>&nbsp;\n                <span>Chemin de Caruby<\/span>&nbsp;                <span>Acc\u00e8s par la RD 559<\/span>&nbsp;                                -&nbsp;                Gassin              <\/span>\n            <\/div>\n          <\/div>\n        <\/div>\n      <\/a>\n    <\/div>\n      <div class=\"grid__item\">\n      <a href=\"\/fr\/animation\/culture\/gassin\/balade-guidee-au-cur-de-lhistoire-de-gassin-5147284\/\" class=\"single-item\">\n        <div class=\"grid__img\">\n                      <img loading=\"lazy\" decoding=\"async\" src=\"\/wp-content\/plugins\/apidae\/public\/files\/mini\/balade-guidee-au-cur-de-lhistoire-de-gassin_5147284_1.jpg\" alt=\"Visite guid\u00e9e au coeur du village de Gassin\"\n              title=\"Visite guid\u00e9e au coeur du village de Gassin\" width=\"640\" height=\"300\" \/>\n                  <\/div>\n        <div class=\"grid__inner\">\n          <div class=\"date\">\n                          <div class=\"date-double\">\n                                <div class=\"dateDebut\">\n                  <span class=\"day\"> 7<\/span>\n                  <span class=\"month\">sep.<\/span>\n                                  <\/div>\n                <i class=\"fa-light fa-chevron-right\"><\/i>\n                                <div class=\"dateFin\">\n                  <span class=\"day\">27<\/span>\n                  <span class=\"month\">sep.<\/span>\n                                  <\/div>\n              <\/div>\n                      <\/div>\n  \n                      <div class=\"gotto\">\n                                                                  Visite guid\u00e9e et\/ou comment\u00e9e<br>\n                                                                                                                                                <\/div>\n            \n          <h2 class=\"formattedText\">Balade guid\u00e9e\u00a0: Au c\u0153ur de l\u2019histoire de Gassin<\/h2>\n            \n          <div class=\"grid__sub\">\n            <div class=\"grid__datetime\">\n              <span class=\"grid__commune\">\n                <i class=\"fa-thin fa-map-marker-alt\"><\/i>&nbsp;\n                <span>20, place L\u00e9on Martel<\/span>&nbsp;                                                -&nbsp;                Gassin              <\/span>\n            <\/div>\n          <\/div>\n        <\/div>\n      <\/a>\n    <\/div>\n      <div class=\"grid__item\">\n      <a href=\"\/fr\/animation\/culture\/gassin\/exposition-2026-agathe-yette-margot-luce-7808501\/\" class=\"single-item\">\n        <div class=\"grid__img\">\n                      <img loading=\"lazy\" decoding=\"async\" src=\"\/wp-content\/plugins\/apidae\/public\/files\/mini\/exposition-2026-agathe-yette-margot-luce_7808501_1.png\" alt=\"Agathe Yette Margot Luce\"\n              title=\"Agathe Yette Margot Luce\" width=\"640\" height=\"300\" \/>\n                  <\/div>\n        <div class=\"grid__inner\">\n          <div class=\"date\">\n                          <div class=\"date-double\">\n                                <div class=\"dateDebut\">\n                  <span class=\"day\">10<\/span>\n                  <span class=\"month\">sep.<\/span>\n                                  <\/div>\n                <i class=\"fa-light fa-chevron-right\"><\/i>\n                                <div class=\"dateFin\">\n                  <span class=\"day\">16<\/span>\n                  <span class=\"month\">sep.<\/span>\n                                  <\/div>\n              <\/div>\n                      <\/div>\n  \n                      <div class=\"gotto\">\n                                                                  Exposition<br>\n                                                                                                                                                <\/div>\n            \n          <h2 class=\"formattedText\">Exposition 2026 - Agathe Yette Margot Luce<\/h2>\n            \n          <div class=\"grid__sub\">\n            <div class=\"grid__datetime\">\n              <span class=\"grid__commune\">\n                <i class=\"fa-thin fa-map-marker-alt\"><\/i>&nbsp;\n                <span>20, rue Longue<\/span>&nbsp;                                                -&nbsp;                Gassin              <\/span>\n            <\/div>\n          <\/div>\n        <\/div>\n      <\/a>\n    <\/div>\n      <div class=\"grid__item\">\n      <a href=\"\/fr\/animation\/distractions-et-loisirs\/gassin\/un-des-meilleurs-apprentis-de-france-a-la-pepiniere-derbez-7594201\/\" class=\"single-item\">\n        <div class=\"grid__img\">\n                      <img loading=\"lazy\" decoding=\"async\" src=\"\/wp-content\/plugins\/apidae\/public\/files\/mini\/un-des-meilleurs-apprentis-de-france-a-la-pepiniere-derbez_7594201_1.jpg\" alt=\"Un des meilleurs apprentis de France \u00e0 la p\u00e9pini\u00e8re Derbez\"\n              title=\"Un des meilleurs apprentis de France \u00e0 la p\u00e9pini\u00e8re Derbez\" width=\"640\" height=\"300\" \/>\n                  <\/div>\n        <div class=\"grid__inner\">\n          <div class=\"date\">\n                          <div class=\"date-double\">\n                                <div class=\"dateDebut\">\n                  <span class=\"day\">12<\/span>\n                  <span class=\"month\">sep.<\/span>\n                                  <\/div>\n                <i class=\"fa-light fa-chevron-right\"><\/i>\n                                <div class=\"dateFin\">\n                  <span class=\"day\">13<\/span>\n                  <span class=\"month\">sep.<\/span>\n                                  <\/div>\n              <\/div>\n                      <\/div>\n  \n                      <div class=\"gotto\">\n                              Distractions et loisirs\n                                        <\/div>\n            \n          <h2 class=\"formattedText\">Un des meilleurs apprentis de France \u00e0 la p\u00e9pini\u00e8re Derbez<\/h2>\n            \n          <div class=\"grid__sub\">\n            <div class=\"grid__datetime\">\n              <span class=\"grid__commune\">\n                <i class=\"fa-thin fa-map-marker-alt\"><\/i>&nbsp;\n                <span>504 RD 61<\/span>&nbsp;                                                -&nbsp;                Gassin              <\/span>\n            <\/div>\n          <\/div>\n        <\/div>\n      <\/a>\n    <\/div>\n      <div class=\"grid__item\">\n      <a href=\"\/fr\/animation\/culture\/gassin\/chico-et-the-gypsies-longines-leagues-of-nations-au-haras-de-gassin-7947864\/\" class=\"single-item\">\n        <div class=\"grid__img\">\n                      <img loading=\"lazy\" decoding=\"async\" src=\"\/wp-content\/plugins\/apidae\/public\/files\/mini\/chico-et-the-gypsies-longines-leagues-of-nations-au-haras-de-gassin_7947864_1.jpg\" alt=\"Longines Leagues of Nations\"\n              title=\"Longines Leagues of Nations\" width=\"640\" height=\"300\" \/>\n                  <\/div>\n        <div class=\"grid__inner\">\n          <div class=\"date\">\n                          <div class=\"date-simple\">\n                <div class=\"dateDebut\">\n                  <span class=\"day\">17<\/span>\n                  <span class=\"month\">sep.<\/span>\n                                  <\/div>\n              <\/div>\n                      <\/div>\n  \n                      <div class=\"gotto\">\n                                                                  Concert<br>\n                                                                                                                                                <\/div>\n            \n          <h2 class=\"formattedText\">Chico et the Gypsies Longines Leagues of Nations au Haras de Gassin<\/h2>\n            \n          <div class=\"grid__sub\">\n            <div class=\"grid__datetime\">\n              <span class=\"grid__commune\">\n                <i class=\"fa-thin fa-map-marker-alt\"><\/i>&nbsp;\n                <span>1999, route du Bourrian<\/span>&nbsp;                                                -&nbsp;                Gassin              <\/span>\n            <\/div>\n          <\/div>\n        <\/div>\n      <\/a>\n    <\/div>\n      <div class=\"grid__item\">\n      <a href=\"\/fr\/animation\/sports\/gassin\/concours-de-sauts-international-jumping-de-septembre-7600411\/\" class=\"single-item\">\n        <div class=\"grid__img\">\n                      <img loading=\"lazy\" decoding=\"async\" src=\"\/wp-content\/plugins\/apidae\/public\/files\/mini\/concours-de-sauts-international-jumping-de-septembre_7600411_1.jpg\" alt=\"Jumping septembre\"\n              title=\"Jumping septembre\" width=\"640\" height=\"300\" \/>\n                  <\/div>\n        <div class=\"grid__inner\">\n          <div class=\"date\">\n                          <div class=\"date-double\">\n                                <div class=\"dateDebut\">\n                  <span class=\"day\">17<\/span>\n                  <span class=\"month\">sep.<\/span>\n                                  <\/div>\n                <i class=\"fa-light fa-chevron-right\"><\/i>\n                                <div class=\"dateFin\">\n                  <span class=\"day\">26<\/span>\n                  <span class=\"month\">sep.<\/span>\n                                  <\/div>\n              <\/div>\n                      <\/div>\n  \n                      <div class=\"gotto\">\n                                                                  Comp\u00e9tition sportive<br>\n                                                                                                                                                <\/div>\n            \n          <h2 class=\"formattedText\">Concours de sauts international - jumping de septembre<\/h2>\n            \n          <div class=\"grid__sub\">\n            <div class=\"grid__datetime\">\n              <span class=\"grid__commune\">\n                <i class=\"fa-thin fa-map-marker-alt\"><\/i>&nbsp;\n                <span>1999, route du Bourrian<\/span>&nbsp;                                                -&nbsp;                Gassin              <\/span>\n            <\/div>\n          <\/div>\n        <\/div>\n      <\/a>\n    <\/div>\n      <div class=\"grid__item\">\n      <a href=\"\/fr\/animation\/sports\/gassin\/longines-league-of-nations-gassin-st-tropez-7217780\/\" class=\"single-item\">\n        <div class=\"grid__img\">\n                      <img loading=\"lazy\" decoding=\"async\" src=\"\/wp-content\/plugins\/apidae\/public\/files\/mini\/longines-league-of-nations-gassin-st-tropez_7217780_1.png\" alt=\"Longines League of Nations\"\n              title=\"Longines League of Nations\" width=\"640\" height=\"300\" \/>\n                  <\/div>\n        <div class=\"grid__inner\">\n          <div class=\"date\">\n                          <div class=\"date-double\">\n                                <div class=\"dateDebut\">\n                  <span class=\"day\">17<\/span>\n                  <span class=\"month\">sep.<\/span>\n                                  <\/div>\n                <i class=\"fa-light fa-chevron-right\"><\/i>\n                                <div class=\"dateFin\">\n                  <span class=\"day\">20<\/span>\n                  <span class=\"month\">sep.<\/span>\n                                  <\/div>\n              <\/div>\n                      <\/div>\n  \n                      <div class=\"gotto\">\n                                                                  Concours \/ Tournois<br>\n                                                                                                                                                <\/div>\n            \n          <h2 class=\"formattedText\">Longines League of Nations  - Gassin St Tropez<\/h2>\n            \n          <div class=\"grid__sub\">\n            <div class=\"grid__datetime\">\n              <span class=\"grid__commune\">\n                <i class=\"fa-thin fa-map-marker-alt\"><\/i>&nbsp;\n                <span>1999, route du Bourrian<\/span>&nbsp;                                                -&nbsp;                Gassin              <\/span>\n            <\/div>\n          <\/div>\n        <\/div>\n      <\/a>\n    <\/div>\n      <div class=\"grid__item\">\n      <a href=\"\/fr\/animation\/sports\/gassin\/tournois-de-jumping-haras-de-gassin-7820469\/\" class=\"single-item\">\n        <div class=\"grid__img\">\n                      <img loading=\"lazy\" decoding=\"async\" src=\"\/wp-content\/plugins\/apidae\/public\/files\/mini\/tournois-de-jumping-haras-de-gassin_7820469_1.jpg\" alt=\"Tournois de Jumping\"\n              title=\"Tournois de Jumping\" width=\"640\" height=\"300\" \/>\n                  <\/div>\n        <div class=\"grid__inner\">\n          <div class=\"date\">\n                          <div class=\"date-double\">\n                                <div class=\"dateDebut\">\n                  <span class=\"day\">17<\/span>\n                  <span class=\"month\">sep.<\/span>\n                                  <\/div>\n                <i class=\"fa-light fa-chevron-right\"><\/i>\n                                <div class=\"dateFin\">\n                  <span class=\"day\">20<\/span>\n                  <span class=\"month\">sep.<\/span>\n                                  <\/div>\n              <\/div>\n                      <\/div>\n  \n                      <div class=\"gotto\">\n                                                                  Comp\u00e9tition sportive<br>\n                                                                                                                                                <\/div>\n            \n          <h2 class=\"formattedText\">Tournois de Jumping - Haras de Gassin<\/h2>\n            \n          <div class=\"grid__sub\">\n            <div class=\"grid__datetime\">\n              <span class=\"grid__commune\">\n                <i class=\"fa-thin fa-map-marker-alt\"><\/i>&nbsp;\n                <span>1999, route du Bourrian<\/span>&nbsp;                                                -&nbsp;                Gassin              <\/span>\n            <\/div>\n          <\/div>\n        <\/div>\n      <\/a>\n    <\/div>\n      <div class=\"grid__item\">\n      <a href=\"\/fr\/animation\/culture\/gassin\/dj-set-mosimann-longines-league-of-nations-au-haras-de-gassin-7945781\/\" class=\"single-item\">\n        <div class=\"grid__img\">\n                      <img loading=\"lazy\" decoding=\"async\" src=\"\/wp-content\/plugins\/apidae\/public\/files\/mini\/dj-set-mosimann-longines-league-of-nations-au-haras-de-gassin_7945781_1.jpg\" alt=\"\"\n              title=\"\" width=\"640\" height=\"300\" \/>\n                  <\/div>\n        <div class=\"grid__inner\">\n          <div class=\"date\">\n                          <div class=\"date-simple\">\n                <div class=\"dateDebut\">\n                  <span class=\"day\">18<\/span>\n                  <span class=\"month\">sep.<\/span>\n                                  <\/div>\n              <\/div>\n                      <\/div>\n  \n                      <div class=\"gotto\">\n                                                                  Concert<br>\n                                                                                                                                                <\/div>\n            \n          <h2 class=\"formattedText\">DJ Set Mosimann \u2013 Longines League of Nations au Haras de Gassin<\/h2>\n            \n          <div class=\"grid__sub\">\n            <div class=\"grid__datetime\">\n              <span class=\"grid__commune\">\n                <i class=\"fa-thin fa-map-marker-alt\"><\/i>&nbsp;\n                <span>1999, route du Bourrian<\/span>&nbsp;                                                -&nbsp;                Gassin              <\/span>\n            <\/div>\n          <\/div>\n        <\/div>\n      <\/a>\n    <\/div>\n      <div class=\"grid__item\">\n      <a href=\"\/fr\/animation\/culture\/gassin\/exposition-2026-les-amis-des-arts-de-gassin-7808493\/\" class=\"single-item\">\n        <div class=\"grid__img\">\n                      <img loading=\"lazy\" decoding=\"async\" src=\"\/wp-content\/plugins\/apidae\/public\/files\/mini\/exposition-2026-les-amis-des-arts-de-gassin_7808493_1.png\" alt=\"Les Amis des Arts\"\n              title=\"Les Amis des Arts\" width=\"640\" height=\"300\" \/>\n                  <\/div>\n        <div class=\"grid__inner\">\n          <div class=\"date\">\n                          <div class=\"date-double\">\n                                <div class=\"dateDebut\">\n                  <span class=\"day\">18<\/span>\n                  <span class=\"month\">sep.<\/span>\n                                  <\/div>\n                <i class=\"fa-light fa-chevron-right\"><\/i>\n                                <div class=\"dateFin\">\n                  <span class=\"day\">29<\/span>\n                  <span class=\"month\">sep.<\/span>\n                                  <\/div>\n              <\/div>\n                      <\/div>\n  \n                      <div class=\"gotto\">\n                                                                  Exposition<br>\n                                                                                                                                                <\/div>\n            \n          <h2 class=\"formattedText\">Exposition 2026 - Les Amis des Arts de Gassin<\/h2>\n            \n          <div class=\"grid__sub\">\n            <div class=\"grid__datetime\">\n              <span class=\"grid__commune\">\n                <i class=\"fa-thin fa-map-marker-alt\"><\/i>&nbsp;\n                <span>20, rue Longue<\/span>&nbsp;                                                -&nbsp;                Gassin              <\/span>\n            <\/div>\n          <\/div>\n        <\/div>\n      <\/a>\n    <\/div>\n      <div class=\"grid__item\">\n      <a href=\"\/fr\/animation\/culture\/gassin\/journees-europeennes-du-patrimoine-7509165\/\" class=\"single-item\">\n        <div class=\"grid__img\">\n                      <img loading=\"lazy\" decoding=\"async\" src=\"\/wp-content\/plugins\/apidae\/public\/files\/mini\/journees-europeennes-du-patrimoine_7509165_1.jpg\" alt=\"Journ\u00e9es Europ\u00e9ennes du patrimoine\"\n              title=\"Journ\u00e9es Europ\u00e9ennes du patrimoine\" width=\"640\" height=\"300\" \/>\n                  <\/div>\n        <div class=\"grid__inner\">\n          <div class=\"date\">\n                          <div class=\"date-double\">\n                                <div class=\"dateDebut\">\n                  <span class=\"day\">19<\/span>\n                  <span class=\"month\">sep.<\/span>\n                                  <\/div>\n                <i class=\"fa-light fa-chevron-right\"><\/i>\n                                <div class=\"dateFin\">\n                  <span class=\"day\">20<\/span>\n                  <span class=\"month\">sep.<\/span>\n                                  <\/div>\n              <\/div>\n                      <\/div>\n  \n                      <div class=\"gotto\">\n                                                                  Visite guid\u00e9e et\/ou comment\u00e9e<br>\n                                                                                                                                                <\/div>\n            \n          <h2 class=\"formattedText\">Journ\u00e9es Europ\u00e9ennes du patrimoine<\/h2>\n            \n          <div class=\"grid__sub\">\n            <div class=\"grid__datetime\">\n              <span class=\"grid__commune\">\n                <i class=\"fa-thin fa-map-marker-alt\"><\/i>&nbsp;\n                <span>20, place L\u00e9on Martel<\/span>&nbsp;                                                -&nbsp;                Gassin              <\/span>\n            <\/div>\n          <\/div>\n        <\/div>\n      <\/a>\n    <\/div>\n      <div class=\"grid__item\">\n      <a href=\"\/fr\/animation\/distractions-et-loisirs\/gassin\/les-belles-echappees-7948248\/\" class=\"single-item\">\n        <div class=\"grid__img\">\n                      <img loading=\"lazy\" decoding=\"async\" src=\"\/wp-content\/plugins\/apidae\/public\/files\/mini\/les-belles-echappees_7948248_1.jpg\" alt=\"Randonn\u00e9e guid\u00e9e du Cap Taillat\"\n              title=\"Randonn\u00e9e guid\u00e9e du Cap Taillat\" width=\"640\" height=\"300\" \/>\n                  <\/div>\n        <div class=\"grid__inner\">\n          <div class=\"date\">\n                          <div class=\"date-double\">\n                                <div class=\"dateDebut\">\n                  <span class=\"day\">26<\/span>\n                  <span class=\"month\">sep.<\/span>\n                                  <\/div>\n                <i class=\"fa-light fa-chevron-right\"><\/i>\n                                <div class=\"dateFin\">\n                  <span class=\"day\">26<\/span>\n                  <span class=\"month\">sep.<\/span>\n                                  <\/div>\n              <\/div>\n                      <\/div>\n  \n                      <div class=\"gotto\">\n                                                                  <br>\n                                                                                                                                                <\/div>\n            \n          <h2 class=\"formattedText\">Les Belles Echapp\u00e9es<\/h2>\n            \n          <div class=\"grid__sub\">\n            <div class=\"grid__datetime\">\n              <span class=\"grid__commune\">\n                <i class=\"fa-thin fa-map-marker-alt\"><\/i>&nbsp;\n                <span>9 place Neuve<\/span>&nbsp;                                                -&nbsp;                Gassin              <\/span>\n            <\/div>\n          <\/div>\n        <\/div>\n      <\/a>\n    <\/div>\n      <div class=\"grid__item\">\n      <a href=\"\/fr\/animation\/sports\/gassin\/marche-solidaire-le-cancer-notre-affaire-golfe-de-saint-tropez-7480442\/\" class=\"single-item\">\n        <div class=\"grid__img\">\n                      <img loading=\"lazy\" decoding=\"async\" src=\"\/wp-content\/plugins\/apidae\/public\/files\/mini\/marche-solidaire-le-cancer-notre-affaire-golfe-de-saint-tropez_7480442_1.jpg\" alt=\"Marche solidaire\"\n              title=\"Marche solidaire\" width=\"640\" height=\"300\" \/>\n                  <\/div>\n        <div class=\"grid__inner\">\n          <div class=\"date\">\n                          <div class=\"date-simple\">\n                <div class=\"dateDebut\">\n                  <span class=\"day\"> 4<\/span>\n                  <span class=\"month\">oct.<\/span>\n                                  <\/div>\n              <\/div>\n                      <\/div>\n  \n                      <div class=\"gotto\">\n                                                                  Rassemblement<br>\n                                                                                                                                                                                      <\/div>\n            \n          <h2 class=\"formattedText\">Marche solidaire \u00ab Le cancer notre affaire, golfe de Saint-Tropez \u00bb<\/h2>\n            \n          <div class=\"grid__sub\">\n            <div class=\"grid__datetime\">\n              <span class=\"grid__commune\">\n                <i class=\"fa-thin fa-map-marker-alt\"><\/i>&nbsp;\n                <span>Chemin de Villevieille<\/span>&nbsp;                                                -&nbsp;                Gassin              <\/span>\n            <\/div>\n          <\/div>\n        <\/div>\n      <\/a>\n    <\/div>\n      <div class=\"grid__item\">\n      <a href=\"\/fr\/animation\/sports\/gassin\/concours-de-sauts-international-jumping-d-octobre-7600439\/\" class=\"single-item\">\n        <div class=\"grid__img\">\n                      <img loading=\"lazy\" decoding=\"async\" src=\"\/wp-content\/plugins\/apidae\/public\/files\/mini\/concours-de-sauts-international-jumping-d-octobre_7600439_1.jpg\" alt=\"jumping octobre\"\n              title=\"jumping octobre\" width=\"640\" height=\"300\" \/>\n                  <\/div>\n        <div class=\"grid__inner\">\n          <div class=\"date\">\n                          <div class=\"date-double\">\n                                <div class=\"dateDebut\">\n                  <span class=\"day\">15<\/span>\n                  <span class=\"month\">oct.<\/span>\n                                  <\/div>\n                <i class=\"fa-light fa-chevron-right\"><\/i>\n                                <div class=\"dateFin\">\n                  <span class=\"day\">24<\/span>\n                  <span class=\"month\">oct.<\/span>\n                                  <\/div>\n              <\/div>\n                      <\/div>\n  \n                      <div class=\"gotto\">\n                                                                  Comp\u00e9tition sportive<br>\n                                                                                                                                                <\/div>\n            \n          <h2 class=\"formattedText\">Concours de sauts international - jumping d'octobre<\/h2>\n            \n          <div class=\"grid__sub\">\n            <div class=\"grid__datetime\">\n              <span class=\"grid__commune\">\n                <i class=\"fa-thin fa-map-marker-alt\"><\/i>&nbsp;\n                <span>1999, route du Bourrian<\/span>&nbsp;                                                -&nbsp;                Gassin              <\/span>\n            <\/div>\n          <\/div>\n        <\/div>\n      <\/a>\n    <\/div>\n      <div class=\"grid__item\">\n      <a href=\"\/fr\/animation\/distractions-et-loisirs\/gassin\/la-noche-de-los-muertos-7977046\/\" class=\"single-item\">\n        <div class=\"grid__img\">\n                      <img loading=\"lazy\" decoding=\"async\" src=\"https:\/\/static.apidae-tourisme.com\/filestore\/objets-touristiques\/images\/114\/151\/42571634-diaporama.png\" alt=\"La Noche de los Muertos\"\n              title=\"La Noche de los Muertos\" width=\"640\" height=\"300\" \/>\n                  <\/div>\n        <div class=\"grid__inner\">\n          <div class=\"date\">\n                          <div class=\"date-simple\">\n                <div class=\"dateDebut\">\n                  <span class=\"day\">31<\/span>\n                  <span class=\"month\">oct.<\/span>\n                                  <\/div>\n              <\/div>\n                      <\/div>\n  \n                      <div class=\"gotto\">\n                                                                  Concert<br>\n                                                                                                                                                <\/div>\n            \n          <h2 class=\"formattedText\">La Noche de los Muertos<\/h2>\n            \n          <div class=\"grid__sub\">\n            <div class=\"grid__datetime\">\n              <span class=\"grid__commune\">\n                <i class=\"fa-thin fa-map-marker-alt\"><\/i>&nbsp;\n                <span>Route des Moulins de Paillas<\/span>&nbsp;                                                -&nbsp;                Gassin              <\/span>\n            <\/div>\n          <\/div>\n        <\/div>\n      <\/a>\n    <\/div>\n      <div class=\"grid__item\">\n      <a href=\"\/fr\/animation\/distractions-et-loisirs\/gassin\/nuit-romantique-7957232\/\" class=\"single-item\">\n        <div class=\"grid__img\">\n                      <img loading=\"lazy\" decoding=\"async\" src=\"https:\/\/static.apidae-tourisme.com\/filestore\/objets-touristiques\/images\/228\/152\/42572004-diaporama.png\" alt=\"Nuit romantique\"\n              title=\"Nuit romantique\" width=\"640\" height=\"300\" \/>\n                  <\/div>\n        <div class=\"grid__inner\">\n          <div class=\"date\">\n                          <div class=\"date-simple\">\n                <div class=\"dateDebut\">\n                  <span class=\"day\">26<\/span>\n                  <span class=\"month\">juin<\/span>\n                                  <\/div>\n              <\/div>\n                      <\/div>\n  \n                      <div class=\"gotto\">\n                                                                  Ap\u00e9ro<br>\n                                                                                                                                                                                      <\/div>\n            \n          <h2 class=\"formattedText\">Nuit romantique<\/h2>\n            \n          <div class=\"grid__sub\">\n            <div class=\"grid__datetime\">\n              <span class=\"grid__commune\">\n                <i class=\"fa-thin fa-map-marker-alt\"><\/i>&nbsp;\n                <span>20, place L\u00e9on Martel<\/span>&nbsp;                                                -&nbsp;                Gassin              <\/span>\n            <\/div>\n          <\/div>\n        <\/div>\n      <\/a>\n    <\/div>\n      <div class=\"grid__item\">\n      <a href=\"\/fr\/animation\/culture\/gassin\/les-secrets-de-gassin-jeu-de-piste-decouverte-pour-les-enfants-de-6-14ans-dans-le-golfe-de-saint-tropez-5379475\/\" class=\"single-item\">\n        <div class=\"grid__img\">\n                      <img loading=\"lazy\" decoding=\"async\" src=\"\/wp-content\/plugins\/apidae\/public\/files\/mini\/les-secrets-de-gassin-jeu-de-piste-decouverte-pour-les-enfants-de-6-14ans-dans-le-golfe-de-saint-tropez_5379475_1.jpg\" alt=\"Couverture du jeu de piste Les Secrets de Gassin - https:\/\/gassin.eu\"\n              title=\"Couverture du jeu de piste Les Secrets de Gassin - https:\/\/gassin.eu\" width=\"640\" height=\"300\" \/>\n                  <\/div>\n        <div class=\"grid__inner\">\n          <div class=\"date\">\n                          <div class=\"date-double\">\n                                <div class=\"dateDebut\">\n                  <span class=\"day\"> 1<\/span>\n                  <span class=\"month\">sep.<\/span>\n                                  <\/div>\n                <i class=\"fa-light fa-chevron-right\"><\/i>\n                                <div class=\"dateFin\">\n                  <span class=\"day\">30<\/span>\n                  <span class=\"month\">sep.<\/span>\n                                  <\/div>\n              <\/div>\n                      <\/div>\n  \n                      <div class=\"gotto\">\n                                                                  Jeu de piste \/ Chasse au tr\u00e9sor<br>\n                                                                                                                                                <\/div>\n            \n          <h2 class=\"formattedText\">Les Secrets de Gassin \u2014 jeu de piste d\u00e9couverte pour les enfants de 6-14\u00a0ans dans le golfe de Saint-Tropez<\/h2>\n            \n          <div class=\"grid__sub\">\n            <div class=\"grid__datetime\">\n              <span class=\"grid__commune\">\n                <i class=\"fa-thin fa-map-marker-alt\"><\/i>&nbsp;\n                <span>20, place L\u00e9on Martel<\/span>&nbsp;                                                -&nbsp;                Gassin              <\/span>\n            <\/div>\n          <\/div>\n        <\/div>\n      <\/a>\n    <\/div>\n  \t<\/div>\n<\/noscript><div id=\"prestaItems-750310651\" class=\"prestaItems wp-block-apidae-prestas align\">\r\n\t\t\t<apidae-prestas\r\n\t\t\t\tslug=\"animations\"\r\n\t\t\t\tlayout-mode=\"list\"\r\n\t\t\t\tmap-height=\"\"\r\n\t\t\t\ttheme=\"default\"\r\n\t\t\t\ttype=\"grid\"\r\n\t\t\t\ttype-filtre=\"horizontal\"\r\n\t\t\t\ttype-paginate=\"PAGER\"\r\n\t\t\t\ttitle=\"\"\r\n\t\t\t\t:nb-per-page=\"12\"\r\n\t\t\t\tfilter=\"\"\r\n\t\t\t\tlang=\"fr\"\r\n\t\t\t\t:groupe-ids-to-hide=\"[3,63,61,25,23,1,62,31,4,42,5,8,64,2,51,6,24,32,13,52,15,43,66,9]\"\r\n\t\t\t\t:groupe-ids-to-open=\"[]\"\r\n\t\t\t\t:tri-filters=\"['triEvenement','classement','alphabetique']\"\r\n\t\t\t\t:tri=\"['alphabetique']\"\r\n        :show-filtre=\"1\"\r\n\t\t\t\t:show-filtre-nb-results=\"1\"\r\n        :show-filtre-results=\"0\"\r\n        :show-filtre-lib=\"0\"\r\n        :show-filtre-tri=\"1\"\r\n        :show-filtre-groupes=\"0\"\r\n        :show-filtre-date=\"0\"\r\n        :show-filtre-age=\"0\"\r\n        :show-filtre-price=\"0\"\r\n        :show-filtre-capacity=\"0\"\r\n        :show-filtre-nombre-chambres=\"0\"\r\n        :show-filtre-nombre-jours=\"0\"\r\n        :show-filtre-nombre-nuits=\"0\"\r\n        :show-filtre-distance=\"0\"\r\n        :show-filtre-duration=\"0\"\r\n        :show-filtre-elevation=\"0\"\r\n        :show-filtre-geolocalisation=\"0\"\r\n        :show-prestas=\"1\"\r\n\t\t\t\t:show-prestas-address=\"0\"\r\n\t\t\t\t:show-prestas-attributes=\"0\"\r\n\t\t\t\t:show-prestas-breadcrumb=\"0\"\r\n\t\t\t\t:show-prestas-calendar=\"0\"\r\n\t\t\t\t:show-prestas-cart=\"0\"\r\n\t\t\t\t:show-prestas-categorie=\"1\"\r\n\t\t\t\t:show-prestas-contact=\"0\"\r\n\t\t\t\t:show-prestas-coordonnee=\"0\"\r\n\t\t\t\t:show-prestas-cover=\"1\"\r\n\t\t\t\t:show-prestas-date=\"0\"\r\n\t\t\t\t:show-prestas-description=\"1\"\r\n\t\t\t\t:show-prestas-dispo=\"0\"\r\n\t\t\t\t:show-prestas-gallery=\"0\"\r\n\t\t\t\t:show-prestas-fair-guest=\"0\"\r\n\t\t\t\t:show-prestas-fair-guest-lite=\"1\"\r\n\t\t\t\t:show-prestas-logo=\"0\"\r\n\t\t\t\t:show-prestas-map=\"1\"\r\n\t\t\t\t:show-prestas-map-closed=\"1\"\r\n\t\t\t\t:show-prestas-map-cluster=\"1\"\r\n\t\t\t\t:show-prestas-map-controls=\"0\"\r\n\t\t\t\t:show-prestas-map-zoom-scroll=\"0\"\r\n\t\t\t\t:show-prestas-objets-lies=\"0\"\r\n\t\t\t\t:show-prestas-opened=\"0\"\r\n\t\t\t\t:show-prestas-tarif=\"0\"\r\n\t\t\t\t:show-prestas-title=\"1\"\r\n\t\t\t\t:show-presta-address=\"1\"\r\n\t\t\t\t:show-presta-attributes=\"1\"\r\n\t\t\t\t:show-presta-back=\"1\"\r\n\t\t\t\t:show-presta-breadcrumb=\"0\"\r\n\t\t\t\t:show-presta-calendar=\"1\"\r\n\t\t\t\t:show-presta-cart=\"0\"\r\n\t\t\t\t:show-presta-categorie=\"1\"\r\n\t\t\t\t:show-presta-contact=\"0\"\r\n\t\t\t\t:show-presta-coordonnee=\"1\"\r\n\t\t\t\t:show-presta-cover=\"1\"\r\n\t\t\t\t:show-presta-date=\"1\"\r\n\t\t\t\t:show-presta-description=\"1\"\r\n\t\t\t\t:show-presta-dispo=\"1\"\r\n\t\t\t\t:show-presta-gallery=\"1\"\r\n\t\t\t\t:show-presta-fair-guest=\"0\"\r\n\t\t\t\t:show-presta-fair-guest-lite=\"0\"\r\n\t\t\t\t:show-presta-logo=\"1\"\r\n\t\t\t\t:show-presta-map=\"1\"\r\n\t\t\t\t:show-presta-map-closed=\"1\"\r\n\t\t\t\t:show-presta-map-cluster=\"1\"\r\n\t\t\t\t:show-presta-map-controls=\"1\"\r\n\t\t\t\t:show-presta-map-zoom-scroll=\"1\"\r\n\t\t\t\t:show-presta-objets-attaches=\"0\"\r\n\t\t\t\t:show-presta-objets-croises=\"0\"\r\n\t\t\t\t:show-presta-objets-geres=\"0\"\r\n\t\t\t\t:show-presta-objets-lies=\"1\"\r\n\t\t\t\t:show-presta-opened=\"1\"\r\n\t\t\t\t:show-presta-tarif=\"1\"\r\n\t\t\t\t:show-presta-title=\"1\"\r\n\t\t\t\t:show-presta-view=\"0\">\r\n\t\t\t<\/apidae-prestas>\r\n\t\t<\/div>\n<p class=\"wp-block-paragraph\"><\/p>\n\n<p class=\"wp-block-paragraph\">Guarda le risposte alle domande qui sotto!<\/p>\n\n<p class=\"wp-block-paragraph\"><\/p>\n\n<h2 class=\"wp-block-heading\">L&#8217;avventura dei lutini di Gassin &#8211; Natale 2023<\/h2>\n\n<p class=\"wp-block-paragraph\">Le risposte sono riportate di seguito:<\/p>\n\n<p class=\"wp-block-paragraph\">Risposta 1: I due calzini di Tubass sono 3 e 8.<\/p>\n\n<p class=\"wp-block-paragraph\">Risposta 2: Il violino di Venterr \u00e8 il n. 6.<\/p>\n\n<p class=\"wp-block-paragraph\">Risposta 3: Carteyrr non deve ordinare gli albumi.<\/p>\n\n<p class=\"wp-block-paragraph\">Risposta 4: il riflesso di Barbeyr \u00e8 la lettera F.<\/p>\n\n<p class=\"wp-block-paragraph\">Risposta 5: L&#8217;oggetto che manca a Valdeb \u00e8 la lanterna.<\/p>\n\n<p class=\"wp-block-paragraph\">Risposta 6: Il paese che Crodem sta cercando \u00e8 la Lapponia.<\/p>\n\n<p class=\"wp-block-paragraph\"><a href=\"https:\/\/gassin.eu\/fr\/laventure-des-lutins-de-gassin\/\">Vai alla pagina<\/a><\/p>\n\n<p class=\"wp-block-paragraph\">Risposta 7 : Per decorare, Rompec cerca la ghirlanda.<\/p>\n\n<p class=\"wp-block-paragraph\">Risposta 8: Il numero che Patapp sta cercando \u00e8: 12<\/p>\n\n<p class=\"wp-block-paragraph\">Risposta 9: Il numero di rettangoli di Baguerr \u00e8 10.<\/p>\n\n<p class=\"wp-block-paragraph\">Risposta 10: Cost\u00e8bre trova il nome Vernat.<\/p>\n\n<p class=\"wp-block-paragraph\">Risposta 11: Gli elfi amano il cioccolato.<\/p>\n\n<p class=\"wp-block-paragraph\">Risposta 12: L&#8217;altezza del campanile \u00e8 di 17 metri.<\/p>\n\n<p class=\"wp-block-paragraph\"><\/p>\n\n<h2 class=\"wp-block-heading\"><\/h2>\n\n<h2 class=\"wp-block-heading\">L&#8217;avventura dei lutini di Gassin per bambini da 3 a 6 anni &#8211; Natale 2023<\/h2>\n\n<p class=\"wp-block-paragraph\">Risposta 1: Il colore della ghirlanda \u00e8 giallo.<\/p>\n\n<p class=\"wp-block-paragraph\">Risposta 2: Ci sono 8 elfi dentro e intorno all&#8217;albero.<\/p>\n\n<p class=\"wp-block-paragraph\">Risposta 3: Questo \u00e8 il primo folletto ad avere un sosia nel poster.<\/p>\n\n<p class=\"wp-block-paragraph\">Risposta 4: L&#8217;ombra mostrata \u00e8 quella dell&#8217;arancia.<\/p>\n\n<p class=\"wp-block-paragraph\">Risposta 5: L&#8217;oggetto che \u00e8 scomparso tra la foto e il poster \u00e8 il presente sul tappeto.<\/p>\n\n<p class=\"wp-block-paragraph\">Risposta 6: L&#8217;escluso \u00e8 il coniglietto di Pasqua.<\/p>\n\n<p class=\"wp-block-paragraph\">Risposta 7: Babbo Natale 3 \u00e8 collegato alla grotta.<\/p>\n\n<p class=\"wp-block-paragraph\">Risposta 8: Ci sono 8 pupazzi di neve.<\/p>\n\n<p class=\"wp-block-paragraph\">Risposta 9: Le impronte che portano al fiume sono la prima e la quarta.<\/p>\n\n<p class=\"wp-block-paragraph\">Risposta 10: Le differenze sono: il folletto sul tetto \u00e8 stato spostato. Il camino \u00e8 pi\u00f9 corto. C&#8217;\u00e8 solo una finestra. Il cappello di Babbo Natale \u00e8 pi\u00f9 corto. Babbo Natale non ha pi\u00f9 gli occhiali. La matita di Babbo Natale ha cambiato direzione. La lista di Babbo Natale \u00e8 pi\u00f9 lunga. La maniglia della porta \u00e8 dall&#8217;altra parte.         <\/p>\n\n<p class=\"wp-block-paragraph\">Risposta 11: La parola Natale compare 5 volte.<\/p>\n\n<p class=\"wp-block-paragraph\">Risposta 12: Collegando i punti, \u00e8 possibile trovare la forma di un cervo.<\/p>\n","protected":false},"excerpt":{"rendered":"<p>Offriamo una serie di attivit\u00e0 ludiche nel villaggio, che vengono rinnovate ogni anno, in modo che tutti possano divertirsi a scoprire il villaggio. I percorsi ludici di Gassin &#8211; Avventura Gioco Scoperta sono proposti durante le vacanze di Pasqua, Ognissanti e Natale. Allo stesso tempo, \u00e8 disponibile un libretto di gioco gratuito per i bambini&#8230;<\/p>\n","protected":false},"author":7,"featured_media":0,"parent":0,"menu_order":16,"comment_status":"closed","ping_status":"closed","template":"","meta":{"_acf_changed":false,"footnotes":""},"class_list":["post-7193","page","type-page","status-publish","hentry"],"acf":[],"_links":{"self":[{"href":"https:\/\/gassin.eu\/it\/wp-json\/wp\/v2\/pages\/7193","targetHints":{"allow":["GET"]}}],"collection":[{"href":"https:\/\/gassin.eu\/it\/wp-json\/wp\/v2\/pages"}],"about":[{"href":"https:\/\/gassin.eu\/it\/wp-json\/wp\/v2\/types\/page"}],"author":[{"embeddable":true,"href":"https:\/\/gassin.eu\/it\/wp-json\/wp\/v2\/users\/7"}],"replies":[{"embeddable":true,"href":"https:\/\/gassin.eu\/it\/wp-json\/wp\/v2\/comments?post=7193"}],"version-history":[{"count":1,"href":"https:\/\/gassin.eu\/it\/wp-json\/wp\/v2\/pages\/7193\/revisions"}],"predecessor-version":[{"id":7195,"href":"https:\/\/gassin.eu\/it\/wp-json\/wp\/v2\/pages\/7193\/revisions\/7195"}],"wp:attachment":[{"href":"https:\/\/gassin.eu\/it\/wp-json\/wp\/v2\/media?parent=7193"}],"curies":[{"name":"wp","href":"https:\/\/api.w.org\/{rel}","templated":true}]}}